{"id":34245,"date":"2021-08-31T11:22:35","date_gmt":"2021-08-31T16:22:35","guid":{"rendered":"https:\/\/nebraskadem.wpenginepowered.com\/?page_id=34245"},"modified":"2021-10-08T15:39:29","modified_gmt":"2021-10-08T20:39:29","slug":"2021-redistricting","status":"publish","type":"page","link":"https:\/\/nebraskademocrats.org\/es\/2021-redistricting\/","title":{"rendered":"2021 Redistribuci\u00f3n de distritos"},"content":{"rendered":"<h2><img fetchpriority=\"high\" decoding=\"async\" class=\"wp-image-34397 aligncenter\" src=\"https:\/\/nebraskadem.wpenginepowered.com\/wp-content\/uploads\/2021\/09\/capitol-wide-1024x541.png\" alt=\"\" width=\"395\" height=\"209\" srcset=\"https:\/\/nebraskademocrats.org\/wp-content\/uploads\/2021\/09\/capitol-wide-1024x541.png 1024w, https:\/\/nebraskademocrats.org\/wp-content\/uploads\/2021\/09\/capitol-wide-300x158.png 300w, https:\/\/nebraskademocrats.org\/wp-content\/uploads\/2021\/09\/capitol-wide-768x406.png 768w, https:\/\/nebraskademocrats.org\/wp-content\/uploads\/2021\/09\/capitol-wide-18x10.png 18w, https:\/\/nebraskademocrats.org\/wp-content\/uploads\/2021\/09\/capitol-wide.png 1428w\" sizes=\"(max-width: 395px) 100vw, 395px\" \/><\/h2>\n<h2><strong>Una sesi\u00f3n legislativa especial sobre la redistribuci\u00f3n de distritos comenz\u00f3 el 13 de septiembre y termin\u00f3 el 30 de septiembre.<\/strong><\/h2>\n<h2 style=\"text-align: center;\"><a href=\"http:\/\/news.legislature.ne.gov\/red\/\"><strong>Vea todos los mapas finales aqu\u00ed.<\/strong><\/a><\/h2>\n<h2 class=\"elementor-heading-title elementor-size-default\" style=\"text-align: center;\"><a href=\"https:\/\/nebraskadem.wpenginepowered.com\/press-releases\/press-release-sen-wayne-chair-kleeb-praise-redistricting-process-call-for-grassroots-organizing\/\">Comunicado de prensa: Una vez terminada la redistribuci\u00f3n de distritos, el senador Wayne, presidente Kleeb, pide una organizaci\u00f3n de base.<\/a><\/h2>\n<p>&nbsp;<\/p>\n<h2 style=\"text-align: center;\"><strong>PREVIAMENTE<\/strong><\/h2>\n<h2 style=\"text-align: center;\"><a href=\"http:\/\/news.legislature.ne.gov\/red\/proposed-base-plans\/\"><strong>Vea todos los mapas legislativos y del Congreso propuestos aqu\u00ed.<\/strong><\/a><\/h2>\n<h2 style=\"text-align: center;\"><a href=\"https:\/\/u1584542.ct.sendgrid.net\/ss\/c\/P8Elou2Rvc0qoMPEUZrMXcOpy_XqN4R2ZGjoK-5zZnldGjlwRqKzDeiQe8WB9h0q4JANJFndU-NXlHGiwq_ifAdK6II9unHhKmwVYe1MJe3-k5plH1AGM8Gdn82d0DrSPlTq70RH_CV8sHqsF7LBooKGpGRFmH2WTM0IN_pCkuVtlE3J0q_oc0uwPLM4rPyqf55j8Lp9OFvG78qqyaSY68m-xaLhw07iawrcfRxJfNHhgJkqR5OmlRS15N9gpDAKor8mK9FW6vMgXS3cyEtF02mksoe56CbuKsxOwjT0tPcq7ANHpkeEGeDye4MGdKz_TD_Z4lJYM-uOUhtGism8oEAsdetxKsL19c2jxpmGFHnNRYyVjMySpcQPdRbQ_Sgl\/3fn\/mlYXL-RGTNGrDI9r0x_5Mw\/h3\/VZ9GWQBP4K6cQuAFRiy-Qw8Wu5Gw1McTJxzeVnrOQXs\">LLAMADO A LA ACCI\u00d3N: Firme nuestra petici\u00f3n para luchar contra el gerrymandering del Partido Republicano.<\/a><\/h2>\n<p><em><strong>-Nota en los mapas:<\/strong> <\/em>La p\u00e1gina del mapa de la Legislatura se vincula a todas las propuestas ingresadas en el registro, por lo que puede resultar confuso cu\u00e1l es el mapa actual en la mesa.<strong> <a href=\"http:\/\/news.legislature.ne.gov\/red\/files\/2021\/09\/CONG21-39002.pdf\">Vea el mapa del Congreso que pas\u00f3 la primera ronda de votaci\u00f3n el 24\/9.<\/a><\/strong><\/p>\n<p>&#8211;<strong><em>Mapa del Distrito Legislativo:<\/em><\/strong>\u00a0 Puede ingresar la direcci\u00f3n de su casa para ver el nuevo LD en el que se encuentra (asumiendo que estos mapas obtengan la \u00faltima semana de votaci\u00f3n del 27\/9). <strong><a href=\"https:\/\/www.google.com\/maps\/d\/viewer?mid=1JK7UI7H3KGRg1_yAwFzrS47UMZk4zpgu&amp;hl=en_US\">Ver el mapa de Google.<\/a><\/strong><\/p>\n<p><span style=\"font-size: 14pt;\"><b style=\"font-size: 14pt;\">Actualizaciones recientes, 29\/9:<\/b><\/span><\/p>\n<p>Omaha World-Herald:\u00a0<a href=\"https:\/\/omaha.com\/news\/state-and-regional\/govt-and-politics\/redistricting-plan-would-keep-blue-dot-split-la-vista-and-most-of-papillion-from-omaha\/article_75ab4b46-207b-11ec-b1d5-a7e01bee82b5.html\">El plan de redistribuci\u00f3n de distritos mantendr\u00eda &#039;blue dot&#039;, dividir La Vista y la mayor parte de Papillion de Omaha<\/a><\/p>\n<p>Estrella del Lincoln Journal:\u00a0<a href=\"https:\/\/journalstar.com\/news\/local\/govt-and-politics\/elections\/redistricting-sharply-reshuffles-lincoln-legislative-districts\/article_8e43f00c-44f9-5989-92da-38a3c91cb711.html#tracking-source=home-top-story-1\">La redistribuci\u00f3n de distritos reorganiza dr\u00e1sticamente los distritos legislativos de Lincoln<\/a><\/p>\n<p><span style=\"font-size: 14pt;\"><b style=\"font-size: 14pt;\">Entendiendo el <\/b><span style=\"font-size: 18.6667px;\"><b>redistribuci\u00f3n de distritos<\/b><\/span><b style=\"font-size: 14pt;\"> proceso:<\/b><\/span><\/p>\n<p><span style=\"font-weight: 400;\">La redistribuci\u00f3n de distritos ocurre cada 10 a\u00f1os despu\u00e9s del censo y est\u00e1 destinada a igualar las poblaciones de los tres distritos del Congreso de Nebraska, 49 distritos legislativos, <\/span><span style=\"font-weight: 400;\">seis distritos de la Corte Suprema, ocho distritos de la Junta de Regentes de la Universidad de Nebraska, distritos de la Junta de Educaci\u00f3n del Estado y cinco distritos de la Comisi\u00f3n de Servicios P\u00fablicos.<\/span><\/p>\n<ol>\n<li><span style=\"font-weight: 400;\">Usted puede <a href=\"https:\/\/www.nebraskalegislature.gov\/\">ver el calendario legislativo aqu\u00ed<\/a>.<\/span><\/li>\n<li>Puede ver los procedimientos de audiencia y la sala en <a href=\"https:\/\/nebraskapublicmedia.org\/en\/schedules\/#live-programming\">Medios p\u00fablicos de Nebraska<\/a>.<\/li>\n<li>Leer sobre el <a href=\"http:\/\/news.legislature.ne.gov\/red\/\">Proceso y horario del Comit\u00e9 de Redistribuci\u00f3n de Distritos.<\/a><\/li>\n<li>Leer sobre el <a href=\"http:\/\/news.legislature.ne.gov\/lrd\/redistricting\/\">historia de la redistribuci\u00f3n de distritos y la informaci\u00f3n del censo.<\/a><\/li>\n<li>Ver todos los <a href=\"http:\/\/news.legislature.ne.gov\/red\/proposed-base-plans\/\">mapas propuestos aqu\u00ed.<\/a><\/li>\n<\/ol>\n<p><span style=\"font-size: 14pt;\"><b style=\"font-size: 14pt;\">Tomar acci\u00f3n<\/b><b style=\"font-size: 14pt;\">:<\/b><\/span><\/p>\n<ol>\n<li>Utilice nuestra herramienta para <a href=\"https:\/\/actionnetwork.org\/letters\/redistricting-call-to-action\/\"><strong>env\u00ede una carta a su senador estatal.<\/strong><\/a><\/li>\n<li><strong><a href=\"https:\/\/nebraskadem.wpenginepowered.com\/wp-content\/uploads\/2021\/09\/Creating-Fair-Maps.pdf\">Descarga un folleto<\/a><\/strong> del NDP con puntos de conversaci\u00f3n, ejemplos de testimonios y enlaces para ayudarlo a preparar su testimonio en la audiencia p\u00fablica.<\/li>\n<li><strong><a href=\"https:\/\/nebraskadem.wpenginepowered.com\/wp-content\/uploads\/2021\/09\/Nebraska-CD2-Redistricting-Talking-Points-1.pdf\">Descarga un folleto<\/a> <\/strong>sobre el segundo distrito del Congreso de All on the Line de la NDRC. \u00a1Excelente informaci\u00f3n!<\/li>\n<li><strong><a href=\"https:\/\/fb.watch\/7XzPHNeqf0\/\">Mirar<\/a><\/strong> la capacitaci\u00f3n del NDP y la NDRC sobre la redistribuci\u00f3n de distritos con el senador Blood y el presidente Kleeb.<\/li>\n<li>Contin\u00fae comunic\u00e1ndose con su senador y los miembros del Comit\u00e9 de Redistribuci\u00f3n de Distritos para expresar sus preocupaciones y deseo de mapas justos. No es demasiado tarde para darnos tu opini\u00f3n. El testimonio oficial para el registro formal deb\u00eda entregarse el 16 de septiembre, pero sus comentarios a\u00fan impactan a sus funcionarios electos. Usted puede <a href=\"https:\/\/actionnetwork.org\/letters\/redistricting-call-to-action\/\">env\u00ede un correo electr\u00f3nico a su senador con nuestra herramienta<\/a>. T\u00fa tambi\u00e9n puedes <a href=\"https:\/\/www.nebraskalegislature.gov\/pdf\/senators\/roster.pdf\">llamar a los senadores<\/a>.<\/li>\n<\/ol>\n<p><strong><span class=\"\" style=\"font-family: georgia, palatino, serif; font-size: 14pt;\"><span class=\"\">Consejos para escribir su carta y preparar su testimonio:<\/span><\/span><\/strong><\/p>\n<p><a href=\"https:\/\/actionnetwork.org\/letters\/redistricting-call-to-action\/\"><span style=\"font-family: georgia, palatino, serif;\">Utilice nuestra herramienta para enviar una carta.<\/span><\/a><\/p>\n<p><span style=\"font-family: georgia, palatino, serif;\">Si solo tiene tiempo para escribir una oraci\u00f3n a su senador estatal, le sugerimos algo como esto: \u201cApoyo los mapas del senador Wayne; sus mapas son justos y atraen a todos a la mesa. Los mapas del senador Linehan parecen ser una toma de poder que est\u00e1 cortando condados y vecindarios &quot;.<\/span><\/p>\n<p><span style=\"font-family: georgia, palatino, serif;\"><span class=\"\">En tu carta, t<\/span><span class=\"\">acerca de SU comunidad. Su voz es m\u00e1s poderosa en el \u00e1rea donde vive.\u00a0<\/span><\/span><\/p>\n<p><span class=\"\" style=\"font-family: georgia, palatino, serif;\">Aseg\u00farese de que su carta incluya el conjunto de mapas que prefiere: el Partido Dem\u00f3crata respalda los mapas del senador Wayne. El otro conjunto de mapas apoyados por los republicanos son del senador Linehan y cortaron el condado de Douglas a la mitad entre muchos otros movimientos de toma de poder.<\/span><\/p>\n<p><span class=\"\" style=\"font-family: georgia, palatino, serif;\">No tiene que ser un experto en datos para enviar una carta, sus experiencias con las elecciones es lo que su senador necesita escuchar.<\/span><\/p>\n<p><span class=\"\" style=\"font-family: georgia, palatino, serif;\">Vea los mapas propuestos; recuerde que apoyamos <a href=\"http:\/\/news.legislature.ne.gov\/red\/proposed-base-plans\/\">Mapas de Wayne<\/a>.\u00a0<\/span><\/p>\n<p><span class=\"\" style=\"font-family: georgia, palatino, serif;\">Los condados deben mantenerse enteros tanto como sea posible al dibujar mapas justos, especialmente en \u00e1reas rurales.<\/span><\/p>\n<p><span class=\"\" style=\"font-family: georgia, palatino, serif;\">Los vecindarios nunca deben dividirse; esto causa confusi\u00f3n a los votantes.<\/span><\/p>\n<p><span class=\"\" style=\"font-family: georgia, palatino, serif;\">Los grupos de condados que componen un distrito legislativo deben tener intereses similares.<\/span><\/p>\n<p><span class=\"\" style=\"font-family: georgia, palatino, serif;\">Las comunidades de color no deben diluirse ni empaquetarse en distritos legislativos concentrados.<\/span><\/p>\n<p><span class=\"\" style=\"font-family: georgia, palatino, serif;\"><span class=\"\">Los distritos electorales deben mantener unidas las \u00e1reas urbanas y suburbanas, mientras que las \u00e1reas rurales se mantienen en los distritos rurales. Para m\u00e1s puntos sobre <a href=\"https:\/\/nebraskadem.wpenginepowered.com\/wp-content\/uploads\/2021\/09\/Nebraska-CD2-Redistricting-Talking-Points-1.pdf\">preservando el Blue Dot<\/a>,\u00a0<\/span><\/span><\/p>\n<p><b><span style=\"font-size: 14pt;\">Miembros del Comit\u00e9 de Redistribuci\u00f3n de Distritos:<\/span><br \/>\n<\/b>El proceso en Nebraska nombra a 5 republicanos y 4 dem\u00f3cratas miembros de la legislatura estatal para desarrollar mapas que luego son debatidos, enmendados y votados por la legislatura en pleno.<\/p>\n<p>Puede enviar un correo electr\u00f3nico a los miembros del comit\u00e9 (<a href=\"mailto:redpl@leg.ne.gov\" target=\"_blank\" rel=\"noopener noreferrer\">redpl@leg.ne.gov<\/a>) sus comentarios, as\u00ed como enviar un correo electr\u00f3nico a su propio senador estatal (<a href=\"https:\/\/nebraskalegislature.gov\/senators\/senator_list.php\">encuentra una lista de senadores aqu\u00ed<\/a>):<\/p>\n<p><a href=\"http:\/\/news.legislature.ne.gov\/dist39\/\"><span style=\"font-weight: 400;\">Senadora Lou Ann Linehan<\/span><\/a><span style=\"font-weight: 400;\">, <\/span><span style=\"font-weight: 400;\">Silla (R)<br \/>\n<a href=\"http:\/\/news.legislature.ne.gov\/dist13\/\">Senador Justin Wayne<\/a>, Vicepresidente (D)<br \/>\n<\/span><a href=\"http:\/\/news.legislature.ne.gov\/dist03\/\"><span style=\"font-weight: 400;\">Senadora Carol Blood<\/span><\/a><span style=\"font-weight: 400;\">, <\/span><span style=\"font-weight: 400;\">(D)<\/span><span style=\"font-weight: 400;\"><br \/>\n<\/span><a href=\"http:\/\/news.legislature.ne.gov\/dist41\/\"><span style=\"font-weight: 400;\">Senador Tom Briese<\/span><\/a><span style=\"font-weight: 400;\">, <\/span><span style=\"font-weight: 400;\">(R)<\/span><span style=\"font-weight: 400;\"><br \/>\n<\/span><a href=\"http:\/\/news.legislature.ne.gov\/dist43\/\"><span style=\"font-weight: 400;\">Senador Tom Brewer<\/span><\/a><span style=\"font-weight: 400;\">, <\/span><span style=\"font-weight: 400;\">(R)<\/span><span style=\"font-weight: 400;\"><br \/>\n<\/span><a href=\"http:\/\/news.legislature.ne.gov\/dist25\/\"><span style=\"font-weight: 400;\">Senadora Suzanne Geist<\/span><\/a>, (<span style=\"font-weight: 400;\">R)<\/span><b><br \/>\n<\/b><a href=\"http:\/\/news.legislature.ne.gov\/dist12\/\"><span style=\"font-weight: 400;\">Senador Steve Lathrop<\/span><\/a><span style=\"font-weight: 400;\">, <\/span><span style=\"font-weight: 400;\">(D)<\/span><span style=\"font-weight: 400;\"><br \/>\n<\/span><a href=\"http:\/\/news.legislature.ne.gov\/dist37\/\"><span style=\"font-weight: 400;\">Senador John Lowe<\/span><\/a><span style=\"font-weight: 400;\">,\u00a0 <\/span><span style=\"font-weight: 400;\">(R)<\/span><span style=\"font-weight: 400;\"><br \/>\n<\/span><a href=\"http:\/\/news.legislature.ne.gov\/dist46\/\"><span style=\"font-weight: 400;\">Senador Adam Morfeld<\/span><\/a><span style=\"font-weight: 400;\">,(D)<\/span><\/p>\n<p><span style=\"font-family: georgia, palatino, serif;\"><span style=\"font-size: 14pt;\"><b>Audiencias p\u00fablicas:<br \/>\n<\/b><\/span><\/span><\/p>\n<p><span style=\"font-family: georgia, palatino, serif;\">El Comit\u00e9 de Redistribuci\u00f3n de Distritos celebr\u00f3 tres audiencias p\u00fablicas, seg\u00fan se requiera, en CD1, CD2 y CD3 del 14 al 16 de septiembre.<\/span><\/p>\n<p><span style=\"font-family: georgia, palatino, serif;\">Si no pudo asistir a una audiencia, debe enviar un comentario a los miembros del Comit\u00e9 de Redistribuci\u00f3n de Distritos (solo use <a href=\"mailto:redpl@leg.ne.gov\" target=\"_blank\" rel=\"noopener noreferrer\">redpl@leg.ne.gov<\/a> enviarles un correo electr\u00f3nico a todos a la vez) y utilizar nuestra herramienta para <a href=\"https:\/\/actionnetwork.org\/letters\/redistricting-call-to-action\/\">env\u00ede una carta a su senador estatal.<\/a><\/span><\/p>\n<ol>\n<li><span style=\"font-family: georgia, palatino, serif;\"><strong><a href=\"https:\/\/nebraskadem.wpenginepowered.com\/wp-content\/uploads\/2021\/09\/Nebraska-CD2-Redistricting-Talking-Points-1.pdf\">Consejos y puntos de conversaci\u00f3n sobre el segundo distrito del Congreso de NDRC All on the Line.<\/a><\/strong><\/span><\/li>\n<li><span style=\"font-family: georgia, palatino, serif;\"><strong><a href=\"https:\/\/nebraskadem.wpenginepowered.com\/wp-content\/uploads\/2021\/09\/Creating-Fair-Maps.pdf\">Testimonios de muestra, consejos y puntos de conversaci\u00f3n sobre mapas justos del Nebraska Democratic Party.\u00a0<\/a><\/strong><\/span><\/li>\n<li><span style=\"font-family: georgia, palatino, serif;\"><a href=\"http:\/\/news.legislature.ne.gov\/red\/2021\/09\/10\/how-to-share-your-views-with-senators\/\"><strong>Consejos para enviar testimonio escrito a la Legislatura.\u00a0<\/strong><\/a><\/span><\/li>\n<\/ol>\n<p><span style=\"font-size: 14pt; font-family: georgia, palatino, serif;\"><b>Horario del Comit\u00e9 de Redistribuci\u00f3n de Distritos:<\/b><\/span><\/p>\n<p><span style=\"font-weight: 400; font-family: georgia, palatino, serif;\"><strong>30-31 de agosto<\/strong> \u2013- Capacitaci\u00f3n en mapas An\u00e1lisis de n\u00fameros Los subcomit\u00e9s adoptan pautas administrativas y procedimientos operativos Preparaci\u00f3n de la direcci\u00f3n del mapa base\u00a0<\/span><\/p>\n<p><span style=\"font-weight: 400;\"><strong>7-11 de septiembre<\/strong> \u2013- Comit\u00e9 se re\u00fane seg\u00fan sea necesario\u00a0<\/span><\/p>\n<p><span style=\"font-weight: 400;\"><strong>7 de septiembre<\/strong> - Entrenamiento para Comit\u00e9<\/span><\/p>\n<p><span style=\"font-weight: 400;\"><strong>13 de septiembre<\/strong> -\u2013 Inicio de sesi\u00f3n y plan inicial introducido\u00a0<\/span><\/p>\n<p><span style=\"font-weight: 400;\"><strong>14-16 de septiembre<\/strong> \u2013- Audiencias p\u00fablicas para obtener comentarios sobre los mapas propuestos<\/span><\/p>\n<p><span style=\"font-family: georgia, palatino, serif;\">14 de septiembre a la 1:30 pm CT en Grand Island<\/span><br \/>\n<span style=\"font-family: georgia, palatino, serif;\">Colegio Comunitario Central, Sal\u00f3n 555, Centro de Educaci\u00f3n en Ciencias de la Salud, <a href=\"https:\/\/www.google.com\/maps\/place\/3134+US-34,+Grand+Island,+NE+68801\/@40.8898386,-98.3733817,17z\/data=!3m1!4b1!4m5!3m4!1s0x87998423b0b03df7:0x32b55e35a204f702!8m2!3d40.8898386!4d-98.371193\">3134 W. Hwy 34<\/a><\/span><\/p>\n<p><span style=\"font-family: georgia, palatino, serif;\">15 de septiembre a las 9:00 am CT en Lincoln<\/span><br \/>\n<span style=\"font-family: georgia, palatino, serif;\">Capitolio del estado de Nebraska, sala 1524, <a href=\"https:\/\/www.google.com\/maps\/place\/1445+K+St,+Lincoln,+NE+68508\/@40.8084912,-96.7021358,17z\/data=!3m1!4b1!4m5!3m4!1s0x8796bef93f0c6a2f:0x8b6a000f67b43b3c!8m2!3d40.8084912!4d-96.6999471\">1445 K St.<\/a><\/span><\/p>\n<p><span style=\"font-family: georgia, palatino, serif;\">16 de septiembre a las 10 am CT en Omaha<\/span><br \/>\n<span style=\"font-family: georgia, palatino, serif;\">Centro de conferencias Scott, <a href=\"https:\/\/www.google.com\/maps\/place\/Scott+Conference+Center,+6450+Pine+St,+Omaha,+NE+68106\/@41.2443028,-96.0141125,17z\/data=!3m1!4b1!4m5!3m4!1s0x87938c4cd3be9e2b:0x8afbb3025a69c3a1!8m2!3d41.2443028!4d-96.0119238\">6450 Pine St.<\/a><\/span><\/p>\n<p><span style=\"font-weight: 400;\"><strong>16 de septiembre<\/strong> -\u2013 Enmiendas del comit\u00e9 preparadas y avanzadas por el comit\u00e9<\/span><\/p>\n<p><strong>17 de septiembre (provisional)<\/strong> - Debate de primera ronda en el piso de la legislatura<\/p>\n<p>No tenemos una fecha de finalizaci\u00f3n establecida para la sesi\u00f3n especial, pero la mayor\u00eda espera que sea a mediados de octubre.<\/p>\n<p><span style=\"font-size: 14pt;\"><b>M\u00e1s informaci\u00f3n y capacitaciones:<\/b><\/span><\/p>\n<p><strong><a href=\"https:\/\/nebraskadem.wpenginepowered.com\/wp-content\/uploads\/2021\/09\/Creating-Fair-Maps.pdf\">Descarga un folleto<\/a><\/strong> del NDP con puntos de conversaci\u00f3n, ejemplos de testimonios y enlaces para ayudarlo a preparar su testimonio de audiencia p\u00fablica o para ayudarlo con su correo electr\u00f3nico que puede enviar a su senador estatal y a los miembros del Comit\u00e9 de Redistribuci\u00f3n de Distritos.<\/p>\n<p><strong><a href=\"https:\/\/nebraskadem.wpenginepowered.com\/wp-content\/uploads\/2021\/09\/Nebraska-CD2-Redistricting-Talking-Points-1.pdf\">Descarga un folleto<\/a> <\/strong>sobre el segundo distrito del Congreso de All on the Line de la NDRC. \u00a1Excelente informaci\u00f3n!<\/p>\n<p><strong><a href=\"https:\/\/fb.watch\/7XzPHNeqf0\/\">Mirar<\/a><\/strong> la capacitaci\u00f3n del NDP y la NDRC sobre la redistribuci\u00f3n de distritos con el senador Blood y el presidente Kleeb.<\/p>\n<p><img decoding=\"async\" class=\"wp-image-34292 aligncenter\" src=\"https:\/\/nebraskadem.wpenginepowered.com\/wp-content\/uploads\/2021\/08\/welcome.png\" alt=\"\" width=\"348\" height=\"182\" srcset=\"https:\/\/nebraskademocrats.org\/wp-content\/uploads\/2021\/08\/welcome.png 944w, https:\/\/nebraskademocrats.org\/wp-content\/uploads\/2021\/08\/welcome-300x157.png 300w, https:\/\/nebraskademocrats.org\/wp-content\/uploads\/2021\/08\/welcome-768x402.png 768w, https:\/\/nebraskademocrats.org\/wp-content\/uploads\/2021\/08\/welcome-18x9.png 18w\" sizes=\"(max-width: 348px) 100vw, 348px\" \/><\/p>\n<p style=\"text-align: center;\"><span style=\"font-weight: 400;\">***<\/span><\/p>\n<p><span style=\"font-weight: 400;\">Siga los desarrollos en el <\/span><a href=\"https:\/\/www.facebook.com\/neblsg\/posts\/4821651314512828\"><b>P\u00e1gina de Facebook del grupo de estudio legislativo de Nebraska.<\/b><\/a> Tambi\u00e9n <strong><a href=\"https:\/\/www.facebook.com\/neblsg\/posts\/4821651314512828\">ver el v\u00eddeo<\/a> <\/strong>de ellos <span style=\"font-weight: 400;\">1 de septiembre Debate en Facebook sobre la redistribuci\u00f3n de distritos en Nebraska. Los panelistas incluyeron a los senadores Blood, McCollister y Wayne, as\u00ed como a Sam Petto de la ACLU y Rachel Gibson de la Liga de Mujeres Votantes de Nebraska.<\/span><\/p>\n<p><img decoding=\"async\" class=\"wp-image-34288 aligncenter\" src=\"https:\/\/nebraskadem.wpenginepowered.com\/wp-content\/uploads\/2021\/08\/red-1024x536.jpg\" alt=\"\" width=\"471\" height=\"246\" srcset=\"https:\/\/nebraskademocrats.org\/wp-content\/uploads\/2021\/08\/red-1024x536.jpg 1024w, https:\/\/nebraskademocrats.org\/wp-content\/uploads\/2021\/08\/red-300x157.jpg 300w, https:\/\/nebraskademocrats.org\/wp-content\/uploads\/2021\/08\/red-768x402.jpg 768w, https:\/\/nebraskademocrats.org\/wp-content\/uploads\/2021\/08\/red-18x9.jpg 18w, https:\/\/nebraskademocrats.org\/wp-content\/uploads\/2021\/08\/red.jpg 1146w\" sizes=\"(max-width: 471px) 100vw, 471px\" \/><\/p>\n<p style=\"text-align: center;\"><span style=\"font-weight: 400;\">***<\/span><\/p>\n<p><span style=\"font-weight: 400;\">los <\/span><a href=\"https:\/\/lincolnleague.org\/lunch-and-learn-schedule\/\"><b>Liga de Mujeres Votantes del Condado de Lincoln-Lancaster <\/b><\/a>sostenido ar<span style=\"font-weight: 400;\">capacitaci\u00f3n en distritos electorales con los senadores estatales Briese y Lathrop. La LWV es un gran recurso de informaci\u00f3n.<\/span><\/p>\n<p><img loading=\"lazy\" decoding=\"async\" class=\"wp-image-34290 aligncenter\" src=\"https:\/\/nebraskadem.wpenginepowered.com\/wp-content\/uploads\/2021\/08\/cropped-LWVLincolnLancaster_rgb-1024x170.png\" alt=\"\" width=\"471\" height=\"78\" srcset=\"https:\/\/nebraskademocrats.org\/wp-content\/uploads\/2021\/08\/cropped-LWVLincolnLancaster_rgb-1024x170.png 1024w, https:\/\/nebraskademocrats.org\/wp-content\/uploads\/2021\/08\/cropped-LWVLincolnLancaster_rgb-300x50.png 300w, https:\/\/nebraskademocrats.org\/wp-content\/uploads\/2021\/08\/cropped-LWVLincolnLancaster_rgb-768x128.png 768w, https:\/\/nebraskademocrats.org\/wp-content\/uploads\/2021\/08\/cropped-LWVLincolnLancaster_rgb-1536x255.png 1536w, https:\/\/nebraskademocrats.org\/wp-content\/uploads\/2021\/08\/cropped-LWVLincolnLancaster_rgb-2048x340.png 2048w, https:\/\/nebraskademocrats.org\/wp-content\/uploads\/2021\/08\/cropped-LWVLincolnLancaster_rgb-18x3.png 18w\" sizes=\"(max-width: 471px) 100vw, 471px\" \/><\/p>\n<p style=\"text-align: center;\">***<\/p>\n<p><a href=\"https:\/\/youtu.be\/zLT5yu5NRDE\"><b>Mirar<\/b><\/a><span style=\"font-weight: 400;\"> el video de la Liga de Mujeres Votantes de Nebraska sobre los conceptos b\u00e1sicos de la redistribuci\u00f3n de distritos.<\/span><\/p>\n<p><a href=\"https:\/\/youtu.be\/zLT5yu5NRDE\"><img loading=\"lazy\" decoding=\"async\" class=\"wp-image-34247 aligncenter\" src=\"https:\/\/nebraskadem.wpenginepowered.com\/wp-content\/uploads\/2021\/08\/league.png\" alt=\"\" width=\"284\" height=\"163\" srcset=\"https:\/\/nebraskademocrats.org\/wp-content\/uploads\/2021\/08\/league.png 872w, https:\/\/nebraskademocrats.org\/wp-content\/uploads\/2021\/08\/league-300x172.png 300w, https:\/\/nebraskademocrats.org\/wp-content\/uploads\/2021\/08\/league-768x440.png 768w, https:\/\/nebraskademocrats.org\/wp-content\/uploads\/2021\/08\/league-18x10.png 18w\" sizes=\"(max-width: 284px) 100vw, 284px\" \/><\/a><\/p>\n<p style=\"text-align: center;\">***<\/p>\n<p>Obtenga m\u00e1s informaci\u00f3n en <strong><a href=\"https:\/\/democraticredistricting.com\/\">Sitio del Comit\u00e9 Nacional de Redistribuci\u00f3n de Distritos Democr\u00e1ticos.<\/a><\/strong><\/p>\n<p><a href=\"https:\/\/democraticredistricting.com\/\"><img loading=\"lazy\" decoding=\"async\" class=\"wp-image-34250 aligncenter\" src=\"https:\/\/nebraskadem.wpenginepowered.com\/wp-content\/uploads\/2021\/08\/ndrc.png\" alt=\"\" width=\"359\" height=\"77\" srcset=\"https:\/\/nebraskademocrats.org\/wp-content\/uploads\/2021\/08\/ndrc.png 485w, https:\/\/nebraskademocrats.org\/wp-content\/uploads\/2021\/08\/ndrc-300x64.png 300w, https:\/\/nebraskademocrats.org\/wp-content\/uploads\/2021\/08\/ndrc-18x4.png 18w\" sizes=\"(max-width: 359px) 100vw, 359px\" \/><\/a><\/p>\n<p style=\"text-align: center;\">***<\/p>\n<p><a href=\"https:\/\/www.brennancenter.org\/our-work\/research-reports\/6-tips-making-effective-comments-redistricting-hearing\"><b>Los 6 consejos del Brennan Center para hacer comentarios efectivos en una audiencia de redistribuci\u00f3n de distritos<\/b><\/a><\/p>\n<p><a href=\"https:\/\/www.brennancenter.org\/our-work\/research-reports\/6-tips-making-effective-comments-redistricting-hearing\"><img loading=\"lazy\" decoding=\"async\" class=\"wp-image-34260 aligncenter\" src=\"https:\/\/nebraskadem.wpenginepowered.com\/wp-content\/uploads\/2021\/08\/Brennan-Center-site-1024x717.png\" alt=\"\" width=\"237\" height=\"166\" srcset=\"https:\/\/nebraskademocrats.org\/wp-content\/uploads\/2021\/08\/Brennan-Center-site-1024x717.png 1024w, https:\/\/nebraskademocrats.org\/wp-content\/uploads\/2021\/08\/Brennan-Center-site-300x210.png 300w, https:\/\/nebraskademocrats.org\/wp-content\/uploads\/2021\/08\/Brennan-Center-site-768x538.png 768w, https:\/\/nebraskademocrats.org\/wp-content\/uploads\/2021\/08\/Brennan-Center-site-1536x1075.png 1536w, https:\/\/nebraskademocrats.org\/wp-content\/uploads\/2021\/08\/Brennan-Center-site-18x12.png 18w, https:\/\/nebraskademocrats.org\/wp-content\/uploads\/2021\/08\/Brennan-Center-site.png 1714w\" sizes=\"(max-width: 237px) 100vw, 237px\" \/><\/a><\/p>","protected":false},"excerpt":{"rendered":"<p>A special legislative session on redistricting began Sept. 13 and ended Sept. 30. See all the final maps here. Press release: With redistricting done,\u00a0 Sen. Wayne, Chair Kleeb call for grassroots organizing. &nbsp; PREVIOUSLY See all the proposed congressional and legislative maps here. CALL TO ACTION: Sign our petition to fight GOP gerrymandering. -Note on &#8230; <a title=\"2021 Redistribuci\u00f3n de distritos\" class=\"read-more\" href=\"https:\/\/nebraskademocrats.org\/es\/2021-redistricting\/\" aria-label=\"More on 2021 Redistricting\">Lee mas<\/a><\/p>","protected":false},"author":19,"featured_media":0,"parent":0,"menu_order":0,"comment_status":"closed","ping_status":"closed","template":"","meta":{"_acf_changed":false,"_exactmetrics_skip_tracking":false,"_exactmetrics_sitenote_active":false,"_exactmetrics_sitenote_note":"","_exactmetrics_sitenote_category":0,"footnotes":""},"class_list":["post-34245","page","type-page","status-publish"],"acf":[],"yoast_head":"<!-- This site is optimized with the Yoast SEO plugin v27.4 - https:\/\/yoast.com\/product\/yoast-seo-wordpress\/ -->\n<title>2021 Redistricting &#8211; Nebraska Democratic Party<\/title>\n<meta name=\"robots\" content=\"index, follow, max-snippet:-1, max-image-preview:large, max-video-preview:-1\" \/>\n<link rel=\"canonical\" href=\"https:\/\/nebraskademocrats.org\/es\/2021-redistricting\/\" \/>\n<meta property=\"og:locale\" content=\"es_MX\" \/>\n<meta property=\"og:type\" content=\"article\" \/>\n<meta property=\"og:title\" content=\"2021 Redistricting &#8211; Nebraska Democratic Party\" \/>\n<meta property=\"og:description\" content=\"A special legislative session on redistricting began Sept. 13 and ended Sept. 30. See all the final maps here. Press release: With redistricting done,\u00a0 Sen. Wayne, Chair Kleeb call for grassroots organizing. &nbsp; PREVIOUSLY See all the proposed congressional and legislative maps here. CALL TO ACTION: Sign our petition to fight GOP gerrymandering. -Note on ... Read more\" \/>\n<meta property=\"og:url\" content=\"https:\/\/nebraskademocrats.org\/es\/2021-redistricting\/\" \/>\n<meta property=\"og:site_name\" content=\"Nebraska Democratic Party\" \/>\n<meta property=\"article:publisher\" content=\"https:\/\/www.facebook.com\/NebraskaDemocraticParty\/\" \/>\n<meta property=\"article:modified_time\" content=\"2021-10-08T20:39:29+00:00\" \/>\n<meta property=\"og:image\" content=\"https:\/\/nebraskadem.wpenginepowered.com\/wp-content\/uploads\/2021\/09\/capitol-wide-1024x541.png\" \/>\n<meta name=\"twitter:card\" content=\"summary_large_image\" \/>\n<meta name=\"twitter:site\" content=\"@nebraskadems\" \/>\n<meta name=\"twitter:label1\" content=\"Tiempo de lectura\" \/>\n\t<meta name=\"twitter:data1\" content=\"7 minutos\" \/>\n<script type=\"application\/ld+json\" class=\"yoast-schema-graph\">{\"@context\":\"https:\\\/\\\/schema.org\",\"@graph\":[{\"@type\":\"WebPage\",\"@id\":\"https:\\\/\\\/nebraskademocrats.org\\\/2021-redistricting\\\/\",\"url\":\"https:\\\/\\\/nebraskademocrats.org\\\/2021-redistricting\\\/\",\"name\":\"2021 Redistricting &#8211; Nebraska Democratic Party\",\"isPartOf\":{\"@id\":\"https:\\\/\\\/nebraskademocrats.org\\\/#website\"},\"primaryImageOfPage\":{\"@id\":\"https:\\\/\\\/nebraskademocrats.org\\\/2021-redistricting\\\/#primaryimage\"},\"image\":{\"@id\":\"https:\\\/\\\/nebraskademocrats.org\\\/2021-redistricting\\\/#primaryimage\"},\"thumbnailUrl\":\"https:\\\/\\\/nebraskadem.wpenginepowered.com\\\/wp-content\\\/uploads\\\/2021\\\/09\\\/capitol-wide-1024x541.png\",\"datePublished\":\"2021-08-31T16:22:35+00:00\",\"dateModified\":\"2021-10-08T20:39:29+00:00\",\"breadcrumb\":{\"@id\":\"https:\\\/\\\/nebraskademocrats.org\\\/2021-redistricting\\\/#breadcrumb\"},\"inLanguage\":\"es\",\"potentialAction\":[{\"@type\":\"ReadAction\",\"target\":[\"https:\\\/\\\/nebraskademocrats.org\\\/2021-redistricting\\\/\"]}]},{\"@type\":\"ImageObject\",\"inLanguage\":\"es\",\"@id\":\"https:\\\/\\\/nebraskademocrats.org\\\/2021-redistricting\\\/#primaryimage\",\"url\":\"https:\\\/\\\/nebraskadem.wpenginepowered.com\\\/wp-content\\\/uploads\\\/2021\\\/09\\\/capitol-wide-1024x541.png\",\"contentUrl\":\"https:\\\/\\\/nebraskadem.wpenginepowered.com\\\/wp-content\\\/uploads\\\/2021\\\/09\\\/capitol-wide-1024x541.png\"},{\"@type\":\"BreadcrumbList\",\"@id\":\"https:\\\/\\\/nebraskademocrats.org\\\/2021-redistricting\\\/#breadcrumb\",\"itemListElement\":[{\"@type\":\"ListItem\",\"position\":1,\"name\":\"Home\",\"item\":\"https:\\\/\\\/nebraskademocrats.org\\\/\"},{\"@type\":\"ListItem\",\"position\":2,\"name\":\"2021 Redistricting\"}]},{\"@type\":\"WebSite\",\"@id\":\"https:\\\/\\\/nebraskademocrats.org\\\/#website\",\"url\":\"https:\\\/\\\/nebraskademocrats.org\\\/\",\"name\":\"Nebraska Democratic Party\",\"description\":\"Growing the Good Life for All Nebraskans\",\"publisher\":{\"@id\":\"https:\\\/\\\/nebraskademocrats.org\\\/#organization\"},\"potentialAction\":[{\"@type\":\"SearchAction\",\"target\":{\"@type\":\"EntryPoint\",\"urlTemplate\":\"https:\\\/\\\/nebraskademocrats.org\\\/?s={search_term_string}\"},\"query-input\":{\"@type\":\"PropertyValueSpecification\",\"valueRequired\":true,\"valueName\":\"search_term_string\"}}],\"inLanguage\":\"es\"},{\"@type\":\"Organization\",\"@id\":\"https:\\\/\\\/nebraskademocrats.org\\\/#organization\",\"name\":\"Nebraska Democratic Party\",\"url\":\"https:\\\/\\\/nebraskademocrats.org\\\/\",\"logo\":{\"@type\":\"ImageObject\",\"inLanguage\":\"es\",\"@id\":\"https:\\\/\\\/nebraskademocrats.org\\\/#\\\/schema\\\/logo\\\/image\\\/\",\"url\":\"https:\\\/\\\/nebraskadem.wpenginepowered.com\\\/wp-content\\\/uploads\\\/2016\\\/05\\\/NDP2.jpg\",\"contentUrl\":\"https:\\\/\\\/nebraskadem.wpenginepowered.com\\\/wp-content\\\/uploads\\\/2016\\\/05\\\/NDP2.jpg\",\"width\":1000,\"height\":396,\"caption\":\"Nebraska Democratic Party\"},\"image\":{\"@id\":\"https:\\\/\\\/nebraskademocrats.org\\\/#\\\/schema\\\/logo\\\/image\\\/\"},\"sameAs\":[\"https:\\\/\\\/www.facebook.com\\\/NebraskaDemocraticParty\\\/\",\"https:\\\/\\\/x.com\\\/nebraskadems\"]}]}<\/script>\n<!-- \/ Yoast SEO plugin. -->","yoast_head_json":{"title":"2021 Redistricting &#8211; Nebraska Democratic Party","robots":{"index":"index","follow":"follow","max-snippet":"max-snippet:-1","max-image-preview":"max-image-preview:large","max-video-preview":"max-video-preview:-1"},"canonical":"https:\/\/nebraskademocrats.org\/es\/2021-redistricting\/","og_locale":"es_MX","og_type":"article","og_title":"2021 Redistricting &#8211; Nebraska Democratic Party","og_description":"A special legislative session on redistricting began Sept. 13 and ended Sept. 30. See all the final maps here. Press release: With redistricting done,\u00a0 Sen. Wayne, Chair Kleeb call for grassroots organizing. &nbsp; PREVIOUSLY See all the proposed congressional and legislative maps here. CALL TO ACTION: Sign our petition to fight GOP gerrymandering. -Note on ... Read more","og_url":"https:\/\/nebraskademocrats.org\/es\/2021-redistricting\/","og_site_name":"Nebraska Democratic Party","article_publisher":"https:\/\/www.facebook.com\/NebraskaDemocraticParty\/","article_modified_time":"2021-10-08T20:39:29+00:00","og_image":[{"url":"https:\/\/nebraskadem.wpenginepowered.com\/wp-content\/uploads\/2021\/09\/capitol-wide-1024x541.png","type":"","width":"","height":""}],"twitter_card":"summary_large_image","twitter_site":"@nebraskadems","twitter_misc":{"Tiempo de lectura":"7 minutos"},"schema":{"@context":"https:\/\/schema.org","@graph":[{"@type":"WebPage","@id":"https:\/\/nebraskademocrats.org\/2021-redistricting\/","url":"https:\/\/nebraskademocrats.org\/2021-redistricting\/","name":"2021 Redistricting &#8211; Nebraska Democratic Party","isPartOf":{"@id":"https:\/\/nebraskademocrats.org\/#website"},"primaryImageOfPage":{"@id":"https:\/\/nebraskademocrats.org\/2021-redistricting\/#primaryimage"},"image":{"@id":"https:\/\/nebraskademocrats.org\/2021-redistricting\/#primaryimage"},"thumbnailUrl":"https:\/\/nebraskadem.wpenginepowered.com\/wp-content\/uploads\/2021\/09\/capitol-wide-1024x541.png","datePublished":"2021-08-31T16:22:35+00:00","dateModified":"2021-10-08T20:39:29+00:00","breadcrumb":{"@id":"https:\/\/nebraskademocrats.org\/2021-redistricting\/#breadcrumb"},"inLanguage":"es","potentialAction":[{"@type":"ReadAction","target":["https:\/\/nebraskademocrats.org\/2021-redistricting\/"]}]},{"@type":"ImageObject","inLanguage":"es","@id":"https:\/\/nebraskademocrats.org\/2021-redistricting\/#primaryimage","url":"https:\/\/nebraskadem.wpenginepowered.com\/wp-content\/uploads\/2021\/09\/capitol-wide-1024x541.png","contentUrl":"https:\/\/nebraskadem.wpenginepowered.com\/wp-content\/uploads\/2021\/09\/capitol-wide-1024x541.png"},{"@type":"BreadcrumbList","@id":"https:\/\/nebraskademocrats.org\/2021-redistricting\/#breadcrumb","itemListElement":[{"@type":"ListItem","position":1,"name":"Home","item":"https:\/\/nebraskademocrats.org\/"},{"@type":"ListItem","position":2,"name":"2021 Redistricting"}]},{"@type":"WebSite","@id":"https:\/\/nebraskademocrats.org\/#website","url":"https:\/\/nebraskademocrats.org\/","name":"Partido Dem\u00f3crata de Nebraska","description":"Cultivando la buena vida para todos los nebraskenses","publisher":{"@id":"https:\/\/nebraskademocrats.org\/#organization"},"potentialAction":[{"@type":"SearchAction","target":{"@type":"EntryPoint","urlTemplate":"https:\/\/nebraskademocrats.org\/?s={search_term_string}"},"query-input":{"@type":"PropertyValueSpecification","valueRequired":true,"valueName":"search_term_string"}}],"inLanguage":"es"},{"@type":"Organization","@id":"https:\/\/nebraskademocrats.org\/#organization","name":"Partido Dem\u00f3crata de Nebraska","url":"https:\/\/nebraskademocrats.org\/","logo":{"@type":"ImageObject","inLanguage":"es","@id":"https:\/\/nebraskademocrats.org\/#\/schema\/logo\/image\/","url":"https:\/\/nebraskadem.wpenginepowered.com\/wp-content\/uploads\/2016\/05\/NDP2.jpg","contentUrl":"https:\/\/nebraskadem.wpenginepowered.com\/wp-content\/uploads\/2016\/05\/NDP2.jpg","width":1000,"height":396,"caption":"Nebraska Democratic Party"},"image":{"@id":"https:\/\/nebraskademocrats.org\/#\/schema\/logo\/image\/"},"sameAs":["https:\/\/www.facebook.com\/NebraskaDemocraticParty\/","https:\/\/x.com\/nebraskadems"]}]}},"_links":{"self":[{"href":"https:\/\/nebraskademocrats.org\/es\/wp-json\/wp\/v2\/pages\/34245","targetHints":{"allow":["GET"]}}],"collection":[{"href":"https:\/\/nebraskademocrats.org\/es\/wp-json\/wp\/v2\/pages"}],"about":[{"href":"https:\/\/nebraskademocrats.org\/es\/wp-json\/wp\/v2\/types\/page"}],"author":[{"embeddable":true,"href":"https:\/\/nebraskademocrats.org\/es\/wp-json\/wp\/v2\/users\/19"}],"replies":[{"embeddable":true,"href":"https:\/\/nebraskademocrats.org\/es\/wp-json\/wp\/v2\/comments?post=34245"}],"version-history":[{"count":0,"href":"https:\/\/nebraskademocrats.org\/es\/wp-json\/wp\/v2\/pages\/34245\/revisions"}],"wp:attachment":[{"href":"https:\/\/nebraskademocrats.org\/es\/wp-json\/wp\/v2\/media?parent=34245"}],"curies":[{"name":"wp","href":"https:\/\/api.w.org\/{rel}","templated":true}]}}