{"id":45214,"date":"2023-12-15T14:31:18","date_gmt":"2023-12-15T20:31:18","guid":{"rendered":"https:\/\/nebraskadem.wpenginepowered.com\/?page_id=45214"},"modified":"2024-06-04T15:41:28","modified_gmt":"2024-06-04T20:41:28","slug":"2024-delegate-selection-plan","status":"publish","type":"page","link":"https:\/\/nebraskademocrats.org\/es\/2024-delegate-selection-plan\/","title":{"rendered":"Plan de Selecci\u00f3n de Delegados 2024"},"content":{"rendered":"<div data-elementor-type=\"wp-page\" data-elementor-id=\"45214\" class=\"elementor elementor-45214\" data-elementor-post-type=\"page\">\n\t\t\t\t\t\t<section class=\"elementor-section elementor-top-section elementor-element elementor-element-7d5de40 elementor-section-boxed elementor-section-height-default elementor-section-height-default\" data-id=\"7d5de40\" data-element_type=\"section\" data-e-type=\"section\">\n\t\t\t\t\t\t<div class=\"elementor-container elementor-column-gap-default\">\n\t\t\t\t\t<div class=\"elementor-column elementor-col-100 elementor-top-column elementor-element elementor-element-8c01be5\" data-id=\"8c01be5\" data-element_type=\"column\" data-e-type=\"column\">\n\t\t\t<div class=\"elementor-widget-wrap elementor-element-populated\">\n\t\t\t\t\t\t<div class=\"elementor-element elementor-element-7481efe elementor-widget elementor-widget-image\" data-id=\"7481efe\" data-element_type=\"widget\" data-e-type=\"widget\" data-widget_type=\"image.default\">\n\t\t\t\t<div class=\"elementor-widget-container\">\n\t\t\t\t\t\t\t\t\t\t\t\t\t\t\t<img fetchpriority=\"high\" decoding=\"async\" width=\"1024\" height=\"236\" src=\"https:\/\/nebraskademocrats.org\/wp-content\/uploads\/2024\/03\/VoteBanner-3-1024x236.png\" class=\"attachment-large size-large wp-image-46019\" alt=\"\" srcset=\"https:\/\/nebraskademocrats.org\/wp-content\/uploads\/2024\/03\/VoteBanner-3-1024x236.png 1024w, https:\/\/nebraskademocrats.org\/wp-content\/uploads\/2024\/03\/VoteBanner-3-300x69.png 300w, https:\/\/nebraskademocrats.org\/wp-content\/uploads\/2024\/03\/VoteBanner-3-768x177.png 768w, https:\/\/nebraskademocrats.org\/wp-content\/uploads\/2024\/03\/VoteBanner-3-18x4.png 18w, https:\/\/nebraskademocrats.org\/wp-content\/uploads\/2024\/03\/VoteBanner-3.png 1280w\" sizes=\"(max-width: 1024px) 100vw, 1024px\" \/>\t\t\t\t\t\t\t\t\t\t\t\t\t\t\t<\/div>\n\t\t\t\t<\/div>\n\t\t\t\t\t<\/div>\n\t\t<\/div>\n\t\t\t\t\t<\/div>\n\t\t<\/section>\n\t\t\t\t<section class=\"elementor-section elementor-top-section elementor-element elementor-element-d8fd0c5 elementor-section-boxed elementor-section-height-default elementor-section-height-default\" data-id=\"d8fd0c5\" data-element_type=\"section\" data-e-type=\"section\">\n\t\t\t\t\t\t<div class=\"elementor-container elementor-column-gap-default\">\n\t\t\t\t\t<div class=\"elementor-column elementor-col-100 elementor-top-column elementor-element elementor-element-d0c2c75\" data-id=\"d0c2c75\" data-element_type=\"column\" data-e-type=\"column\">\n\t\t\t<div class=\"elementor-widget-wrap elementor-element-populated\">\n\t\t\t\t\t\t<div class=\"elementor-element elementor-element-623f7bf elementor-widget elementor-widget-heading\" data-id=\"623f7bf\" data-element_type=\"widget\" data-e-type=\"widget\" data-widget_type=\"heading.default\">\n\t\t\t\t<div class=\"elementor-widget-container\">\n\t\t\t\t\t<h2 class=\"elementor-heading-title elementor-size-default\"><b>Quick links<\/b><\/h2>\t\t\t\t<\/div>\n\t\t\t\t<\/div>\n\t\t\t\t<div class=\"elementor-element elementor-element-ee4bd5c elementor-widget elementor-widget-text-editor\" data-id=\"ee4bd5c\" data-element_type=\"widget\" data-e-type=\"widget\" data-widget_type=\"text-editor.default\">\n\t\t\t\t<div class=\"elementor-widget-container\">\n\t\t\t\t\t\t\t\t\t<ul>\n<li><span style=\"font-family: -apple-system, system-ui, system-ui, Segoe UI, Helvetica, Arial, sans-serif, Apple Color Emoji, Segoe UI Emoji, Segoe UI Symbol;\"><b>Rules Governing Convention<\/b><\/span>\n<ul>\n<li><span style=\"font-family: -apple-system, system-ui, system-ui, Segoe UI, Helvetica, Arial, sans-serif, Apple Color Emoji, Segoe UI Emoji, Segoe UI Symbol;\"><b>PND <a href=\"https:\/\/nebraskademocrats.org\/wp-content\/uploads\/2024\/03\/2024-County-Convention-Rules-Approved-by-SCC.pdf\">Condado <\/a>y <a href=\"https:\/\/nebraskademocrats.org\/wp-content\/uploads\/2021\/06\/2024-Rules-Committee-Final-Report.pdf\">State Convention Rules<\/a><\/b><\/span><\/li>\n<li><span style=\"font-family: -apple-system, system-ui, system-ui, Segoe UI, Helvetica, Arial, sans-serif, Apple Color Emoji, Segoe UI Emoji, Segoe UI Symbol;\"><b>PND <a href=\"https:\/\/nebraskademocrats.org\/wp-content\/uploads\/2021\/06\/NDP-Constitution-Bylaws-12.3.23.pdf\">Bylaws<\/a><br><\/b>\n<p><\/p>\n<p><b><\/b><\/p>\n<p><\/p>\n<p><\/p><\/span><\/li>\n<\/ul>\n<\/li>\n<li><span style=\"font-family: -apple-system, system-ui, system-ui, Segoe UI, Helvetica, Arial, sans-serif, Apple Color Emoji, Segoe UI Emoji, Segoe UI Symbol;\"><b>Purchase&nbsp;<\/b><\/span><a href=\"https:\/\/secure.actblue.com\/donate\/2024conventionhastings\" target=\"_blank\" rel=\"noopener\">State Convention Meal Tickets<\/a><br><br><\/li>\n<li><b style=\"font-family: -apple-system, system-ui, system-ui, &quot;Segoe UI&quot;, Helvetica, Arial, sans-serif, &quot;Apple Color Emoji&quot;, &quot;Segoe UI Emoji&quot;, &quot;Segoe UI Symbol&quot;;\"><a href=\"https:\/\/nebraskademocrats.org\/wp-content\/uploads\/2024\/06\/2024-State-Convention-Delegate-Packet-FOR-WEBSITE-1.pdf\">Agenda Packet<\/a><\/b><\/li>\n<\/ul>\t\t\t\t\t\t\t\t<\/div>\n\t\t\t\t<\/div>\n\t\t\t\t<div class=\"elementor-element elementor-element-7d25e0a elementor-widget elementor-widget-text-editor\" data-id=\"7d25e0a\" data-element_type=\"widget\" data-e-type=\"widget\" data-widget_type=\"text-editor.default\">\n\t\t\t\t<div class=\"elementor-widget-container\">\n\t\t\t\t\t\t\t\t\t<h2 style=\"font-style: normal;\">Introducci\u00f3n<\/h2><p>Cada cuatro a\u00f1os se celebran elecciones para presidente de los Estados Unidos. Como parte de ese proceso, cada partido pol\u00edtico participa en una elecci\u00f3n primaria para decidir qu\u00e9 candidato avanza.<\/p><p>Como parte de este proceso primario, cada estado es responsable de elegir una lista de delegados que representar\u00e1n al estado en la Convenci\u00f3n Nacional Dem\u00f3crata. El Plan de Selecci\u00f3n de Delegados establece el esquema de c\u00f3mo estos Delegados ser\u00e1n elegidos.<\/p><p>Para garantizar que el proceso sea justo y transparente, se alent\u00f3 al p\u00fablico a participar en comentarios p\u00fablicos. El per\u00edodo de comentarios p\u00fablicos dur\u00f3 30 d\u00edas, comenzando el 30 de marzo y finalizando el 29 de abril de 2023. El Plan de Selecci\u00f3n de Delegados final se encuentra a continuaci\u00f3n.<\/p><p>The State Convention is June 7-9 in Hastings, Nebraska.<\/p><p>The National Convention is August 19-22 in Chicago, Illinois.<\/p><p><span style=\"font-family: -apple-system, system-ui, system-ui, 'Segoe UI', Helvetica, Arial, sans-serif, 'Apple Color Emoji', 'Segoe UI Emoji', 'Segoe UI Symbol';\">If you have an ADA request, please make sure to complete the county convention form if you are attending your local meeting. If you become a state convention delegate, there is a form you will also be sent to request reasonable accommodations. If you plan to attend the state convention as a guest, and not an elected delegate, then please contact our office with requests.<\/span><\/p><p>Si tiene alguna pregunta sobre el Plan de Selecci\u00f3n de Delegados o el Proceso de Selecci\u00f3n de Delegados, env\u00ede un correo electr\u00f3nico a info@nebraskademocrats.org o llame a nuestra oficina al 402-434-2180.<\/p>\t\t\t\t\t\t\t\t<\/div>\n\t\t\t\t<\/div>\n\t\t\t\t\t<\/div>\n\t\t<\/div>\n\t\t\t\t\t<\/div>\n\t\t<\/section>\n\t\t\t\t<section class=\"elementor-section elementor-top-section elementor-element elementor-element-b88b666 elementor-section-boxed elementor-section-height-default elementor-section-height-default\" data-id=\"b88b666\" data-element_type=\"section\" data-e-type=\"section\">\n\t\t\t\t\t\t<div class=\"elementor-container elementor-column-gap-default\">\n\t\t\t\t\t<div class=\"elementor-column elementor-col-100 elementor-top-column elementor-element elementor-element-6e7c047\" data-id=\"6e7c047\" data-element_type=\"column\" data-e-type=\"column\">\n\t\t\t<div class=\"elementor-widget-wrap elementor-element-populated\">\n\t\t\t\t\t\t<div class=\"elementor-element elementor-element-0938d02 elementor-widget-divider--view-line elementor-widget elementor-widget-divider\" data-id=\"0938d02\" data-element_type=\"widget\" data-e-type=\"widget\" data-widget_type=\"divider.default\">\n\t\t\t\t<div class=\"elementor-widget-container\">\n\t\t\t\t\t\t\t<div class=\"elementor-divider\">\n\t\t\t<span class=\"elementor-divider-separator\">\n\t\t\t\t\t\t<\/span>\n\t\t<\/div>\n\t\t\t\t\t\t<\/div>\n\t\t\t\t<\/div>\n\t\t\t\t<div class=\"elementor-element elementor-element-48cbad4 elementor-widget elementor-widget-text-editor\" data-id=\"48cbad4\" data-element_type=\"widget\" data-e-type=\"widget\" data-widget_type=\"text-editor.default\">\n\t\t\t\t<div class=\"elementor-widget-container\">\n\t\t\t\t\t\t\t\t\t<h2>L\u00ednea de tiempo<\/h2><ul><li>February 16, 2024 &#8211; Counties must certify their County Convention dates with the NDP<ul><li><a href=\"https:\/\/nebraskademocrats.org\/wp-content\/uploads\/2023\/12\/2024-County-Convention-Rules-Approved-by-SCC.pdf\">County Convention rules<\/a> were approved 12\/3\/2023<\/li><\/ul><\/li><li>April 26, 2024 &#8211; National Delegate Application Available<\/li><li>May 14, 2024 &#8211; Presidential Primary<ul><li>NOTE: You must vote in the Democratic Primary to participate in the National Delegate process<\/li><\/ul><\/li><li>May 18-28, 2024 &#8211; County Conventions<ul><li><a href=\"https:\/\/forms.gle\/s3jhnsJNST3kuyU56\" target=\"_blank\" rel=\"noopener\">Register for your County Convention<\/a><\/li><\/ul><\/li><li>May 31, 2024 &#8211; National Delegate Application closes at 5 pm<\/li><li>June 7-9, 2024 &#8211; State Convention, Hastings Nebraska<\/li><li>August 19-22 &#8211; National Convention, Chicago Illinois<\/li><\/ul>\t\t\t\t\t\t\t\t<\/div>\n\t\t\t\t<\/div>\n\t\t\t\t<div class=\"elementor-element elementor-element-6960ffb elementor-widget-divider--view-line elementor-widget elementor-widget-divider\" data-id=\"6960ffb\" data-element_type=\"widget\" data-e-type=\"widget\" data-widget_type=\"divider.default\">\n\t\t\t\t<div class=\"elementor-widget-container\">\n\t\t\t\t\t\t\t<div class=\"elementor-divider\">\n\t\t\t<span class=\"elementor-divider-separator\">\n\t\t\t\t\t\t<\/span>\n\t\t<\/div>\n\t\t\t\t\t\t<\/div>\n\t\t\t\t<\/div>\n\t\t\t\t<section class=\"elementor-section elementor-inner-section elementor-element elementor-element-62f68ab elementor-section-boxed elementor-section-height-default elementor-section-height-default\" data-id=\"62f68ab\" data-element_type=\"section\" data-e-type=\"section\">\n\t\t\t\t\t\t<div class=\"elementor-container elementor-column-gap-default\">\n\t\t\t\t\t<div class=\"elementor-column elementor-col-50 elementor-inner-column elementor-element elementor-element-916d1b2\" data-id=\"916d1b2\" data-element_type=\"column\" data-e-type=\"column\">\n\t\t\t<div class=\"elementor-widget-wrap elementor-element-populated\">\n\t\t\t\t\t\t<div class=\"elementor-element elementor-element-b36e7af elementor-widget elementor-widget-heading\" data-id=\"b36e7af\" data-element_type=\"widget\" data-e-type=\"widget\" data-widget_type=\"heading.default\">\n\t\t\t\t<div class=\"elementor-widget-container\">\n\t\t\t\t\t<h2 class=\"elementor-heading-title elementor-size-default\">Comit\u00e9 de plataforma<\/h2>\t\t\t\t<\/div>\n\t\t\t\t<\/div>\n\t\t\t\t<div class=\"elementor-element elementor-element-75938b1 elementor-button-info elementor-align-justify elementor-widget elementor-widget-button\" data-id=\"75938b1\" data-element_type=\"widget\" data-e-type=\"widget\" data-widget_type=\"button.default\">\n\t\t\t\t<div class=\"elementor-widget-container\">\n\t\t\t\t\t\t\t\t\t<div class=\"elementor-button-wrapper\">\n\t\t\t\t\t<a class=\"elementor-button elementor-button-link elementor-size-md\" href=\"https:\/\/nebraskademocrats.org\/wp-content\/uploads\/2024\/05\/NDP2024PlatformReport.docx.pdf\">\n\t\t\t\t\t\t<span class=\"elementor-button-content-wrapper\">\n\t\t\t\t\t\t\t\t\t<span class=\"elementor-button-text\">Platform Preliminary Report<\/span>\n\t\t\t\t\t<\/span>\n\t\t\t\t\t<\/a>\n\t\t\t\t<\/div>\n\t\t\t\t\t\t\t\t<\/div>\n\t\t\t\t<\/div>\n\t\t\t\t<div class=\"elementor-element elementor-element-6c7ee01 elementor-widget elementor-widget-text-editor\" data-id=\"6c7ee01\" data-element_type=\"widget\" data-e-type=\"widget\" data-widget_type=\"text-editor.default\">\n\t\t\t\t<div class=\"elementor-widget-container\">\n\t\t\t\t\t\t\t\t\t<p>Every two years we make edits to the party platform and we rely on Nebraskans for their input. There will be 3 platform meetings: one for each Congressional District, please sign up for the meeting in your district if possible.\u00a0 Please submit written comments using the form below:\u00a0<\/p>\t\t\t\t\t\t\t\t<\/div>\n\t\t\t\t<\/div>\n\t\t\t\t<div class=\"elementor-element elementor-element-654468b elementor-button-info elementor-align-justify elementor-widget elementor-widget-button\" data-id=\"654468b\" data-element_type=\"widget\" data-e-type=\"widget\" data-widget_type=\"button.default\">\n\t\t\t\t<div class=\"elementor-widget-container\">\n\t\t\t\t\t\t\t\t\t<div class=\"elementor-button-wrapper\">\n\t\t\t\t\t<a class=\"elementor-button elementor-button-link elementor-size-md\" href=\"https:\/\/forms.gle\/kBguomYijEPkk6Ro9\">\n\t\t\t\t\t\t<span class=\"elementor-button-content-wrapper\">\n\t\t\t\t\t\t\t\t\t<span class=\"elementor-button-text\">Submit Comments on the Platform<\/span>\n\t\t\t\t\t<\/span>\n\t\t\t\t\t<\/a>\n\t\t\t\t<\/div>\n\t\t\t\t\t\t\t\t<\/div>\n\t\t\t\t<\/div>\n\t\t\t\t<div class=\"elementor-element elementor-element-76f05cc elementor-widget elementor-widget-text-editor\" data-id=\"76f05cc\" data-element_type=\"widget\" data-e-type=\"widget\" data-widget_type=\"text-editor.default\">\n\t\t\t\t<div class=\"elementor-widget-container\">\n\t\t\t\t\t\t\t\t\t<p>*Delegates with resolutions or platform planks must attend and present the information at the Friday committee meeting in order to be included in the report.<\/p><p>*We strongly suggest submitting any information by May 31 (5pm CT) so the Committee can conduct business at the convention in a timely fashion.\u00a0<\/p>\t\t\t\t\t\t\t\t<\/div>\n\t\t\t\t<\/div>\n\t\t\t\t\t<\/div>\n\t\t<\/div>\n\t\t\t\t<div class=\"elementor-column elementor-col-50 elementor-inner-column elementor-element elementor-element-d81640e\" data-id=\"d81640e\" data-element_type=\"column\" data-e-type=\"column\">\n\t\t\t<div class=\"elementor-widget-wrap elementor-element-populated\">\n\t\t\t\t\t\t<div class=\"elementor-element elementor-element-6c1702a elementor-align-justify elementor-widget elementor-widget-button\" data-id=\"6c1702a\" data-element_type=\"widget\" data-e-type=\"widget\" data-widget_type=\"button.default\">\n\t\t\t\t<div class=\"elementor-widget-container\">\n\t\t\t\t\t\t\t\t\t<div class=\"elementor-button-wrapper\">\n\t\t\t\t\t<a class=\"elementor-button elementor-button-link elementor-size-sm\" href=\"https:\/\/mobilize.us\/s\/N2bE1o\">\n\t\t\t\t\t\t<span class=\"elementor-button-content-wrapper\">\n\t\t\t\t\t\t\t\t\t<span class=\"elementor-button-text\">CD3 - March 23<\/span>\n\t\t\t\t\t<\/span>\n\t\t\t\t\t<\/a>\n\t\t\t\t<\/div>\n\t\t\t\t\t\t\t\t<\/div>\n\t\t\t\t<\/div>\n\t\t\t\t<div class=\"elementor-element elementor-element-67e3f7f elementor-align-justify elementor-widget elementor-widget-button\" data-id=\"67e3f7f\" data-element_type=\"widget\" data-e-type=\"widget\" data-widget_type=\"button.default\">\n\t\t\t\t<div class=\"elementor-widget-container\">\n\t\t\t\t\t\t\t\t\t<div class=\"elementor-button-wrapper\">\n\t\t\t\t\t<a class=\"elementor-button elementor-button-link elementor-size-sm\" href=\"https:\/\/www.mobilize.us\/nebdems\/event\/612972\/\">\n\t\t\t\t\t\t<span class=\"elementor-button-content-wrapper\">\n\t\t\t\t\t\t\t\t\t<span class=\"elementor-button-text\">CD2 - April 6<\/span>\n\t\t\t\t\t<\/span>\n\t\t\t\t\t<\/a>\n\t\t\t\t<\/div>\n\t\t\t\t\t\t\t\t<\/div>\n\t\t\t\t<\/div>\n\t\t\t\t<div class=\"elementor-element elementor-element-082a81c elementor-align-justify elementor-widget elementor-widget-button\" data-id=\"082a81c\" data-element_type=\"widget\" data-e-type=\"widget\" data-widget_type=\"button.default\">\n\t\t\t\t<div class=\"elementor-widget-container\">\n\t\t\t\t\t\t\t\t\t<div class=\"elementor-button-wrapper\">\n\t\t\t\t\t<a class=\"elementor-button elementor-button-link elementor-size-sm\" href=\"https:\/\/www.mobilize.us\/nebdems\/event\/612973\/\">\n\t\t\t\t\t\t<span class=\"elementor-button-content-wrapper\">\n\t\t\t\t\t\t\t\t\t<span class=\"elementor-button-text\">CD1 - April 20<\/span>\n\t\t\t\t\t<\/span>\n\t\t\t\t\t<\/a>\n\t\t\t\t<\/div>\n\t\t\t\t\t\t\t\t<\/div>\n\t\t\t\t<\/div>\n\t\t\t\t<div class=\"elementor-element elementor-element-aaf798d elementor-button-info elementor-align-justify elementor-widget elementor-widget-button\" data-id=\"aaf798d\" data-element_type=\"widget\" data-e-type=\"widget\" data-widget_type=\"button.default\">\n\t\t\t\t<div class=\"elementor-widget-container\">\n\t\t\t\t\t\t\t\t\t<div class=\"elementor-button-wrapper\">\n\t\t\t\t\t<a class=\"elementor-button elementor-button-link elementor-size-xl\" href=\"https:\/\/www.mobilize.us\/nebdems\/event\/625628\/\">\n\t\t\t\t\t\t<span class=\"elementor-button-content-wrapper\">\n\t\t\t\t\t\t\t\t\t<span class=\"elementor-button-text\">Platform Hearing - June 7<\/span>\n\t\t\t\t\t<\/span>\n\t\t\t\t\t<\/a>\n\t\t\t\t<\/div>\n\t\t\t\t\t\t\t\t<\/div>\n\t\t\t\t<\/div>\n\t\t\t\t\t<\/div>\n\t\t<\/div>\n\t\t\t\t\t<\/div>\n\t\t<\/section>\n\t\t\t\t<div class=\"elementor-element elementor-element-46fa719 elementor-widget-divider--view-line elementor-widget elementor-widget-divider\" data-id=\"46fa719\" data-element_type=\"widget\" data-e-type=\"widget\" data-widget_type=\"divider.default\">\n\t\t\t\t<div class=\"elementor-widget-container\">\n\t\t\t\t\t\t\t<div class=\"elementor-divider\">\n\t\t\t<span class=\"elementor-divider-separator\">\n\t\t\t\t\t\t<\/span>\n\t\t<\/div>\n\t\t\t\t\t\t<\/div>\n\t\t\t\t<\/div>\n\t\t\t\t<section class=\"elementor-section elementor-inner-section elementor-element elementor-element-a01cb15 elementor-section-boxed elementor-section-height-default elementor-section-height-default\" data-id=\"a01cb15\" data-element_type=\"section\" data-e-type=\"section\">\n\t\t\t\t\t\t<div class=\"elementor-container elementor-column-gap-default\">\n\t\t\t\t\t<div class=\"elementor-column elementor-col-50 elementor-inner-column elementor-element elementor-element-6d674dd\" data-id=\"6d674dd\" data-element_type=\"column\" data-e-type=\"column\">\n\t\t\t<div class=\"elementor-widget-wrap elementor-element-populated\">\n\t\t\t\t\t\t<div class=\"elementor-element elementor-element-b858d4e elementor-widget elementor-widget-heading\" data-id=\"b858d4e\" data-element_type=\"widget\" data-e-type=\"widget\" data-widget_type=\"heading.default\">\n\t\t\t\t<div class=\"elementor-widget-container\">\n\t\t\t\t\t<h2 class=\"elementor-heading-title elementor-size-default\">Comit\u00e9 de reglas<\/h2>\t\t\t\t<\/div>\n\t\t\t\t<\/div>\n\t\t\t\t<div class=\"elementor-element elementor-element-1c67b39 elementor-widget elementor-widget-text-editor\" data-id=\"1c67b39\" data-element_type=\"widget\" data-e-type=\"widget\" data-widget_type=\"text-editor.default\">\n\t\t\t\t<div class=\"elementor-widget-container\">\n\t\t\t\t\t\t\t\t\t<p>The Rules Committee will handle changes to the Constitution and Bylaws at the State Convention.\u00a0\u00a0<\/p>\t\t\t\t\t\t\t\t<\/div>\n\t\t\t\t<\/div>\n\t\t\t\t<div class=\"elementor-element elementor-element-96e8f2a elementor-align-justify elementor-widget elementor-widget-button\" data-id=\"96e8f2a\" data-element_type=\"widget\" data-e-type=\"widget\" data-widget_type=\"button.default\">\n\t\t\t\t<div class=\"elementor-widget-container\">\n\t\t\t\t\t\t\t\t\t<div class=\"elementor-button-wrapper\">\n\t\t\t\t\t<a class=\"elementor-button elementor-button-link elementor-size-sm\" href=\"https:\/\/nebraskademocrats.org\/wp-content\/uploads\/2024\/05\/2024-Rules-Committee-Preliminary-Report.pdf\">\n\t\t\t\t\t\t<span class=\"elementor-button-content-wrapper\">\n\t\t\t\t\t\t\t\t\t<span class=\"elementor-button-text\">Rules Committee Preliminary Report<\/span>\n\t\t\t\t\t<\/span>\n\t\t\t\t\t<\/a>\n\t\t\t\t<\/div>\n\t\t\t\t\t\t\t\t<\/div>\n\t\t\t\t<\/div>\n\t\t\t\t\t<\/div>\n\t\t<\/div>\n\t\t\t\t<div class=\"elementor-column elementor-col-50 elementor-inner-column elementor-element elementor-element-0555b92\" data-id=\"0555b92\" data-element_type=\"column\" data-e-type=\"column\">\n\t\t\t<div class=\"elementor-widget-wrap elementor-element-populated\">\n\t\t\t\t\t\t<div class=\"elementor-element elementor-element-3848d6d elementor-button-info elementor-align-justify elementor-widget elementor-widget-button\" data-id=\"3848d6d\" data-element_type=\"widget\" data-e-type=\"widget\" data-widget_type=\"button.default\">\n\t\t\t\t<div class=\"elementor-widget-container\">\n\t\t\t\t\t\t\t\t\t<div class=\"elementor-button-wrapper\">\n\t\t\t\t\t<a class=\"elementor-button elementor-button-link elementor-size-xl\" href=\"https:\/\/www.mobilize.us\/nebdems\/event\/625630\/\">\n\t\t\t\t\t\t<span class=\"elementor-button-content-wrapper\">\n\t\t\t\t\t\t\t\t\t<span class=\"elementor-button-text\">Rules Hearing - June 7<\/span>\n\t\t\t\t\t<\/span>\n\t\t\t\t\t<\/a>\n\t\t\t\t<\/div>\n\t\t\t\t\t\t\t\t<\/div>\n\t\t\t\t<\/div>\n\t\t\t\t\t<\/div>\n\t\t<\/div>\n\t\t\t\t\t<\/div>\n\t\t<\/section>\n\t\t\t\t<div class=\"elementor-element elementor-element-5e87908 elementor-widget-divider--view-line elementor-widget elementor-widget-divider\" data-id=\"5e87908\" data-element_type=\"widget\" data-e-type=\"widget\" data-widget_type=\"divider.default\">\n\t\t\t\t<div class=\"elementor-widget-container\">\n\t\t\t\t\t\t\t<div class=\"elementor-divider\">\n\t\t\t<span class=\"elementor-divider-separator\">\n\t\t\t\t\t\t<\/span>\n\t\t<\/div>\n\t\t\t\t\t\t<\/div>\n\t\t\t\t<\/div>\n\t\t\t\t<section class=\"elementor-section elementor-inner-section elementor-element elementor-element-1a90007 elementor-section-boxed elementor-section-height-default elementor-section-height-default\" data-id=\"1a90007\" data-element_type=\"section\" data-e-type=\"section\">\n\t\t\t\t\t\t<div class=\"elementor-container elementor-column-gap-default\">\n\t\t\t\t\t<div class=\"elementor-column elementor-col-100 elementor-inner-column elementor-element elementor-element-6d61c93\" data-id=\"6d61c93\" data-element_type=\"column\" data-e-type=\"column\">\n\t\t\t<div class=\"elementor-widget-wrap elementor-element-populated\">\n\t\t\t\t\t\t<div class=\"elementor-element elementor-element-a4d21cb elementor-widget elementor-widget-heading\" data-id=\"a4d21cb\" data-element_type=\"widget\" data-e-type=\"widget\" data-widget_type=\"heading.default\">\n\t\t\t\t<div class=\"elementor-widget-container\">\n\t\t\t\t\t<h2 class=\"elementor-heading-title elementor-size-default\">State Convention Hotel Blocks<\/h2>\t\t\t\t<\/div>\n\t\t\t\t<\/div>\n\t\t\t\t<div class=\"elementor-element elementor-element-488449e elementor-widget__width-initial elementor-widget elementor-widget-text-editor\" data-id=\"488449e\" data-element_type=\"widget\" data-e-type=\"widget\" data-widget_type=\"text-editor.default\">\n\t\t\t\t<div class=\"elementor-widget-container\">\n\t\t\t\t\t\t\t\t\t<div>\u00a0<\/div><ul><li><b>Hampton Inn, Hastings, NE<\/b><ul><li><a style=\"background-color: #ffffff;\" href=\"https:\/\/www.hilton.com\/en\/book\/reservation\/deeplink\/?ctyhocn=GRIHAHX&amp;groupCode=CHHDC1&amp;arrivaldate=2024-06-07&amp;departuredate=2024-06-09&amp;cid=OM,WW,HILTONLINK,EN,DirectLink&amp;fromId=HILTONLINKDIRECT\">Booking Link<\/a><\/li><li>Group Code: DC1<\/li><li>402.303.6778<\/li><\/ul><\/li><li><b>Holiday Inn, Hastings, NE<\/b><ul><li aria-level=\"4\"><a style=\"color: #58acc4;\" href=\"https:\/\/www.hiexpress.com\/redirect?path=hd&amp;brandCode=EX&amp;localeCode=en&amp;regionCode=1&amp;hotelCode=HSIHI&amp;_PMID=99801505&amp;GPC=NED&amp;cn=no&amp;viewfullsite=true\">Booking Link<\/a><\/li><li aria-level=\"4\">Booking Code: NED<\/li><li>402.463.8858<\/li><\/ul><\/li><li><b>My Place, Hastings, NE<\/b><ul><li>To book rooms, call the hotel directly\u00a0<\/li><li>402.303.6060<\/li><\/ul><\/li><\/ul>\t\t\t\t\t\t\t\t<\/div>\n\t\t\t\t<\/div>\n\t\t\t\t\t<\/div>\n\t\t<\/div>\n\t\t\t\t\t<\/div>\n\t\t<\/section>\n\t\t\t\t\t<\/div>\n\t\t<\/div>\n\t\t\t\t\t<\/div>\n\t\t<\/section>\n\t\t\t\t<section class=\"elementor-section elementor-top-section elementor-element elementor-element-5a9e423 elementor-section-boxed elementor-section-height-default elementor-section-height-default\" data-id=\"5a9e423\" data-element_type=\"section\" data-e-type=\"section\">\n\t\t\t\t\t\t<div class=\"elementor-container elementor-column-gap-default\">\n\t\t\t\t\t<div class=\"elementor-column elementor-col-100 elementor-top-column elementor-element elementor-element-caff827\" data-id=\"caff827\" data-element_type=\"column\" data-e-type=\"column\">\n\t\t\t<div class=\"elementor-widget-wrap elementor-element-populated\">\n\t\t\t\t\t\t<div class=\"elementor-element elementor-element-753cbe9 elementor-widget-divider--view-line elementor-widget elementor-widget-divider\" data-id=\"753cbe9\" data-element_type=\"widget\" data-e-type=\"widget\" data-widget_type=\"divider.default\">\n\t\t\t\t<div class=\"elementor-widget-container\">\n\t\t\t\t\t\t\t<div class=\"elementor-divider\">\n\t\t\t<span class=\"elementor-divider-separator\">\n\t\t\t\t\t\t<\/span>\n\t\t<\/div>\n\t\t\t\t\t\t<\/div>\n\t\t\t\t<\/div>\n\t\t\t\t<div class=\"elementor-element elementor-element-612e0bc elementor-widget elementor-widget-text-editor\" data-id=\"612e0bc\" data-element_type=\"widget\" data-e-type=\"widget\" data-widget_type=\"text-editor.default\">\n\t\t\t\t<div class=\"elementor-widget-container\">\n\t\t\t\t\t\t\t\t\t<p><span style=\"font-family: Oswald, sans-serif; font-size: 30px; font-weight: bold;\">Background: Understanding the Process<\/span><\/p><p>El Plan de Selecci\u00f3n de Delegados fue elaborado por el Comit\u00e9 Especial para el Plan de Selecci\u00f3n de Delegados del Nebraska Democratic Party. El Comit\u00e9 Nacional Dem\u00f3crata (DNC) dispuso que se debe seguir un cronograma espec\u00edfico y un conjunto de pautas para el Plan de Selecci\u00f3n de Delegados.<\/p><p>Este Comit\u00e9 estuvo presidido por Trevor Fitzgerald, quien se desempe\u00f1a como Presidente del Comit\u00e9 de Reglas del NDP. El Presidente Fitzgerald, as\u00ed como un comit\u00e9 de otros ocho miembros, se reunieron durante una serie de reuniones para elaborar el borrador del Plan de Selecci\u00f3n de Delegados que se ha proporcionado.<\/p><p>El Comit\u00e9 Central del Estado vot\u00f3 para otorgar autoridad al Comit\u00e9 Ejecutivo del Estado para aprobar el proyecto de plan. La SEC vot\u00f3 por unanimidad el 29 de marzo de 2023 para aprobar el borrador del plan. A continuaci\u00f3n encontrar\u00e1 informaci\u00f3n adicional sobre el proceso en curso.<\/p>\t\t\t\t\t\t\t\t<\/div>\n\t\t\t\t<\/div>\n\t\t\t\t\t<\/div>\n\t\t<\/div>\n\t\t\t\t\t<\/div>\n\t\t<\/section>\n\t\t\t\t<section class=\"elementor-section elementor-top-section elementor-element elementor-element-7727197 elementor-section-boxed elementor-section-height-default elementor-section-height-default\" data-id=\"7727197\" data-element_type=\"section\" data-e-type=\"section\">\n\t\t\t\t\t\t<div class=\"elementor-container elementor-column-gap-default\">\n\t\t\t\t\t<div class=\"elementor-column elementor-col-50 elementor-top-column elementor-element elementor-element-124b747\" data-id=\"124b747\" data-element_type=\"column\" data-e-type=\"column\">\n\t\t\t<div class=\"elementor-widget-wrap elementor-element-populated\">\n\t\t\t\t\t\t<div class=\"elementor-element elementor-element-244d962 elementor-widget elementor-widget-text-editor\" data-id=\"244d962\" data-element_type=\"widget\" data-e-type=\"widget\" data-widget_type=\"text-editor.default\">\n\t\t\t\t<div class=\"elementor-widget-container\">\n\t\t\t\t\t\t\t\t\t<h3>Miembros del Comit\u00e9 del Plan de Selecci\u00f3n de Delegados<\/h3><ul><li>Trevor Fitzgerald<\/li><li>empanada francesa<\/li><li>Stephanie Matejka\u00a0<\/li><li>Charlene Ligon<\/li><li>Ben Cass\u00a0<\/li><li>Millie Worthington<\/li><li>Jennifer Norris\u00a0<\/li><li>tumbas de shannon<\/li><li>Kathy Jensen<\/li><\/ul>\t\t\t\t\t\t\t\t<\/div>\n\t\t\t\t<\/div>\n\t\t\t\t\t<\/div>\n\t\t<\/div>\n\t\t\t\t<div class=\"elementor-column elementor-col-50 elementor-top-column elementor-element elementor-element-ce2658d\" data-id=\"ce2658d\" data-element_type=\"column\" data-e-type=\"column\">\n\t\t\t<div class=\"elementor-widget-wrap elementor-element-populated\">\n\t\t\t\t\t\t<div class=\"elementor-element elementor-element-2d696e2 elementor-widget elementor-widget-text-editor\" data-id=\"2d696e2\" data-element_type=\"widget\" data-e-type=\"widget\" data-widget_type=\"text-editor.default\">\n\t\t\t\t<div class=\"elementor-widget-container\">\n\t\t\t\t\t\t\t\t\t<h3>Miembros del Comit\u00e9 de Inclusi\u00f3n<\/h3><ul><li>Cynthia La Mere<\/li><li>Larissa Schultz<\/li><li>Charlene Ligon<\/li><li>Zachary Mora James<\/li><li>Pastor Janet Banks<\/li><li>Michael Marcheck<\/li><li>Adrian Sanchez<\/li><li>Earlen Guti\u00e9rrez<\/li><li>Cori Villegas<\/li><\/ul>\t\t\t\t\t\t\t\t<\/div>\n\t\t\t\t<\/div>\n\t\t\t\t\t<\/div>\n\t\t<\/div>\n\t\t\t\t\t<\/div>\n\t\t<\/section>\n\t\t\t\t<section class=\"elementor-section elementor-top-section elementor-element elementor-element-64c0f74 elementor-section-boxed elementor-section-height-default elementor-section-height-default\" data-id=\"64c0f74\" data-element_type=\"section\" data-e-type=\"section\">\n\t\t\t\t\t\t<div class=\"elementor-container elementor-column-gap-default\">\n\t\t\t\t\t<div class=\"elementor-column elementor-col-100 elementor-top-column elementor-element elementor-element-ed91507\" data-id=\"ed91507\" data-element_type=\"column\" data-e-type=\"column\">\n\t\t\t<div class=\"elementor-widget-wrap elementor-element-populated\">\n\t\t\t\t\t\t<div class=\"elementor-element elementor-element-a06a811 elementor-widget elementor-widget-text-editor\" data-id=\"a06a811\" data-element_type=\"widget\" data-e-type=\"widget\" data-widget_type=\"text-editor.default\">\n\t\t\t\t<div class=\"elementor-widget-container\">\n\t\t\t\t\t\t\t\t\t<h2>Delegados<\/h2><p>Nebraska enviar\u00e1 una delegaci\u00f3n vibrante y diversa de 34 dem\u00f3cratas de Nebraska a Chicago para la Convenci\u00f3n Nacional.<\/p><ul><li>El presidente Kleeb, el vicepresidente Kaminiski, la miembro del comit\u00e9 Ligon, el miembro del comit\u00e9 Flowerday y el miembro del Comit\u00e9 Nacional Dem\u00f3crata Dunixi Guereca son delegados autom\u00e1ticos.<\/li><li>La delegaci\u00f3n restante estar\u00e1 compuesta por 20 delegados a nivel de distrito asignados entre nuestros tres distritos electorales,\u00a0<\/li><li>3 delegados de l\u00edderes del partido y funcionarios electos (PLEO),\u00a0<\/li><li>y 6 delegados generales, todos los cuales ser\u00e1n elegidos en la Convenci\u00f3n Estatal del NDP. Tambi\u00e9n elegiremos 2 suplentes a nivel de distrito.<\/li><\/ul>\t\t\t\t\t\t\t\t<\/div>\n\t\t\t\t<\/div>\n\t\t\t\t<section class=\"elementor-section elementor-inner-section elementor-element elementor-element-4b71812 elementor-section-boxed elementor-section-height-default elementor-section-height-default\" data-id=\"4b71812\" data-element_type=\"section\" data-e-type=\"section\">\n\t\t\t\t\t\t<div class=\"elementor-container elementor-column-gap-default\">\n\t\t\t\t\t<div class=\"elementor-column elementor-col-25 elementor-inner-column elementor-element elementor-element-df98072\" data-id=\"df98072\" data-element_type=\"column\" data-e-type=\"column\">\n\t\t\t<div class=\"elementor-widget-wrap\">\n\t\t\t\t\t\t\t<\/div>\n\t\t<\/div>\n\t\t\t\t<div class=\"elementor-column elementor-col-25 elementor-inner-column elementor-element elementor-element-6e0265b\" data-id=\"6e0265b\" data-element_type=\"column\" data-e-type=\"column\">\n\t\t\t<div class=\"elementor-widget-wrap elementor-element-populated\">\n\t\t\t\t\t\t<div class=\"elementor-element elementor-element-ed3c497 elementor-widget elementor-widget-button\" data-id=\"ed3c497\" data-element_type=\"widget\" data-e-type=\"widget\" data-widget_type=\"button.default\">\n\t\t\t\t<div class=\"elementor-widget-container\">\n\t\t\t\t\t\t\t\t\t<div class=\"elementor-button-wrapper\">\n\t\t\t\t\t<a class=\"elementor-button elementor-button-link elementor-size-md\" href=\"https:\/\/www.mobilize.us\/nebdems\/event\/610327\/\">\n\t\t\t\t\t\t<span class=\"elementor-button-content-wrapper\">\n\t\t\t\t\t\t\t\t\t<span class=\"elementor-button-text\">April 27 - Final Training - Virtual<\/span>\n\t\t\t\t\t<\/span>\n\t\t\t\t\t<\/a>\n\t\t\t\t<\/div>\n\t\t\t\t\t\t\t\t<\/div>\n\t\t\t\t<\/div>\n\t\t\t\t\t<\/div>\n\t\t<\/div>\n\t\t\t\t<div class=\"elementor-column elementor-col-25 elementor-inner-column elementor-element elementor-element-cef6cc3\" data-id=\"cef6cc3\" data-element_type=\"column\" data-e-type=\"column\">\n\t\t\t<div class=\"elementor-widget-wrap elementor-element-populated\">\n\t\t\t\t\t\t<div class=\"elementor-element elementor-element-c5ed3ea elementor-button-info elementor-align-center elementor-widget elementor-widget-button\" data-id=\"c5ed3ea\" data-element_type=\"widget\" data-e-type=\"widget\" data-widget_type=\"button.default\">\n\t\t\t\t<div class=\"elementor-widget-container\">\n\t\t\t\t\t\t\t\t\t<div class=\"elementor-button-wrapper\">\n\t\t\t\t\t<a class=\"elementor-button elementor-button-link elementor-size-md\" href=\"https:\/\/nebraskademocrats.org\/wp-content\/uploads\/2024\/03\/2024-Delegate-1-page-1.pdf\">\n\t\t\t\t\t\t<span class=\"elementor-button-content-wrapper\">\n\t\t\t\t\t\t\t\t\t<span class=\"elementor-button-text\">Delegate Training Handout<\/span>\n\t\t\t\t\t<\/span>\n\t\t\t\t\t<\/a>\n\t\t\t\t<\/div>\n\t\t\t\t\t\t\t\t<\/div>\n\t\t\t\t<\/div>\n\t\t\t\t\t<\/div>\n\t\t<\/div>\n\t\t\t\t<div class=\"elementor-column elementor-col-25 elementor-inner-column elementor-element elementor-element-a9304a6\" data-id=\"a9304a6\" data-element_type=\"column\" data-e-type=\"column\">\n\t\t\t<div class=\"elementor-widget-wrap\">\n\t\t\t\t\t\t\t<\/div>\n\t\t<\/div>\n\t\t\t\t\t<\/div>\n\t\t<\/section>\n\t\t\t\t\t<\/div>\n\t\t<\/div>\n\t\t\t\t\t<\/div>\n\t\t<\/section>\n\t\t\t\t<section class=\"elementor-section elementor-top-section elementor-element elementor-element-39824de elementor-section-boxed elementor-section-height-default elementor-section-height-default\" data-id=\"39824de\" data-element_type=\"section\" data-e-type=\"section\">\n\t\t\t\t\t\t<div class=\"elementor-container elementor-column-gap-default\">\n\t\t\t\t\t<div class=\"elementor-column elementor-col-100 elementor-top-column elementor-element elementor-element-4961313\" data-id=\"4961313\" data-element_type=\"column\" data-e-type=\"column\">\n\t\t\t<div class=\"elementor-widget-wrap elementor-element-populated\">\n\t\t\t\t\t\t<div class=\"elementor-element elementor-element-d40d136 elementor-widget elementor-widget-text-editor\" data-id=\"d40d136\" data-element_type=\"widget\" data-e-type=\"widget\" data-widget_type=\"text-editor.default\">\n\t\t\t\t<div class=\"elementor-widget-container\">\n\t\t\t\t\t\t\t\t\t<h2>Documentos del Plan de Selecci\u00f3n de Delegados<\/h2><div>El Plan de Selecci\u00f3n de Delegados y los documentos de respaldo se presentaron al DNC el 1 de mayo de 2023 y se aprobaron en octubre de 2023.<\/div>\t\t\t\t\t\t\t\t<\/div>\n\t\t\t\t<\/div>\n\t\t\t\t\t<\/div>\n\t\t<\/div>\n\t\t\t\t\t<\/div>\n\t\t<\/section>\n\t\t\t\t<section class=\"elementor-section elementor-top-section elementor-element elementor-element-b6154bc elementor-section-boxed elementor-section-height-default elementor-section-height-default\" data-id=\"b6154bc\" data-element_type=\"section\" data-e-type=\"section\">\n\t\t\t\t\t\t<div class=\"elementor-container elementor-column-gap-default\">\n\t\t\t\t\t<div class=\"elementor-column elementor-col-25 elementor-top-column elementor-element elementor-element-715134b\" data-id=\"715134b\" data-element_type=\"column\" data-e-type=\"column\">\n\t\t\t<div class=\"elementor-widget-wrap\">\n\t\t\t\t\t\t\t<\/div>\n\t\t<\/div>\n\t\t\t\t<div class=\"elementor-column elementor-col-50 elementor-top-column elementor-element elementor-element-a36f886\" data-id=\"a36f886\" data-element_type=\"column\" data-e-type=\"column\">\n\t\t\t<div class=\"elementor-widget-wrap elementor-element-populated\">\n\t\t\t\t\t\t<div class=\"elementor-element elementor-element-40e7728 elementor-align-left elementor-widget elementor-widget-button\" data-id=\"40e7728\" data-element_type=\"widget\" data-e-type=\"widget\" data-widget_type=\"button.default\">\n\t\t\t\t<div class=\"elementor-widget-container\">\n\t\t\t\t\t\t\t\t\t<div class=\"elementor-button-wrapper\">\n\t\t\t\t\t<a class=\"elementor-button elementor-button-link elementor-size-xl\" href=\"https:\/\/nebraskademocrats.org\/wp-content\/uploads\/2024\/01\/2024-Delegate-Selection-Plan-v.7.pdf\" target=\"_blank\">\n\t\t\t\t\t\t<span class=\"elementor-button-content-wrapper\">\n\t\t\t\t\t\t<span class=\"elementor-button-icon\">\n\t\t\t\t<i aria-hidden=\"true\" class=\"fas fa-book-reader\"><\/i>\t\t\t<\/span>\n\t\t\t\t\t\t\t\t\t<span class=\"elementor-button-text\">Plan de selecci\u00f3n de delegado<\/span>\n\t\t\t\t\t<\/span>\n\t\t\t\t\t<\/a>\n\t\t\t\t<\/div>\n\t\t\t\t\t\t\t\t<\/div>\n\t\t\t\t<\/div>\n\t\t\t\t<div class=\"elementor-element elementor-element-0aafb99 elementor-button-info elementor-widget elementor-widget-button\" data-id=\"0aafb99\" data-element_type=\"widget\" data-e-type=\"widget\" data-widget_type=\"button.default\">\n\t\t\t\t<div class=\"elementor-widget-container\">\n\t\t\t\t\t\t\t\t\t<div class=\"elementor-button-wrapper\">\n\t\t\t\t\t<a class=\"elementor-button elementor-button-link elementor-size-sm\" href=\"https:\/\/nebraskademocrats.org\/wp-content\/uploads\/2023\/08\/Temporary-Standing-Committee-Member-Application-.pdf\">\n\t\t\t\t\t\t<span class=\"elementor-button-content-wrapper\">\n\t\t\t\t\t\t\t\t\t<span class=\"elementor-button-text\">Solicitud de Comit\u00e9s Permanentes Temporales<\/span>\n\t\t\t\t\t<\/span>\n\t\t\t\t\t<\/a>\n\t\t\t\t<\/div>\n\t\t\t\t\t\t\t\t<\/div>\n\t\t\t\t<\/div>\n\t\t\t\t<div class=\"elementor-element elementor-element-0da6122 elementor-widget elementor-widget-button\" data-id=\"0da6122\" data-element_type=\"widget\" data-e-type=\"widget\" data-widget_type=\"button.default\">\n\t\t\t\t<div class=\"elementor-widget-container\">\n\t\t\t\t\t\t\t\t\t<div class=\"elementor-button-wrapper\">\n\t\t\t\t\t<a class=\"elementor-button elementor-button-link elementor-size-sm\" href=\"https:\/\/nebraskademocrats.org\/wp-content\/uploads\/2023\/05\/RedactedFinalDraft_Attachment-A_Committee-on-Inclusion-Members_NDP-DSP-2024.docx.pdf\">\n\t\t\t\t\t\t<span class=\"elementor-button-content-wrapper\">\n\t\t\t\t\t\t\t\t\t<span class=\"elementor-button-text\">Anexo A: Comit\u00e9 de Inclusi\u00f3n<\/span>\n\t\t\t\t\t<\/span>\n\t\t\t\t\t<\/a>\n\t\t\t\t<\/div>\n\t\t\t\t\t\t\t\t<\/div>\n\t\t\t\t<\/div>\n\t\t\t\t<div class=\"elementor-element elementor-element-ec8d114 elementor-widget elementor-widget-button\" data-id=\"ec8d114\" data-element_type=\"widget\" data-e-type=\"widget\" data-widget_type=\"button.default\">\n\t\t\t\t<div class=\"elementor-widget-container\">\n\t\t\t\t\t\t\t\t\t<div class=\"elementor-button-wrapper\">\n\t\t\t\t\t<a class=\"elementor-button elementor-button-link elementor-size-sm\" href=\"https:\/\/nebraskademocrats.org\/wp-content\/uploads\/2023\/05\/Redactedforwebsite_Final_Attachment-B_Letter-to-Committee-on-Inclusion_NDP-DSP-2024.docx.pdf\">\n\t\t\t\t\t\t<span class=\"elementor-button-content-wrapper\">\n\t\t\t\t\t\t\t\t\t<span class=\"elementor-button-text\">Anexo B: Carta al Comit\u00e9 de Inclusi\u00f3n<\/span>\n\t\t\t\t\t<\/span>\n\t\t\t\t\t<\/a>\n\t\t\t\t<\/div>\n\t\t\t\t\t\t\t\t<\/div>\n\t\t\t\t<\/div>\n\t\t\t\t<div class=\"elementor-element elementor-element-b53c9f1 elementor-widget elementor-widget-button\" data-id=\"b53c9f1\" data-element_type=\"widget\" data-e-type=\"widget\" data-widget_type=\"button.default\">\n\t\t\t\t<div class=\"elementor-widget-container\">\n\t\t\t\t\t\t\t\t\t<div class=\"elementor-button-wrapper\">\n\t\t\t\t\t<a class=\"elementor-button elementor-button-link elementor-size-sm\" href=\"https:\/\/nebraskademocrats.org\/wp-content\/uploads\/2023\/05\/Final__Attachment-C_News-Release_NDP-DSP-2024.pdf\">\n\t\t\t\t\t\t<span class=\"elementor-button-content-wrapper\">\n\t\t\t\t\t\t\t\t\t<span class=\"elementor-button-text\">Anexo C: Comunicado de prensa<\/span>\n\t\t\t\t\t<\/span>\n\t\t\t\t\t<\/a>\n\t\t\t\t<\/div>\n\t\t\t\t\t\t\t\t<\/div>\n\t\t\t\t<\/div>\n\t\t\t\t<div class=\"elementor-element elementor-element-0f16c8c elementor-widget elementor-widget-button\" data-id=\"0f16c8c\" data-element_type=\"widget\" data-e-type=\"widget\" data-widget_type=\"button.default\">\n\t\t\t\t<div class=\"elementor-widget-container\">\n\t\t\t\t\t\t\t\t\t<div class=\"elementor-button-wrapper\">\n\t\t\t\t\t<a class=\"elementor-button elementor-button-link elementor-size-sm\" href=\"https:\/\/nebraskademocrats.org\/wp-content\/uploads\/2023\/05\/Final_Attachment-D_Certification-Letter_NDP-DSP-2024.pdf\">\n\t\t\t\t\t\t<span class=\"elementor-button-content-wrapper\">\n\t\t\t\t\t\t\t\t\t<span class=\"elementor-button-text\">Anexo D: Carta de Certificaci\u00f3n<\/span>\n\t\t\t\t\t<\/span>\n\t\t\t\t\t<\/a>\n\t\t\t\t<\/div>\n\t\t\t\t\t\t\t\t<\/div>\n\t\t\t\t<\/div>\n\t\t\t\t<div class=\"elementor-element elementor-element-a0cd027 elementor-widget elementor-widget-button\" data-id=\"a0cd027\" data-element_type=\"widget\" data-e-type=\"widget\" data-widget_type=\"button.default\">\n\t\t\t\t<div class=\"elementor-widget-container\">\n\t\t\t\t\t\t\t\t\t<div class=\"elementor-button-wrapper\">\n\t\t\t\t\t<a class=\"elementor-button elementor-button-link elementor-size-sm\" href=\"https:\/\/nebraskademocrats.org\/wp-content\/uploads\/2023\/05\/Final_Attachment-E_Committee-on-Inclusion-Certification-Letter-1.pdf\">\n\t\t\t\t\t\t<span class=\"elementor-button-content-wrapper\">\n\t\t\t\t\t\t\t\t\t<span class=\"elementor-button-text\">Anexo E: Comit\u00e9 de Certificaci\u00f3n de Inclusi\u00f3n<\/span>\n\t\t\t\t\t<\/span>\n\t\t\t\t\t<\/a>\n\t\t\t\t<\/div>\n\t\t\t\t\t\t\t\t<\/div>\n\t\t\t\t<\/div>\n\t\t\t\t<div class=\"elementor-element elementor-element-74fc7a5 elementor-widget elementor-widget-button\" data-id=\"74fc7a5\" data-element_type=\"widget\" data-e-type=\"widget\" data-widget_type=\"button.default\">\n\t\t\t\t<div class=\"elementor-widget-container\">\n\t\t\t\t\t\t\t\t\t<div class=\"elementor-button-wrapper\">\n\t\t\t\t\t<a class=\"elementor-button elementor-button-link elementor-size-sm\" href=\"https:\/\/nebraskademocrats.org\/wp-content\/uploads\/2023\/05\/Final_Attachment-F_Compilation-of-Public-Comments-Received_NDP-DSP-2024.pdf\">\n\t\t\t\t\t\t<span class=\"elementor-button-content-wrapper\">\n\t\t\t\t\t\t\t\t\t<span class=\"elementor-button-text\">Anexo F: Compilaci\u00f3n de comentarios p\u00fablicos<\/span>\n\t\t\t\t\t<\/span>\n\t\t\t\t\t<\/a>\n\t\t\t\t<\/div>\n\t\t\t\t\t\t\t\t<\/div>\n\t\t\t\t<\/div>\n\t\t\t\t<div class=\"elementor-element elementor-element-aa4061d elementor-widget elementor-widget-button\" data-id=\"aa4061d\" data-element_type=\"widget\" data-e-type=\"widget\" data-widget_type=\"button.default\">\n\t\t\t\t<div class=\"elementor-widget-container\">\n\t\t\t\t\t\t\t\t\t<div class=\"elementor-button-wrapper\">\n\t\t\t\t\t<a class=\"elementor-button elementor-button-link elementor-size-sm\" href=\"https:\/\/nebraskademocrats.org\/wp-content\/uploads\/2023\/05\/Final_Attachment-G_Delegate-Application_NDP-DSP-2024.pdf\">\n\t\t\t\t\t\t<span class=\"elementor-button-content-wrapper\">\n\t\t\t\t\t\t\t\t\t<span class=\"elementor-button-text\">Anexo G: Solicitud de Delegado <\/span>\n\t\t\t\t\t<\/span>\n\t\t\t\t\t<\/a>\n\t\t\t\t<\/div>\n\t\t\t\t\t\t\t\t<\/div>\n\t\t\t\t<\/div>\n\t\t\t\t<div class=\"elementor-element elementor-element-74289ee elementor-widget elementor-widget-button\" data-id=\"74289ee\" data-element_type=\"widget\" data-e-type=\"widget\" data-widget_type=\"button.default\">\n\t\t\t\t<div class=\"elementor-widget-container\">\n\t\t\t\t\t\t\t\t\t<div class=\"elementor-button-wrapper\">\n\t\t\t\t\t<a class=\"elementor-button elementor-button-link elementor-size-sm\" href=\"https:\/\/nebraskademocrats.org\/wp-content\/uploads\/2023\/05\/Final_Attachment-H_Relevant-State-Statutes_NDP-DSP-2024.pdf\">\n\t\t\t\t\t\t<span class=\"elementor-button-content-wrapper\">\n\t\t\t\t\t\t\t\t\t<span class=\"elementor-button-text\">Anexo H: Estatutos estatales pertinentes<\/span>\n\t\t\t\t\t<\/span>\n\t\t\t\t\t<\/a>\n\t\t\t\t<\/div>\n\t\t\t\t\t\t\t\t<\/div>\n\t\t\t\t<\/div>\n\t\t\t\t<div class=\"elementor-element elementor-element-f676e94 elementor-widget elementor-widget-button\" data-id=\"f676e94\" data-element_type=\"widget\" data-e-type=\"widget\" data-widget_type=\"button.default\">\n\t\t\t\t<div class=\"elementor-widget-container\">\n\t\t\t\t\t\t\t\t\t<div class=\"elementor-button-wrapper\">\n\t\t\t\t\t<a class=\"elementor-button elementor-button-link elementor-size-sm\" href=\"https:\/\/nebraskademocrats.org\/wp-content\/uploads\/2023\/05\/Final_Attachment-I_POTUS-Candidate-Qualifying-Forms_NDP-DSP-2024.pdf\">\n\t\t\t\t\t\t<span class=\"elementor-button-content-wrapper\">\n\t\t\t\t\t\t\t\t\t<span class=\"elementor-button-text\">Anexo I: Determinaci\u00f3n de la inclusi\u00f3n del candidato presidencial<\/span>\n\t\t\t\t\t<\/span>\n\t\t\t\t\t<\/a>\n\t\t\t\t<\/div>\n\t\t\t\t\t\t\t\t<\/div>\n\t\t\t\t<\/div>\n\t\t\t\t<div class=\"elementor-element elementor-element-3980f7e elementor-widget elementor-widget-button\" data-id=\"3980f7e\" data-element_type=\"widget\" data-e-type=\"widget\" data-widget_type=\"button.default\">\n\t\t\t\t<div class=\"elementor-widget-container\">\n\t\t\t\t\t\t\t\t\t<div class=\"elementor-button-wrapper\">\n\t\t\t\t\t<a class=\"elementor-button elementor-button-link elementor-size-sm\" href=\"https:\/\/nebraskademocrats.org\/wp-content\/uploads\/2023\/05\/Final_Attachment-J_Primary-2024-Pres-Petition_NDP-DSP-2024.pdf\">\n\t\t\t\t\t\t<span class=\"elementor-button-content-wrapper\">\n\t\t\t\t\t\t\t\t\t<span class=\"elementor-button-text\">Anexo J: Petici\u00f3n Presidencial Primaria<\/span>\n\t\t\t\t\t<\/span>\n\t\t\t\t\t<\/a>\n\t\t\t\t<\/div>\n\t\t\t\t\t\t\t\t<\/div>\n\t\t\t\t<\/div>\n\t\t\t\t<div class=\"elementor-element elementor-element-2060e9a elementor-widget elementor-widget-button\" data-id=\"2060e9a\" data-element_type=\"widget\" data-e-type=\"widget\" data-widget_type=\"button.default\">\n\t\t\t\t<div class=\"elementor-widget-container\">\n\t\t\t\t\t\t\t\t\t<div class=\"elementor-button-wrapper\">\n\t\t\t\t\t<a class=\"elementor-button elementor-button-link elementor-size-sm\" href=\"https:\/\/nebraskademocrats.org\/wp-content\/uploads\/2023\/05\/Exhibit-A-District-Level-Delegate-Allocation-2024-2.xlsx.pdf\">\n\t\t\t\t\t\t<span class=\"elementor-button-content-wrapper\">\n\t\t\t\t\t\t\t\t\t<span class=\"elementor-button-text\">Anexo K: Asignaci\u00f3n de delegados<\/span>\n\t\t\t\t\t<\/span>\n\t\t\t\t\t<\/a>\n\t\t\t\t<\/div>\n\t\t\t\t\t\t\t\t<\/div>\n\t\t\t\t<\/div>\n\t\t\t\t<div class=\"elementor-element elementor-element-7b2b652 elementor-widget elementor-widget-button\" data-id=\"7b2b652\" data-element_type=\"widget\" data-e-type=\"widget\" data-widget_type=\"button.default\">\n\t\t\t\t<div class=\"elementor-widget-container\">\n\t\t\t\t\t\t\t\t\t<div class=\"elementor-button-wrapper\">\n\t\t\t\t\t<a class=\"elementor-button elementor-button-link elementor-size-sm\" href=\"https:\/\/nebraskademocrats.org\/wp-content\/uploads\/2023\/05\/Exhibit-B-Representation-Goals-2024.xlsx.pdf\">\n\t\t\t\t\t\t<span class=\"elementor-button-content-wrapper\">\n\t\t\t\t\t\t\t\t\t<span class=\"elementor-button-text\">Anexo L: Objetivos de representaci\u00f3n<\/span>\n\t\t\t\t\t<\/span>\n\t\t\t\t\t<\/a>\n\t\t\t\t<\/div>\n\t\t\t\t\t\t\t\t<\/div>\n\t\t\t\t<\/div>\n\t\t\t\t\t<\/div>\n\t\t<\/div>\n\t\t\t\t<div class=\"elementor-column elementor-col-25 elementor-top-column elementor-element elementor-element-08bd658\" data-id=\"08bd658\" data-element_type=\"column\" data-e-type=\"column\">\n\t\t\t<div class=\"elementor-widget-wrap\">\n\t\t\t\t\t\t\t<\/div>\n\t\t<\/div>\n\t\t\t\t\t<\/div>\n\t\t<\/section>\n\t\t\t\t<section class=\"elementor-section elementor-top-section elementor-element elementor-element-8404bf7 elementor-section-boxed elementor-section-height-default elementor-section-height-default\" data-id=\"8404bf7\" data-element_type=\"section\" data-e-type=\"section\">\n\t\t\t\t\t\t<div class=\"elementor-container elementor-column-gap-default\">\n\t\t\t\t\t<div class=\"elementor-column elementor-col-100 elementor-top-column elementor-element elementor-element-e06ce95\" data-id=\"e06ce95\" data-element_type=\"column\" data-e-type=\"column\">\n\t\t\t<div class=\"elementor-widget-wrap elementor-element-populated\">\n\t\t\t\t\t\t<div class=\"elementor-element elementor-element-4dfb239 elementor-widget elementor-widget-text-editor\" data-id=\"4dfb239\" data-element_type=\"widget\" data-e-type=\"widget\" data-widget_type=\"text-editor.default\">\n\t\t\t\t<div class=\"elementor-widget-container\">\n\t\t\t\t\t\t\t\t\t<h2 style=\"font-style: normal;\">DSP Process Timeline<\/h2><ul><li>La SEC aprob\u00f3 el borrador del plan el 1 de mayo de 2023.<\/li><li>El plan fue enviado al Comit\u00e9 Nacional Dem\u00f3crata para su revisi\u00f3n el 3 de mayo de 2023.<\/li><li>El DNC revis\u00f3 el plan y, con algunas correcciones realizadas por el NDP, el plan fue aprobado en octubre de 2023.<\/li><li>En los pr\u00f3ximos meses incluiremos informaci\u00f3n sobre c\u00f3mo presentar la documentaci\u00f3n como primer paso para intentar ser delegado a las Convenciones Estatales y Nacionales.<\/li><li>El Estado Parte realizar\u00e1 capacitaciones en l\u00ednea y presenciales<\/li><li>Los partidos del condado planificar\u00e1n y celebrar\u00e1n sus convenciones del condado y elegir\u00e1n delegados de la convenci\u00f3n estatal del 18 al 28 de mayo.<\/li><li>El Estado parte realizar\u00e1 la Convenci\u00f3n Estatal donde se eligen los Delegados Nacionales<\/li><\/ul>\t\t\t\t\t\t\t\t<\/div>\n\t\t\t\t<\/div>\n\t\t\t\t<div class=\"elementor-element elementor-element-8039f32 elementor-widget elementor-widget-text-editor\" data-id=\"8039f32\" data-element_type=\"widget\" data-e-type=\"widget\" data-widget_type=\"text-editor.default\">\n\t\t\t\t<div class=\"elementor-widget-container\">\n\t\t\t\t\t\t\t\t\t<h2>Capacitaci\u00f3n<\/h2><p>The Nebraska Democratic Party provided training for those wishing to be delegates.<\/p><p>We hosted both in-person and online training sessions.\u00a0<\/p><p><b>Training Dates:<\/b><\/p>\t\t\t\t\t\t\t\t<\/div>\n\t\t\t\t<\/div>\n\t\t\t\t<section class=\"elementor-section elementor-inner-section elementor-element elementor-element-d8b62bd elementor-section-boxed elementor-section-height-default elementor-section-height-default\" data-id=\"d8b62bd\" data-element_type=\"section\" data-e-type=\"section\">\n\t\t\t\t\t\t<div class=\"elementor-container elementor-column-gap-default\">\n\t\t\t\t\t<div class=\"elementor-column elementor-col-25 elementor-inner-column elementor-element elementor-element-f905880\" data-id=\"f905880\" data-element_type=\"column\" data-e-type=\"column\">\n\t\t\t<div class=\"elementor-widget-wrap elementor-element-populated\">\n\t\t\t\t\t\t<div class=\"elementor-element elementor-element-66bd25e elementor-align-justify elementor-widget elementor-widget-button\" data-id=\"66bd25e\" data-element_type=\"widget\" data-e-type=\"widget\" data-widget_type=\"button.default\">\n\t\t\t\t<div class=\"elementor-widget-container\">\n\t\t\t\t\t\t\t\t\t<div class=\"elementor-button-wrapper\">\n\t\t\t\t\t<a class=\"elementor-button elementor-button-link elementor-size-sm\" href=\"\">\n\t\t\t\t\t\t<span class=\"elementor-button-content-wrapper\">\n\t\t\t\t\t\t\t\t\t<span class=\"elementor-button-text\">Virtual - Dic 2023<\/span>\n\t\t\t\t\t<\/span>\n\t\t\t\t\t<\/a>\n\t\t\t\t<\/div>\n\t\t\t\t\t\t\t\t<\/div>\n\t\t\t\t<\/div>\n\t\t\t\t\t<\/div>\n\t\t<\/div>\n\t\t\t\t<div class=\"elementor-column elementor-col-25 elementor-inner-column elementor-element elementor-element-38827d4\" data-id=\"38827d4\" data-element_type=\"column\" data-e-type=\"column\">\n\t\t\t<div class=\"elementor-widget-wrap elementor-element-populated\">\n\t\t\t\t\t\t<div class=\"elementor-element elementor-element-9ead9df elementor-align-justify elementor-widget elementor-widget-button\" data-id=\"9ead9df\" data-element_type=\"widget\" data-e-type=\"widget\" data-widget_type=\"button.default\">\n\t\t\t\t<div class=\"elementor-widget-container\">\n\t\t\t\t\t\t\t\t\t<div class=\"elementor-button-wrapper\">\n\t\t\t\t\t<a class=\"elementor-button elementor-button-link elementor-size-sm\" href=\"https:\/\/www.mobilize.us\/nebdems\/event\/600375\/\">\n\t\t\t\t\t\t<span class=\"elementor-button-content-wrapper\">\n\t\t\t\t\t\t\t\t\t<span class=\"elementor-button-text\">Lincoln - Jan 2024<\/span>\n\t\t\t\t\t<\/span>\n\t\t\t\t\t<\/a>\n\t\t\t\t<\/div>\n\t\t\t\t\t\t\t\t<\/div>\n\t\t\t\t<\/div>\n\t\t\t\t\t<\/div>\n\t\t<\/div>\n\t\t\t\t<div class=\"elementor-column elementor-col-25 elementor-inner-column elementor-element elementor-element-d0f20bd\" data-id=\"d0f20bd\" data-element_type=\"column\" data-e-type=\"column\">\n\t\t\t<div class=\"elementor-widget-wrap elementor-element-populated\">\n\t\t\t\t\t\t<div class=\"elementor-element elementor-element-ec1eae3 elementor-align-justify elementor-widget elementor-widget-button\" data-id=\"ec1eae3\" data-element_type=\"widget\" data-e-type=\"widget\" data-widget_type=\"button.default\">\n\t\t\t\t<div class=\"elementor-widget-container\">\n\t\t\t\t\t\t\t\t\t<div class=\"elementor-button-wrapper\">\n\t\t\t\t\t<a class=\"elementor-button elementor-button-link elementor-size-sm\" href=\"https:\/\/www.mobilize.us\/nebdems\/event\/588783\/\">\n\t\t\t\t\t\t<span class=\"elementor-button-content-wrapper\">\n\t\t\t\t\t\t\t\t\t<span class=\"elementor-button-text\">Gran Isla - marzo de 2024<\/span>\n\t\t\t\t\t<\/span>\n\t\t\t\t\t<\/a>\n\t\t\t\t<\/div>\n\t\t\t\t\t\t\t\t<\/div>\n\t\t\t\t<\/div>\n\t\t\t\t\t<\/div>\n\t\t<\/div>\n\t\t\t\t<div class=\"elementor-column elementor-col-25 elementor-inner-column elementor-element elementor-element-b535d15\" data-id=\"b535d15\" data-element_type=\"column\" data-e-type=\"column\">\n\t\t\t<div class=\"elementor-widget-wrap elementor-element-populated\">\n\t\t\t\t\t\t<div class=\"elementor-element elementor-element-8e6872c elementor-align-justify elementor-widget elementor-widget-button\" data-id=\"8e6872c\" data-element_type=\"widget\" data-e-type=\"widget\" data-widget_type=\"button.default\">\n\t\t\t\t<div class=\"elementor-widget-container\">\n\t\t\t\t\t\t\t\t\t<div class=\"elementor-button-wrapper\">\n\t\t\t\t\t<a class=\"elementor-button elementor-button-link elementor-size-sm\" href=\"https:\/\/www.mobilize.us\/nebdems\/event\/604329\/\">\n\t\t\t\t\t\t<span class=\"elementor-button-content-wrapper\">\n\t\t\t\t\t\t\t\t\t<span class=\"elementor-button-text\">Omaha - March 2024<\/span>\n\t\t\t\t\t<\/span>\n\t\t\t\t\t<\/a>\n\t\t\t\t<\/div>\n\t\t\t\t\t\t\t\t<\/div>\n\t\t\t\t<\/div>\n\t\t\t\t\t<\/div>\n\t\t<\/div>\n\t\t\t\t\t<\/div>\n\t\t<\/section>\n\t\t\t\t\t<\/div>\n\t\t<\/div>\n\t\t\t\t\t<\/div>\n\t\t<\/section>\n\t\t\t\t<\/div>","protected":false},"excerpt":{"rendered":"<p>Quick links Rules Governing Convention NDP County and State Convention Rules NDP Bylaws Purchase&nbsp;State Convention Meal Tickets Agenda Packet Introduction Every four years, an election for President of the United States is held. As part of that process, each political party engages in a primary election to decide which candidate advances. As a part of &#8230; <a title=\"Plan de Selecci\u00f3n de Delegados 2024\" class=\"read-more\" href=\"https:\/\/nebraskademocrats.org\/es\/2024-delegate-selection-plan\/\" aria-label=\"More on 2024 Delegate Selection Plan\">Lee mas<\/a><\/p>","protected":false},"author":25,"featured_media":42237,"parent":0,"menu_order":0,"comment_status":"closed","ping_status":"closed","template":"","meta":{"_acf_changed":false,"_exactmetrics_skip_tracking":false,"_exactmetrics_sitenote_active":false,"_exactmetrics_sitenote_note":"","_exactmetrics_sitenote_category":0,"footnotes":""},"class_list":["post-45214","page","type-page","status-publish","has-post-thumbnail"],"acf":[],"yoast_head":"<!-- This site is optimized with the Yoast SEO plugin v27.4 - https:\/\/yoast.com\/product\/yoast-seo-wordpress\/ -->\n<title>2024 Delegate Selection Plan &#8211; Nebraska Democratic Party<\/title>\n<meta name=\"robots\" content=\"index, follow, max-snippet:-1, max-image-preview:large, max-video-preview:-1\" \/>\n<link rel=\"canonical\" href=\"https:\/\/nebraskademocrats.org\/es\/2024-delegate-selection-plan\/\" \/>\n<meta property=\"og:locale\" content=\"es_MX\" \/>\n<meta property=\"og:type\" content=\"article\" \/>\n<meta property=\"og:title\" content=\"2024 Delegate Selection Plan &#8211; Nebraska Democratic Party\" \/>\n<meta property=\"og:description\" content=\"Quick links Rules Governing Convention NDP County and State Convention Rules NDP Bylaws Purchase&nbsp;State Convention Meal Tickets Agenda Packet Introduction Every four years, an election for President of the United States is held. As part of that process, each political party engages in a primary election to decide which candidate advances. As a part of ... Read more\" \/>\n<meta property=\"og:url\" content=\"https:\/\/nebraskademocrats.org\/es\/2024-delegate-selection-plan\/\" \/>\n<meta property=\"og:site_name\" content=\"Nebraska Democratic Party\" \/>\n<meta property=\"article:publisher\" content=\"https:\/\/www.facebook.com\/NebraskaDemocraticParty\/\" \/>\n<meta property=\"article:modified_time\" content=\"2024-06-04T20:41:28+00:00\" \/>\n<meta property=\"og:image\" content=\"https:\/\/nebraskademocrats.org\/wp-content\/uploads\/2023\/03\/Nebraska-Democratic-Party-Delegate-Selection-Plan.png\" \/>\n\t<meta property=\"og:image:width\" content=\"1366\" \/>\n\t<meta property=\"og:image:height\" content=\"400\" \/>\n\t<meta property=\"og:image:type\" content=\"image\/png\" \/>\n<meta name=\"twitter:card\" content=\"summary_large_image\" \/>\n<meta name=\"twitter:site\" content=\"@nebraskadems\" \/>\n<meta name=\"twitter:label1\" content=\"Tiempo de lectura\" \/>\n\t<meta name=\"twitter:data1\" content=\"5 minutos\" \/>\n<script type=\"application\/ld+json\" class=\"yoast-schema-graph\">{\"@context\":\"https:\\\/\\\/schema.org\",\"@graph\":[{\"@type\":\"WebPage\",\"@id\":\"https:\\\/\\\/nebraskademocrats.org\\\/2024-delegate-selection-plan\\\/\",\"url\":\"https:\\\/\\\/nebraskademocrats.org\\\/2024-delegate-selection-plan\\\/\",\"name\":\"2024 Delegate Selection Plan &#8211; Nebraska Democratic Party\",\"isPartOf\":{\"@id\":\"https:\\\/\\\/nebraskademocrats.org\\\/#website\"},\"primaryImageOfPage\":{\"@id\":\"https:\\\/\\\/nebraskademocrats.org\\\/2024-delegate-selection-plan\\\/#primaryimage\"},\"image\":{\"@id\":\"https:\\\/\\\/nebraskademocrats.org\\\/2024-delegate-selection-plan\\\/#primaryimage\"},\"thumbnailUrl\":\"https:\\\/\\\/nebraskademocrats.org\\\/wp-content\\\/uploads\\\/2023\\\/03\\\/Nebraska-Democratic-Party-Delegate-Selection-Plan.png\",\"datePublished\":\"2023-12-15T20:31:18+00:00\",\"dateModified\":\"2024-06-04T20:41:28+00:00\",\"breadcrumb\":{\"@id\":\"https:\\\/\\\/nebraskademocrats.org\\\/2024-delegate-selection-plan\\\/#breadcrumb\"},\"inLanguage\":\"es\",\"potentialAction\":[{\"@type\":\"ReadAction\",\"target\":[\"https:\\\/\\\/nebraskademocrats.org\\\/2024-delegate-selection-plan\\\/\"]}]},{\"@type\":\"ImageObject\",\"inLanguage\":\"es\",\"@id\":\"https:\\\/\\\/nebraskademocrats.org\\\/2024-delegate-selection-plan\\\/#primaryimage\",\"url\":\"https:\\\/\\\/nebraskademocrats.org\\\/wp-content\\\/uploads\\\/2023\\\/03\\\/Nebraska-Democratic-Party-Delegate-Selection-Plan.png\",\"contentUrl\":\"https:\\\/\\\/nebraskademocrats.org\\\/wp-content\\\/uploads\\\/2023\\\/03\\\/Nebraska-Democratic-Party-Delegate-Selection-Plan.png\",\"width\":1366,\"height\":400},{\"@type\":\"BreadcrumbList\",\"@id\":\"https:\\\/\\\/nebraskademocrats.org\\\/2024-delegate-selection-plan\\\/#breadcrumb\",\"itemListElement\":[{\"@type\":\"ListItem\",\"position\":1,\"name\":\"Home\",\"item\":\"https:\\\/\\\/nebraskademocrats.org\\\/\"},{\"@type\":\"ListItem\",\"position\":2,\"name\":\"2024 Delegate Selection Plan\"}]},{\"@type\":\"WebSite\",\"@id\":\"https:\\\/\\\/nebraskademocrats.org\\\/#website\",\"url\":\"https:\\\/\\\/nebraskademocrats.org\\\/\",\"name\":\"Nebraska Democratic Party\",\"description\":\"Growing the Good Life for All Nebraskans\",\"publisher\":{\"@id\":\"https:\\\/\\\/nebraskademocrats.org\\\/#organization\"},\"potentialAction\":[{\"@type\":\"SearchAction\",\"target\":{\"@type\":\"EntryPoint\",\"urlTemplate\":\"https:\\\/\\\/nebraskademocrats.org\\\/?s={search_term_string}\"},\"query-input\":{\"@type\":\"PropertyValueSpecification\",\"valueRequired\":true,\"valueName\":\"search_term_string\"}}],\"inLanguage\":\"es\"},{\"@type\":\"Organization\",\"@id\":\"https:\\\/\\\/nebraskademocrats.org\\\/#organization\",\"name\":\"Nebraska Democratic Party\",\"url\":\"https:\\\/\\\/nebraskademocrats.org\\\/\",\"logo\":{\"@type\":\"ImageObject\",\"inLanguage\":\"es\",\"@id\":\"https:\\\/\\\/nebraskademocrats.org\\\/#\\\/schema\\\/logo\\\/image\\\/\",\"url\":\"https:\\\/\\\/nebraskadem.wpenginepowered.com\\\/wp-content\\\/uploads\\\/2016\\\/05\\\/NDP2.jpg\",\"contentUrl\":\"https:\\\/\\\/nebraskadem.wpenginepowered.com\\\/wp-content\\\/uploads\\\/2016\\\/05\\\/NDP2.jpg\",\"width\":1000,\"height\":396,\"caption\":\"Nebraska Democratic Party\"},\"image\":{\"@id\":\"https:\\\/\\\/nebraskademocrats.org\\\/#\\\/schema\\\/logo\\\/image\\\/\"},\"sameAs\":[\"https:\\\/\\\/www.facebook.com\\\/NebraskaDemocraticParty\\\/\",\"https:\\\/\\\/x.com\\\/nebraskadems\"]}]}<\/script>\n<!-- \/ Yoast SEO plugin. -->","yoast_head_json":{"title":"2024 Delegate Selection Plan &#8211; Nebraska Democratic Party","robots":{"index":"index","follow":"follow","max-snippet":"max-snippet:-1","max-image-preview":"max-image-preview:large","max-video-preview":"max-video-preview:-1"},"canonical":"https:\/\/nebraskademocrats.org\/es\/2024-delegate-selection-plan\/","og_locale":"es_MX","og_type":"article","og_title":"2024 Delegate Selection Plan &#8211; Nebraska Democratic Party","og_description":"Quick links Rules Governing Convention NDP County and State Convention Rules NDP Bylaws Purchase&nbsp;State Convention Meal Tickets Agenda Packet Introduction Every four years, an election for President of the United States is held. As part of that process, each political party engages in a primary election to decide which candidate advances. As a part of ... Read more","og_url":"https:\/\/nebraskademocrats.org\/es\/2024-delegate-selection-plan\/","og_site_name":"Nebraska Democratic Party","article_publisher":"https:\/\/www.facebook.com\/NebraskaDemocraticParty\/","article_modified_time":"2024-06-04T20:41:28+00:00","og_image":[{"width":1366,"height":400,"url":"https:\/\/nebraskademocrats.org\/wp-content\/uploads\/2023\/03\/Nebraska-Democratic-Party-Delegate-Selection-Plan.png","type":"image\/png"}],"twitter_card":"summary_large_image","twitter_site":"@nebraskadems","twitter_misc":{"Tiempo de lectura":"5 minutos"},"schema":{"@context":"https:\/\/schema.org","@graph":[{"@type":"WebPage","@id":"https:\/\/nebraskademocrats.org\/2024-delegate-selection-plan\/","url":"https:\/\/nebraskademocrats.org\/2024-delegate-selection-plan\/","name":"2024 Delegate Selection Plan &#8211; Nebraska Democratic Party","isPartOf":{"@id":"https:\/\/nebraskademocrats.org\/#website"},"primaryImageOfPage":{"@id":"https:\/\/nebraskademocrats.org\/2024-delegate-selection-plan\/#primaryimage"},"image":{"@id":"https:\/\/nebraskademocrats.org\/2024-delegate-selection-plan\/#primaryimage"},"thumbnailUrl":"https:\/\/nebraskademocrats.org\/wp-content\/uploads\/2023\/03\/Nebraska-Democratic-Party-Delegate-Selection-Plan.png","datePublished":"2023-12-15T20:31:18+00:00","dateModified":"2024-06-04T20:41:28+00:00","breadcrumb":{"@id":"https:\/\/nebraskademocrats.org\/2024-delegate-selection-plan\/#breadcrumb"},"inLanguage":"es","potentialAction":[{"@type":"ReadAction","target":["https:\/\/nebraskademocrats.org\/2024-delegate-selection-plan\/"]}]},{"@type":"ImageObject","inLanguage":"es","@id":"https:\/\/nebraskademocrats.org\/2024-delegate-selection-plan\/#primaryimage","url":"https:\/\/nebraskademocrats.org\/wp-content\/uploads\/2023\/03\/Nebraska-Democratic-Party-Delegate-Selection-Plan.png","contentUrl":"https:\/\/nebraskademocrats.org\/wp-content\/uploads\/2023\/03\/Nebraska-Democratic-Party-Delegate-Selection-Plan.png","width":1366,"height":400},{"@type":"BreadcrumbList","@id":"https:\/\/nebraskademocrats.org\/2024-delegate-selection-plan\/#breadcrumb","itemListElement":[{"@type":"ListItem","position":1,"name":"Home","item":"https:\/\/nebraskademocrats.org\/"},{"@type":"ListItem","position":2,"name":"2024 Delegate Selection Plan"}]},{"@type":"WebSite","@id":"https:\/\/nebraskademocrats.org\/#website","url":"https:\/\/nebraskademocrats.org\/","name":"Partido Dem\u00f3crata de Nebraska","description":"Cultivando la buena vida para todos los nebraskenses","publisher":{"@id":"https:\/\/nebraskademocrats.org\/#organization"},"potentialAction":[{"@type":"SearchAction","target":{"@type":"EntryPoint","urlTemplate":"https:\/\/nebraskademocrats.org\/?s={search_term_string}"},"query-input":{"@type":"PropertyValueSpecification","valueRequired":true,"valueName":"search_term_string"}}],"inLanguage":"es"},{"@type":"Organization","@id":"https:\/\/nebraskademocrats.org\/#organization","name":"Partido Dem\u00f3crata de Nebraska","url":"https:\/\/nebraskademocrats.org\/","logo":{"@type":"ImageObject","inLanguage":"es","@id":"https:\/\/nebraskademocrats.org\/#\/schema\/logo\/image\/","url":"https:\/\/nebraskadem.wpenginepowered.com\/wp-content\/uploads\/2016\/05\/NDP2.jpg","contentUrl":"https:\/\/nebraskadem.wpenginepowered.com\/wp-content\/uploads\/2016\/05\/NDP2.jpg","width":1000,"height":396,"caption":"Nebraska Democratic Party"},"image":{"@id":"https:\/\/nebraskademocrats.org\/#\/schema\/logo\/image\/"},"sameAs":["https:\/\/www.facebook.com\/NebraskaDemocraticParty\/","https:\/\/x.com\/nebraskadems"]}]}},"_links":{"self":[{"href":"https:\/\/nebraskademocrats.org\/es\/wp-json\/wp\/v2\/pages\/45214","targetHints":{"allow":["GET"]}}],"collection":[{"href":"https:\/\/nebraskademocrats.org\/es\/wp-json\/wp\/v2\/pages"}],"about":[{"href":"https:\/\/nebraskademocrats.org\/es\/wp-json\/wp\/v2\/types\/page"}],"author":[{"embeddable":true,"href":"https:\/\/nebraskademocrats.org\/es\/wp-json\/wp\/v2\/users\/25"}],"replies":[{"embeddable":true,"href":"https:\/\/nebraskademocrats.org\/es\/wp-json\/wp\/v2\/comments?post=45214"}],"version-history":[{"count":0,"href":"https:\/\/nebraskademocrats.org\/es\/wp-json\/wp\/v2\/pages\/45214\/revisions"}],"wp:featuredmedia":[{"embeddable":true,"href":"https:\/\/nebraskademocrats.org\/es\/wp-json\/wp\/v2\/media\/42237"}],"wp:attachment":[{"href":"https:\/\/nebraskademocrats.org\/es\/wp-json\/wp\/v2\/media?parent=45214"}],"curies":[{"name":"wp","href":"https:\/\/api.w.org\/{rel}","templated":true}]}}