{"id":34245,"date":"2021-08-31T11:22:35","date_gmt":"2021-08-31T16:22:35","guid":{"rendered":"https:\/\/nebraskadem.wpenginepowered.com\/?page_id=34245"},"modified":"2021-10-08T15:39:29","modified_gmt":"2021-10-08T20:39:29","slug":"2021-redistricting","status":"publish","type":"page","link":"https:\/\/nebraskademocrats.org\/su\/2021-redistricting\/","title":{"rendered":"2021 Ngabagi deui"},"content":{"rendered":"<h2><img fetchpriority=\"high\" decoding=\"async\" class=\"wp-image-34397 aligncenter\" src=\"https:\/\/nebraskadem.wpenginepowered.com\/wp-content\/uploads\/2021\/09\/capitol-wide-1024x541.png\" alt=\"\" width=\"395\" height=\"209\" srcset=\"https:\/\/nebraskademocrats.org\/wp-content\/uploads\/2021\/09\/capitol-wide-1024x541.png 1024w, https:\/\/nebraskademocrats.org\/wp-content\/uploads\/2021\/09\/capitol-wide-300x158.png 300w, https:\/\/nebraskademocrats.org\/wp-content\/uploads\/2021\/09\/capitol-wide-768x406.png 768w, https:\/\/nebraskademocrats.org\/wp-content\/uploads\/2021\/09\/capitol-wide-18x10.png 18w, https:\/\/nebraskademocrats.org\/wp-content\/uploads\/2021\/09\/capitol-wide.png 1428w\" sizes=\"(max-width: 395px) 100vw, 395px\" \/><\/h2>\n<h2><strong>Sesi l\u00e9gislatif khusus ngeunaan redistricting dimimitian 13 S\u00e9pt\u00e9mber sareng r\u00e9ngs\u00e9 30 S\u00e9pt\u00e9mber.<\/strong><\/h2>\n<h2 style=\"text-align: center;\"><a href=\"http:\/\/news.legislature.ne.gov\/red\/\"><strong>Tingali sadaya peta akhir di dieu.<\/strong><\/a><\/h2>\n<h2 class=\"elementor-heading-title elementor-size-default\" style=\"text-align: center;\"><a href=\"https:\/\/nebraskadem.wpenginepowered.com\/press-releases\/press-release-sen-wayne-chair-kleeb-praise-redistricting-process-call-for-grassroots-organizing\/\">Penc\u00e9t pers: Kalayan redistricting parantos dilakukeun, S\u00e9n Wayne, Kursi Kleeb nyauran pikeun pangaturan akar rumput.<\/a><\/h2>\n<p>&nbsp;<\/p>\n<h2 style=\"text-align: center;\"><strong>Sateuacanna<\/strong><\/h2>\n<h2 style=\"text-align: center;\"><a href=\"http:\/\/news.legislature.ne.gov\/red\/proposed-base-plans\/\"><strong>Tingali sadaya peta kongr\u00e9s sareng legislatif anu diusulkeun di dieu.<\/strong><\/a><\/h2>\n<h2 style=\"text-align: center;\"><a href=\"https:\/\/u1584542.ct.sendgrid.net\/ss\/c\/P8Elou2Rvc0qoMPEUZrMXcOpy_XqN4R2ZGjoK-5zZnldGjlwRqKzDeiQe8WB9h0q4JANJFndU-NXlHGiwq_ifAdK6II9unHhKmwVYe1MJe3-k5plH1AGM8Gdn82d0DrSPlTq70RH_CV8sHqsF7LBooKGpGRFmH2WTM0IN_pCkuVtlE3J0q_oc0uwPLM4rPyqf55j8Lp9OFvG78qqyaSY68m-xaLhw07iawrcfRxJfNHhgJkqR5OmlRS15N9gpDAKor8mK9FW6vMgXS3cyEtF02mksoe56CbuKsxOwjT0tPcq7ANHpkeEGeDye4MGdKz_TD_Z4lJYM-uOUhtGism8oEAsdetxKsL19c2jxpmGFHnNRYyVjMySpcQPdRbQ_Sgl\/3fn\/mlYXL-RGTNGrDI9r0x_5Mw\/h3\/VZ9GWQBP4K6cQuAFRiy-Qw8Wu5Gw1McTJxzeVnrOQXs\">Nelepon ka aksi: Asup petisi kami pikeun merangan gerrymandering GOP.<\/a><\/h2>\n<p><em><strong>-Catetan dina peta:<\/strong> <\/em>Halaman peta l\u00e9gislatif numbu ka sadaya usulan anu dilebetkeun kana r\u00e9kor, janten tiasa janten kabingungan anu mana peta anu ayeuna aya dina tabel.<strong> <a href=\"http:\/\/news.legislature.ne.gov\/red\/files\/2021\/09\/CONG21-39002.pdf\">Tingali peta Kongr\u00e9s anu ngalirkeun sora mimiti dina 9\/24.<\/a><\/strong><\/p>\n<p>&#8211;<strong><em>Peta Distrik l\u00e9gislatif:<\/em><\/strong>\u00a0 Anjeun tiasa lebetkeun kana alamat bumi anjeun pikeun ningali LD anyar anu anjeun ayeuna (asumsi peta ieu k\u00e9nging minggu pamilihan umum 9\/27). <strong><a href=\"https:\/\/www.google.com\/maps\/d\/viewer?mid=1JK7UI7H3KGRg1_yAwFzrS47UMZk4zpgu&amp;hl=en_US\">Tingali peta google.<\/a><\/strong><\/p>\n<p><span style=\"font-size: 14pt;\"><b style=\"font-size: 14pt;\">Pembaruan Anyar, 9\/29:<\/b><\/span><\/p>\n<p>Omaha World-Herald:\u00a0<a href=\"https:\/\/omaha.com\/news\/state-and-regional\/govt-and-politics\/redistricting-plan-would-keep-blue-dot-split-la-vista-and-most-of-papillion-from-omaha\/article_75ab4b46-207b-11ec-b1d5-a7e01bee82b5.html\">Rencana redistricting bakal ngajaga &#039;titik biru,&#039; meulah La Vista sareng seuseueurna Papillion ti Omaha<\/a><\/p>\n<p>Lincoln Journal Star:\u00a0<a href=\"https:\/\/journalstar.com\/news\/local\/govt-and-politics\/elections\/redistricting-sharply-reshuffles-lincoln-legislative-districts\/article_8e43f00c-44f9-5989-92da-38a3c91cb711.html#tracking-source=home-top-story-1\">Ngadistribusikaeun sacara jelas ngarobih kabupaten l\u00e9gislatif Lincoln<\/a><\/p>\n<p><span style=\"font-size: 14pt;\"><b style=\"font-size: 14pt;\">Ngartos teh <\/b><span style=\"font-size: 18.6667px;\"><b>redistricting<\/b><\/span><b style=\"font-size: 14pt;\"> pros\u00e9s:<\/b><\/span><\/p>\n<p><span style=\"font-weight: 400;\">Redistricting kajadian unggal 10 taun saatos s\u00e9nsus sareng dimaksudkeun pikeun nyebatkeun populasi tilu distrik kongr\u00e9s Nebraska, 49 distrik l\u00e9gislatif, <\/span><span style=\"font-weight: 400;\">genep distrik Pengadilan Tinggi, dalapan kabupat\u00e9n D\u00e9wan Nebraska D\u00e9wan Bupati, kabupat\u00e9n Dewan Pendidikan Negeri sareng lima distrik Komisi Pelayanan Publik.<\/span><\/p>\n<ol>\n<li><span style=\"font-weight: 400;\">Anjeun tiasa <a href=\"https:\/\/www.nebraskalegislature.gov\/\">tingali jadwal l\u00e9gislatif di dieu<\/a>.<\/span><\/li>\n<li>Anjeun tiasa nonton lantai sareng pros\u00e9s ngupingkeun dina <a href=\"https:\/\/nebraskapublicmedia.org\/en\/schedules\/#live-programming\">Nebraska M\u00e9dia Publik<\/a>.<\/li>\n<li>Maca ngeunaan <a href=\"http:\/\/news.legislature.ne.gov\/red\/\">Pros\u00e9s Panitia redistricting sareng jadwal.<\/a><\/li>\n<li>Maca ngeunaan <a href=\"http:\/\/news.legislature.ne.gov\/lrd\/redistricting\/\">sajarah inpormasi redistricting sareng s\u00e9nsus.<\/a><\/li>\n<li>Tingali sadayana <a href=\"http:\/\/news.legislature.ne.gov\/red\/proposed-base-plans\/\">peta anu diusulkeun di dieu.<\/a><\/li>\n<\/ol>\n<p><span style=\"font-size: 14pt;\"><b style=\"font-size: 14pt;\">Laksanakeun<\/b><b style=\"font-size: 14pt;\">:<\/b><\/span><\/p>\n<ol>\n<li>Anggo alat kami pikeun <a href=\"https:\/\/actionnetwork.org\/letters\/redistricting-call-to-action\/\"><strong>kirimkeun serat ka s\u00e9nator nagara anjeun.<\/strong><\/a><\/li>\n<li><strong><a href=\"https:\/\/nebraskadem.wpenginepowered.com\/wp-content\/uploads\/2021\/09\/Creating-Fair-Maps.pdf\">Unduh brosur<\/a><\/strong> ti NDP kalayan poin anu nyarios, conto kasaksian sareng tautan pikeun ngabantosan anjeun nyiapkeun kasaksian d\u00e9d\u00e9ng\u00e9an umum anjeun.<\/li>\n<li><strong><a href=\"https:\/\/nebraskadem.wpenginepowered.com\/wp-content\/uploads\/2021\/09\/Nebraska-CD2-Redistricting-Talking-Points-1.pdf\">Unduh brosur<\/a> <\/strong>ngeunaan Distrik Kongr\u00e9s ka-2 tina NDRC&#039;s All on the Line. Inpo h\u00e9bat!<\/li>\n<li><strong><a href=\"https:\/\/fb.watch\/7XzPHNeqf0\/\">Lalajo<\/a><\/strong> latihan NDP sareng NDRC ngeunaan redistricting sareng Sen\u00e9n Darah sareng Kursi Kleeb.<\/li>\n<li>Terus kontak S\u00e9nator anjeun sareng anggota Panitia Redistricting anu nyatakeun masalah anjeun sareng kahoyong pikeun peta anu adil. Teu telat masihan eupan balik anjeun. Kasaksian resmi pikeun r\u00e9kor resmi alatan 9\/16 tapi kom\u00e9ntar anjeun masih mangaruhan aparat kapilih anjeun. Anjeun tiasa <a href=\"https:\/\/actionnetwork.org\/letters\/redistricting-call-to-action\/\">kirimkeun s\u00e9nator anjeun email nganggo alat kami<\/a>. Anjeun tiasa og\u00e9 <a href=\"https:\/\/www.nebraskalegislature.gov\/pdf\/senators\/roster.pdf\">nelepon S\u00e9nator<\/a>.<\/li>\n<\/ol>\n<p><strong><span class=\"\" style=\"font-family: georgia, palatino, serif; font-size: 14pt;\"><span class=\"\">Tips pikeun nyerat serat anjeun sareng nyiapkeun kasaksian anjeun:<\/span><\/span><\/strong><\/p>\n<p><a href=\"https:\/\/actionnetwork.org\/letters\/redistricting-call-to-action\/\"><span style=\"font-family: georgia, palatino, serif;\">Anggo alat kami pikeun ngirim serat.<\/span><\/a><\/p>\n<p><span style=\"font-family: georgia, palatino, serif;\">Upami anjeun ngan ukur ngagaduhan waktos nyerat hiji kalimat ka S\u00e9nator Propinsi anjeun, kami nyarankeun sapertos kieu, &quot;Kuring ngadukung peta Sen. Wayne - peta na adil sareng nyandak sadayana kana m\u00e9ja. Peta Sen. Linehan sigana mangrupikeun kakuatan anu ngirangan kabupat\u00e9n sareng lingkungan. &quot;<\/span><\/p>\n<p><span style=\"font-family: georgia, palatino, serif;\"><span class=\"\">Dina surat anjeun, t<\/span><span class=\"\">alk ngeunaan komunitas Anjeun. Sora anjeun paling kuat di da\u00e9rah dimana anjeun cicing.\u00a0<\/span><\/span><\/p>\n<p><span class=\"\" style=\"font-family: georgia, palatino, serif;\">Pastikeun surat anjeun kalebet s\u00e9t peta anu anjeun pikaresep \u2014 Part\u00e9y D\u00e9mokratik ngadukung peta Sen. Wayne. S\u00e9t peta anu san\u00e9s anu didukung ku Partai Republik nya\u00e9ta ti S\u00e9n Linehan sareng motong Douglas County janten satengah diantara seueur gerakan perebutan kakuatan anu san\u00e9s.<\/span><\/p>\n<p><span class=\"\" style=\"font-family: georgia, palatino, serif;\">Anjeun henteu kedah janten ahli data pikeun ngalebetkeun serat, pangalaman anjeun dina pamilihan umum nya\u00e9ta anu kedah didangukeun S\u00e9nator anjeun.<\/span><\/p>\n<p><span class=\"\" style=\"font-family: georgia, palatino, serif;\">Ningali peta anu diusulkeun \u2014 \u00e9mut y\u00e9n kami ngadukung <a href=\"http:\/\/news.legislature.ne.gov\/red\/proposed-base-plans\/\">Peta Wayne<\/a>.\u00a0<\/span><\/p>\n<p><span class=\"\" style=\"font-family: georgia, palatino, serif;\">Kabupat\u00e9n kedah dijaga saageung-ageungna nalika ngagambar peta anu sa\u00e9, khususna di padesaan.<\/span><\/p>\n<p><span class=\"\" style=\"font-family: georgia, palatino, serif;\">Lingkungan teu kedah pernah beulah \u2014 hal ieu nyababkeun kabingungan pikeun pamilih.<\/span><\/p>\n<p><span class=\"\" style=\"font-family: georgia, palatino, serif;\">Grup kabupat\u00e9n anu ngawangun kabupaten l\u00e9gislatif kedah ngagaduhan minat anu sami.<\/span><\/p>\n<p><span class=\"\" style=\"font-family: georgia, palatino, serif;\">Komunitas warna teu kedah diincer atanapi henteu kedah dikemas kana kabupaten l\u00e9gislatif anu kons\u00e9ntrasi.<\/span><\/p>\n<p><span class=\"\" style=\"font-family: georgia, palatino, serif;\"><span class=\"\">Kabupat\u00e9n Kongr\u00e9s kedah ngajaga da\u00e9rah perkotaan sareng pinggiran kota babarengan, bari ngajaga da\u00e9rah padesaan di kabupat\u00e9n d\u00e9sa. Pikeun langkung seueur poin ngeunaan <a href=\"https:\/\/nebraskadem.wpenginepowered.com\/wp-content\/uploads\/2021\/09\/Nebraska-CD2-Redistricting-Talking-Points-1.pdf\">ngaw\u00e9tkeun Blue Dot<\/a>,\u00a0<\/span><\/span><\/p>\n<p><b><span style=\"font-size: 14pt;\">Anggota Panitia Redistricting:<\/span><br \/>\n<\/b>Pros\u00e9s di Nebraska namina 5 urang Republik sareng 4 anggota D\u00e9mokratik legislatif nagara pikeun ngembangkeun peta anu teras didebat, diralat sareng dipilih ku legislatif lengkep.<\/p>\n<p>Anjeun tiasa ngirim email ka Anggota Panitia (<a href=\"mailto:redpl@leg.ne.gov\" target=\"_blank\" rel=\"noopener noreferrer\">redpl@leg.ne.gov<\/a>) kom\u00e9ntar anjeun og\u00e9 ngirim email ka s\u00e9nator nagara anjeun sorangan (<a href=\"https:\/\/nebraskalegislature.gov\/senators\/senator_list.php\">milarian daptar s\u00e9nator di dieu<\/a>):<\/p>\n<p><a href=\"http:\/\/news.legislature.ne.gov\/dist39\/\"><span style=\"font-weight: 400;\">Sen Lou Lou Linehan<\/span><\/a><span style=\"font-weight: 400;\">, <\/span><span style=\"font-weight: 400;\">Korsi (Urang Sunda)<br \/>\n<a href=\"http:\/\/news.legislature.ne.gov\/dist13\/\">S\u00e9n Justin Wayne<\/a>, Wakil Korsi (D)<br \/>\n<\/span><a href=\"http:\/\/news.legislature.ne.gov\/dist03\/\"><span style=\"font-weight: 400;\">Sen Carol Getih<\/span><\/a><span style=\"font-weight: 400;\">, <\/span><span style=\"font-weight: 400;\">(D)<\/span><span style=\"font-weight: 400;\"><br \/>\n<\/span><a href=\"http:\/\/news.legislature.ne.gov\/dist41\/\"><span style=\"font-weight: 400;\">Sen. Tom Briese<\/span><\/a><span style=\"font-weight: 400;\">, <\/span><span style=\"font-weight: 400;\">(Urang Sunda)<\/span><span style=\"font-weight: 400;\"><br \/>\n<\/span><a href=\"http:\/\/news.legislature.ne.gov\/dist43\/\"><span style=\"font-weight: 400;\">Sen. Tom Brewer<\/span><\/a><span style=\"font-weight: 400;\">, <\/span><span style=\"font-weight: 400;\">(Urang Sunda)<\/span><span style=\"font-weight: 400;\"><br \/>\n<\/span><a href=\"http:\/\/news.legislature.ne.gov\/dist25\/\"><span style=\"font-weight: 400;\">Sen Suzanne Geist<\/span><\/a>, (<span style=\"font-weight: 400;\">Urang Sunda)<\/span><b><br \/>\n<\/b><a href=\"http:\/\/news.legislature.ne.gov\/dist12\/\"><span style=\"font-weight: 400;\">Sen. Steve Lathrop<\/span><\/a><span style=\"font-weight: 400;\">, <\/span><span style=\"font-weight: 400;\">(D)<\/span><span style=\"font-weight: 400;\"><br \/>\n<\/span><a href=\"http:\/\/news.legislature.ne.gov\/dist37\/\"><span style=\"font-weight: 400;\">Sen. John Lowe<\/span><\/a><span style=\"font-weight: 400;\">,\u00a0 <\/span><span style=\"font-weight: 400;\">(Urang Sunda)<\/span><span style=\"font-weight: 400;\"><br \/>\n<\/span><a href=\"http:\/\/news.legislature.ne.gov\/dist46\/\"><span style=\"font-weight: 400;\">S\u00e9n Adam Morfeld<\/span><\/a><span style=\"font-weight: 400;\">, (D)<\/span><\/p>\n<p><span style=\"font-family: georgia, palatino, serif;\"><span style=\"font-size: 14pt;\"><b>Sidang umum:<br \/>\n<\/b><\/span><\/span><\/p>\n<p><span style=\"font-family: georgia, palatino, serif;\">Panitia Redistricting ngayakeun tilu sidang umum, sapertos anu diperyogikeun, dina CD1, CD2 sareng CD3 tanggal S\u00e9pt\u00e9mber 14-16.<\/span><\/p>\n<p><span style=\"font-family: georgia, palatino, serif;\">Upami anjeun henteu tiasa ngahadiran sidang, anjeun kedah ngalebetkeun kom\u00e9ntar ka anggota Panitia Redistricting (ngan ukur dianggo <a href=\"mailto:redpl@leg.ne.gov\" target=\"_blank\" rel=\"noopener noreferrer\">redpl@leg.ne.gov<\/a> pikeun ngirim email ka sadayana sakaligus) sareng nganggo alat kami pikeun <a href=\"https:\/\/actionnetwork.org\/letters\/redistricting-call-to-action\/\">kirimkeun serat ka s\u00e9nator nagara anjeun.<\/a><\/span><\/p>\n<ol>\n<li><span style=\"font-family: georgia, palatino, serif;\"><strong><a href=\"https:\/\/nebraskadem.wpenginepowered.com\/wp-content\/uploads\/2021\/09\/Nebraska-CD2-Redistricting-Talking-Points-1.pdf\">Tip sareng poin ngobrol ngeunaan Distrik Kongr\u00e9s ka-2 ti NDRC Sadayana.<\/a><\/strong><\/span><\/li>\n<li><span style=\"font-family: georgia, palatino, serif;\"><strong><a href=\"https:\/\/nebraskadem.wpenginepowered.com\/wp-content\/uploads\/2021\/09\/Creating-Fair-Maps.pdf\">Sampel kasaksian, tip sareng titik ngobrol ngeunaan peta adil ti Nebraska Democratic Party.\u00a0<\/a><\/strong><\/span><\/li>\n<li><span style=\"font-family: georgia, palatino, serif;\"><a href=\"http:\/\/news.legislature.ne.gov\/red\/2021\/09\/10\/how-to-share-your-views-with-senators\/\"><strong>Tip pikeun ngirimkeun kasaksian tinulis ka D\u00e9wan l\u00e9gislatif.\u00a0<\/strong><\/a><\/span><\/li>\n<\/ol>\n<p><span style=\"font-size: 14pt; font-family: georgia, palatino, serif;\"><b>Jadwal Panitia Redistricting:<\/b><\/span><\/p>\n<p><span style=\"font-weight: 400; font-family: georgia, palatino, serif;\"><strong>30-31 Agustus<\/strong> \u2013- Analisis Pelatihan Peta nomer Subcommees Ngadopsi Pedoman Administratif &amp; Prosedur Operasi Persiapan Arah Peta Dasar\u00a0<\/span><\/p>\n<p><span style=\"font-weight: 400;\"><strong>7-11 Septu<\/strong> \u2013- Panitia Rapat sakumaha diperyogikeun\u00a0<\/span><\/p>\n<p><span style=\"font-weight: 400;\"><strong>7 S\u00e9pt\u00e9mber<\/strong> - Latihan pikeun Panitia<\/span><\/p>\n<p><span style=\"font-weight: 400;\"><strong>13 S\u00e9pt\u00e9mber<\/strong> -\u2013 Sesi Mimitian &amp; Rencana Awal diwanohkeun\u00a0<\/span><\/p>\n<p><span style=\"font-weight: 400;\"><strong>14-16 Septu<\/strong> \u2013- Rapat Umum pikeun k\u00e9ngingkeun tanggapan ngeunaan peta anu diusulkeun<\/span><\/p>\n<p><span style=\"font-family: georgia, palatino, serif;\">14 S\u00e9pt\u00e9mber jam 1:30 siang CT di Grand Island<\/span><br \/>\n<span style=\"font-family: georgia, palatino, serif;\">Pusat Komunitas Pusat, Kamar 555, Pusat Pendidikan \u00c9lmu Kas\u00e9hatan, <a href=\"https:\/\/www.google.com\/maps\/place\/3134+US-34,+Grand+Island,+NE+68801\/@40.8898386,-98.3733817,17z\/data=!3m1!4b1!4m5!3m4!1s0x87998423b0b03df7:0x32b55e35a204f702!8m2!3d40.8898386!4d-98.371193\">3134 W. Hwy 34<\/a><\/span><\/p>\n<p><span style=\"font-family: georgia, palatino, serif;\">15 S\u00e9pt\u00e9mber jam 9:00 \u00e9njing CT di Lincoln<\/span><br \/>\n<span style=\"font-family: georgia, palatino, serif;\">Nebraska State Capitol, Room 1524, <a href=\"https:\/\/www.google.com\/maps\/place\/1445+K+St,+Lincoln,+NE+68508\/@40.8084912,-96.7021358,17z\/data=!3m1!4b1!4m5!3m4!1s0x8796bef93f0c6a2f:0x8b6a000f67b43b3c!8m2!3d40.8084912!4d-96.6999471\">1445 K St.<\/a><\/span><\/p>\n<p><span style=\"font-family: georgia, palatino, serif;\">16 S\u00e9pt\u00e9mber jam 10 \u00e9njing CT di Omaha<\/span><br \/>\n<span style=\"font-family: georgia, palatino, serif;\">Pusat Konper\u00e9nsi Scott, <a href=\"https:\/\/www.google.com\/maps\/place\/Scott+Conference+Center,+6450+Pine+St,+Omaha,+NE+68106\/@41.2443028,-96.0141125,17z\/data=!3m1!4b1!4m5!3m4!1s0x87938c4cd3be9e2b:0x8afbb3025a69c3a1!8m2!3d41.2443028!4d-96.0119238\">6450 Pinus St.<\/a><\/span><\/p>\n<p><span style=\"font-weight: 400;\"><strong>16 S\u00e9pt\u00e9mber<\/strong> -\u2013 Amandemen panitia disiapkeun sareng maju ti panitia<\/span><\/p>\n<p><strong>17 S\u00e9pt\u00e9mber (samentawis)<\/strong> - Debat babak kahiji di lantai l\u00e9gislatif<\/p>\n<p>Kami henteu ngagaduhan tanggal akhir anu parantos diset\u00e9l pikeun s\u00e9si khusus, tapi anu paling ngarepkeun bakal pertengahan Oktober.<\/p>\n<p><span style=\"font-size: 14pt;\"><b>Inpormasi lengkep sareng Pelatihan:<\/b><\/span><\/p>\n<p><strong><a href=\"https:\/\/nebraskadem.wpenginepowered.com\/wp-content\/uploads\/2021\/09\/Creating-Fair-Maps.pdf\">Unduh brosur<\/a><\/strong> ti NDP kalayan poin anu nyarios, conto kasaksian sareng tautan pikeun ngabantosan anjeun nyiapkeun kasaksian d\u00e9d\u00e9ng\u00e9an umum anjeun atanapi ngabantosan anjeun nganggo email anjeun anu tiasa anjeun kirimkeun ka s\u00e9nator nagara anjeun sareng anggota Panitia Redistricting.<\/p>\n<p><strong><a href=\"https:\/\/nebraskadem.wpenginepowered.com\/wp-content\/uploads\/2021\/09\/Nebraska-CD2-Redistricting-Talking-Points-1.pdf\">Unduh brosur<\/a> <\/strong>ngeunaan Distrik Kongr\u00e9s ka-2 tina NDRC&#039;s All on the Line. Inpo h\u00e9bat!<\/p>\n<p><strong><a href=\"https:\/\/fb.watch\/7XzPHNeqf0\/\">Lalajo<\/a><\/strong> latihan NDP sareng NDRC ngeunaan redistricting sareng Sen\u00e9n Darah sareng Kursi Kleeb.<\/p>\n<p><img decoding=\"async\" class=\"wp-image-34292 aligncenter\" src=\"https:\/\/nebraskadem.wpenginepowered.com\/wp-content\/uploads\/2021\/08\/welcome.png\" alt=\"\" width=\"348\" height=\"182\" srcset=\"https:\/\/nebraskademocrats.org\/wp-content\/uploads\/2021\/08\/welcome.png 944w, https:\/\/nebraskademocrats.org\/wp-content\/uploads\/2021\/08\/welcome-300x157.png 300w, https:\/\/nebraskademocrats.org\/wp-content\/uploads\/2021\/08\/welcome-768x402.png 768w, https:\/\/nebraskademocrats.org\/wp-content\/uploads\/2021\/08\/welcome-18x9.png 18w\" sizes=\"(max-width: 348px) 100vw, 348px\" \/><\/p>\n<p style=\"text-align: center;\"><span style=\"font-weight: 400;\">***<\/span><\/p>\n<p><span style=\"font-weight: 400;\">Tuturkeun kamajuan dina <\/span><a href=\"https:\/\/www.facebook.com\/neblsg\/posts\/4821651314512828\"><b>Halaman Facebook grup studi l\u00e9gislatif Nebraska.<\/b><\/a> Og\u00e9 <strong><a href=\"https:\/\/www.facebook.com\/neblsg\/posts\/4821651314512828\">nonton pid\u00e9o na<\/a> <\/strong>tina maran\u00e9hna <span style=\"font-weight: 400;\">1 S\u00e9pt\u00e9mber sawala Facebook ngeunaan redistricting di Nebraska. Panelis kaasup S\u00e9nator Getih, McCollister sareng Wayne og\u00e9 Sam Petto sareng ACLU sareng Rachel Gibson sareng Liga Pamilih Aw\u00e9w\u00e9 Nebraska.<\/span><\/p>\n<p><img decoding=\"async\" class=\"wp-image-34288 aligncenter\" src=\"https:\/\/nebraskadem.wpenginepowered.com\/wp-content\/uploads\/2021\/08\/red-1024x536.jpg\" alt=\"\" width=\"471\" height=\"246\" srcset=\"https:\/\/nebraskademocrats.org\/wp-content\/uploads\/2021\/08\/red-1024x536.jpg 1024w, https:\/\/nebraskademocrats.org\/wp-content\/uploads\/2021\/08\/red-300x157.jpg 300w, https:\/\/nebraskademocrats.org\/wp-content\/uploads\/2021\/08\/red-768x402.jpg 768w, https:\/\/nebraskademocrats.org\/wp-content\/uploads\/2021\/08\/red-18x9.jpg 18w, https:\/\/nebraskademocrats.org\/wp-content\/uploads\/2021\/08\/red.jpg 1146w\" sizes=\"(max-width: 471px) 100vw, 471px\" \/><\/p>\n<p style=\"text-align: center;\"><span style=\"font-weight: 400;\">***<\/span><\/p>\n<p><span style=\"font-weight: 400;\">The <\/span><a href=\"https:\/\/lincolnleague.org\/lunch-and-learn-schedule\/\"><b>Liga Pamilih Aw\u00e9w\u00e9 ti Lincoln-Lancaster County <\/b><\/a>diayakeun ar<span style=\"font-weight: 400;\">latihan edistricting sareng S\u00e9nator Propinsi Briese sareng Lathrop. LWV mangrupikeun sumber anu sa\u00e9 pikeun inpormasi.<\/span><\/p>\n<p><img loading=\"lazy\" decoding=\"async\" class=\"wp-image-34290 aligncenter\" src=\"https:\/\/nebraskadem.wpenginepowered.com\/wp-content\/uploads\/2021\/08\/cropped-LWVLincolnLancaster_rgb-1024x170.png\" alt=\"\" width=\"471\" height=\"78\" srcset=\"https:\/\/nebraskademocrats.org\/wp-content\/uploads\/2021\/08\/cropped-LWVLincolnLancaster_rgb-1024x170.png 1024w, https:\/\/nebraskademocrats.org\/wp-content\/uploads\/2021\/08\/cropped-LWVLincolnLancaster_rgb-300x50.png 300w, https:\/\/nebraskademocrats.org\/wp-content\/uploads\/2021\/08\/cropped-LWVLincolnLancaster_rgb-768x128.png 768w, https:\/\/nebraskademocrats.org\/wp-content\/uploads\/2021\/08\/cropped-LWVLincolnLancaster_rgb-1536x255.png 1536w, https:\/\/nebraskademocrats.org\/wp-content\/uploads\/2021\/08\/cropped-LWVLincolnLancaster_rgb-2048x340.png 2048w, https:\/\/nebraskademocrats.org\/wp-content\/uploads\/2021\/08\/cropped-LWVLincolnLancaster_rgb-18x3.png 18w\" sizes=\"(max-width: 471px) 100vw, 471px\" \/><\/p>\n<p style=\"text-align: center;\">***<\/p>\n<p><a href=\"https:\/\/youtu.be\/zLT5yu5NRDE\"><b>Lalajo<\/b><\/a><span style=\"font-weight: 400;\"> pid\u00e9o Nebraska League of Women Voters ngeunaan dasar redistricting.<\/span><\/p>\n<p><a href=\"https:\/\/youtu.be\/zLT5yu5NRDE\"><img loading=\"lazy\" decoding=\"async\" class=\"wp-image-34247 aligncenter\" src=\"https:\/\/nebraskadem.wpenginepowered.com\/wp-content\/uploads\/2021\/08\/league.png\" alt=\"\" width=\"284\" height=\"163\" srcset=\"https:\/\/nebraskademocrats.org\/wp-content\/uploads\/2021\/08\/league.png 872w, https:\/\/nebraskademocrats.org\/wp-content\/uploads\/2021\/08\/league-300x172.png 300w, https:\/\/nebraskademocrats.org\/wp-content\/uploads\/2021\/08\/league-768x440.png 768w, https:\/\/nebraskademocrats.org\/wp-content\/uploads\/2021\/08\/league-18x10.png 18w\" sizes=\"(max-width: 284px) 100vw, 284px\" \/><\/a><\/p>\n<p style=\"text-align: center;\">***<\/p>\n<p>Diajar langkung seueur di <strong><a href=\"https:\/\/democraticredistricting.com\/\">Situs Komite Redistricting Nasional D\u00e9mokratik.<\/a><\/strong><\/p>\n<p><a href=\"https:\/\/democraticredistricting.com\/\"><img loading=\"lazy\" decoding=\"async\" class=\"wp-image-34250 aligncenter\" src=\"https:\/\/nebraskadem.wpenginepowered.com\/wp-content\/uploads\/2021\/08\/ndrc.png\" alt=\"\" width=\"359\" height=\"77\" srcset=\"https:\/\/nebraskademocrats.org\/wp-content\/uploads\/2021\/08\/ndrc.png 485w, https:\/\/nebraskademocrats.org\/wp-content\/uploads\/2021\/08\/ndrc-300x64.png 300w, https:\/\/nebraskademocrats.org\/wp-content\/uploads\/2021\/08\/ndrc-18x4.png 18w\" sizes=\"(max-width: 359px) 100vw, 359px\" \/><\/a><\/p>\n<p style=\"text-align: center;\">***<\/p>\n<p><a href=\"https:\/\/www.brennancenter.org\/our-work\/research-reports\/6-tips-making-effective-comments-redistricting-hearing\"><b>6 Tip Brennan Center pikeun Ngadamel Komentar \u00c9p\u00e9ktip dina Pendengaran Redistricting<\/b><\/a><\/p>\n<p><a href=\"https:\/\/www.brennancenter.org\/our-work\/research-reports\/6-tips-making-effective-comments-redistricting-hearing\"><img loading=\"lazy\" decoding=\"async\" class=\"wp-image-34260 aligncenter\" src=\"https:\/\/nebraskadem.wpenginepowered.com\/wp-content\/uploads\/2021\/08\/Brennan-Center-site-1024x717.png\" alt=\"\" width=\"237\" height=\"166\" srcset=\"https:\/\/nebraskademocrats.org\/wp-content\/uploads\/2021\/08\/Brennan-Center-site-1024x717.png 1024w, https:\/\/nebraskademocrats.org\/wp-content\/uploads\/2021\/08\/Brennan-Center-site-300x210.png 300w, https:\/\/nebraskademocrats.org\/wp-content\/uploads\/2021\/08\/Brennan-Center-site-768x538.png 768w, https:\/\/nebraskademocrats.org\/wp-content\/uploads\/2021\/08\/Brennan-Center-site-1536x1075.png 1536w, https:\/\/nebraskademocrats.org\/wp-content\/uploads\/2021\/08\/Brennan-Center-site-18x12.png 18w, https:\/\/nebraskademocrats.org\/wp-content\/uploads\/2021\/08\/Brennan-Center-site.png 1714w\" sizes=\"(max-width: 237px) 100vw, 237px\" \/><\/a><\/p>","protected":false},"excerpt":{"rendered":"<p>A special legislative session on redistricting began Sept. 13 and ended Sept. 30. See all the final maps here. Press release: With redistricting done,\u00a0 Sen. Wayne, Chair Kleeb call for grassroots organizing. &nbsp; PREVIOUSLY See all the proposed congressional and legislative maps here. CALL TO ACTION: Sign our petition to fight GOP gerrymandering. -Note on &#8230; <a title=\"2021 Ngabagi deui\" class=\"read-more\" href=\"https:\/\/nebraskademocrats.org\/su\/2021-redistricting\/\" aria-label=\"More on 2021 Redistricting\">Maca deui<\/a><\/p>","protected":false},"author":19,"featured_media":0,"parent":0,"menu_order":0,"comment_status":"closed","ping_status":"closed","template":"","meta":{"_acf_changed":false,"_exactmetrics_skip_tracking":false,"_exactmetrics_sitenote_active":false,"_exactmetrics_sitenote_note":"","_exactmetrics_sitenote_category":0,"footnotes":""},"class_list":["post-34245","page","type-page","status-publish"],"acf":[],"yoast_head":"<!-- This site is optimized with the Yoast SEO plugin v27.5 - https:\/\/yoast.com\/product\/yoast-seo-wordpress\/ -->\n<title>2021 Redistricting &#8211; Nebraska Democratic Party<\/title>\n<meta name=\"robots\" content=\"index, follow, max-snippet:-1, max-image-preview:large, max-video-preview:-1\" \/>\n<link rel=\"canonical\" href=\"https:\/\/nebraskademocrats.org\/su\/2021-redistricting\/\" \/>\n<meta property=\"og:locale\" content=\"en_US\" \/>\n<meta property=\"og:type\" content=\"article\" \/>\n<meta property=\"og:title\" content=\"2021 Redistricting &#8211; Nebraska Democratic Party\" \/>\n<meta property=\"og:description\" content=\"A special legislative session on redistricting began Sept. 13 and ended Sept. 30. See all the final maps here. Press release: With redistricting done,\u00a0 Sen. Wayne, Chair Kleeb call for grassroots organizing. &nbsp; PREVIOUSLY See all the proposed congressional and legislative maps here. CALL TO ACTION: Sign our petition to fight GOP gerrymandering. -Note on ... Read more\" \/>\n<meta property=\"og:url\" content=\"https:\/\/nebraskademocrats.org\/su\/2021-redistricting\/\" \/>\n<meta property=\"og:site_name\" content=\"Nebraska Democratic Party\" \/>\n<meta property=\"article:publisher\" content=\"https:\/\/www.facebook.com\/NebraskaDemocraticParty\/\" \/>\n<meta property=\"article:modified_time\" content=\"2021-10-08T20:39:29+00:00\" \/>\n<meta property=\"og:image\" content=\"https:\/\/nebraskadem.wpenginepowered.com\/wp-content\/uploads\/2021\/09\/capitol-wide-1024x541.png\" \/>\n<meta name=\"twitter:card\" content=\"summary_large_image\" \/>\n<meta name=\"twitter:site\" content=\"@nebraskadems\" \/>\n<meta name=\"twitter:label1\" content=\"Est. reading time\" \/>\n\t<meta name=\"twitter:data1\" content=\"7 minutes\" \/>\n<script type=\"application\/ld+json\" class=\"yoast-schema-graph\">{\"@context\":\"https:\\\/\\\/schema.org\",\"@graph\":[{\"@type\":\"WebPage\",\"@id\":\"https:\\\/\\\/nebraskademocrats.org\\\/2021-redistricting\\\/\",\"url\":\"https:\\\/\\\/nebraskademocrats.org\\\/2021-redistricting\\\/\",\"name\":\"2021 Redistricting &#8211; Nebraska Democratic Party\",\"isPartOf\":{\"@id\":\"https:\\\/\\\/nebraskademocrats.org\\\/#website\"},\"primaryImageOfPage\":{\"@id\":\"https:\\\/\\\/nebraskademocrats.org\\\/2021-redistricting\\\/#primaryimage\"},\"image\":{\"@id\":\"https:\\\/\\\/nebraskademocrats.org\\\/2021-redistricting\\\/#primaryimage\"},\"thumbnailUrl\":\"https:\\\/\\\/nebraskadem.wpenginepowered.com\\\/wp-content\\\/uploads\\\/2021\\\/09\\\/capitol-wide-1024x541.png\",\"datePublished\":\"2021-08-31T16:22:35+00:00\",\"dateModified\":\"2021-10-08T20:39:29+00:00\",\"breadcrumb\":{\"@id\":\"https:\\\/\\\/nebraskademocrats.org\\\/2021-redistricting\\\/#breadcrumb\"},\"inLanguage\":\"su\",\"potentialAction\":[{\"@type\":\"ReadAction\",\"target\":[\"https:\\\/\\\/nebraskademocrats.org\\\/2021-redistricting\\\/\"]}]},{\"@type\":\"ImageObject\",\"inLanguage\":\"su\",\"@id\":\"https:\\\/\\\/nebraskademocrats.org\\\/2021-redistricting\\\/#primaryimage\",\"url\":\"https:\\\/\\\/nebraskadem.wpenginepowered.com\\\/wp-content\\\/uploads\\\/2021\\\/09\\\/capitol-wide-1024x541.png\",\"contentUrl\":\"https:\\\/\\\/nebraskadem.wpenginepowered.com\\\/wp-content\\\/uploads\\\/2021\\\/09\\\/capitol-wide-1024x541.png\"},{\"@type\":\"BreadcrumbList\",\"@id\":\"https:\\\/\\\/nebraskademocrats.org\\\/2021-redistricting\\\/#breadcrumb\",\"itemListElement\":[{\"@type\":\"ListItem\",\"position\":1,\"name\":\"Home\",\"item\":\"https:\\\/\\\/nebraskademocrats.org\\\/\"},{\"@type\":\"ListItem\",\"position\":2,\"name\":\"2021 Redistricting\"}]},{\"@type\":\"WebSite\",\"@id\":\"https:\\\/\\\/nebraskademocrats.org\\\/#website\",\"url\":\"https:\\\/\\\/nebraskademocrats.org\\\/\",\"name\":\"Nebraska Democratic Party\",\"description\":\"Growing the Good Life for All Nebraskans\",\"publisher\":{\"@id\":\"https:\\\/\\\/nebraskademocrats.org\\\/#organization\"},\"potentialAction\":[{\"@type\":\"SearchAction\",\"target\":{\"@type\":\"EntryPoint\",\"urlTemplate\":\"https:\\\/\\\/nebraskademocrats.org\\\/?s={search_term_string}\"},\"query-input\":{\"@type\":\"PropertyValueSpecification\",\"valueRequired\":true,\"valueName\":\"search_term_string\"}}],\"inLanguage\":\"su\"},{\"@type\":\"Organization\",\"@id\":\"https:\\\/\\\/nebraskademocrats.org\\\/#organization\",\"name\":\"Nebraska Democratic Party\",\"url\":\"https:\\\/\\\/nebraskademocrats.org\\\/\",\"logo\":{\"@type\":\"ImageObject\",\"inLanguage\":\"su\",\"@id\":\"https:\\\/\\\/nebraskademocrats.org\\\/#\\\/schema\\\/logo\\\/image\\\/\",\"url\":\"https:\\\/\\\/nebraskadem.wpenginepowered.com\\\/wp-content\\\/uploads\\\/2016\\\/05\\\/NDP2.jpg\",\"contentUrl\":\"https:\\\/\\\/nebraskadem.wpenginepowered.com\\\/wp-content\\\/uploads\\\/2016\\\/05\\\/NDP2.jpg\",\"width\":1000,\"height\":396,\"caption\":\"Nebraska Democratic Party\"},\"image\":{\"@id\":\"https:\\\/\\\/nebraskademocrats.org\\\/#\\\/schema\\\/logo\\\/image\\\/\"},\"sameAs\":[\"https:\\\/\\\/www.facebook.com\\\/NebraskaDemocraticParty\\\/\",\"https:\\\/\\\/x.com\\\/nebraskadems\"]}]}<\/script>\n<!-- \/ Yoast SEO plugin. -->","yoast_head_json":{"title":"2021 Redistricting &#8211; Nebraska Democratic Party","robots":{"index":"index","follow":"follow","max-snippet":"max-snippet:-1","max-image-preview":"max-image-preview:large","max-video-preview":"max-video-preview:-1"},"canonical":"https:\/\/nebraskademocrats.org\/su\/2021-redistricting\/","og_locale":"en_US","og_type":"article","og_title":"2021 Redistricting &#8211; Nebraska Democratic Party","og_description":"A special legislative session on redistricting began Sept. 13 and ended Sept. 30. See all the final maps here. Press release: With redistricting done,\u00a0 Sen. Wayne, Chair Kleeb call for grassroots organizing. &nbsp; PREVIOUSLY See all the proposed congressional and legislative maps here. CALL TO ACTION: Sign our petition to fight GOP gerrymandering. -Note on ... Read more","og_url":"https:\/\/nebraskademocrats.org\/su\/2021-redistricting\/","og_site_name":"Nebraska Democratic Party","article_publisher":"https:\/\/www.facebook.com\/NebraskaDemocraticParty\/","article_modified_time":"2021-10-08T20:39:29+00:00","og_image":[{"url":"https:\/\/nebraskadem.wpenginepowered.com\/wp-content\/uploads\/2021\/09\/capitol-wide-1024x541.png","type":"","width":"","height":""}],"twitter_card":"summary_large_image","twitter_site":"@nebraskadems","twitter_misc":{"Est. reading time":"7 minutes"},"schema":{"@context":"https:\/\/schema.org","@graph":[{"@type":"WebPage","@id":"https:\/\/nebraskademocrats.org\/2021-redistricting\/","url":"https:\/\/nebraskademocrats.org\/2021-redistricting\/","name":"2021 Redistricting &#8211; Nebraska Democratic Party","isPartOf":{"@id":"https:\/\/nebraskademocrats.org\/#website"},"primaryImageOfPage":{"@id":"https:\/\/nebraskademocrats.org\/2021-redistricting\/#primaryimage"},"image":{"@id":"https:\/\/nebraskademocrats.org\/2021-redistricting\/#primaryimage"},"thumbnailUrl":"https:\/\/nebraskadem.wpenginepowered.com\/wp-content\/uploads\/2021\/09\/capitol-wide-1024x541.png","datePublished":"2021-08-31T16:22:35+00:00","dateModified":"2021-10-08T20:39:29+00:00","breadcrumb":{"@id":"https:\/\/nebraskademocrats.org\/2021-redistricting\/#breadcrumb"},"inLanguage":"su","potentialAction":[{"@type":"ReadAction","target":["https:\/\/nebraskademocrats.org\/2021-redistricting\/"]}]},{"@type":"ImageObject","inLanguage":"su","@id":"https:\/\/nebraskademocrats.org\/2021-redistricting\/#primaryimage","url":"https:\/\/nebraskadem.wpenginepowered.com\/wp-content\/uploads\/2021\/09\/capitol-wide-1024x541.png","contentUrl":"https:\/\/nebraskadem.wpenginepowered.com\/wp-content\/uploads\/2021\/09\/capitol-wide-1024x541.png"},{"@type":"BreadcrumbList","@id":"https:\/\/nebraskademocrats.org\/2021-redistricting\/#breadcrumb","itemListElement":[{"@type":"ListItem","position":1,"name":"Home","item":"https:\/\/nebraskademocrats.org\/"},{"@type":"ListItem","position":2,"name":"2021 Redistricting"}]},{"@type":"WebSite","@id":"https:\/\/nebraskademocrats.org\/#website","url":"https:\/\/nebraskademocrats.org\/","name":"Nebraska Democratic Party","description":"Tumuwuh Kahirupan Anu Sa\u00e9 pikeun Sadayana Nebraskan","publisher":{"@id":"https:\/\/nebraskademocrats.org\/#organization"},"potentialAction":[{"@type":"SearchAction","target":{"@type":"EntryPoint","urlTemplate":"https:\/\/nebraskademocrats.org\/?s={search_term_string}"},"query-input":{"@type":"PropertyValueSpecification","valueRequired":true,"valueName":"search_term_string"}}],"inLanguage":"su"},{"@type":"Organization","@id":"https:\/\/nebraskademocrats.org\/#organization","name":"Nebraska Democratic Party","url":"https:\/\/nebraskademocrats.org\/","logo":{"@type":"ImageObject","inLanguage":"su","@id":"https:\/\/nebraskademocrats.org\/#\/schema\/logo\/image\/","url":"https:\/\/nebraskadem.wpenginepowered.com\/wp-content\/uploads\/2016\/05\/NDP2.jpg","contentUrl":"https:\/\/nebraskadem.wpenginepowered.com\/wp-content\/uploads\/2016\/05\/NDP2.jpg","width":1000,"height":396,"caption":"Nebraska Democratic Party"},"image":{"@id":"https:\/\/nebraskademocrats.org\/#\/schema\/logo\/image\/"},"sameAs":["https:\/\/www.facebook.com\/NebraskaDemocraticParty\/","https:\/\/x.com\/nebraskadems"]}]}},"_links":{"self":[{"href":"https:\/\/nebraskademocrats.org\/su\/wp-json\/wp\/v2\/pages\/34245","targetHints":{"allow":["GET"]}}],"collection":[{"href":"https:\/\/nebraskademocrats.org\/su\/wp-json\/wp\/v2\/pages"}],"about":[{"href":"https:\/\/nebraskademocrats.org\/su\/wp-json\/wp\/v2\/types\/page"}],"author":[{"embeddable":true,"href":"https:\/\/nebraskademocrats.org\/su\/wp-json\/wp\/v2\/users\/19"}],"replies":[{"embeddable":true,"href":"https:\/\/nebraskademocrats.org\/su\/wp-json\/wp\/v2\/comments?post=34245"}],"version-history":[{"count":0,"href":"https:\/\/nebraskademocrats.org\/su\/wp-json\/wp\/v2\/pages\/34245\/revisions"}],"wp:attachment":[{"href":"https:\/\/nebraskademocrats.org\/su\/wp-json\/wp\/v2\/media?parent=34245"}],"curies":[{"name":"wp","href":"https:\/\/api.w.org\/{rel}","templated":true}]}}