{"id":1573,"date":"2016-12-15T09:16:55","date_gmt":"2016-12-15T15:16:55","guid":{"rendered":"http:\/\/nebraskadem.wpenginepowered.com\/?page_id=1573"},"modified":"2024-01-02T13:27:54","modified_gmt":"2024-01-02T19:27:54","slug":"janekleeb","status":"publish","type":"page","link":"https:\/\/nebraskademocrats.org\/vi\/janekleeb\/","title":{"rendered":"Jane Kleeb"},"content":{"rendered":"<div data-elementor-type=\"wp-post\" data-elementor-id=\"1573\" class=\"elementor elementor-1573\" data-elementor-post-type=\"page\">\n\t\t\t\t\t\t<section class=\"elementor-section elementor-top-section elementor-element elementor-element-7459721e elementor-section-boxed elementor-section-height-default elementor-section-height-default\" data-id=\"7459721e\" data-element_type=\"section\" data-e-type=\"section\">\n\t\t\t\t\t\t<div class=\"elementor-container elementor-column-gap-default\">\n\t\t\t\t\t<div class=\"elementor-column elementor-col-100 elementor-top-column elementor-element elementor-element-5e9411c6\" data-id=\"5e9411c6\" data-element_type=\"column\" data-e-type=\"column\">\n\t\t\t<div class=\"elementor-widget-wrap elementor-element-populated\">\n\t\t\t\t\t\t<div class=\"elementor-element elementor-element-6c4ccc98 elementor-widget elementor-widget-text-editor\" data-id=\"6c4ccc98\" data-element_type=\"widget\" data-e-type=\"widget\" data-widget_type=\"text-editor.default\">\n\t\t\t\t<div class=\"elementor-widget-container\">\n\t\t\t\t\t\t\t\t\t<p>\u00a0<\/p><h1><img fetchpriority=\"high\" decoding=\"async\" class=\"wp-image-45339 alignleft\" src=\"https:\/\/nebraskademocrats.org\/wp-content\/uploads\/2024\/01\/JaneBlazer-200x300.jpg\" alt=\"\" width=\"200\" height=\"300\" srcset=\"https:\/\/nebraskademocrats.org\/wp-content\/uploads\/2024\/01\/JaneBlazer-200x300.jpg 200w, https:\/\/nebraskademocrats.org\/wp-content\/uploads\/2024\/01\/JaneBlazer-683x1024.jpg 683w, https:\/\/nebraskademocrats.org\/wp-content\/uploads\/2024\/01\/JaneBlazer-768x1152.jpg 768w, https:\/\/nebraskademocrats.org\/wp-content\/uploads\/2024\/01\/JaneBlazer-1024x1536.jpg 1024w, https:\/\/nebraskademocrats.org\/wp-content\/uploads\/2024\/01\/JaneBlazer-8x12.jpg 8w, https:\/\/nebraskademocrats.org\/wp-content\/uploads\/2024\/01\/JaneBlazer.jpg 1365w\" sizes=\"(max-width: 200px) 100vw, 200px\" \/>G\u1eb7p g\u1ee1 Ch\u1ee7 t\u1ecbch Nebraska Jane Kleeb<\/h1><p dir=\"ltr\" style=\"line-height: 1.38; margin-top: 18pt; margin-bottom: 0pt; padding-top: 0pt; padding-right: 15pt; padding-bottom: 0pt;\"><span style=\"font-size: 12pt; font-family: Arial,sans-serif; color: #000000; background-color: transparent; font-weight: 400; font-style: normal; font-variant: normal; text-decoration: none; vertical-align: baseline; white-space: pre-wrap;\">Jane Fleming Kleeb l\u00e0 m\u1ed9t nh\u00e0 t\u1ed5 ch\u1ee9c c\u1ea5p c\u01a1 s\u1edf, t\u00e1c gi\u1ea3, nh\u00e0 qu\u1ea3n l\u00fd, chi\u1ebfn l\u01b0\u1ee3c gia ch\u00ednh tr\u1ecb v\u00e0 doanh nh\u00e2n phi l\u1ee3i nhu\u1eadn gi\u00e0u kinh nghi\u1ec7m. <\/span><\/p><p dir=\"ltr\" style=\"line-height: 1.38; margin-top: 18pt; margin-bottom: 0pt; padding-top: 0pt; padding-right: 15pt; padding-bottom: 0pt;\"><span style=\"font-size: 12pt; font-family: Arial,sans-serif; color: #000000; background-color: transparent; font-weight: 400; font-style: normal; font-variant: normal; text-decoration: none; vertical-align: baseline; white-space: pre-wrap;\">K\u1ec3 t\u1eeb th\u00e1ng 12 n\u0103m 2016, Jane \u0111\u00e3 ph\u1ee5c v\u1ee5 v\u1edbi t\u01b0 c\u00e1ch t\u00ecnh nguy\u1ec7n vi\u00ean v\u1edbi t\u01b0 c\u00e1ch l\u00e0 Ch\u1ee7 t\u1ecbch c\u1ee7a Nebraska Democratic Party. B\u00e0 \u0111\u00e3 \u0111\u01b0\u1ee3c b\u1ea7u l\u1ea1i ba l\u1ea7n n\u1eefa v\u1edbi nhi\u1ec7m k\u1ef3 hi\u1ec7n t\u1ea1i c\u1ee7a b\u00e0 k\u00e9o d\u00e0i \u0111\u1ebfn th\u00e1ng 11 n\u0103m 2026.<\/span><\/p><p dir=\"ltr\" style=\"line-height: 1.38; margin-top: 18pt; margin-bottom: 0pt; padding-top: 0pt; padding-right: 15pt; padding-bottom: 0pt;\"><span style=\"background-color: transparent; color: #000000; font-family: Arial, sans-serif; font-size: 12pt; white-space-collapse: preserve;\">D\u01b0\u1edbi s\u1ef1 l\u00e3nh \u0111\u1ea1o c\u1ee7a Ch\u1ee7 t\u1ecbch Kleeb, c\u00e1c \u0111\u1ea3ng vi\u00ean \u0110\u1ea3ng D\u00e2n ch\u1ee7 \u0111\u01b0\u1ee3c b\u1ea7u l\u00ean v\u00e0 b\u1ecf phi\u1ebfu \u0111\u00e3 t\u0103ng t\u1eeb 500 v\u00e0o n\u0103m 2016 l\u00ean h\u01a1n 900 v\u00e0o n\u0103m 2023. C\u00e1c ch\u01b0\u01a1ng tr\u00ecnh \u0111\u1ed5i m\u1edbi nh\u01b0 \u0110\u1ed9i tr\u01b0\u1edfng Kh\u1ed1i, H\u01b0\u1edbng d\u1eabn C\u1eed tri 93 Qu\u1eadn v\u00e0 Qu\u1ef9 \u1ee8ng vi\u00ean Da m\u00e0u \u0111\u00e3 \u0111\u01b0\u1ee3c th\u00e0nh l\u1eadp d\u01b0\u1edbi nhi\u1ec7m k\u1ef3 c\u1ee7a b\u00e0. B\u00e0 l\u00e0 Ch\u1ee7 t\u1ecbch t\u1ea1i v\u1ecb l\u00e2u nh\u1ea5t c\u1ee7a \u0111\u1ea3ng bang ch\u00fang ta.<\/span><\/p><p dir=\"ltr\" style=\"line-height: 1.38; margin-top: 0pt; margin-bottom: 0pt;\"><span style=\"font-size: 12pt; font-family: Arial,sans-serif; color: #000000; background-color: transparent; font-weight: 400; font-style: normal; font-variant: normal; text-decoration: none; vertical-align: baseline; white-space: pre-wrap;\">\u00a0<\/span><\/p><p dir=\"ltr\" style=\"line-height: 1.38; margin-top: 0pt; margin-bottom: 0pt;\"><span style=\"font-size: 12pt; font-family: Arial,sans-serif; color: #000000; background-color: transparent; font-weight: 400; font-style: normal; font-variant: normal; text-decoration: none; vertical-align: baseline; white-space: pre-wrap;\">Jane ph\u1ee5c v\u1ee5 trong \u1ee6y ban \u0110i\u1ec1u h\u00e0nh c\u1ee7a \u1ee6y ban Qu\u1ed1c gia \u0110\u1ea3ng D\u00e2n ch\u1ee7 v\u00e0 Hi\u1ec7p h\u1ed9i c\u00e1c \u1ee6y ban D\u00e2n ch\u1ee7 Ti\u1ec3u bang.\u00a0<\/span><\/p><p dir=\"ltr\" style=\"line-height: 1.38; margin-top: 0pt; margin-bottom: 0pt;\"><span style=\"font-size: 12pt; font-family: Arial,sans-serif; color: #000000; background-color: transparent; font-weight: 400; font-style: normal; font-variant: normal; text-decoration: none; vertical-align: baseline; white-space: pre-wrap;\">\u00a0<\/span><\/p><p dir=\"ltr\" style=\"line-height: 1.38; margin-top: 0pt; margin-bottom: 0pt;\"><span style=\"font-size: 12pt; font-family: Arial,sans-serif; color: #000000; background-color: transparent; font-weight: 400; font-style: normal; font-variant: normal; text-decoration: none; vertical-align: baseline; white-space: pre-wrap;\">Trong nhi\u1ec1u n\u0103m l\u00e0m vi\u1ec7c t\u1ea1i c\u00e1c c\u1ed9ng \u0111\u1ed3ng n\u00f4ng th\u00f4n, Jane \u0111\u01b0\u1ee3c m\u1ec7nh danh l\u00e0 m\u1ed9t <\/span><a style=\"text-decoration: none;\" href=\"https:\/\/www.climatebreakthrough.org\/awardee\/jane-kleeb\/\"><span style=\"font-size: 12pt; font-family: Arial,sans-serif; color: #1155cc; background-color: transparent; font-weight: 400; font-style: normal; font-variant: normal; text-decoration: underline; -webkit-text-decoration-skip: none; text-decoration-skip-ink: none; vertical-align: baseline; white-space: pre-wrap;\">\u0110\u1ed9t ph\u00e1 v\u1ec1 kh\u00ed h\u1eadu<\/span><\/a><span style=\"font-size: 12pt; font-family: Arial,sans-serif; color: #000000; background-color: transparent; font-weight: 400; font-style: normal; font-variant: normal; text-decoration: none; vertical-align: baseline; white-space: pre-wrap;\"> ng\u01b0\u1eddi \u0111\u01b0\u1ee3c trao gi\u1ea3i v\u00e0o n\u0103m 2023, vinh d\u1ef1 cao nh\u1ea5t trong l\u0129nh v\u1ef1c bi\u1ebfn \u0111\u1ed5i kh\u00ed h\u1eadu. Jane \u0111ang b\u1eaft \u0111\u1ea7u th\u1ef1c hi\u1ec7n m\u1ed9t d\u1ef1 \u00e1n m\u1edbi c\u00f3 t\u00ean l\u00e0 Nh\u00e0 x\u00e2y d\u1ef1ng n\u0103ng l\u01b0\u1ee3ng, h\u1ee3p t\u00e1c v\u1edbi c\u00e1c c\u1ed9ng \u0111\u1ed3ng n\u00f4ng th\u00f4n \u0111\u1ec3 thay \u0111\u1ed5i m\u00f4 h\u00ecnh kinh t\u1ebf c\u1ee7a c\u00e1c d\u1ef1 \u00e1n n\u0103ng l\u01b0\u1ee3ng s\u1ea1ch quy m\u00f4 l\u1edbn nh\u1eb1m mang l\u1ea1i l\u1ee3i \u00edch cho ng\u01b0\u1eddi d\u00e2n s\u1ed1ng tr\u00ean v\u00f9ng \u0111\u1ea5t \u0111ang t\u1ea1o ra n\u0103ng l\u01b0\u1ee3ng cho 100 n\u0103m t\u1edbi c\u1ee7a n\u01b0\u1edbc M\u1ef9.<\/span><\/p><p dir=\"ltr\" style=\"line-height: 1.38; margin-top: 0pt; margin-bottom: 0pt;\"><span style=\"background-color: transparent; font-size: 12pt; font-family: Arial, sans-serif; color: #000000; font-variant-numeric: normal; font-variant-east-asian: normal; font-variant-alternates: normal; font-variant-position: normal; vertical-align: baseline; white-space-collapse: preserve;\">\u00a0<\/span><\/p><p dir=\"ltr\" style=\"line-height: 1.38; margin-top: 0pt; margin-bottom: 0pt;\"><span style=\"background-color: transparent; font-size: 12pt; font-family: Arial, sans-serif; color: #000000; font-variant-numeric: normal; font-variant-east-asian: normal; font-variant-alternates: normal; font-variant-position: normal; vertical-align: baseline; white-space-collapse: preserve;\">Jane l\u00e0 t\u00e1c gi\u1ea3 c\u1ee7a <\/span><a style=\"background-color: #ffffff;\" href=\"https:\/\/www.harvestthevotebook.com\/\"><span style=\"font-size: 12pt; font-family: Arial, sans-serif; color: #1155cc; background-color: transparent; font-weight: 400; font-style: italic; font-variant-numeric: normal; font-variant-east-asian: normal; font-variant-alternates: normal; font-variant-position: normal; text-decoration-line: underline; text-decoration-skip-ink: none; vertical-align: baseline; white-space-collapse: preserve;\">Thu ho\u1ea1ch phi\u1ebfu b\u1ea7u: L\u00e0m th\u1ebf n\u00e0o \u0111\u1ea3ng D\u00e2n ch\u1ee7 c\u00f3 th\u1ec3 gi\u00e0nh chi\u1ebfn th\u1eafng l\u1ea7n n\u1eefa \u1edf v\u00f9ng n\u00f4ng th\u00f4n n\u01b0\u1edbc M\u1ef9<\/span><\/a><span style=\"background-color: transparent; font-size: 12pt; font-family: Arial, sans-serif; color: #000000; font-style: italic; font-variant-numeric: normal; font-variant-east-asian: normal; font-variant-alternates: normal; font-variant-position: normal; vertical-align: baseline; white-space-collapse: preserve;\">, <\/span><span style=\"background-color: transparent; font-size: 12pt; font-family: Arial, sans-serif; color: #000000; font-variant-numeric: normal; font-variant-east-asian: normal; font-variant-alternates: normal; font-variant-position: normal; vertical-align: baseline; white-space-collapse: preserve;\">\u0111\u01b0\u1ee3c xu\u1ea5t b\u1ea3n v\u00e0o n\u0103m 2020.\u00a0<\/span><\/p><p dir=\"ltr\" style=\"line-height: 1.38; margin-top: 0pt; margin-bottom: 0pt;\"><span style=\"font-size: 12pt; font-family: Arial, sans-serif; color: #000000; font-variant-numeric: normal; font-variant-east-asian: normal; font-variant-alternates: normal; font-variant-position: normal; vertical-align: baseline; white-space-collapse: preserve;\">\u00a0<\/span><\/p><p dir=\"ltr\" style=\"line-height: 1.38; margin-top: 0pt; margin-bottom: 0pt;\"><span style=\"font-size: 12pt; font-family: Arial, sans-serif; color: #000000; font-variant-numeric: normal; font-variant-east-asian: normal; font-variant-alternates: normal; font-variant-position: normal; vertical-align: baseline; white-space-collapse: preserve;\">\u0110\u01b0\u1ee3c PBS gi\u1edbi thi\u1ec7u trong phim ng\u1eafn c\u1ee7a h\u1ecd, \u201c<\/span><a style=\"background-color: #ffffff;\" href=\"https:\/\/www.pbs.org\/video\/postcards-great-divide-blue-wind-red-prairie\/\"><span style=\"font-size: 12pt; font-family: Arial, sans-serif; color: #1155cc; font-weight: 400; font-variant-numeric: normal; font-variant-east-asian: normal; font-variant-alternates: normal; font-variant-position: normal; text-decoration-line: underline; text-decoration-skip-ink: none; vertical-align: baseline; white-space-collapse: preserve;\">Gi\u00f3 xanh tr\u00ean th\u1ea3o nguy\u00ean \u0111\u1ecf<\/span><\/a><span style=\"font-size: 12pt; font-family: Arial, sans-serif; color: #000000; font-variant-numeric: normal; font-variant-east-asian: normal; font-variant-alternates: normal; font-variant-position: normal; vertical-align: baseline; white-space-collapse: preserve;\">\u201d v\u00e0 tr\u00ean t\u1ea1p ch\u00ed New York Times,\u201d<\/span><a style=\"background-color: #ffffff;\" href=\"https:\/\/www.nytimes.com\/2014\/05\/18\/magazine\/jane-kleeb-vs-the-keystone-pipeline.html\"><span style=\"font-size: 12pt; font-family: Arial, sans-serif; color: #1155cc; font-weight: 400; font-variant-numeric: normal; font-variant-east-asian: normal; font-variant-alternates: normal; font-variant-position: normal; text-decoration-line: underline; text-decoration-skip-ink: none; vertical-align: baseline; white-space-collapse: preserve;\">Jane Kleeb v\u00e0 \u0110\u01b0\u1eddng \u1ed1ng Keystone XL<\/span><\/a><span style=\"font-size: 12pt; font-family: Arial, sans-serif; color: #000000; font-variant-numeric: normal; font-variant-east-asian: normal; font-variant-alternates: normal; font-variant-position: normal; vertical-align: baseline; white-space-collapse: preserve;\">\u201d Jane lu\u00f4n n\u1ed7 l\u1ef1c n\u00e2ng cao cu\u1ed9c tr\u00f2 chuy\u1ec7n qu\u1ed1c gia v\u1ec1 c\u00e1c bang \u201c\u0111\u1ecf v\u00e0 n\u00f4ng th\u00f4n\u201d.<\/span><\/p><p dir=\"ltr\" style=\"line-height: 1.38; margin-top: 0pt; margin-bottom: 0pt;\"><span style=\"background-color: transparent; font-size: 12pt; font-family: Arial, sans-serif; color: #000000; font-variant-numeric: normal; font-variant-east-asian: normal; font-variant-alternates: normal; font-variant-position: normal; vertical-align: baseline; white-space-collapse: preserve;\">\u00a0<\/span><\/p><p dir=\"ltr\" style=\"line-height: 1.38; margin-top: 0pt; margin-bottom: 0pt;\"><span style=\"background-color: transparent; font-size: 12pt; font-family: Arial, sans-serif; color: #000000; font-variant-numeric: normal; font-variant-east-asian: normal; font-variant-alternates: normal; font-variant-position: normal; vertical-align: baseline; white-space-collapse: preserve;\">Trong c\u00f4ng vi\u1ec7c chuy\u00ean m\u00f4n c\u1ee7a m\u00ecnh, Jane b\u1ea3o v\u1ec7 quy\u1ec1n t\u00e0i s\u1ea3n \u0111\u1ed3ng th\u1eddi x\u00e2y d\u1ef1ng c\u01a1 s\u1edf c\u00f4ng d\u00e2n g\u1eafn k\u1ebft, quan t\u00e2m \u0111\u1ebfn \u0111\u1ea5t v\u00e0 n\u01b0\u1edbc. N\u0103m 2010, c\u00f4 th\u00e0nh l\u1eadp Bold Nebraska, sau n\u00e0y tr\u1edf th\u00e0nh <\/span><a style=\"background-color: #ffffff;\" href=\"https:\/\/boldalliance.org\"><span style=\"font-size: 12pt; font-family: Arial, sans-serif; color: #1155cc; background-color: transparent; font-weight: 400; font-variant-numeric: normal; font-variant-east-asian: normal; font-variant-alternates: normal; font-variant-position: normal; text-decoration-line: underline; text-decoration-skip-ink: none; vertical-align: baseline; white-space-collapse: preserve;\">Li\u00ean minh t\u00e1o b\u1ea1o<\/span><\/a><span style=\"background-color: transparent; font-size: 12pt; font-family: Arial, sans-serif; color: #000000; font-variant-numeric: normal; font-variant-east-asian: normal; font-variant-alternates: normal; font-variant-position: normal; vertical-align: baseline; white-space-collapse: preserve;\">, m\u1ed9t m\u1ea1ng l\u01b0\u1edbi c\u00e1c li\u00ean minh \u201cnh\u1ecf nh\u01b0ng h\u00f9ng m\u1ea1nh\u201d \u1edf c\u00e1c bang n\u00f4ng th\u00f4n ho\u1ea1t \u0111\u1ed9ng \u0111\u1ec3 b\u1ea3o v\u1ec7 \u0111\u1ea5t v\u00e0 n\u01b0\u1edbc, t\u1eadp trung v\u00e0o c\u00f4ng l\u00fd \u0111\u1ea5t \u0111ai v\u00e0 t\u1ef1 do n\u0103ng l\u01b0\u1ee3ng v\u1edbi c\u00e1c d\u1ef1 \u00e1n t\u1eeb Trung t\u00e2m \u0111\u1ea5u tranh \u0111\u01b0\u1eddng \u1ed1ng \u0111\u1ebfn Nh\u00f3m h\u00e0nh \u0111\u1ed9ng n\u1edbi l\u1ecfng.\u00a0<\/span><\/p><p dir=\"ltr\" style=\"line-height: 1.38; margin-top: 0pt; margin-bottom: 0pt;\"><span style=\"background-color: transparent; color: #000000; font-family: Arial, sans-serif; font-size: 12pt; white-space-collapse: preserve;\">\u00a0<\/span><\/p><p dir=\"ltr\" style=\"line-height: 1.38; margin-top: 0pt; margin-bottom: 0pt;\"><span style=\"background-color: transparent; color: #000000; font-family: Arial, sans-serif; font-size: 12pt; white-space-collapse: preserve;\">Jane b\u1eaft \u0111\u1ea7u s\u1ef1 nghi\u1ec7p c\u1ee7a m\u00ecnh v\u1edbi t\u01b0 c\u00e1ch l\u00e0 \u1ee6y vi\u00ean v\u00e0 sau \u0111\u00f3 l\u00e0 gi\u00e1m \u0111\u1ed1c \u0111\u00e0o t\u1ea1o c\u1ee7a \u1ee6y ban D\u1ecbch v\u1ee5 C\u1ed9ng \u0111\u1ed3ng v\u00e0 Qu\u1ed1c gia c\u1ee7a Florida. C\u00f4 ti\u1ebfp t\u1ee5c gi\u1eef ch\u1ee9c v\u1ee5 l\u00e0 m\u1ed9t trong nh\u1eefng gi\u00e1m \u0111\u1ed1c tr\u1ebb nh\u1ea5t c\u1ee7a d\u1ef1 \u00e1n AmeriCorps v\u00e0 sau \u0111\u00f3 h\u1ed7 tr\u1ee3 d\u1ef1 \u00e1n AmeriCorps qu\u1ed1c gia ph\u00e1t tri\u1ec3n c\u00e1c ch\u01b0\u01a1ng tr\u00ecnh x\u00f3a m\u00f9 ch\u1eef v\u00e0 ti\u1ebfp c\u1eadn gi\u1edbi tr\u1ebb.<\/span><\/p><p dir=\"ltr\" style=\"line-height: 1.38; margin-top: 0pt; margin-bottom: 0pt;\"><span style=\"background-color: transparent; color: #000000; font-family: Arial, sans-serif; font-size: 12pt; white-space-collapse: preserve;\">\u00a0<\/span><\/p><p dir=\"ltr\" style=\"line-height: 1.38; margin-top: 0pt; margin-bottom: 0pt;\"><span style=\"background-color: transparent; color: #000000; font-family: Arial, sans-serif; font-size: 12pt; white-space-collapse: preserve;\">V\u1edbi t\u01b0 c\u00e1ch l\u00e0 Gi\u00e1m \u0111\u1ed1c \u0110i\u1ec1u h\u00e0nh c\u1ee7a \u0110\u1ea3ng D\u00e2n ch\u1ee7 Tr\u1ebb Hoa K\u1ef3 t\u1eeb n\u0103m 2004 \u0111\u1ebfn n\u0103m 2007, Jane \u0111\u00e3 th\u1ef1c hi\u1ec7n chi\u1ebfn d\u1ecbch ph\u1ed1i h\u1ee3p thanh ni\u00ean to\u00e0n qu\u1ed1c l\u1ea7n \u0111\u1ea7u ti\u00ean nh\u1eb1m huy \u0111\u1ed9ng c\u00e1c c\u1eed tri tr\u1ebb v\u00e0 l\u00e0m vi\u1ec7c v\u1edbi m\u1ed9t li\u00ean minh g\u1ed3m nhi\u1ec1u nh\u00f3m kh\u00e1c nhau, t\u1eeb C\u1eed tri Punk \u0111\u1ebfn \u0110\u1ea3ng D\u00e2n ch\u1ee7 Stonewall \u0111\u1ec3 t\u1ea1o ra \u201changouts v\u00e0 nh\u00e0\u201d m\u00f4 h\u00ecnh ti\u1ebfp c\u1eadn c\u1eed tri Jane ti\u1ebfp t\u1ee5c l\u00e0 ng\u01b0\u1eddi \u0111\u1ed3ng s\u00e1ng l\u1eadp H\u1ed9i \u0111\u1ed3ng Thanh ni\u00ean c\u1ee7a DNC, t\u1eadp h\u1ee3p c\u00e1c \u0110\u1ea3ng vi\u00ean \u0110\u1ea3ng D\u00e2n ch\u1ee7 Tr\u1ebb, \u0110\u1ea3ng D\u00e2n ch\u1ee7 \u0110\u1ea1i h\u1ecdc v\u00e0 c\u00e1c t\u1ed5 ch\u1ee9c kh\u00e1c \u0111\u1ec3 khuy\u1ebfn kh\u00edch s\u1ef1 tham gia c\u1ee7a gi\u1edbi tr\u1ebb v\u00e0o t\u1ed5 ch\u1ee9c c\u1ee7a \u0110\u1ea3ng D\u00e2n ch\u1ee7.<\/span><\/p><p dir=\"ltr\" style=\"line-height: 1.38; margin-top: 0pt; margin-bottom: 0pt;\"><span style=\"background-color: transparent; color: #000000; font-family: Arial, sans-serif; font-size: 12pt; white-space-collapse: preserve;\">\u00a0<\/span><\/p><p dir=\"ltr\" style=\"line-height: 1.38; margin-top: 0pt; margin-bottom: 0pt;\"><span style=\"background-color: transparent; color: #000000; font-family: Arial, sans-serif; font-size: 12pt; white-space-collapse: preserve;\">Jane l\u00e0m vi\u1ec7c cho MTV v\u1edbi t\u01b0 c\u00e1ch l\u00e0 ph\u00f3ng vi\u00ean c\u1ee7a Street Team v\u00e0o n\u0103m 2007 v\u00e0 trong nhi\u1ec1u n\u0103m l\u00e0 c\u1ed9ng t\u00e1c vi\u00ean th\u01b0\u1eddng xuy\u00ean c\u1ee7a Fox News, MSNBC v\u00e0 CNN.\u00a0<\/span><\/p><p dir=\"ltr\" style=\"line-height: 1.38; margin-top: 0pt; margin-bottom: 0pt;\"><span style=\"background-color: transparent; color: #000000; font-family: Arial, sans-serif; font-size: 12pt; white-space-collapse: preserve;\">\u00a0<\/span><\/p><p dir=\"ltr\" style=\"line-height: 1.38; margin-top: 0pt; margin-bottom: 0pt;\"><span style=\"background-color: transparent; color: #000000; font-family: Arial, sans-serif; font-size: 12pt; white-space-collapse: preserve;\">V\u1edbi t\u01b0 c\u00e1ch l\u00e0 Gi\u00e1m \u0111\u1ed1c Bang Nebraska c\u1ee7a D\u1ef1 \u00e1n SEIU Change That Works trong n\u0103m 2008\u20132010, b\u00e0 \u0111\u00e3 t\u1eadp h\u1ee3p c\u00e1c nh\u00e0 l\u00e3nh \u0111\u1ea1o t\u1eeb c\u00e1c nh\u00f3m v\u1eadn \u0111\u1ed9ng, t\u00f4n gi\u00e1o, b\u00e1c s\u0129, n\u00f4ng d\u00e2n, ch\u1ee7 trang tr\u1ea1i v\u00e0 doanh nghi\u1ec7p nh\u1ecf \u0111\u1ec3 \u0111\u1ea3m b\u1ea3o m\u1ed9t cu\u1ed9c b\u1ecf phi\u1ebfu quan tr\u1ecdng cho vi\u1ec7c th\u00f4ng qua \u0110\u1ea1o lu\u1eadt Ch\u0103m s\u00f3c Gi\u00e1 c\u1ea3 ph\u1ea3i ch\u0103ng.<\/span><\/p><p dir=\"ltr\" style=\"line-height: 1.38; margin-top: 0pt; margin-bottom: 0pt;\"><span style=\"background-color: transparent; color: #000000; font-family: Arial, sans-serif; font-size: 12pt; white-space-collapse: preserve;\">\u00a0<\/span><\/p><p dir=\"ltr\" style=\"line-height: 1.38; margin-top: 0pt; margin-bottom: 0pt;\"><span style=\"background-color: transparent; color: #000000; font-family: Arial, sans-serif; font-size: 12pt; white-space-collapse: preserve;\">Jane c\u00f3 b\u1eb1ng C\u1eed nh\u00e2n nghi\u00ean c\u1ee9u t\u00f4n gi\u00e1o t\u1ea1i \u0110\u1ea1i h\u1ecdc Stetson v\u00e0 b\u1eb1ng Th\u1ea1c s\u0129 v\u1ec1 gi\u00e1o d\u1ee5c v\u00e0 \u0111\u00e0o t\u1ea1o qu\u1ed1c t\u1ebf t\u1ea1i \u0110\u1ea1i h\u1ecdc M\u1ef9. C\u00f4 t\u1eebng l\u00e0 Th\u00e0nh vi\u00ean H\u1ed9i \u0111\u1ed3ng Tr\u01b0\u1eddng Hastings \u0111\u01b0\u1ee3c b\u1ea7u ch\u1ecdn v\u00e0 hi\u1ec7n \u0111ang ph\u1ee5c v\u1ee5 trong c\u00e1c ban c\u1ee7a Cu\u1ed9c C\u00e1ch m\u1ea1ng, Chi\u1ebfn d\u1ecbch Ph\u01b0\u01a1ng tr\u00ecnh c\u1ee7a Ch\u00fang ta, Jane Fonda PAC v\u00e0 S\u00e1ng ki\u1ebfn D\u00e2n ch\u1ee7 N\u00f4ng th\u00f4n.<\/span><\/p><p dir=\"ltr\" style=\"line-height: 1.38; margin-top: 0pt; margin-bottom: 0pt;\"><span style=\"color: #000000; font-family: Arial, sans-serif; font-size: 12pt; white-space-collapse: preserve;\">\u00a0<\/span><\/p><p dir=\"ltr\" style=\"line-height: 1.38; margin-top: 0pt; margin-bottom: 0pt;\"><span style=\"color: #000000; font-family: Arial, sans-serif; font-size: 12pt; white-space-collapse: preserve;\">C\u00f4 hi\u1ec7n \u0111ang s\u1ed1ng \u1edf v\u00f9ng n\u00f4ng th\u00f4n Nebraska v\u1edbi ch\u1ed3ng Scott v\u00e0 ba c\u00f4 con g\u00e1i \u2013 Kora, Maya v\u00e0 Willa.<\/span><\/p>\t\t\t\t\t\t\t\t<\/div>\n\t\t\t\t<\/div>\n\t\t\t\t\t<\/div>\n\t\t<\/div>\n\t\t\t\t\t<\/div>\n\t\t<\/section>\n\t\t\t\t<section class=\"elementor-section elementor-top-section elementor-element elementor-element-53834d7 elementor-section-boxed elementor-section-height-default elementor-section-height-default\" data-id=\"53834d7\" data-element_type=\"section\" data-e-type=\"section\">\n\t\t\t\t\t\t<div class=\"elementor-container elementor-column-gap-default\">\n\t\t\t\t\t<div class=\"elementor-column elementor-col-100 elementor-top-column elementor-element elementor-element-3bc62ef\" data-id=\"3bc62ef\" data-element_type=\"column\" data-e-type=\"column\">\n\t\t\t<div class=\"elementor-widget-wrap elementor-element-populated\">\n\t\t\t\t\t\t<div class=\"elementor-element elementor-element-59aa5e6 elementor-widget elementor-widget-html\" data-id=\"59aa5e6\" data-element_type=\"widget\" data-e-type=\"widget\" data-widget_type=\"html.default\">\n\t\t\t\t<div class=\"elementor-widget-container\">\n\t\t\t\t\t<iframe src=\"https:\/\/player.pbs.org\/viralplayer\/2365860572\/\" width=\"512\" height=\"332\" frameborder=\"0\" marginwidth=\"0\" marginheight=\"0\" scrolling=\"no\" seamless=\"\" allowfullscreen=\"allowfullscreen\"><\/iframe>\t\t\t\t<\/div>\n\t\t\t\t<\/div>\n\t\t\t\t\t<\/div>\n\t\t<\/div>\n\t\t\t\t\t<\/div>\n\t\t<\/section>\n\t\t\t\t<\/div>","protected":false},"excerpt":{"rendered":"<p>\u00a0 Meet Nebraska Chair Jane Kleeb Jane Fleming Kleeb is an experienced grassroots organizer, author, manager, political strategist, and nonprofit entrepreneur. Since December 2016, Jane has served in a volunteer capacity as Chair of the Nebraska Democratic Party. She has been re-elected three additional times with her current term being served until November 2026. Under &#8230; <a title=\"Jane Kleeb\" class=\"read-more\" href=\"https:\/\/nebraskademocrats.org\/vi\/janekleeb\/\" aria-label=\"More on Jane Kleeb\">\u0110\u1ecdc th\u00eam<\/a><\/p>","protected":false},"author":7,"featured_media":0,"parent":0,"menu_order":0,"comment_status":"closed","ping_status":"closed","template":"","meta":{"_acf_changed":false,"_exactmetrics_skip_tracking":false,"_exactmetrics_sitenote_active":false,"_exactmetrics_sitenote_note":"","_exactmetrics_sitenote_category":0,"footnotes":""},"class_list":["post-1573","page","type-page","status-publish"],"acf":[],"yoast_head":"<!-- This site is optimized with the Yoast SEO plugin v27.4 - https:\/\/yoast.com\/product\/yoast-seo-wordpress\/ -->\n<title>Jane Kleeb &#8211; Nebraska Democratic Party<\/title>\n<meta name=\"robots\" content=\"index, follow, max-snippet:-1, max-image-preview:large, max-video-preview:-1\" \/>\n<link rel=\"canonical\" href=\"https:\/\/nebraskademocrats.org\/vi\/janekleeb\/\" \/>\n<meta property=\"og:locale\" content=\"vi_VN\" \/>\n<meta property=\"og:type\" content=\"article\" \/>\n<meta property=\"og:title\" content=\"Jane Kleeb &#8211; Nebraska Democratic Party\" \/>\n<meta property=\"og:description\" content=\"\u00a0 Meet Nebraska Chair Jane Kleeb Jane Fleming Kleeb is an experienced grassroots organizer, author, manager, political strategist, and nonprofit entrepreneur. Since December 2016, Jane has served in a volunteer capacity as Chair of the Nebraska Democratic Party. She has been re-elected three additional times with her current term being served until November 2026. Under ... Read more\" \/>\n<meta property=\"og:url\" content=\"https:\/\/nebraskademocrats.org\/vi\/janekleeb\/\" \/>\n<meta property=\"og:site_name\" content=\"Nebraska Democratic Party\" \/>\n<meta property=\"article:publisher\" content=\"https:\/\/www.facebook.com\/NebraskaDemocraticParty\/\" \/>\n<meta property=\"article:modified_time\" content=\"2024-01-02T19:27:54+00:00\" \/>\n<meta property=\"og:image\" content=\"https:\/\/nebraskadem.wpenginepowered.com\/wp-content\/uploads\/2024\/01\/JaneBlazer-200x300.jpg\" \/>\n<meta name=\"twitter:card\" content=\"summary_large_image\" \/>\n<meta name=\"twitter:site\" content=\"@nebraskadems\" \/>\n<meta name=\"twitter:label1\" content=\"\u01af\u1edbc t\u00ednh th\u1eddi gian \u0111\u1ecdc\" \/>\n\t<meta name=\"twitter:data1\" content=\"3 ph\u00fat\" \/>\n<script type=\"application\/ld+json\" class=\"yoast-schema-graph\">{\"@context\":\"https:\\\/\\\/schema.org\",\"@graph\":[{\"@type\":\"WebPage\",\"@id\":\"https:\\\/\\\/nebraskademocrats.org\\\/janekleeb\\\/\",\"url\":\"https:\\\/\\\/nebraskademocrats.org\\\/janekleeb\\\/\",\"name\":\"Jane Kleeb &#8211; Nebraska Democratic Party\",\"isPartOf\":{\"@id\":\"https:\\\/\\\/nebraskademocrats.org\\\/#website\"},\"primaryImageOfPage\":{\"@id\":\"https:\\\/\\\/nebraskademocrats.org\\\/janekleeb\\\/#primaryimage\"},\"image\":{\"@id\":\"https:\\\/\\\/nebraskademocrats.org\\\/janekleeb\\\/#primaryimage\"},\"thumbnailUrl\":\"https:\\\/\\\/nebraskadem.wpenginepowered.com\\\/wp-content\\\/uploads\\\/2024\\\/01\\\/JaneBlazer-200x300.jpg\",\"datePublished\":\"2016-12-15T15:16:55+00:00\",\"dateModified\":\"2024-01-02T19:27:54+00:00\",\"breadcrumb\":{\"@id\":\"https:\\\/\\\/nebraskademocrats.org\\\/janekleeb\\\/#breadcrumb\"},\"inLanguage\":\"vi\",\"potentialAction\":[{\"@type\":\"ReadAction\",\"target\":[\"https:\\\/\\\/nebraskademocrats.org\\\/janekleeb\\\/\"]}]},{\"@type\":\"ImageObject\",\"inLanguage\":\"vi\",\"@id\":\"https:\\\/\\\/nebraskademocrats.org\\\/janekleeb\\\/#primaryimage\",\"url\":\"https:\\\/\\\/nebraskadem.wpenginepowered.com\\\/wp-content\\\/uploads\\\/2024\\\/01\\\/JaneBlazer-200x300.jpg\",\"contentUrl\":\"https:\\\/\\\/nebraskadem.wpenginepowered.com\\\/wp-content\\\/uploads\\\/2024\\\/01\\\/JaneBlazer-200x300.jpg\"},{\"@type\":\"BreadcrumbList\",\"@id\":\"https:\\\/\\\/nebraskademocrats.org\\\/janekleeb\\\/#breadcrumb\",\"itemListElement\":[{\"@type\":\"ListItem\",\"position\":1,\"name\":\"Home\",\"item\":\"https:\\\/\\\/nebraskademocrats.org\\\/\"},{\"@type\":\"ListItem\",\"position\":2,\"name\":\"Jane Kleeb\"}]},{\"@type\":\"WebSite\",\"@id\":\"https:\\\/\\\/nebraskademocrats.org\\\/#website\",\"url\":\"https:\\\/\\\/nebraskademocrats.org\\\/\",\"name\":\"Nebraska Democratic Party\",\"description\":\"Growing the Good Life for All Nebraskans\",\"publisher\":{\"@id\":\"https:\\\/\\\/nebraskademocrats.org\\\/#organization\"},\"potentialAction\":[{\"@type\":\"SearchAction\",\"target\":{\"@type\":\"EntryPoint\",\"urlTemplate\":\"https:\\\/\\\/nebraskademocrats.org\\\/?s={search_term_string}\"},\"query-input\":{\"@type\":\"PropertyValueSpecification\",\"valueRequired\":true,\"valueName\":\"search_term_string\"}}],\"inLanguage\":\"vi\"},{\"@type\":\"Organization\",\"@id\":\"https:\\\/\\\/nebraskademocrats.org\\\/#organization\",\"name\":\"Nebraska Democratic Party\",\"url\":\"https:\\\/\\\/nebraskademocrats.org\\\/\",\"logo\":{\"@type\":\"ImageObject\",\"inLanguage\":\"vi\",\"@id\":\"https:\\\/\\\/nebraskademocrats.org\\\/#\\\/schema\\\/logo\\\/image\\\/\",\"url\":\"https:\\\/\\\/nebraskadem.wpenginepowered.com\\\/wp-content\\\/uploads\\\/2016\\\/05\\\/NDP2.jpg\",\"contentUrl\":\"https:\\\/\\\/nebraskadem.wpenginepowered.com\\\/wp-content\\\/uploads\\\/2016\\\/05\\\/NDP2.jpg\",\"width\":1000,\"height\":396,\"caption\":\"Nebraska Democratic Party\"},\"image\":{\"@id\":\"https:\\\/\\\/nebraskademocrats.org\\\/#\\\/schema\\\/logo\\\/image\\\/\"},\"sameAs\":[\"https:\\\/\\\/www.facebook.com\\\/NebraskaDemocraticParty\\\/\",\"https:\\\/\\\/x.com\\\/nebraskadems\"]}]}<\/script>\n<!-- \/ Yoast SEO plugin. -->","yoast_head_json":{"title":"Jane Kleeb &#8211; Nebraska Democratic Party","robots":{"index":"index","follow":"follow","max-snippet":"max-snippet:-1","max-image-preview":"max-image-preview:large","max-video-preview":"max-video-preview:-1"},"canonical":"https:\/\/nebraskademocrats.org\/vi\/janekleeb\/","og_locale":"vi_VN","og_type":"article","og_title":"Jane Kleeb &#8211; Nebraska Democratic Party","og_description":"\u00a0 Meet Nebraska Chair Jane Kleeb Jane Fleming Kleeb is an experienced grassroots organizer, author, manager, political strategist, and nonprofit entrepreneur. Since December 2016, Jane has served in a volunteer capacity as Chair of the Nebraska Democratic Party. She has been re-elected three additional times with her current term being served until November 2026. Under ... Read more","og_url":"https:\/\/nebraskademocrats.org\/vi\/janekleeb\/","og_site_name":"Nebraska Democratic Party","article_publisher":"https:\/\/www.facebook.com\/NebraskaDemocraticParty\/","article_modified_time":"2024-01-02T19:27:54+00:00","og_image":[{"url":"https:\/\/nebraskadem.wpenginepowered.com\/wp-content\/uploads\/2024\/01\/JaneBlazer-200x300.jpg","type":"","width":"","height":""}],"twitter_card":"summary_large_image","twitter_site":"@nebraskadems","twitter_misc":{"\u01af\u1edbc t\u00ednh th\u1eddi gian \u0111\u1ecdc":"3 ph\u00fat"},"schema":{"@context":"https:\/\/schema.org","@graph":[{"@type":"WebPage","@id":"https:\/\/nebraskademocrats.org\/janekleeb\/","url":"https:\/\/nebraskademocrats.org\/janekleeb\/","name":"Jane Kleeb &#8211; Nebraska Democratic Party","isPartOf":{"@id":"https:\/\/nebraskademocrats.org\/#website"},"primaryImageOfPage":{"@id":"https:\/\/nebraskademocrats.org\/janekleeb\/#primaryimage"},"image":{"@id":"https:\/\/nebraskademocrats.org\/janekleeb\/#primaryimage"},"thumbnailUrl":"https:\/\/nebraskadem.wpenginepowered.com\/wp-content\/uploads\/2024\/01\/JaneBlazer-200x300.jpg","datePublished":"2016-12-15T15:16:55+00:00","dateModified":"2024-01-02T19:27:54+00:00","breadcrumb":{"@id":"https:\/\/nebraskademocrats.org\/janekleeb\/#breadcrumb"},"inLanguage":"vi","potentialAction":[{"@type":"ReadAction","target":["https:\/\/nebraskademocrats.org\/janekleeb\/"]}]},{"@type":"ImageObject","inLanguage":"vi","@id":"https:\/\/nebraskademocrats.org\/janekleeb\/#primaryimage","url":"https:\/\/nebraskadem.wpenginepowered.com\/wp-content\/uploads\/2024\/01\/JaneBlazer-200x300.jpg","contentUrl":"https:\/\/nebraskadem.wpenginepowered.com\/wp-content\/uploads\/2024\/01\/JaneBlazer-200x300.jpg"},{"@type":"BreadcrumbList","@id":"https:\/\/nebraskademocrats.org\/janekleeb\/#breadcrumb","itemListElement":[{"@type":"ListItem","position":1,"name":"Home","item":"https:\/\/nebraskademocrats.org\/"},{"@type":"ListItem","position":2,"name":"Jane Kleeb"}]},{"@type":"WebSite","@id":"https:\/\/nebraskademocrats.org\/#website","url":"https:\/\/nebraskademocrats.org\/","name":"Nebraska Democratic Party","description":"Ph\u00e1t tri\u1ec3n cu\u1ed9c s\u1ed1ng t\u1ed1t \u0111\u1eb9p cho t\u1ea5t c\u1ea3 Nebraskans","publisher":{"@id":"https:\/\/nebraskademocrats.org\/#organization"},"potentialAction":[{"@type":"SearchAction","target":{"@type":"EntryPoint","urlTemplate":"https:\/\/nebraskademocrats.org\/?s={search_term_string}"},"query-input":{"@type":"PropertyValueSpecification","valueRequired":true,"valueName":"search_term_string"}}],"inLanguage":"vi"},{"@type":"Organization","@id":"https:\/\/nebraskademocrats.org\/#organization","name":"Nebraska Democratic Party","url":"https:\/\/nebraskademocrats.org\/","logo":{"@type":"ImageObject","inLanguage":"vi","@id":"https:\/\/nebraskademocrats.org\/#\/schema\/logo\/image\/","url":"https:\/\/nebraskadem.wpenginepowered.com\/wp-content\/uploads\/2016\/05\/NDP2.jpg","contentUrl":"https:\/\/nebraskadem.wpenginepowered.com\/wp-content\/uploads\/2016\/05\/NDP2.jpg","width":1000,"height":396,"caption":"Nebraska Democratic Party"},"image":{"@id":"https:\/\/nebraskademocrats.org\/#\/schema\/logo\/image\/"},"sameAs":["https:\/\/www.facebook.com\/NebraskaDemocraticParty\/","https:\/\/x.com\/nebraskadems"]}]}},"_links":{"self":[{"href":"https:\/\/nebraskademocrats.org\/vi\/wp-json\/wp\/v2\/pages\/1573","targetHints":{"allow":["GET"]}}],"collection":[{"href":"https:\/\/nebraskademocrats.org\/vi\/wp-json\/wp\/v2\/pages"}],"about":[{"href":"https:\/\/nebraskademocrats.org\/vi\/wp-json\/wp\/v2\/types\/page"}],"author":[{"embeddable":true,"href":"https:\/\/nebraskademocrats.org\/vi\/wp-json\/wp\/v2\/users\/7"}],"replies":[{"embeddable":true,"href":"https:\/\/nebraskademocrats.org\/vi\/wp-json\/wp\/v2\/comments?post=1573"}],"version-history":[{"count":0,"href":"https:\/\/nebraskademocrats.org\/vi\/wp-json\/wp\/v2\/pages\/1573\/revisions"}],"wp:attachment":[{"href":"https:\/\/nebraskademocrats.org\/vi\/wp-json\/wp\/v2\/media?parent=1573"}],"curies":[{"name":"wp","href":"https:\/\/api.w.org\/{rel}","templated":true}]}}