{"id":2825,"date":"2017-09-04T11:47:48","date_gmt":"2017-09-04T16:47:48","guid":{"rendered":"http:\/\/nebraskadem.wpenginepowered.com\/?page_id=2825"},"modified":"2022-12-06T15:09:35","modified_gmt":"2022-12-06T21:09:35","slug":"morrison-exon-annual-awards","status":"publish","type":"page","link":"https:\/\/nebraskademocrats.org\/vi\/about\/morrison-exon-annual-awards\/","title":{"rendered":"L\u1ec5 nh\u1eadm ch\u1ee9c c\u1ee7a Ben Nelson"},"content":{"rendered":"<div data-elementor-type=\"wp-post\" data-elementor-id=\"2825\" class=\"elementor elementor-2825\" data-elementor-post-type=\"page\">\n\t\t\t\t\t\t<section class=\"elementor-section elementor-top-section elementor-element elementor-element-5de8c8c9 elementor-section-boxed elementor-section-height-default elementor-section-height-default\" data-id=\"5de8c8c9\" data-element_type=\"section\" data-e-type=\"section\">\n\t\t\t\t\t\t<div class=\"elementor-container elementor-column-gap-default\">\n\t\t\t\t\t<div class=\"elementor-column elementor-col-100 elementor-top-column elementor-element elementor-element-73755a30\" data-id=\"73755a30\" data-element_type=\"column\" data-e-type=\"column\">\n\t\t\t<div class=\"elementor-widget-wrap elementor-element-populated\">\n\t\t\t\t\t\t<div class=\"elementor-element elementor-element-22120111 elementor-widget elementor-widget-text-editor\" data-id=\"22120111\" data-element_type=\"widget\" data-e-type=\"widget\" data-widget_type=\"text-editor.default\">\n\t\t\t\t<div class=\"elementor-widget-container\">\n\t\t\t\t\t\t\t\t\t<p style=\"text-align: left;\">M\u1ed7i n\u0103m, t\u1ea1i s\u1ef1 ki\u1ec7n g\u00e2y qu\u1ef9 h\u00e0ng n\u0103m c\u1ee7a ch\u00fang t\u00f4i, b\u1eefa t\u1ed1i Morrison Exon, ch\u00fang t\u00f4i t\u00f4n vinh c\u00e1c t\u00ecnh nguy\u1ec7n vi\u00ean v\u00e0 c\u00e1c nh\u00e0 l\u00e3nh \u0111\u1ea1o \u0110\u1ea3ng, nh\u1eefng ng\u01b0\u1eddi \u0111\u00e3 x\u00e2y d\u1ef1ng v\u00e0 ph\u00e1t tri\u1ec3n Nebraska Democratic Party.<\/p><div>V\u00e0o ng\u00e0y 29 th\u00e1ng 6 n\u0103m 2018, \u1ee6y ban Trung \u01b0\u01a1ng Bang \u0111\u00e3 b\u1ecf phi\u1ebfu ch\u1ea5p thu\u1eadn vi\u1ec7c \u0111\u1ed5i t\u00ean c\u00e1c gi\u1ea3i th\u01b0\u1edfng h\u00e0ng n\u0103m c\u1ee7a ch\u00fang t\u00f4i \u0111\u1ec3 ph\u1ea3n \u00e1nh c\u00e1c nh\u00e0 l\u00e3nh \u0111\u1ea1o Nebraska. Tr\u01b0\u1edbc \u0111\u00e2y, \u0111\u1ea3ng nh\u00e0 n\u01b0\u1edbc c\u1ee7a ch\u00fang t\u00f4i \u0111\u00e3 vinh danh c\u00e1c nh\u00e0 l\u00e3nh \u0111\u1ea1o \u0111\u1ea3ng D\u00e2n ch\u1ee7 to\u00e0n qu\u1ed1c b\u1eb1ng c\u00e1c gi\u1ea3i th\u01b0\u1edfng mang t\u00ean h\u1ecd, tuy nhi\u00ean Ch\u1ee7 t\u1ecbch Jane Kleeb v\u00e0 nh\u00f3m l\u00e3nh \u0111\u1ea1o tin r\u1eb1ng \u0111i\u1ec1u quan tr\u1ecdng l\u00e0 ch\u00fang t\u00f4i t\u00f4n vinh c\u00e1c nh\u00e0 l\u00e3nh \u0111\u1ea1o Nebraska b\u1eb1ng t\u00ean gi\u1ea3i th\u01b0\u1edfng c\u1ee7a m\u00ecnh.<\/div><div>\u00a0<\/div><p>L\u01b0u \u00fd r\u1eb1ng nh\u1eefng ng\u01b0\u1eddi nh\u1eadn gi\u1ea3i th\u01b0\u1edfng tr\u01b0\u1edbc \u0111\u00e2y v\u1eabn \u0111\u01b0\u1ee3c li\u1ec7t k\u00ea tr\u00ean trang web NDP.<\/p><h2 style=\"text-align: center;\">\u00a0A<strong style=\"font-style: inherit;\">M\u00f4 t\u1ea3 ph\u01b0\u1eddng<\/strong><\/h2><p><strong>Gi\u1ea3i th\u01b0\u1edfng Ch\u1ee7 t\u1ecbch \u0110\u1ea3ng c\u1ee7a Nh\u00e0 n\u01b0\u1edbc<br \/><\/strong>C\u00e1c \u0111\u1ec1 c\u1eed kh\u00f4ng \u0111\u01b0\u1ee3c ch\u1ea5p nh\u1eadn cho gi\u1ea3i th\u01b0\u1edfng n\u00e0y. Ch\u1ee7 t\u1ecbch \u0110\u1ea3ng c\u1ee7a Nh\u00e0 n\u01b0\u1edbc ch\u1ec9 \u0111\u1ecbnh m\u1ed9t ng\u01b0\u1eddi trong \u0110\u1ea3ng cho gi\u1ea3i th\u01b0\u1edfng h\u00e0ng n\u0103m n\u00e0y.<\/p><h4><strong><span style=\"font-family: Arial;\">Gi\u1ea3i th\u01b0\u1edfng Sunshine<br \/><\/span><\/strong><span style=\"font-family: Arial;\">Nh\u1eefng ng\u01b0\u1eddi \u0111\u01b0\u1ee3c \u0111\u1ec1 c\u1eed ph\u1ea3i l\u00e0 nh\u1eefng c\u00e1 nh\u00e2n n\u1ed7 l\u1ef1c c\u1ea3i thi\u1ec7n c\u1ea3 Nebraska Democratic Party v\u00e0 c\u1ed9ng \u0111\u1ed3ng c\u1ee7a h\u1ecd v\u1edbi t\u01b0 c\u00e1ch l\u00e0 \u0111\u1ed3ng minh v\u1edbi c\u00e1c gi\u00e1 tr\u1ecb D\u00e2n ch\u1ee7 c\u1ee7a ch\u00fang t\u00f4i. Gi\u1ea3i th\u01b0\u1edfng d\u00e0nh cho b\u1ea5t k\u1ef3 \u0111\u1ed3ng minh n\u00e0o \u0111ang l\u00e0m vi\u1ec7c ho\u1eb7c t\u00ecnh nguy\u1ec7n trong c\u1ed9ng \u0111\u1ed3ng v\u00e0 kh\u00f4ng nh\u1ea5t thi\u1ebft ph\u1ea3i ph\u1ee5c v\u1ee5 trong vai tr\u00f2 \u0111\u1ea3ng ph\u00e1i. Gi\u1ea3i th\u01b0\u1edfng n\u00e0y \u0111\u01b0\u1ee3c trao \u0111\u1ec3 vinh danh Carrie Howard, em g\u00e1i c\u1ee7a Th\u01b0\u1ee3ng ngh\u1ecb s\u0129 Sara Howard v\u00e0 con g\u00e1i c\u1ee7a Th\u01b0\u1ee3ng ngh\u1ecb s\u0129 Gwen Howard.<\/span><\/h4><div><p><strong><span style=\"font-family: Arial;\">Anne Boyle Gi\u1ea3i th\u01b0\u1edfng \u0111\u1ea3ng vi\u00ean D\u00e2n ch\u1ee7 tr\u1ebb tu\u1ed5i<br \/><\/span><\/strong><span style=\"font-family: Arial;\">Nh\u1eefng ng\u01b0\u1eddi \u0111\u01b0\u1ee3c \u0111\u1ec1 c\u1eed cho gi\u1ea3i th\u01b0\u1edfng n\u00e0y ph\u1ea3i l\u00e0 m\u1ed9t ng\u01b0\u1eddi tr\u1ebb tu\u1ed5i (s\u1eed d\u1ee5ng ti\u00eau ch\u00ed \u0111\u1ed9 tu\u1ed5i c\u1ee7a \u0110\u1ea3ng D\u00e2n ch\u1ee7 Tr\u1ebb d\u01b0\u1edbi 35 tu\u1ed5i) \u0111\u01b0\u1ee3c vinh danh v\u00ec c\u00e1c ho\u1ea1t \u0111\u1ed9ng t\u00ecnh nguy\u1ec7n \u0111\u1eb7c bi\u1ec7t v\u00e0 s\u1ef1 tham gia c\u1ee7a h\u1ecd trong t\u1ed5 ch\u1ee9c \u0110\u1ea3ng D\u00e2n ch\u1ee7 Tr\u1ebb Nebraska v\u00e0 \u0110\u1ea3ng Nh\u00e0 n\u01b0\u1edbc. \u1ee6y vi\u00ean Anne Boyle l\u00e0 ng\u01b0\u1eddi ph\u1ee5 n\u1eef \u0111\u1ea7u ti\u00ean ph\u1ee5c v\u1ee5 trong \u1ee6y ban D\u1ecbch v\u1ee5 C\u00f4ng v\u00e0 \u0111\u00e3 ph\u1ee5c v\u1ee5 ba nhi\u1ec7m k\u1ef3, s\u00e1u n\u0103m b\u1eaft \u0111\u1ea7u t\u1eeb n\u0103m 1996. Boyle l\u00e0 Ch\u1ee7 t\u1ecbch \u0110\u1ea3ng c\u1ee7a Nh\u00e0 n\u01b0\u1edbc ch\u00fang t\u00f4i t\u1eeb n\u0103m 1998 \u0111\u1ebfn n\u0103m 2001. Boyle \u0111\u00e3 cam k\u1ebft n\u00e2ng \u0111\u1ee1 nh\u1eefng ng\u01b0\u1eddi tr\u1ebb tu\u1ed5i v\u00e0 c\u1ed1 v\u1ea5n cho c\u00e1c \u0111\u1ea3ng vi\u00ean \u0110\u1ea3ng D\u00e2n ch\u1ee7.<\/span><\/p><\/div><div><div><p><strong>Gi\u1ea3i th\u01b0\u1edfng t\u00ecnh nguy\u1ec7n vi\u00ean Bob Kerrey<br \/><\/strong>Nh\u1eefng ng\u01b0\u1eddi \u0111\u01b0\u1ee3c \u0111\u1ec1 c\u1eed cho gi\u1ea3i th\u01b0\u1edfng n\u00e0y n\u00ean l\u00e0 nh\u1eefng ng\u01b0\u1eddi t\u00ecnh nguy\u1ec7n nh\u00e2n c\u00e1ch h\u00f3a tinh th\u1ea7n c\u1ee7a Nebraska Democratic Party. Gi\u1ea3i th\u01b0\u1edfng \u0111\u01b0\u1ee3c trao cho m\u1ed9t c\u00e1 nh\u00e2n kh\u00f4ng m\u1ec7t m\u1ecfi trong vi\u1ec7c h\u1ed7 tr\u1ee3 Nebraska Democratic Party, c\u00e1c \u0111\u1ea3ng c\u1ee7a qu\u1eadn v\u00e0 c\u00e1c chi\u1ebfn d\u1ecbch c\u1ee7a c\u00e1c \u1ee9ng c\u1eed vi\u00ean trong Qu\u1eadn 1, 2 v\u00e0 3, t\u01b0\u01a1ng \u1ee9ng. M\u1ed9t gi\u1ea3i th\u01b0\u1edfng \u0111\u01b0\u1ee3c trao cho m\u1ed9t t\u00ecnh nguy\u1ec7n vi\u00ean cho m\u1ed7i Khu v\u1ef1c Qu\u1ed1c h\u1ed9i. Bob Kerrey ph\u1ee5c v\u1ee5 ti\u1ec3u bang c\u1ee7a ch\u00fang t\u00f4i v\u1edbi t\u01b0 c\u00e1ch l\u00e0 Th\u1ed1ng \u0111\u1ed1c t\u1eeb n\u0103m 1983 \u0111\u1ebfn n\u0103m 1987, l\u00e0 Th\u01b0\u1ee3ng ngh\u1ecb s\u0129 Hoa K\u1ef3 t\u1eeb n\u0103m 1989 \u0111\u1ebfn n\u0103m 2001 v\u00e0 l\u00e0 \u1ee9ng c\u1eed vi\u00ean cho \u0111\u1ec1 c\u1eed t\u1ed5ng th\u1ed1ng c\u1ee7a \u0111\u1ea3ng D\u00e2n ch\u1ee7 v\u00e0o n\u0103m 1992. Kerrey \u0111\u00e3 ph\u1ee5c v\u1ee5 qu\u1ed1c gia c\u1ee7a ch\u00fang t\u00f4i trong \u1ee6y ban 11\/9 v\u00e0 \u0111\u01b0\u1ee3c trao t\u1eb7ng Hu\u00e2n ch\u01b0\u01a1ng Danh d\u1ef1 cho ph\u1ee5c v\u1ee5 c\u1ee7a anh \u1ea5y trong th\u1eddi gian \u1edf Vi\u1ec7t Nam v\u1edbi t\u01b0 c\u00e1ch l\u00e0 Navy SEAL.<\/p><p><strong>Gi\u1ea3i th\u01b0\u1edfng t\u00ecnh nguy\u1ec7n vi\u00ean c\u1ee7a \u0110\u1ea3ng Qu\u1eadn Ben Nelson<br \/><\/strong>Nh\u1eefng ng\u01b0\u1eddi \u0111\u01b0\u1ee3c \u0111\u1ec1 c\u1eed ph\u1ea3i l\u00e0 m\u1ed9t t\u00ecnh nguy\u1ec7n vi\u00ean c\u1ee7a \u0110\u1ea3ng b\u1ed9 h\u1ea1t, ng\u01b0\u1eddi \u0111\u00e3 l\u00e0m vi\u1ec7c kh\u00f4ng m\u1ec7t m\u1ecfi \u0111\u1ec3 th\u00fac \u0111\u1ea9y c\u00e1c ho\u1ea1t \u0111\u1ed9ng v\u00e0 gi\u00e1 tr\u1ecb c\u1ee7a \u0110\u1ea3ng D\u00e2n ch\u1ee7 trong h\u1ea1t c\u1ee7a h\u1ecd. Nh\u1eefng ng\u01b0\u1eddi \u0111\u01b0\u1ee3c \u0111\u1ec1 c\u1eed ph\u1ea3i th\u1ec3 hi\u1ec7n s\u1ef1 c\u1ed1ng hi\u1ebfn cho s\u1ef1 ph\u1ee5c v\u1ee5, t\u00ednh li\u00eam ch\u00ednh, vi\u1ec7c t\u1ed5 ch\u1ee9c c\u01a1 s\u1edf h\u1ea1 t\u1ea7ng c\u1ee7a \u0111\u1ea3ng h\u1ea1t c\u1ee7a h\u1ecd v\u00e0 s\u1ef1 \u1ee7ng h\u1ed9 d\u00e0nh cho c\u00e1c \u1ee9ng c\u1eed vi\u00ean \u0110\u1ea3ng D\u00e2n ch\u1ee7 \u0111\u1ecba ph\u01b0\u01a1ng. Th\u01b0\u1ee3ng ngh\u1ecb s\u0129 Ben Nelson ph\u1ee5c v\u1ee5 ti\u1ec3u bang c\u1ee7a ch\u00fang t\u00f4i v\u1edbi t\u01b0 c\u00e1ch l\u00e0 Th\u1ed1ng \u0111\u1ed1c t\u1eeb n\u0103m 1991 \u0111\u1ebfn n\u0103m 1999 v\u00e0 l\u00e0 Th\u01b0\u1ee3ng ngh\u1ecb s\u0129 Hoa K\u1ef3 t\u1eeb n\u0103m 2001 \u0111\u1ebfn n\u0103m 2013. Nelson \u0111\u00e3 th\u00e0nh l\u1eadp ch\u01b0\u01a1ng tr\u00ecnh CHIP \u0111\u1ea3m b\u1ea3o tr\u1ebb em \u1edf ti\u1ec3u bang c\u1ee7a ch\u00fang t\u00f4i \u0111\u01b0\u1ee3c ti\u1ebfp c\u1eadn v\u1edbi b\u1ea3o hi\u1ec3m y t\u1ebf. M\u1ed9t nh\u00e0 \u0111\u1ea5u tranh cho m\u00f4i tr\u01b0\u1eddng v\u00e0 quy\u1ec1n s\u1edf h\u1eefu, Nelson ph\u1ee7 nh\u1eadn vi\u1ec7c x\u00e2y d\u1ef1ng b\u00e3i r\u00e1c h\u1ea1t nh\u00e2n \u1edf Sandhills.<\/p><\/div><\/div><div><p><strong>Frank LaMere Hall of Fame Award<br \/><\/strong>Nh\u1eefng ng\u01b0\u1eddi \u0111\u01b0\u1ee3c \u0111\u1ec1 c\u1eed ph\u1ea3i l\u00e0 ng\u01b0\u1eddi tr\u01b0\u1edbc \u0111\u00e2y ho\u1eb7c hi\u1ec7n t\u1ea1i <b>b\u1ea7u<\/b> C\u00e1n b\u1ed9 Qu\u1eadn \u1ee7y, vi\u00ean ch\u1ee9c \u0110\u1ea3ng Nh\u00e0 n\u01b0\u1edbc ho\u1eb7c m\u1ed9t quan ch\u1ee9c \u0111\u01b0\u1ee3c b\u1ea7u l\u00e0m t\u1eadn t\u00e2m v\u1edbi c\u00e1c nguy\u00ean t\u1eafc c\u1ee7a Nebraska Democratic Party v\u00e0 nh\u1eefng ng\u01b0\u1eddi \u0111\u00e3 \u0111\u00f3ng g\u00f3p tr\u00ean v\u00e0 ngo\u00e0i nhi\u1ec7m v\u1ee5 cho Nebraska Democratic Party c\u00f9ng v\u1edbi c\u00e1c v\u1ea5n \u0111\u1ec1 \u0111\u1ecba ph\u01b0\u01a1ng c\u00f3 \u1ea3nh h\u01b0\u1edfng \u0111\u1ebfn c\u1ea5p ti\u1ec3u bang v\u00e0 qu\u1ed1c gia. \u0110\u00e2y l\u00e0 gi\u1ea3i th\u01b0\u1edfng cao nh\u1ea5t do Nebraska Democratic Party trao t\u1eb7ng. <a href=\"https:\/\/nebraskademocrats.org\/vi\/press-releases\/ndp-first-associate-chair-frank-lamere-passes-away\/\">Frank LaMere<\/a>\u00a0l\u00e0 ng\u01b0\u1eddi M\u1ef9 b\u1ea3n \u0111\u1ecba \u0111\u1ea7u ti\u00ean ph\u1ee5c v\u1ee5 v\u1edbi t\u01b0 c\u00e1ch l\u00e0 th\u00e0nh vi\u00ean DNC v\u00e0 \u00f4ng \u0111\u00e3 th\u00e0nh l\u1eadp c\u1ea3 bang v\u00e0 qu\u1ed1c gia c\u1ee7a ng\u01b0\u1eddi M\u1ef9 b\u1ea3n \u0111\u1ecba Caucus. LaMere l\u00e0 ng\u01b0\u1eddi M\u1ef9 b\u1ea3n \u0111\u1ecba ph\u1ee5c v\u1ee5 l\u00e2u nh\u1ea5t trong DNC. \u00d4ng l\u00e0 \u0111\u1ea1i bi\u1ec3u c\u1ee7a H\u1ed9i ngh\u1ecb Qu\u1ed1c gia \u0110\u1ea3ng D\u00e2n ch\u1ee7 b\u1ea3y l\u1ea7n li\u00ean ti\u1ebfp t\u1eeb n\u0103m 1988 \u0111\u1ebfn n\u0103m 2012. LaMere c\u0169ng l\u00e0 Ch\u1ee7 t\u1ecbch Li\u00ean k\u1ebft \u0111\u1ea7u ti\u00ean c\u1ee7a NDP. LaMere \u0111\u00e3 c\u1ed1ng hi\u1ebfn cu\u1ed9c \u0111\u1eddi m\u00ecnh cho c\u00f4ng b\u1eb1ng x\u00e3 h\u1ed9i v\u00e0 gi\u00fap \u0111\u00f3ng c\u1eeda vi\u1ec7c b\u00e1n bia b\u1ea5t h\u1ee3p ph\u00e1p t\u1ea1i Whiteclay, NE, ngay b\u00ean kia bi\u00ean gi\u1edbi v\u1edbi Khu b\u1ea3o t\u1ed3n ng\u01b0\u1eddi da \u0111\u1ecf Pine Ridge.<\/p><\/div><div class=\"yj6qo\">\u00a0<\/div><div class=\"adL\">\u00a0<\/div>\t\t\t\t\t\t\t\t<\/div>\n\t\t\t\t<\/div>\n\t\t\t\t\t<\/div>\n\t\t<\/div>\n\t\t\t\t\t<\/div>\n\t\t<\/section>\n\t\t\t\t<section class=\"elementor-section elementor-top-section elementor-element elementor-element-2b1004f elementor-section-boxed elementor-section-height-default elementor-section-height-default\" data-id=\"2b1004f\" data-element_type=\"section\" data-e-type=\"section\">\n\t\t\t\t\t\t<div class=\"elementor-container elementor-column-gap-default\">\n\t\t\t\t\t<div class=\"elementor-column elementor-col-100 elementor-top-column elementor-element elementor-element-e845efe\" data-id=\"e845efe\" data-element_type=\"column\" data-e-type=\"column\">\n\t\t\t<div class=\"elementor-widget-wrap elementor-element-populated\">\n\t\t\t\t\t\t<div class=\"elementor-element elementor-element-3f1c7c5 elementor-widget elementor-widget-heading\" data-id=\"3f1c7c5\" data-element_type=\"widget\" data-e-type=\"widget\" data-widget_type=\"heading.default\">\n\t\t\t\t<div class=\"elementor-widget-container\">\n\t\t\t\t\t<h2 class=\"elementor-heading-title elementor-size-default\">Ng\u01b0\u1eddi nh\u1eadn gi\u1ea3i th\u01b0\u1edfng<\/h2>\t\t\t\t<\/div>\n\t\t\t\t<\/div>\n\t\t\t\t<div class=\"elementor-element elementor-element-fb5fa87 elementor-widget elementor-widget-accordion\" data-id=\"fb5fa87\" data-element_type=\"widget\" data-e-type=\"widget\" data-widget_type=\"accordion.default\">\n\t\t\t\t<div class=\"elementor-widget-container\">\n\t\t\t\t\t\t\t<div class=\"elementor-accordion\">\n\t\t\t\t\t\t\t<div class=\"elementor-accordion-item\">\n\t\t\t\t\t<div id=\"elementor-tab-title-2631\" class=\"elementor-tab-title\" data-tab=\"1\" role=\"button\" aria-controls=\"elementor-tab-content-2631\" aria-expanded=\"false\">\n\t\t\t\t\t\t\t\t\t\t\t\t\t<span class=\"elementor-accordion-icon elementor-accordion-icon-left\" aria-hidden=\"true\">\n\t\t\t\t\t\t\t\t\t\t\t\t\t\t\t<span class=\"elementor-accordion-icon-closed\"><i class=\"fas fa-plus\"><\/i><\/span>\n\t\t\t\t\t\t\t\t<span class=\"elementor-accordion-icon-opened\"><i class=\"fas fa-minus\"><\/i><\/span>\n\t\t\t\t\t\t\t\t\t\t\t\t\t\t<\/span>\n\t\t\t\t\t\t\t\t\t\t\t\t<a class=\"elementor-accordion-title\" tabindex=\"0\">2019<\/a>\n\t\t\t\t\t<\/div>\n\t\t\t\t\t<div id=\"elementor-tab-content-2631\" class=\"elementor-tab-content elementor-clearfix\" data-tab=\"1\" role=\"region\" aria-labelledby=\"elementor-tab-title-2631\"><table width=\"505\">\n<tbody>\n<tr>\n<td width=\"65\"><strong>N\u0103m<\/strong><\/td>\n<td width=\"219\"><strong>Gi\u1ea3i th\u01b0\u1edfng<\/strong><\/td>\n<td width=\"221\"><strong>Ng\u01b0\u1eddi chi\u1ebfn th\u1eafng<\/strong><\/td>\n<\/tr>\n<tr>\n<td width=\"65\">2019<\/td>\n<td width=\"219\">Bob Kerrey CD1<\/td>\n<td width=\"221\">Roger Eschliman<\/td>\n<\/tr>\n<tr>\n<td width=\"65\">2019<\/td>\n<td width=\"219\">Bob Kerrey CD2<\/td>\n<td width=\"221\">Lilia Franciscony<\/td>\n<\/tr>\n<tr>\n<td width=\"65\">2019<\/td>\n<td width=\"219\">Bob Kerrey CD3<\/td>\n<td width=\"221\">Haley Mazour<\/td>\n<\/tr>\n<tr>\n<td width=\"65\">2019<\/td>\n<td width=\"219\">\u0110\u1ea3ng h\u1ea1t Ben Nelson<\/td>\n<td width=\"221\">Judy Vohland<\/td>\n<\/tr>\n<tr>\n<td width=\"65\">2019<\/td>\n<td width=\"219\">Frank LaMere Hall of Fame<\/td>\n<td width=\"221\">Th\u01b0\u1ee3ng ngh\u1ecb s\u0129 Patty Pansing Brooks<\/td>\n<\/tr>\n<tr>\n<td width=\"65\">2019<\/td>\n<td width=\"219\">Carrie Howard Sunshine<\/td>\n<td width=\"221\">Lisa Fricke<\/td>\n<\/tr>\n<tr>\n<td width=\"65\">2019<\/td>\n<td width=\"219\">Anne Boyle<\/td>\n<td width=\"221\">Caleb Rohrer<\/td>\n<\/tr>\n<tr>\n<td width=\"65\">2019<\/td>\n<td width=\"219\">Anne Boyle<\/td>\n<td width=\"221\">Krystal c\u00e1o, c\u00e1o<\/td>\n<\/tr>\n<tr>\n<td width=\"65\">2019<\/td>\n<td width=\"219\">Ch\u1ee7 t\u1ecbch ti\u1ec3u bang<\/td>\n<td width=\"221\">Nh\u1eefng ng\u01b0\u1eddi ph\u1ee5 n\u1eef c\u1ee7a CD1:\t\n<br>\nM\u1ee5c s\u01b0 Janet Banks<br>\n\tAdelle Burk<br>\n\tSydney Rae Butler<br>\n\tJanet Chung<br>\n\tMarthaellen Florence<br>\n\tMary Harding<br>\n\tJessica McClure<br>\n\tMegan Mikolajczyk<br>\n\tMichele Tilley<br>\n\tChrista Yoakum<br>\n\tLaurie Martinez<\/td>\n<\/tr>\n\n<\/tbody>\n<\/table><\/div>\n\t\t\t\t<\/div>\n\t\t\t\t\t\t\t<div class=\"elementor-accordion-item\">\n\t\t\t\t\t<div id=\"elementor-tab-title-2632\" class=\"elementor-tab-title\" data-tab=\"2\" role=\"button\" aria-controls=\"elementor-tab-content-2632\" aria-expanded=\"false\">\n\t\t\t\t\t\t\t\t\t\t\t\t\t<span class=\"elementor-accordion-icon elementor-accordion-icon-left\" aria-hidden=\"true\">\n\t\t\t\t\t\t\t\t\t\t\t\t\t\t\t<span class=\"elementor-accordion-icon-closed\"><i class=\"fas fa-plus\"><\/i><\/span>\n\t\t\t\t\t\t\t\t<span class=\"elementor-accordion-icon-opened\"><i class=\"fas fa-minus\"><\/i><\/span>\n\t\t\t\t\t\t\t\t\t\t\t\t\t\t<\/span>\n\t\t\t\t\t\t\t\t\t\t\t\t<a class=\"elementor-accordion-title\" tabindex=\"0\">2018<\/a>\n\t\t\t\t\t<\/div>\n\t\t\t\t\t<div id=\"elementor-tab-content-2632\" class=\"elementor-tab-content elementor-clearfix\" data-tab=\"2\" role=\"region\" aria-labelledby=\"elementor-tab-title-2632\"><table width=\"505\">\n<tbody>\n<tr>\n<td width=\"65\"><strong>N\u0103m<\/strong><\/td>\n<td width=\"219\"><strong>Gi\u1ea3i th\u01b0\u1edfng<\/strong><\/td>\n<td width=\"221\"><strong>Ng\u01b0\u1eddi chi\u1ebfn th\u1eafng<\/strong><\/td>\n<\/tr>\n<tr>\n<td width=\"65\">2018<\/td>\n<td width=\"219\">Bob Kerrey CD1<\/td>\n<td width=\"221\">Shirl Mora James<\/td>\n<\/tr>\n<tr>\n<td width=\"65\">2018<\/td>\n<td width=\"219\">Bob Kerrey CD2<\/td>\n<td width=\"221\">Scott Williams<\/td>\n<\/tr>\n<tr>\n<td width=\"65\">2018<\/td>\n<td width=\"219\">Bob Kerrey CD3<\/td>\n<td width=\"221\">Tom Genung v\u00e0 Doc Moore<\/td>\n<\/tr>\n<tr>\n<td width=\"65\">2018<\/td>\n<td width=\"219\">John F. Kennedy<\/td>\n<td width=\"221\">Zachary Mora James<\/td>\n<\/tr>\n<tr>\n<td width=\"65\">2018<\/td>\n<td width=\"219\">T\u1ed5ng th\u1ed1ng Roosevelt<\/td>\n<td width=\"221\">Th\u01b0\u1ee3ng ngh\u1ecb s\u0129 Bob Kerrey<\/td>\n<\/tr>\n<tr>\n<td width=\"65\">2018<\/td>\n<td width=\"219\">Hall of Fame<\/td>\n<td width=\"221\">Th\u01b0\u1ee3ng ngh\u1ecb s\u0129 Tony Vargas<\/td>\n<\/tr>\n<tr>\n<td width=\"65\">2018<\/td>\n<td width=\"219\">\u00c1nh s\u00e1ng m\u1eb7t tr\u1eddi<\/td>\n<td width=\"221\">Brian Mikkelsen<\/td>\n<\/tr>\n<tr>\n<td width=\"65\">2018<\/td>\n<td width=\"219\">Kathleen Fahey \u0110\u1ea3ng vi\u00ean d\u00e2n ch\u1ee7 tr\u1ebb tu\u1ed5i ph\u1ee5c v\u1ee5<\/td>\n<td width=\"221\">Lauren Williams<\/td>\n<\/tr>\n<tr>\n<td width=\"65\">2018<\/td>\n<td width=\"219\">Morrison Exon<\/td>\n<td width=\"221\">Delmer Adam<\/td>\n<\/tr>\n<tr>\n<td width=\"65\">2018<\/td>\n<td width=\"219\">Ch\u1ee7 t\u1ecbch ti\u1ec3u bang<\/td>\n<td width=\"221\">Nh\u00e0 b\u1ebfp c\u1ee7a Big Mama<\/td>\n<\/tr>\n<\/tbody>\n<\/table><\/div>\n\t\t\t\t<\/div>\n\t\t\t\t\t\t\t<div class=\"elementor-accordion-item\">\n\t\t\t\t\t<div id=\"elementor-tab-title-2633\" class=\"elementor-tab-title\" data-tab=\"3\" role=\"button\" aria-controls=\"elementor-tab-content-2633\" aria-expanded=\"false\">\n\t\t\t\t\t\t\t\t\t\t\t\t\t<span class=\"elementor-accordion-icon elementor-accordion-icon-left\" aria-hidden=\"true\">\n\t\t\t\t\t\t\t\t\t\t\t\t\t\t\t<span class=\"elementor-accordion-icon-closed\"><i class=\"fas fa-plus\"><\/i><\/span>\n\t\t\t\t\t\t\t\t<span class=\"elementor-accordion-icon-opened\"><i class=\"fas fa-minus\"><\/i><\/span>\n\t\t\t\t\t\t\t\t\t\t\t\t\t\t<\/span>\n\t\t\t\t\t\t\t\t\t\t\t\t<a class=\"elementor-accordion-title\" tabindex=\"0\">2017<\/a>\n\t\t\t\t\t<\/div>\n\t\t\t\t\t<div id=\"elementor-tab-content-2633\" class=\"elementor-tab-content elementor-clearfix\" data-tab=\"3\" role=\"region\" aria-labelledby=\"elementor-tab-title-2633\"><table width=\"505\"><tbody><tr><td width=\"65\"><strong>N\u0103m<\/strong><\/td><td width=\"219\"><strong>Gi\u1ea3i th\u01b0\u1edfng<\/strong><\/td><td width=\"221\"><strong>Ng\u01b0\u1eddi chi\u1ebfn th\u1eafng<\/strong><\/td><\/tr><tr><td width=\"65\">2017<\/td><td width=\"219\">Bob Kerrey CD1<\/td><td width=\"221\">Mike Pittz<\/td><\/tr><tr><td width=\"65\">2017<\/td><td width=\"219\">Bob Kerrey CD2<\/td><td width=\"221\">\u00a0Rachel Huggins<\/td><\/tr><tr><td width=\"65\">2017<\/td><td width=\"219\">Bob Kerrey CD3<\/td><td width=\"221\">\u00a0Terry Wegner<\/td><\/tr><tr><td width=\"65\">2017<\/td><td width=\"219\">Kathleen Fahey \u0110\u1ea3ng vi\u00ean d\u00e2n ch\u1ee7 tr\u1ebb tu\u1ed5i ph\u1ee5c v\u1ee5<\/td><td width=\"221\">\u00a0Meg Mandy<\/td><\/tr><tr><td width=\"65\">2017<\/td><td width=\"219\">\u00c1nh s\u00e1ng m\u1eb7t tr\u1eddi<\/td><td width=\"221\">T\u00ecnh nguy\u1ec7n vi\u00ean Patsy Koch-Johns \u2013 Inonge Kasaji, Kaylie Schnittker-Hogan, Cooper Christiancy, Brodey Weber, Michael Maly v\u00e0 Maluba Mudundulu<\/td><\/tr><tr><td width=\"65\">2017<\/td><td width=\"219\">John F. Kennedy<\/td><td width=\"221\">\u00a0Mina Davis<\/td><\/tr><tr><td width=\"65\">2017<\/td><td width=\"219\">T\u1ed5ng th\u1ed1ng Roosevelt<\/td><td width=\"221\">\u00a0Frank LaMere<\/td><\/tr><tr><td width=\"65\">2017<\/td><td width=\"219\">Hall of Fame<\/td><td width=\"221\">Th\u01b0\u1ee3ng ngh\u1ecb s\u0129 Rick Kolowski<\/td><\/tr><tr><td width=\"65\">2017<\/td><td width=\"219\">Morrison-Exon<\/td><td width=\"221\">\u00a0John Quirk<\/td><\/tr><tr><td width=\"65\">2017<\/td><td width=\"219\">Ch\u1ee7 t\u1ecbch ti\u1ec3u bang<\/td><td width=\"221\">\u00a0Janet Stewart v\u00e0 Stephanie Matejka<\/td><\/tr><\/tbody><\/table><\/div>\n\t\t\t\t<\/div>\n\t\t\t\t\t\t\t<div class=\"elementor-accordion-item\">\n\t\t\t\t\t<div id=\"elementor-tab-title-2634\" class=\"elementor-tab-title\" data-tab=\"4\" role=\"button\" aria-controls=\"elementor-tab-content-2634\" aria-expanded=\"false\">\n\t\t\t\t\t\t\t\t\t\t\t\t\t<span class=\"elementor-accordion-icon elementor-accordion-icon-left\" aria-hidden=\"true\">\n\t\t\t\t\t\t\t\t\t\t\t\t\t\t\t<span class=\"elementor-accordion-icon-closed\"><i class=\"fas fa-plus\"><\/i><\/span>\n\t\t\t\t\t\t\t\t<span class=\"elementor-accordion-icon-opened\"><i class=\"fas fa-minus\"><\/i><\/span>\n\t\t\t\t\t\t\t\t\t\t\t\t\t\t<\/span>\n\t\t\t\t\t\t\t\t\t\t\t\t<a class=\"elementor-accordion-title\" tabindex=\"0\">2016<\/a>\n\t\t\t\t\t<\/div>\n\t\t\t\t\t<div id=\"elementor-tab-content-2634\" class=\"elementor-tab-content elementor-clearfix\" data-tab=\"4\" role=\"region\" aria-labelledby=\"elementor-tab-title-2634\"><table width=\"505\"><tbody><tr><td width=\"65\"><strong>N\u0103m<\/strong><\/td><td width=\"219\"><strong>Gi\u1ea3i th\u01b0\u1edfng<\/strong><\/td><td width=\"221\"><strong>Ng\u01b0\u1eddi chi\u1ebfn th\u1eafng<\/strong><\/td><\/tr><tr><td width=\"65\">2016<\/td><td width=\"219\">Bob Kerrey CD1<\/td><td width=\"221\">Tom Havelka<\/td><\/tr><tr><td width=\"65\">2016<\/td><td width=\"219\">Bob Kerrey CD2<\/td><td width=\"221\">Susan Tafini<\/td><\/tr><tr><td width=\"65\">2016<\/td><td width=\"219\">Bob Kerrey CD3<\/td><td width=\"221\"><div class=\"\">Bud Pettigrew<\/div><\/td><\/tr><tr><td width=\"65\">2016<\/td><td width=\"219\">Kathleen Fahey \u0110\u1ea3ng vi\u00ean d\u00e2n ch\u1ee7 tr\u1ebb tu\u1ed5i ph\u1ee5c v\u1ee5<\/td><td width=\"221\">Paige Hutchinson<\/td><\/tr><tr><td width=\"65\">2016<\/td><td width=\"219\">John F. Kennedy<\/td><td width=\"221\">Jose Jimenez<\/td><\/tr><tr><td width=\"65\">2016<\/td><td width=\"219\">T\u1ed5ng th\u1ed1ng Roosevelt<\/td><td width=\"221\">Dennis Crawford<\/td><\/tr><tr><td width=\"65\">2016<\/td><td width=\"219\">Hall of Fame<\/td><td width=\"221\">Th\u01b0\u1ee3ng ngh\u1ecb s\u0129 Paul Hartnett<\/td><\/tr><tr><td width=\"65\">2016<\/td><td width=\"219\">Morrison-Exon<\/td><td width=\"221\">Charlotte Schwenninger<\/td><\/tr><tr><td width=\"65\">2016<\/td><td width=\"219\">\u00c1nh s\u00e1ng m\u1eb7t tr\u1eddi<\/td><td width=\"221\">Kathy Moore-Jensen<\/td><\/tr><tr><td width=\"65\">2016<\/td><td width=\"219\">Ch\u1ee7 t\u1ecbch ti\u1ec3u bang<\/td><td width=\"221\">Charlene Ligon<\/td><\/tr><\/tbody><\/table><\/div>\n\t\t\t\t<\/div>\n\t\t\t\t\t\t\t<div class=\"elementor-accordion-item\">\n\t\t\t\t\t<div id=\"elementor-tab-title-2635\" class=\"elementor-tab-title\" data-tab=\"5\" role=\"button\" aria-controls=\"elementor-tab-content-2635\" aria-expanded=\"false\">\n\t\t\t\t\t\t\t\t\t\t\t\t\t<span class=\"elementor-accordion-icon elementor-accordion-icon-left\" aria-hidden=\"true\">\n\t\t\t\t\t\t\t\t\t\t\t\t\t\t\t<span class=\"elementor-accordion-icon-closed\"><i class=\"fas fa-plus\"><\/i><\/span>\n\t\t\t\t\t\t\t\t<span class=\"elementor-accordion-icon-opened\"><i class=\"fas fa-minus\"><\/i><\/span>\n\t\t\t\t\t\t\t\t\t\t\t\t\t\t<\/span>\n\t\t\t\t\t\t\t\t\t\t\t\t<a class=\"elementor-accordion-title\" tabindex=\"0\">2015<\/a>\n\t\t\t\t\t<\/div>\n\t\t\t\t\t<div id=\"elementor-tab-content-2635\" class=\"elementor-tab-content elementor-clearfix\" data-tab=\"5\" role=\"region\" aria-labelledby=\"elementor-tab-title-2635\"><table width=\"505\"><tbody><tr><td width=\"65\"><strong>N\u0103m<\/strong><\/td><td width=\"219\"><strong>Gi\u1ea3i th\u01b0\u1edfng<\/strong><\/td><td width=\"221\"><strong>Ng\u01b0\u1eddi chi\u1ebfn th\u1eafng<\/strong><\/td><\/tr><tr><td width=\"65\">2015<\/td><td width=\"219\">Bob Kerrey CD1<\/td><td width=\"221\">Ellen Moore<\/td><\/tr><tr><td width=\"65\">2015<\/td><td width=\"219\">Bob Kerrey CD2<\/td><td width=\"221\">Romona Lisa Fricke<\/td><\/tr><tr><td width=\"65\">2015<\/td><td width=\"219\">Bob Kerrey CD3<\/td><td width=\"221\">Ismael Valadez<\/td><\/tr><tr><td width=\"65\">2015<\/td><td width=\"219\">Kathleen Fahey \u0110\u1ea3ng vi\u00ean d\u00e2n ch\u1ee7 tr\u1ebb tu\u1ed5i ph\u1ee5c v\u1ee5<\/td><td width=\"221\">Meg Mikolajczyk<\/td><\/tr><tr><td width=\"65\">2015<\/td><td width=\"219\">John F. Kennedy<\/td><td width=\"221\">Marque Snow<\/td><\/tr><tr><td width=\"65\">2015<\/td><td width=\"219\">T\u1ed5ng th\u1ed1ng Roosevelt<\/td><td width=\"221\">Tom Tilden<\/td><\/tr><tr><td width=\"65\">2015<\/td><td width=\"219\">Hall of Fame<\/td><td width=\"221\">Dave Newell<\/td><\/tr><tr><td width=\"65\">2015<\/td><td width=\"219\">Morrison-Exon<\/td><td width=\"221\">John Yoakum<\/td><\/tr><tr><td width=\"65\">2015<\/td><td width=\"219\">\u00c1nh s\u00e1ng m\u1eb7t tr\u1eddi<\/td><td width=\"221\">Dave Domina<\/td><\/tr><tr><td width=\"65\">2015<\/td><td width=\"219\">Ch\u1ee7 t\u1ecbch ti\u1ec3u bang<\/td><td width=\"221\">Andy Holland<\/td><\/tr><\/tbody><\/table><\/div>\n\t\t\t\t<\/div>\n\t\t\t\t\t\t\t<div class=\"elementor-accordion-item\">\n\t\t\t\t\t<div id=\"elementor-tab-title-2636\" class=\"elementor-tab-title\" data-tab=\"6\" role=\"button\" aria-controls=\"elementor-tab-content-2636\" aria-expanded=\"false\">\n\t\t\t\t\t\t\t\t\t\t\t\t\t<span class=\"elementor-accordion-icon elementor-accordion-icon-left\" aria-hidden=\"true\">\n\t\t\t\t\t\t\t\t\t\t\t\t\t\t\t<span class=\"elementor-accordion-icon-closed\"><i class=\"fas fa-plus\"><\/i><\/span>\n\t\t\t\t\t\t\t\t<span class=\"elementor-accordion-icon-opened\"><i class=\"fas fa-minus\"><\/i><\/span>\n\t\t\t\t\t\t\t\t\t\t\t\t\t\t<\/span>\n\t\t\t\t\t\t\t\t\t\t\t\t<a class=\"elementor-accordion-title\" tabindex=\"0\">2014<\/a>\n\t\t\t\t\t<\/div>\n\t\t\t\t\t<div id=\"elementor-tab-content-2636\" class=\"elementor-tab-content elementor-clearfix\" data-tab=\"6\" role=\"region\" aria-labelledby=\"elementor-tab-title-2636\"><table width=\"505\"><tbody><tr><td width=\"65\"><strong>N\u0103m<\/strong><\/td><td width=\"219\"><strong>Gi\u1ea3i th\u01b0\u1edfng<\/strong><\/td><td width=\"221\"><strong>Ng\u01b0\u1eddi chi\u1ebfn th\u1eafng<\/strong><\/td><\/tr><tr><td width=\"65\">2014<\/td><td width=\"219\">Bob Kerrey CD1<\/td><td width=\"221\">Marta Nieves<\/td><\/tr><tr><td width=\"65\">2014<\/td><td width=\"219\">Bob Kerrey CD2<\/td><td width=\"221\">D\u00f2ng Bryon<\/td><\/tr><tr><td width=\"65\">2014<\/td><td width=\"219\">Bob Kerrey CD3<\/td><td width=\"221\">Shaun Baker<\/td><\/tr><tr><td width=\"65\">2014<\/td><td width=\"219\">Kathleen Fahey \u0110\u1ea3ng vi\u00ean d\u00e2n ch\u1ee7 tr\u1ebb tu\u1ed5i ph\u1ee5c v\u1ee5<\/td><td width=\"221\">Jeremy Nordquist<\/td><\/tr><tr><td width=\"65\">2014<\/td><td width=\"219\">John F. Kennedy<\/td><td width=\"221\">Lacey Merica<\/td><\/tr><tr><td width=\"65\">2014<\/td><td width=\"219\">T\u1ed5ng th\u1ed1ng Roosevelt<\/td><td width=\"221\">Jim \u201cDoc\u201d Moore<\/td><\/tr><tr><td width=\"65\">2014<\/td><td width=\"219\">Hall of Fame<\/td><td width=\"221\">Th\u01b0\u1ee3ng ngh\u1ecb s\u0129 Bob Kerrey<\/td><\/tr><tr><td width=\"65\">2014<\/td><td width=\"219\">Morrison-Exon<\/td><td width=\"221\">Charlene Ligon<\/td><\/tr><tr><td width=\"65\">2014<\/td><td width=\"219\">\u00c1nh s\u00e1ng m\u1eb7t tr\u1eddi<\/td><td width=\"221\">Amanda McGill<\/td><\/tr><tr><td width=\"65\">2014<\/td><td width=\"219\">Ch\u1ee7 t\u1ecbch ti\u1ec3u bang<\/td><td width=\"221\">T\u1ec9nh Deena<\/td><\/tr><\/tbody><\/table><\/div>\n\t\t\t\t<\/div>\n\t\t\t\t\t\t\t<div class=\"elementor-accordion-item\">\n\t\t\t\t\t<div id=\"elementor-tab-title-2637\" class=\"elementor-tab-title\" data-tab=\"7\" role=\"button\" aria-controls=\"elementor-tab-content-2637\" aria-expanded=\"false\">\n\t\t\t\t\t\t\t\t\t\t\t\t\t<span class=\"elementor-accordion-icon elementor-accordion-icon-left\" aria-hidden=\"true\">\n\t\t\t\t\t\t\t\t\t\t\t\t\t\t\t<span class=\"elementor-accordion-icon-closed\"><i class=\"fas fa-plus\"><\/i><\/span>\n\t\t\t\t\t\t\t\t<span class=\"elementor-accordion-icon-opened\"><i class=\"fas fa-minus\"><\/i><\/span>\n\t\t\t\t\t\t\t\t\t\t\t\t\t\t<\/span>\n\t\t\t\t\t\t\t\t\t\t\t\t<a class=\"elementor-accordion-title\" tabindex=\"0\">2013<\/a>\n\t\t\t\t\t<\/div>\n\t\t\t\t\t<div id=\"elementor-tab-content-2637\" class=\"elementor-tab-content elementor-clearfix\" data-tab=\"7\" role=\"region\" aria-labelledby=\"elementor-tab-title-2637\"><table width=\"505\"><tbody><tr><td width=\"65\"><strong>N\u0103m<\/strong><\/td><td width=\"219\"><strong>Gi\u1ea3i th\u01b0\u1edfng<\/strong><\/td><td width=\"221\"><strong>Ng\u01b0\u1eddi chi\u1ebfn th\u1eafng<\/strong><\/td><\/tr><tr><td width=\"65\">2013<\/td><td width=\"219\">Bob Kerrey CD1<\/td><td width=\"221\">Jon Rehm<\/td><\/tr><tr><td width=\"65\">2013<\/td><td width=\"219\">Bob Kerrey CD2<\/td><td width=\"221\">Susan Tafini<\/td><\/tr><tr><td width=\"65\">2013<\/td><td width=\"219\">Bob Kerrey CD3<\/td><td width=\"221\">Terry Sigler<\/td><\/tr><tr><td width=\"65\">2013<\/td><td width=\"219\">Kathleen Fahey \u0110\u1ea3ng vi\u00ean d\u00e2n ch\u1ee7 tr\u1ebb tu\u1ed5i ph\u1ee5c v\u1ee5<\/td><td width=\"221\">Bob Holmstedt<\/td><\/tr><tr><td width=\"65\">2013<\/td><td width=\"219\">John F. Kennedy<\/td><td width=\"221\">Rebekah Caruthers<\/td><\/tr><tr><td width=\"65\">2013<\/td><td width=\"219\">T\u1ed5ng th\u1ed1ng Roosevelt<\/td><td width=\"221\">Peg O&#039;Dea Lippert<\/td><\/tr><tr><td width=\"65\">2013<\/td><td width=\"219\">Hall of Fame<\/td><td width=\"221\">\u00a0<\/td><\/tr><tr><td width=\"65\">2013<\/td><td width=\"219\">Morrison-Exon<\/td><td width=\"221\">Jeff Leanna<\/td><\/tr><tr><td width=\"65\">2013<\/td><td width=\"219\">\u00c1nh s\u00e1ng m\u1eb7t tr\u1eddi<\/td><td width=\"221\">Joey Adler<\/td><\/tr><tr><td width=\"65\">2013<\/td><td width=\"219\">Ch\u1ee7 t\u1ecbch ti\u1ec3u bang<\/td><td width=\"221\">Ken Mass<\/td><\/tr><\/tbody><\/table><\/div>\n\t\t\t\t<\/div>\n\t\t\t\t\t\t\t<div class=\"elementor-accordion-item\">\n\t\t\t\t\t<div id=\"elementor-tab-title-2638\" class=\"elementor-tab-title\" data-tab=\"8\" role=\"button\" aria-controls=\"elementor-tab-content-2638\" aria-expanded=\"false\">\n\t\t\t\t\t\t\t\t\t\t\t\t\t<span class=\"elementor-accordion-icon elementor-accordion-icon-left\" aria-hidden=\"true\">\n\t\t\t\t\t\t\t\t\t\t\t\t\t\t\t<span class=\"elementor-accordion-icon-closed\"><i class=\"fas fa-plus\"><\/i><\/span>\n\t\t\t\t\t\t\t\t<span class=\"elementor-accordion-icon-opened\"><i class=\"fas fa-minus\"><\/i><\/span>\n\t\t\t\t\t\t\t\t\t\t\t\t\t\t<\/span>\n\t\t\t\t\t\t\t\t\t\t\t\t<a class=\"elementor-accordion-title\" tabindex=\"0\">2012<\/a>\n\t\t\t\t\t<\/div>\n\t\t\t\t\t<div id=\"elementor-tab-content-2638\" class=\"elementor-tab-content elementor-clearfix\" data-tab=\"8\" role=\"region\" aria-labelledby=\"elementor-tab-title-2638\"><table width=\"505\"><tbody><tr><td width=\"65\"><strong>N\u0103m<\/strong><\/td><td width=\"219\"><strong>Gi\u1ea3i th\u01b0\u1edfng<\/strong><\/td><td width=\"221\"><strong>Ng\u01b0\u1eddi chi\u1ebfn th\u1eafng<\/strong><\/td><\/tr><tr><td width=\"65\">2012<\/td><td width=\"219\">Bob Kerrey CD1<\/td><td width=\"221\">Mary Herres<\/td><\/tr><tr><td width=\"65\">2012<\/td><td width=\"219\">Bob Kerrey CD2<\/td><td width=\"221\">Shelisa Minnifield<\/td><\/tr><tr><td width=\"65\">2012<\/td><td width=\"219\">Bob Kerrey CD3<\/td><td width=\"221\">T\u1ec9nh Deena<\/td><\/tr><tr><td width=\"65\">2012<\/td><td width=\"219\">Kathleen Fahey \u0110\u1ea3ng vi\u00ean d\u00e2n ch\u1ee7 tr\u1ebb tu\u1ed5i ph\u1ee5c v\u1ee5<\/td><td width=\"221\">\u00a0<\/td><\/tr><tr><td width=\"65\">2012<\/td><td width=\"219\">John F. Kennedy<\/td><td width=\"221\">Bri McLarty<\/td><\/tr><tr><td width=\"65\">2012<\/td><td width=\"219\">T\u1ed5ng th\u1ed1ng Roosevelt<\/td><td width=\"221\">Lanny Munson<\/td><\/tr><tr><td width=\"65\">2012<\/td><td width=\"219\">Hall of Fame<\/td><td width=\"221\">Benjamin Nelson<\/td><\/tr><tr><td width=\"65\">2012<\/td><td width=\"219\">Morrison-Exon<\/td><td width=\"221\">Bud Pettigrew<\/td><\/tr><tr><td width=\"65\">2012<\/td><td width=\"219\">\u00c1nh s\u00e1ng m\u1eb7t tr\u1eddi<\/td><td width=\"221\">Chuck Hassebrook<\/td><\/tr><tr><td width=\"65\">2012<\/td><td width=\"219\">Ch\u1ee7 t\u1ecbch ti\u1ec3u bang<\/td><\/tr><\/tbody><\/table><\/div>\n\t\t\t\t<\/div>\n\t\t\t\t\t\t\t<div class=\"elementor-accordion-item\">\n\t\t\t\t\t<div id=\"elementor-tab-title-2639\" class=\"elementor-tab-title\" data-tab=\"9\" role=\"button\" aria-controls=\"elementor-tab-content-2639\" aria-expanded=\"false\">\n\t\t\t\t\t\t\t\t\t\t\t\t\t<span class=\"elementor-accordion-icon elementor-accordion-icon-left\" aria-hidden=\"true\">\n\t\t\t\t\t\t\t\t\t\t\t\t\t\t\t<span class=\"elementor-accordion-icon-closed\"><i class=\"fas fa-plus\"><\/i><\/span>\n\t\t\t\t\t\t\t\t<span class=\"elementor-accordion-icon-opened\"><i class=\"fas fa-minus\"><\/i><\/span>\n\t\t\t\t\t\t\t\t\t\t\t\t\t\t<\/span>\n\t\t\t\t\t\t\t\t\t\t\t\t<a class=\"elementor-accordion-title\" tabindex=\"0\">2011<\/a>\n\t\t\t\t\t<\/div>\n\t\t\t\t\t<div id=\"elementor-tab-content-2639\" class=\"elementor-tab-content elementor-clearfix\" data-tab=\"9\" role=\"region\" aria-labelledby=\"elementor-tab-title-2639\"><table width=\"505\"><tbody><tr><td width=\"65\"><strong>N\u0103m<\/strong><\/td><td width=\"219\"><strong>Gi\u1ea3i th\u01b0\u1edfng<\/strong><\/td><td width=\"221\"><strong>Ng\u01b0\u1eddi chi\u1ebfn th\u1eafng<\/strong><\/td><\/tr><\/tbody><tbody><tr><td width=\"65\">2011<\/td><td width=\"219\">Bob Kerrey CD1<\/td><td width=\"221\">Bennie Shobe<\/td><\/tr><tr><td width=\"65\">2011<\/td><td width=\"219\">Bob Kerrey CD2<\/td><td width=\"221\">Joe Higgins<\/td><\/tr><tr><td width=\"65\">2011<\/td><td width=\"219\">Bob Kerrey CD3<\/td><td width=\"221\">Judy Vohland<\/td><\/tr><tr><td width=\"65\">2011<\/td><td width=\"219\">Kathleen Fahey \u0110\u1ea3ng vi\u00ean d\u00e2n ch\u1ee7 tr\u1ebb tu\u1ed5i ph\u1ee5c v\u1ee5<\/td><td width=\"221\">Jim Rogers v\u00e0 Missy Wigley<\/td><\/tr><tr><td width=\"65\">2011<\/td><td width=\"219\">John F. Kennedy<\/td><td width=\"221\">Karlee Coleman<\/td><\/tr><tr><td width=\"65\">2011<\/td><td width=\"219\">T\u1ed5ng th\u1ed1ng Roosevelt<\/td><td width=\"221\">Joan Killingsworth<\/td><\/tr><tr><td width=\"65\">2011<\/td><td width=\"219\">Hall of Fame<\/td><td width=\"221\">Don Eret<\/td><\/tr><tr><td width=\"65\">2011<\/td><td width=\"219\">Morrison-Exon<\/td><td width=\"221\">Bill Forsee v\u00e0 Christa Yoakum<\/td><\/tr><tr><td width=\"65\">2011<\/td><td width=\"219\">\u00c1nh s\u00e1ng m\u1eb7t tr\u1eddi<\/td><td width=\"221\">Jane Raybould<\/td><\/tr><tr><td width=\"65\">2011<\/td><td width=\"219\">Ch\u1ee7 t\u1ecbch ti\u1ec3u bang<\/td><td width=\"221\">Th\u1ecb tr\u01b0\u1edfng Jim Suttle<\/td><\/tr><\/tbody><\/table><\/div>\n\t\t\t\t<\/div>\n\t\t\t\t\t\t\t<div class=\"elementor-accordion-item\">\n\t\t\t\t\t<div id=\"elementor-tab-title-26310\" class=\"elementor-tab-title\" data-tab=\"10\" role=\"button\" aria-controls=\"elementor-tab-content-26310\" aria-expanded=\"false\">\n\t\t\t\t\t\t\t\t\t\t\t\t\t<span class=\"elementor-accordion-icon elementor-accordion-icon-left\" aria-hidden=\"true\">\n\t\t\t\t\t\t\t\t\t\t\t\t\t\t\t<span class=\"elementor-accordion-icon-closed\"><i class=\"fas fa-plus\"><\/i><\/span>\n\t\t\t\t\t\t\t\t<span class=\"elementor-accordion-icon-opened\"><i class=\"fas fa-minus\"><\/i><\/span>\n\t\t\t\t\t\t\t\t\t\t\t\t\t\t<\/span>\n\t\t\t\t\t\t\t\t\t\t\t\t<a class=\"elementor-accordion-title\" tabindex=\"0\">2010<\/a>\n\t\t\t\t\t<\/div>\n\t\t\t\t\t<div id=\"elementor-tab-content-26310\" class=\"elementor-tab-content elementor-clearfix\" data-tab=\"10\" role=\"region\" aria-labelledby=\"elementor-tab-title-26310\"><table width=\"505\"><tbody><tr><td width=\"65\"><strong>N\u0103m<\/strong><\/td><td width=\"219\"><strong>Gi\u1ea3i th\u01b0\u1edfng<\/strong><\/td><td width=\"221\"><strong>Ng\u01b0\u1eddi chi\u1ebfn th\u1eafng<\/strong><\/td><\/tr><tr><td width=\"65\">2010<\/td><td width=\"219\">Bob Kerrey CD1<\/td><td width=\"221\">Becki Gaston<\/td><\/tr><tr><td width=\"65\">2010<\/td><td width=\"219\">Bob Kerrey CD2<\/td><td width=\"221\">Charlene Ligon<\/td><\/tr><tr><td width=\"65\">2010<\/td><td width=\"219\">Bob Kerrey CD3<\/td><td width=\"221\">Frank Johannsen<\/td><\/tr><tr><td width=\"65\">2010<\/td><td width=\"219\">Kathleen Fahey \u0110\u1ea3ng vi\u00ean d\u00e2n ch\u1ee7 tr\u1ebb tu\u1ed5i ph\u1ee5c v\u1ee5<\/td><td width=\"221\">Danielle Conrad<\/td><\/tr><tr><td width=\"65\">2010<\/td><td width=\"219\">John F. Kennedy<\/td><td width=\"221\">Crystal Rhoades<\/td><\/tr><tr><td width=\"65\">2010<\/td><td width=\"219\">T\u1ed5ng th\u1ed1ng Roosevelt<\/td><td width=\"221\">Ted Kessler<\/td><\/tr><tr><td width=\"65\">2010<\/td><td width=\"219\">Hall of Fame<\/td><td width=\"221\">James Quigley<\/td><\/tr><tr><td width=\"65\">2010<\/td><td width=\"219\">Morrison-Exon<\/td><td width=\"221\">Tom Brown<\/td><\/tr><tr><td width=\"65\">2010<\/td><td width=\"219\">\u00c1nh s\u00e1ng m\u1eb7t tr\u1eddi<\/td><td width=\"221\">Jan Osten<\/td><\/tr><tr><td width=\"65\">2010<\/td><td width=\"219\">Ch\u1ee7 t\u1ecbch ti\u1ec3u bang<\/td><td width=\"221\">John Yoakum<\/td><\/tr><\/tbody><\/table><\/div>\n\t\t\t\t<\/div>\n\t\t\t\t\t\t\t<div class=\"elementor-accordion-item\">\n\t\t\t\t\t<div id=\"elementor-tab-title-26311\" class=\"elementor-tab-title\" data-tab=\"11\" role=\"button\" aria-controls=\"elementor-tab-content-26311\" aria-expanded=\"false\">\n\t\t\t\t\t\t\t\t\t\t\t\t\t<span class=\"elementor-accordion-icon elementor-accordion-icon-left\" aria-hidden=\"true\">\n\t\t\t\t\t\t\t\t\t\t\t\t\t\t\t<span class=\"elementor-accordion-icon-closed\"><i class=\"fas fa-plus\"><\/i><\/span>\n\t\t\t\t\t\t\t\t<span class=\"elementor-accordion-icon-opened\"><i class=\"fas fa-minus\"><\/i><\/span>\n\t\t\t\t\t\t\t\t\t\t\t\t\t\t<\/span>\n\t\t\t\t\t\t\t\t\t\t\t\t<a class=\"elementor-accordion-title\" tabindex=\"0\">2009<\/a>\n\t\t\t\t\t<\/div>\n\t\t\t\t\t<div id=\"elementor-tab-content-26311\" class=\"elementor-tab-content elementor-clearfix\" data-tab=\"11\" role=\"region\" aria-labelledby=\"elementor-tab-title-26311\"><table width=\"505\"><tbody><tr><td width=\"65\"><strong>N\u0103m<\/strong><\/td><td width=\"219\"><strong>Gi\u1ea3i th\u01b0\u1edfng<\/strong><\/td><td width=\"221\"><strong>Ng\u01b0\u1eddi chi\u1ebfn th\u1eafng<\/strong><\/td><\/tr><tr><td width=\"65\">2009<\/td><td width=\"219\">Bob Kerrey CD1<\/td><td width=\"221\">John Yoakum<\/td><\/tr><tr><td width=\"65\">2009<\/td><td width=\"219\">Bob Kerrey CD2<\/td><td width=\"221\">Sandi Skorniak<\/td><\/tr><tr><td width=\"65\">2009<\/td><td width=\"219\">Bob Kerrey CD3<\/td><td width=\"221\">Bud Pettigrew<\/td><\/tr><tr><td width=\"65\">2009<\/td><td width=\"219\">T\u1ed5ng th\u1ed1ng Roosevelt<\/td><td width=\"221\">\u0110\u00e1nh d\u1ea5u c\u00e1c tr\u01b0\u1eddng<\/td><\/tr><tr><td width=\"65\">2009<\/td><td width=\"219\">Hall of Fame<\/td><td width=\"221\">Mike Fahey<\/td><\/tr><tr><td width=\"65\">2009<\/td><td width=\"219\">John F. Kennedy<\/td><td width=\"221\">Jessica Rathbun<\/td><\/tr><tr><td width=\"65\">2009<\/td><td width=\"219\">D\u1ecbch v\u1ee5 Kathleen Fahey<\/td><td width=\"221\">Kyle Michaelis<\/td><\/tr><tr><td width=\"65\">2009<\/td><td width=\"219\">Morrison-Exon<\/td><td width=\"221\">Carol m\u00e1u<\/td><\/tr><tr><td width=\"65\">2009<\/td><td width=\"219\">D\u1ecbch v\u1ee5 \u0111\u1eb7c bi\u1ec7t cho Nh\u00e0 n\u01b0\u1edbc<\/td><td width=\"221\">John Berge<\/td><\/tr><tr><td width=\"65\">2009<\/td><td width=\"219\">Gi\u1ea3i th\u01b0\u1edfng Ch\u1ee7 t\u1ecbch Bang<\/td><td width=\"221\">Chris Jerram<\/td><\/tr><\/tbody><\/table><\/div>\n\t\t\t\t<\/div>\n\t\t\t\t\t\t\t<div class=\"elementor-accordion-item\">\n\t\t\t\t\t<div id=\"elementor-tab-title-26312\" class=\"elementor-tab-title\" data-tab=\"12\" role=\"button\" aria-controls=\"elementor-tab-content-26312\" aria-expanded=\"false\">\n\t\t\t\t\t\t\t\t\t\t\t\t\t<span class=\"elementor-accordion-icon elementor-accordion-icon-left\" aria-hidden=\"true\">\n\t\t\t\t\t\t\t\t\t\t\t\t\t\t\t<span class=\"elementor-accordion-icon-closed\"><i class=\"fas fa-plus\"><\/i><\/span>\n\t\t\t\t\t\t\t\t<span class=\"elementor-accordion-icon-opened\"><i class=\"fas fa-minus\"><\/i><\/span>\n\t\t\t\t\t\t\t\t\t\t\t\t\t\t<\/span>\n\t\t\t\t\t\t\t\t\t\t\t\t<a class=\"elementor-accordion-title\" tabindex=\"0\">2008<\/a>\n\t\t\t\t\t<\/div>\n\t\t\t\t\t<div id=\"elementor-tab-content-26312\" class=\"elementor-tab-content elementor-clearfix\" data-tab=\"12\" role=\"region\" aria-labelledby=\"elementor-tab-title-26312\"><table width=\"505\"><tbody><tr><td width=\"65\"><strong>N\u0103m<\/strong><\/td><td width=\"219\"><strong>Gi\u1ea3i th\u01b0\u1edfng<\/strong><\/td><td width=\"221\"><strong>Ng\u01b0\u1eddi chi\u1ebfn th\u1eafng<\/strong><\/td><\/tr><tr><td width=\"65\"><strong>N\u0103m<\/strong><\/td><td width=\"219\"><strong>Gi\u1ea3i th\u01b0\u1edfng<\/strong><\/td><td width=\"221\"><strong>Ng\u01b0\u1eddi chi\u1ebfn th\u1eafng<\/strong><\/td><\/tr><tr><td width=\"65\">2008<\/td><td width=\"219\">Bob Kerrey CD1<\/td><td width=\"221\">Vic Covalt<\/td><\/tr><tr><td width=\"65\">2008<\/td><td width=\"219\">Bob Kerrey CD2<\/td><td width=\"221\">Peg O&#039;Dea Lippert<\/td><\/tr><tr><td width=\"65\">2008<\/td><td width=\"219\">Bob Kerrey CD3<\/td><td width=\"221\">Carolee Koehn<\/td><\/tr><tr><td width=\"65\">2008<\/td><td width=\"219\">T\u1ed5ng th\u1ed1ng Roosevelt<\/td><td width=\"221\">Donna Noll<\/td><\/tr><tr><td width=\"65\">2008<\/td><td width=\"219\">Hall of Fame<\/td><td width=\"221\">Don Preister<\/td><\/tr><tr><td width=\"65\">2008<\/td><td width=\"219\">John F. Kennedy<\/td><td width=\"221\">Heath Mello<\/td><\/tr><tr><td width=\"65\">2008<\/td><td width=\"219\">Kathleen Fahey \u0110\u1ea3ng vi\u00ean d\u00e2n ch\u1ee7 tr\u1ebb tu\u1ed5i ph\u1ee5c v\u1ee5<\/td><td width=\"221\">Vince Powers<\/td><\/tr><tr><td width=\"65\">2008<\/td><td width=\"219\">Morrison-Exon<\/td><td width=\"221\">Marion Bahensky<\/td><\/tr><\/tbody><\/table><\/div>\n\t\t\t\t<\/div>\n\t\t\t\t\t\t\t<div class=\"elementor-accordion-item\">\n\t\t\t\t\t<div id=\"elementor-tab-title-26313\" class=\"elementor-tab-title\" data-tab=\"13\" role=\"button\" aria-controls=\"elementor-tab-content-26313\" aria-expanded=\"false\">\n\t\t\t\t\t\t\t\t\t\t\t\t\t<span class=\"elementor-accordion-icon elementor-accordion-icon-left\" aria-hidden=\"true\">\n\t\t\t\t\t\t\t\t\t\t\t\t\t\t\t<span class=\"elementor-accordion-icon-closed\"><i class=\"fas fa-plus\"><\/i><\/span>\n\t\t\t\t\t\t\t\t<span class=\"elementor-accordion-icon-opened\"><i class=\"fas fa-minus\"><\/i><\/span>\n\t\t\t\t\t\t\t\t\t\t\t\t\t\t<\/span>\n\t\t\t\t\t\t\t\t\t\t\t\t<a class=\"elementor-accordion-title\" tabindex=\"0\">2007<\/a>\n\t\t\t\t\t<\/div>\n\t\t\t\t\t<div id=\"elementor-tab-content-26313\" class=\"elementor-tab-content elementor-clearfix\" data-tab=\"13\" role=\"region\" aria-labelledby=\"elementor-tab-title-26313\"><table width=\"505\"><tbody><tr><td width=\"65\">2007<\/td><td width=\"219\">Bob Kerrey CD1<\/td><td width=\"221\">Rick Carter<\/td><\/tr><tr><td width=\"65\">2007<\/td><td width=\"219\">Bob Kerrey CD2<\/td><td width=\"221\">Phyllis Ebey<\/td><\/tr><tr><td width=\"65\">2007<\/td><td width=\"219\">Bob Kerrey CD3<\/td><td width=\"221\">Mike Zgud<\/td><\/tr><tr><td width=\"65\">2007<\/td><td width=\"219\">T\u1ed5ng th\u1ed1ng Roosevelt<\/td><td width=\"221\">Selma Mesner<\/td><\/tr><tr><td width=\"65\">2007<\/td><td width=\"219\">Hall of Fame<\/td><td width=\"221\">Colleen Seng<\/td><\/tr><tr><td width=\"65\">2007<\/td><td width=\"219\">John F. Kennedy<\/td><td width=\"221\">Jeremy Nordquist<\/td><\/tr><tr><td width=\"65\">2007<\/td><td width=\"219\">Kathleen Fahey \u0110\u1ea3ng vi\u00ean d\u00e2n ch\u1ee7 tr\u1ebb tu\u1ed5i ph\u1ee5c v\u1ee5<\/td><td width=\"221\">Bill Avery<\/td><\/tr><tr><td width=\"65\">2007<\/td><td width=\"219\">Morrison-Exon<\/td><td width=\"221\">Duane Jones<\/td><\/tr><\/tbody><\/table><\/div>\n\t\t\t\t<\/div>\n\t\t\t\t\t\t\t\t<\/div>\n\t\t\t\t\t\t<\/div>\n\t\t\t\t<\/div>\n\t\t\t\t\t<\/div>\n\t\t<\/div>\n\t\t\t\t\t<\/div>\n\t\t<\/section>\n\t\t\t\t<\/div>","protected":false},"excerpt":{"rendered":"<p>The inaugural Nelson Gala is taking place on Oct. 14 in Omaha!\u00a0 Each year the Nebraska Democratic Party celebrates elected officials, candidates, party leaders and grassroots volunteers that build our party. For about two decades, the annual event was called the Morrison Exon fundraiser in honor of Gov. Frank Morrison and\u00a0 Sen. Jim Exon. In &#8230; <a title=\"L\u1ec5 nh\u1eadm ch\u1ee9c c\u1ee7a Ben Nelson\" class=\"read-more\" href=\"https:\/\/nebraskademocrats.org\/vi\/about\/morrison-exon-annual-awards\/\" aria-label=\"More on Ben Nelson Inaugural Gala\">\u0110\u1ecdc th\u00eam<\/a><\/p>","protected":false},"author":7,"featured_media":7,"parent":10,"menu_order":0,"comment_status":"closed","ping_status":"closed","template":"","meta":{"_acf_changed":false,"_exactmetrics_skip_tracking":false,"_exactmetrics_sitenote_active":false,"_exactmetrics_sitenote_note":"","_exactmetrics_sitenote_category":0,"footnotes":""},"class_list":["post-2825","page","type-page","status-publish","has-post-thumbnail"],"acf":[],"yoast_head":"<!-- This site is optimized with the Yoast SEO plugin v27.4 - https:\/\/yoast.com\/product\/yoast-seo-wordpress\/ -->\n<title>Ben Nelson Inaugural Gala &#8211; Nebraska Democratic Party<\/title>\n<meta name=\"robots\" content=\"index, follow, max-snippet:-1, max-image-preview:large, max-video-preview:-1\" \/>\n<link rel=\"canonical\" href=\"https:\/\/nebraskademocrats.org\/vi\/about\/morrison-exon-annual-awards\/\" \/>\n<meta property=\"og:locale\" content=\"vi_VN\" \/>\n<meta property=\"og:type\" content=\"article\" \/>\n<meta property=\"og:title\" content=\"Ben Nelson Inaugural Gala &#8211; Nebraska Democratic Party\" \/>\n<meta property=\"og:description\" content=\"The inaugural Nelson Gala is taking place on Oct. 14 in Omaha!\u00a0 Each year the Nebraska Democratic Party celebrates elected officials, candidates, party leaders and grassroots volunteers that build our party. For about two decades, the annual event was called the Morrison Exon fundraiser in honor of Gov. Frank Morrison and\u00a0 Sen. Jim Exon. In ... Read more\" \/>\n<meta property=\"og:url\" content=\"https:\/\/nebraskademocrats.org\/vi\/about\/morrison-exon-annual-awards\/\" \/>\n<meta property=\"og:site_name\" content=\"Nebraska Democratic Party\" \/>\n<meta property=\"article:publisher\" content=\"https:\/\/www.facebook.com\/NebraskaDemocraticParty\/\" \/>\n<meta property=\"article:modified_time\" content=\"2022-12-06T21:09:35+00:00\" \/>\n<meta property=\"og:image\" content=\"https:\/\/nebraskademocrats.org\/wp-content\/uploads\/2016\/05\/topback.jpg\" \/>\n\t<meta property=\"og:image:width\" content=\"2795\" \/>\n\t<meta property=\"og:image:height\" content=\"1751\" \/>\n\t<meta property=\"og:image:type\" content=\"image\/jpeg\" \/>\n<meta name=\"twitter:card\" content=\"summary_large_image\" \/>\n<meta name=\"twitter:site\" content=\"@nebraskadems\" \/>\n<meta name=\"twitter:label1\" content=\"\u01af\u1edbc t\u00ednh th\u1eddi gian \u0111\u1ecdc\" \/>\n\t<meta name=\"twitter:data1\" content=\"11 ph\u00fat\" \/>\n<script type=\"application\/ld+json\" class=\"yoast-schema-graph\">{\"@context\":\"https:\\\/\\\/schema.org\",\"@graph\":[{\"@type\":\"WebPage\",\"@id\":\"https:\\\/\\\/nebraskademocrats.org\\\/about\\\/morrison-exon-annual-awards\\\/\",\"url\":\"https:\\\/\\\/nebraskademocrats.org\\\/about\\\/morrison-exon-annual-awards\\\/\",\"name\":\"Ben Nelson Inaugural Gala &#8211; Nebraska Democratic Party\",\"isPartOf\":{\"@id\":\"https:\\\/\\\/nebraskademocrats.org\\\/#website\"},\"primaryImageOfPage\":{\"@id\":\"https:\\\/\\\/nebraskademocrats.org\\\/about\\\/morrison-exon-annual-awards\\\/#primaryimage\"},\"image\":{\"@id\":\"https:\\\/\\\/nebraskademocrats.org\\\/about\\\/morrison-exon-annual-awards\\\/#primaryimage\"},\"thumbnailUrl\":\"https:\\\/\\\/nebraskademocrats.org\\\/wp-content\\\/uploads\\\/2016\\\/05\\\/topback.jpg\",\"datePublished\":\"2017-09-04T16:47:48+00:00\",\"dateModified\":\"2022-12-06T21:09:35+00:00\",\"breadcrumb\":{\"@id\":\"https:\\\/\\\/nebraskademocrats.org\\\/about\\\/morrison-exon-annual-awards\\\/#breadcrumb\"},\"inLanguage\":\"vi\",\"potentialAction\":[{\"@type\":\"ReadAction\",\"target\":[\"https:\\\/\\\/nebraskademocrats.org\\\/about\\\/morrison-exon-annual-awards\\\/\"]}]},{\"@type\":\"ImageObject\",\"inLanguage\":\"vi\",\"@id\":\"https:\\\/\\\/nebraskademocrats.org\\\/about\\\/morrison-exon-annual-awards\\\/#primaryimage\",\"url\":\"https:\\\/\\\/nebraskademocrats.org\\\/wp-content\\\/uploads\\\/2016\\\/05\\\/topback.jpg\",\"contentUrl\":\"https:\\\/\\\/nebraskademocrats.org\\\/wp-content\\\/uploads\\\/2016\\\/05\\\/topback.jpg\",\"width\":2795,\"height\":1751},{\"@type\":\"BreadcrumbList\",\"@id\":\"https:\\\/\\\/nebraskademocrats.org\\\/about\\\/morrison-exon-annual-awards\\\/#breadcrumb\",\"itemListElement\":[{\"@type\":\"ListItem\",\"position\":1,\"name\":\"Home\",\"item\":\"https:\\\/\\\/nebraskademocrats.org\\\/\"},{\"@type\":\"ListItem\",\"position\":2,\"name\":\"About\",\"item\":\"https:\\\/\\\/nebraskademocrats.org\\\/about\\\/\"},{\"@type\":\"ListItem\",\"position\":3,\"name\":\"Ben Nelson Inaugural Gala\"}]},{\"@type\":\"WebSite\",\"@id\":\"https:\\\/\\\/nebraskademocrats.org\\\/#website\",\"url\":\"https:\\\/\\\/nebraskademocrats.org\\\/\",\"name\":\"Nebraska Democratic Party\",\"description\":\"Growing the Good Life for All Nebraskans\",\"publisher\":{\"@id\":\"https:\\\/\\\/nebraskademocrats.org\\\/#organization\"},\"potentialAction\":[{\"@type\":\"SearchAction\",\"target\":{\"@type\":\"EntryPoint\",\"urlTemplate\":\"https:\\\/\\\/nebraskademocrats.org\\\/?s={search_term_string}\"},\"query-input\":{\"@type\":\"PropertyValueSpecification\",\"valueRequired\":true,\"valueName\":\"search_term_string\"}}],\"inLanguage\":\"vi\"},{\"@type\":\"Organization\",\"@id\":\"https:\\\/\\\/nebraskademocrats.org\\\/#organization\",\"name\":\"Nebraska Democratic Party\",\"url\":\"https:\\\/\\\/nebraskademocrats.org\\\/\",\"logo\":{\"@type\":\"ImageObject\",\"inLanguage\":\"vi\",\"@id\":\"https:\\\/\\\/nebraskademocrats.org\\\/#\\\/schema\\\/logo\\\/image\\\/\",\"url\":\"https:\\\/\\\/nebraskadem.wpenginepowered.com\\\/wp-content\\\/uploads\\\/2016\\\/05\\\/NDP2.jpg\",\"contentUrl\":\"https:\\\/\\\/nebraskadem.wpenginepowered.com\\\/wp-content\\\/uploads\\\/2016\\\/05\\\/NDP2.jpg\",\"width\":1000,\"height\":396,\"caption\":\"Nebraska Democratic Party\"},\"image\":{\"@id\":\"https:\\\/\\\/nebraskademocrats.org\\\/#\\\/schema\\\/logo\\\/image\\\/\"},\"sameAs\":[\"https:\\\/\\\/www.facebook.com\\\/NebraskaDemocraticParty\\\/\",\"https:\\\/\\\/x.com\\\/nebraskadems\"]}]}<\/script>\n<!-- \/ Yoast SEO plugin. -->","yoast_head_json":{"title":"Ben Nelson Inaugural Gala &#8211; Nebraska Democratic Party","robots":{"index":"index","follow":"follow","max-snippet":"max-snippet:-1","max-image-preview":"max-image-preview:large","max-video-preview":"max-video-preview:-1"},"canonical":"https:\/\/nebraskademocrats.org\/vi\/about\/morrison-exon-annual-awards\/","og_locale":"vi_VN","og_type":"article","og_title":"Ben Nelson Inaugural Gala &#8211; Nebraska Democratic Party","og_description":"The inaugural Nelson Gala is taking place on Oct. 14 in Omaha!\u00a0 Each year the Nebraska Democratic Party celebrates elected officials, candidates, party leaders and grassroots volunteers that build our party. For about two decades, the annual event was called the Morrison Exon fundraiser in honor of Gov. Frank Morrison and\u00a0 Sen. Jim Exon. In ... Read more","og_url":"https:\/\/nebraskademocrats.org\/vi\/about\/morrison-exon-annual-awards\/","og_site_name":"Nebraska Democratic Party","article_publisher":"https:\/\/www.facebook.com\/NebraskaDemocraticParty\/","article_modified_time":"2022-12-06T21:09:35+00:00","og_image":[{"width":2795,"height":1751,"url":"https:\/\/nebraskademocrats.org\/wp-content\/uploads\/2016\/05\/topback.jpg","type":"image\/jpeg"}],"twitter_card":"summary_large_image","twitter_site":"@nebraskadems","twitter_misc":{"\u01af\u1edbc t\u00ednh th\u1eddi gian \u0111\u1ecdc":"11 ph\u00fat"},"schema":{"@context":"https:\/\/schema.org","@graph":[{"@type":"WebPage","@id":"https:\/\/nebraskademocrats.org\/about\/morrison-exon-annual-awards\/","url":"https:\/\/nebraskademocrats.org\/about\/morrison-exon-annual-awards\/","name":"Ben Nelson Inaugural Gala &#8211; Nebraska Democratic Party","isPartOf":{"@id":"https:\/\/nebraskademocrats.org\/#website"},"primaryImageOfPage":{"@id":"https:\/\/nebraskademocrats.org\/about\/morrison-exon-annual-awards\/#primaryimage"},"image":{"@id":"https:\/\/nebraskademocrats.org\/about\/morrison-exon-annual-awards\/#primaryimage"},"thumbnailUrl":"https:\/\/nebraskademocrats.org\/wp-content\/uploads\/2016\/05\/topback.jpg","datePublished":"2017-09-04T16:47:48+00:00","dateModified":"2022-12-06T21:09:35+00:00","breadcrumb":{"@id":"https:\/\/nebraskademocrats.org\/about\/morrison-exon-annual-awards\/#breadcrumb"},"inLanguage":"vi","potentialAction":[{"@type":"ReadAction","target":["https:\/\/nebraskademocrats.org\/about\/morrison-exon-annual-awards\/"]}]},{"@type":"ImageObject","inLanguage":"vi","@id":"https:\/\/nebraskademocrats.org\/about\/morrison-exon-annual-awards\/#primaryimage","url":"https:\/\/nebraskademocrats.org\/wp-content\/uploads\/2016\/05\/topback.jpg","contentUrl":"https:\/\/nebraskademocrats.org\/wp-content\/uploads\/2016\/05\/topback.jpg","width":2795,"height":1751},{"@type":"BreadcrumbList","@id":"https:\/\/nebraskademocrats.org\/about\/morrison-exon-annual-awards\/#breadcrumb","itemListElement":[{"@type":"ListItem","position":1,"name":"Home","item":"https:\/\/nebraskademocrats.org\/"},{"@type":"ListItem","position":2,"name":"About","item":"https:\/\/nebraskademocrats.org\/about\/"},{"@type":"ListItem","position":3,"name":"Ben Nelson Inaugural Gala"}]},{"@type":"WebSite","@id":"https:\/\/nebraskademocrats.org\/#website","url":"https:\/\/nebraskademocrats.org\/","name":"Nebraska Democratic Party","description":"Ph\u00e1t tri\u1ec3n cu\u1ed9c s\u1ed1ng t\u1ed1t \u0111\u1eb9p cho t\u1ea5t c\u1ea3 Nebraskans","publisher":{"@id":"https:\/\/nebraskademocrats.org\/#organization"},"potentialAction":[{"@type":"SearchAction","target":{"@type":"EntryPoint","urlTemplate":"https:\/\/nebraskademocrats.org\/?s={search_term_string}"},"query-input":{"@type":"PropertyValueSpecification","valueRequired":true,"valueName":"search_term_string"}}],"inLanguage":"vi"},{"@type":"Organization","@id":"https:\/\/nebraskademocrats.org\/#organization","name":"Nebraska Democratic Party","url":"https:\/\/nebraskademocrats.org\/","logo":{"@type":"ImageObject","inLanguage":"vi","@id":"https:\/\/nebraskademocrats.org\/#\/schema\/logo\/image\/","url":"https:\/\/nebraskadem.wpenginepowered.com\/wp-content\/uploads\/2016\/05\/NDP2.jpg","contentUrl":"https:\/\/nebraskadem.wpenginepowered.com\/wp-content\/uploads\/2016\/05\/NDP2.jpg","width":1000,"height":396,"caption":"Nebraska Democratic Party"},"image":{"@id":"https:\/\/nebraskademocrats.org\/#\/schema\/logo\/image\/"},"sameAs":["https:\/\/www.facebook.com\/NebraskaDemocraticParty\/","https:\/\/x.com\/nebraskadems"]}]}},"_links":{"self":[{"href":"https:\/\/nebraskademocrats.org\/vi\/wp-json\/wp\/v2\/pages\/2825","targetHints":{"allow":["GET"]}}],"collection":[{"href":"https:\/\/nebraskademocrats.org\/vi\/wp-json\/wp\/v2\/pages"}],"about":[{"href":"https:\/\/nebraskademocrats.org\/vi\/wp-json\/wp\/v2\/types\/page"}],"author":[{"embeddable":true,"href":"https:\/\/nebraskademocrats.org\/vi\/wp-json\/wp\/v2\/users\/7"}],"replies":[{"embeddable":true,"href":"https:\/\/nebraskademocrats.org\/vi\/wp-json\/wp\/v2\/comments?post=2825"}],"version-history":[{"count":0,"href":"https:\/\/nebraskademocrats.org\/vi\/wp-json\/wp\/v2\/pages\/2825\/revisions"}],"up":[{"embeddable":true,"href":"https:\/\/nebraskademocrats.org\/vi\/wp-json\/wp\/v2\/pages\/10"}],"wp:featuredmedia":[{"embeddable":true,"href":"https:\/\/nebraskademocrats.org\/vi\/wp-json\/wp\/v2\/media\/7"}],"wp:attachment":[{"href":"https:\/\/nebraskademocrats.org\/vi\/wp-json\/wp\/v2\/media?parent=2825"}],"curies":[{"name":"wp","href":"https:\/\/api.w.org\/{rel}","templated":true}]}}