{"id":10053,"date":"2019-09-20T13:23:43","date_gmt":"2019-09-20T18:23:43","guid":{"rendered":"https:\/\/nebraskadem.wpenginepowered.com\/?post_type=tribe_events&#038;p=10053"},"modified":"2019-10-10T11:53:34","modified_gmt":"2019-10-10T16:53:34","slug":"fourth-democratic-presidential-debate","status":"publish","type":"tribe_events","link":"https:\/\/nebraskademocrats.org\/vi\/event\/fourth-democratic-presidential-debate\/","title":{"rendered":"Cu\u1ed9c tranh lu\u1eadn t\u1ed5ng th\u1ed1ng l\u1ea7n th\u1ee9 t\u01b0 c\u1ee7a \u0111\u1ea3ng D\u00e2n ch\u1ee7"},"content":{"rendered":"<div class=\"\" data-block=\"true\" data-editor=\"8qf0r\" data-offset-key=\"9acvr-0-0\">\n<div class=\"_1mf _1mj\" data-offset-key=\"9acvr-0-0\"><span data-offset-key=\"9acvr-0-0\">DNC, CNN v\u00e0 The New York Times th\u00f4ng b\u00e1o r\u1eb1ng 12 \u1ee9ng c\u1eed vi\u00ean \u0111\u00e3 \u0111\u01b0\u1ee3c m\u1eddi tham gia cu\u1ed9c tranh lu\u1eadn s\u01a1 b\u1ed9 l\u1ea7n th\u1ee9 t\u01b0 c\u1ee7a \u0111\u1ea3ng D\u00e2n ch\u1ee7. M\u1ed7i \u1ee9ng vi\u00ean \u0111\u01b0\u1ee3c m\u1eddi d\u1ef1a tr\u00ean c\u00e1c ti\u00eau ch\u00ed v\u1ec1 tr\u00ecnh \u0111\u1ed9 \u0111\u00e3 \u0111\u01b0\u1ee3c DNC, CNN v\u00e0 The New York Times \u0111\u1ed3ng \u00fd v\u00e0 \u0111\u00e3 \u0111\u01b0\u1ee3c c\u00f4ng b\u1ed1 v\u00e0o th\u00e1ng 5 n\u0103m 2019.<\/span><\/div>\n<\/div>\n<div class=\"\" data-block=\"true\" data-editor=\"8qf0r\" data-offset-key=\"5sfau-0-0\">\n<div class=\"_1mf _1mj\" data-offset-key=\"5sfau-0-0\"><span data-offset-key=\"5sfau-0-0\">\u00a0<\/span><\/div>\n<\/div>\n<div class=\"\" data-block=\"true\" data-editor=\"8qf0r\" data-offset-key=\"7k936-0-0\">\n<div class=\"_1mf _1mj\" data-offset-key=\"7k936-0-0\"><span data-offset-key=\"7k936-0-0\">Cu\u1ed9c tranh lu\u1eadn s\u1ebd ph\u00e1t tr\u1ef1c ti\u1ebfp to\u00e0n b\u1ed9 m\u00e0 kh\u00f4ng y\u00eau c\u1ea7u \u0111\u0103ng nh\u1eadp v\u00e0o nh\u00e0 cung c\u1ea5p d\u1ecbch v\u1ee5 c\u00e1p, ch\u1ec9 v\u00e0o trang ch\u1ee7 c\u1ee7a CNN.com v\u00e0 NYTimes.com, tr\u00ean c\u00e1c thi\u1ebft b\u1ecb di \u0111\u1ed9ng th\u00f4ng qua \u1ee9ng d\u1ee5ng c\u1ee7a CNN v\u00e0 The New York Times d\u00e0nh cho iOS v\u00e0 Android c\u0169ng nh\u01b0 th\u00f4ng qua \u1ee9ng d\u1ee5ng CNNgo cho Apple TV, Roku, Amazon Fire, Chromecast v\u00e0 Android TV. <\/span><\/div>\n<\/div>\n<div class=\"\" data-block=\"true\" data-editor=\"8qf0r\" data-offset-key=\"atsv0-0-0\">\n<div class=\"_1mf _1mj\" data-offset-key=\"atsv0-0-0\"><span data-offset-key=\"atsv0-0-0\">\u00a0<\/span><\/div>\n<\/div>\n<div class=\"\" data-block=\"true\" data-editor=\"8qf0r\" data-offset-key=\"56hpm-0-0\">\n<div class=\"_1mf _1mj\" data-offset-key=\"56hpm-0-0\"><span data-offset-key=\"56hpm-0-0\">Cu\u1ed9c tranh lu\u1eadn \u0111\u1ea7y \u0111\u1ee7 s\u1ebd ch\u1ec9 c\u00f3 trong ng\u00e0y sau khi ph\u00e1t s\u00f3ng theo y\u00eau c\u1ea7u qua h\u1ec7 th\u1ed1ng c\u00e1p \/ v\u1ec7 tinh, tr\u00ean CNNgo (t\u1ea1i CNN.com\/go tr\u00ean m\u00e1y t\u00ednh \u0111\u1ec3 b\u00e0n, \u0111i\u1ec7n tho\u1ea1i th\u00f4ng minh v\u00e0 m\u00e1y t\u00ednh b\u1ea3ng c\u1ee7a b\u1ea1n v\u00e0 th\u00f4ng qua c\u00e1c \u1ee9ng d\u1ee5ng CNNgo OTT) v\u00e0 c\u00e1c \u1ee9ng d\u1ee5ng CNN d\u00e0nh cho thi\u1ebft b\u1ecb di \u0111\u1ed9ng tr\u00ean iOS v\u00e0 Android. Ngo\u00e0i vi\u1ec7c ph\u00e1t tr\u1ef1c ti\u1ebfp tr\u00ean Facebook, \u00e2m thanh c\u1ee7a cu\u1ed9c tranh lu\u1eadn c\u0169ng s\u1ebd \u0111\u01b0\u1ee3c ph\u00e1t s\u00f3ng tr\u00ean Westwood One Radio Network, SiriusXM, Amazon Alexa v\u00e0 National Public Radio. C\u00e1c \u0111\u1ed1i t\u00e1c ph\u00e1t s\u00f3ng c\u1ee7a ch\u00fang t\u00f4i ho\u00e0n to\u00e0n cam k\u1ebft cung c\u1ea5p th\u00f4ng tin li\u00ean l\u1ea1c d\u1ec5 ti\u1ebfp c\u1eadn cho kh\u00e1n gi\u1ea3 khi\u1ebfm th\u00ednh v\u00e0 khuy\u1ebft t\u1eadt.<\/span><\/div>\n<\/div>\n<div class=\"\" data-block=\"true\" data-editor=\"8qf0r\" data-offset-key=\"fkie9-0-0\">\n<div class=\"_1mf _1mj\" data-offset-key=\"fkie9-0-0\"><span data-offset-key=\"fkie9-0-0\">\u00a0<\/span><\/div>\n<\/div>\n<div class=\"\" data-block=\"true\" data-editor=\"8qf0r\" data-offset-key=\"1g4j3-0-0\">\n<div class=\"_1mf _1mj\" data-offset-key=\"1g4j3-0-0\"><span data-offset-key=\"1g4j3-0-0\">DNC, CNN v\u00e0 The New York Times tr\u01b0\u1edbc \u0111\u00f3 \u0111\u00e3 th\u00f4ng b\u00e1o r\u1eb1ng cu\u1ed9c tranh lu\u1eadn th\u1ee9 t\u01b0 s\u1ebd di\u1ec5n ra v\u00e0o ng\u00e0y 15 th\u00e1ng 10 t\u1ea1i \u0110\u1ea1i h\u1ecdc Otterbein \u1edf Westerville, Ohio.<\/span><\/div>\n<\/div>\n<div class=\"\" data-block=\"true\" data-editor=\"8qf0r\" data-offset-key=\"4dtju-0-0\">\n<div class=\"_1mf _1mj\" data-offset-key=\"4dtju-0-0\"><span data-offset-key=\"4dtju-0-0\">\u00a0<\/span><\/div>\n<\/div>\n<div class=\"\" data-block=\"true\" data-editor=\"8qf0r\" data-offset-key=\"d1g50-0-0\">\n<div class=\"_1mf _1mj\" data-offset-key=\"d1g50-0-0\"><span data-offset-key=\"d1g50-0-0\">D\u1ef1a tr\u00ean c\u00e1c ti\u00eau ch\u00ed v\u1ec1 tr\u00ecnh \u0111\u1ed9 \u0111\u01b0\u1ee3c DNC, CNN v\u00e0 The New York Times nh\u1ea5t tr\u00ed v\u00e0 c\u00f4ng b\u1ed1 v\u00e0o th\u00e1ng 5 n\u0103m 2019, c\u00e1c \u1ee9ng vi\u00ean sau \u0111\u00e3 \u0111\u01b0\u1ee3c m\u1eddi tham gia cu\u1ed9c tranh lu\u1eadn s\u01a1 b\u1ed9 th\u1ee9 t\u01b0:<\/span><\/div>\n<\/div>\n<div class=\"\" data-block=\"true\" data-editor=\"8qf0r\" data-offset-key=\"5o1qt-0-0\">\n<div class=\"_1mf _1mj\" data-offset-key=\"5o1qt-0-0\"><span data-offset-key=\"5o1qt-0-0\">\u00a0<\/span><\/div>\n<\/div>\n<div class=\"\" data-block=\"true\" data-editor=\"8qf0r\" data-offset-key=\"5u2oa-0-0\">\n<div class=\"_1mf _1mj\" data-offset-key=\"5u2oa-0-0\"><span data-offset-key=\"5u2oa-0-0\">\u2013Vice President Joe Biden<\/span><\/div>\n<\/div>\n<div class=\"\" data-block=\"true\" data-editor=\"8qf0r\" data-offset-key=\"f46av-0-0\">\n<div class=\"_1mf _1mj\" data-offset-key=\"f46av-0-0\"><span data-offset-key=\"f46av-0-0\">\u2013Sen. Cory Booker<\/span><\/div>\n<\/div>\n<div class=\"\" data-block=\"true\" data-editor=\"8qf0r\" data-offset-key=\"as9ck-0-0\">\n<div class=\"_1mf _1mj\" data-offset-key=\"as9ck-0-0\"><span data-offset-key=\"as9ck-0-0\">\u2013Mayor Pete Buttigieg<\/span><\/div>\n<\/div>\n<div class=\"\" data-block=\"true\" data-editor=\"8qf0r\" data-offset-key=\"ef8nf-0-0\">\n<div class=\"_1mf _1mj\" data-offset-key=\"ef8nf-0-0\"><span data-offset-key=\"ef8nf-0-0\">\u2013Sec. Julian Castro<\/span><\/div>\n<\/div>\n<div class=\"\" data-block=\"true\" data-editor=\"8qf0r\" data-offset-key=\"ed32m-0-0\">\n<div class=\"_1mf _1mj\" data-offset-key=\"ed32m-0-0\"><span data-offset-key=\"ed32m-0-0\">-Tr\u1ea3 l\u1eddi. Tulsi Gabbard<\/span><\/div>\n<\/div>\n<div class=\"\" data-block=\"true\" data-editor=\"8qf0r\" data-offset-key=\"3h136-0-0\">\n<div class=\"_1mf _1mj\" data-offset-key=\"3h136-0-0\"><span data-offset-key=\"3h136-0-0\">\u2013Sen. Kamala Harris<\/span><\/div>\n<\/div>\n<div class=\"\" data-block=\"true\" data-editor=\"8qf0r\" data-offset-key=\"7dbob-0-0\">\n<div class=\"_1mf _1mj\" data-offset-key=\"7dbob-0-0\"><span data-offset-key=\"7dbob-0-0\">\u2013Sen. Amy Klobuchar<\/span><\/div>\n<\/div>\n<div class=\"\" data-block=\"true\" data-editor=\"8qf0r\" data-offset-key=\"1dj56-0-0\">\n<div class=\"_1mf _1mj\" data-offset-key=\"1dj56-0-0\"><span data-offset-key=\"1dj56-0-0\">-Tr\u1ea3 l\u1eddi. Beto O&#039;Rourke<\/span><\/div>\n<\/div>\n<div class=\"\" data-block=\"true\" data-editor=\"8qf0r\" data-offset-key=\"7535c-0-0\">\n<div class=\"_1mf _1mj\" data-offset-key=\"7535c-0-0\"><span data-offset-key=\"7535c-0-0\">\u2013Sen. Bernie Sanders<\/span><\/div>\n<\/div>\n<div class=\"\" data-block=\"true\" data-editor=\"8qf0r\" data-offset-key=\"cl1i6-0-0\">\n<div class=\"_1mf _1mj\" data-offset-key=\"cl1i6-0-0\"><span data-offset-key=\"cl1i6-0-0\">-\u00d4ng. Tom Steyer<\/span><\/div>\n<\/div>\n<div class=\"\" data-block=\"true\" data-editor=\"8qf0r\" data-offset-key=\"a47co-0-0\">\n<div class=\"_1mf _1mj\" data-offset-key=\"a47co-0-0\"><span data-offset-key=\"a47co-0-0\">\u2013Sen. Elizabeth Warren<\/span><\/div>\n<\/div>\n<div class=\"\" data-block=\"true\" data-editor=\"8qf0r\" data-offset-key=\"cmv26-0-0\">\n<div class=\"_1mf _1mj\" data-offset-key=\"cmv26-0-0\"><span data-offset-key=\"cmv26-0-0\">-\u00d4ng. Andrew Yang<\/span><\/div>\n<\/div>\n<div class=\"\" data-block=\"true\" data-editor=\"8qf0r\" data-offset-key=\"8jh39-0-0\">\n<div class=\"_1mf _1mj\" data-offset-key=\"8jh39-0-0\"><span data-offset-key=\"8jh39-0-0\">\u00a0<\/span><\/div>\n<\/div>\n<div class=\"\" data-block=\"true\" data-editor=\"8qf0r\" data-offset-key=\"61mga-0-0\">\n<div class=\"_1mf _1mj\" data-offset-key=\"61mga-0-0\"><span data-offset-key=\"61mga-0-0\">\u00a0<\/span><\/div>\n<\/div>\n<div class=\"\" data-block=\"true\" data-editor=\"8qf0r\" data-offset-key=\"15sa9-0-0\"><\/div>","protected":false},"excerpt":{"rendered":"<p>The DNC, CNN, and The New York Times announced that 12 candidates have been invited to participate in the fourth Democratic presidential primary debate. Each candidate was invited based on qualification criteria agreed to by the DNC, CNN, and The New York Times that were announced in May 2019. \u00a0 The debate will stream live &#8230; <a title=\"Cu\u1ed9c tranh lu\u1eadn t\u1ed5ng th\u1ed1ng l\u1ea7n th\u1ee9 t\u01b0 c\u1ee7a \u0111\u1ea3ng D\u00e2n ch\u1ee7\" class=\"read-more\" href=\"https:\/\/nebraskademocrats.org\/vi\/event\/fourth-democratic-presidential-debate\/\" aria-label=\"More on Fourth Democratic Presidential Debate\">\u0110\u1ecdc th\u00eam<\/a><\/p>","protected":false},"author":19,"featured_media":0,"template":"","meta":{"_acf_changed":false,"_exactmetrics_skip_tracking":false,"_exactmetrics_sitenote_active":false,"_exactmetrics_sitenote_note":"","_exactmetrics_sitenote_category":0,"_tribe_events_status":"","_tribe_events_status_reason":"","footnotes":""},"tags":[],"tribe_events_cat":[],"class_list":["post-10053","tribe_events","type-tribe_events","status-publish","hentry"],"acf":[],"yoast_head":"<!-- This site is optimized with the Yoast SEO plugin v27.4 - https:\/\/yoast.com\/product\/yoast-seo-wordpress\/ -->\n<title>Fourth Democratic Presidential Debate &#8211; Nebraska Democratic Party<\/title>\n<meta name=\"robots\" content=\"index, follow, max-snippet:-1, max-image-preview:large, max-video-preview:-1\" \/>\n<link rel=\"canonical\" href=\"https:\/\/nebraskademocrats.org\/vi\/event\/fourth-democratic-presidential-debate\/\" \/>\n<meta property=\"og:locale\" content=\"vi_VN\" \/>\n<meta property=\"og:type\" content=\"article\" \/>\n<meta property=\"og:title\" content=\"Fourth Democratic Presidential Debate &#8211; Nebraska Democratic Party\" \/>\n<meta property=\"og:description\" content=\"The DNC, CNN, and The New York Times announced that 12 candidates have been invited to participate in the fourth Democratic presidential primary debate. Each candidate was invited based on qualification criteria agreed to by the DNC, CNN, and The New York Times that were announced in May 2019. \u00a0 The debate will stream live ... Read more\" \/>\n<meta property=\"og:url\" content=\"https:\/\/nebraskademocrats.org\/vi\/event\/fourth-democratic-presidential-debate\/\" \/>\n<meta property=\"og:site_name\" content=\"Nebraska Democratic Party\" \/>\n<meta property=\"article:publisher\" content=\"https:\/\/www.facebook.com\/NebraskaDemocraticParty\/\" \/>\n<meta property=\"article:modified_time\" content=\"2019-10-10T16:53:34+00:00\" \/>\n<meta property=\"og:image\" content=\"https:\/\/nebraskademocrats.org\/wp-content\/uploads\/2018\/09\/ne-dems-fb.jpg\" \/>\n\t<meta property=\"og:image:width\" content=\"1200\" \/>\n\t<meta property=\"og:image:height\" content=\"630\" \/>\n\t<meta property=\"og:image:type\" content=\"image\/jpeg\" \/>\n<meta name=\"twitter:card\" content=\"summary_large_image\" \/>\n<meta name=\"twitter:site\" content=\"@nebraskadems\" \/>\n<meta name=\"twitter:label1\" content=\"\u01af\u1edbc t\u00ednh th\u1eddi gian \u0111\u1ecdc\" \/>\n\t<meta name=\"twitter:data1\" content=\"1 ph\u00fat\" \/>\n<script type=\"application\/ld+json\" class=\"yoast-schema-graph\">{\"@context\":\"https:\\\/\\\/schema.org\",\"@graph\":[{\"@type\":\"WebPage\",\"@id\":\"https:\\\/\\\/nebraskademocrats.org\\\/event\\\/fourth-democratic-presidential-debate\\\/\",\"url\":\"https:\\\/\\\/nebraskademocrats.org\\\/event\\\/fourth-democratic-presidential-debate\\\/\",\"name\":\"Fourth Democratic Presidential Debate &#8211; Nebraska Democratic Party\",\"isPartOf\":{\"@id\":\"https:\\\/\\\/nebraskademocrats.org\\\/#website\"},\"datePublished\":\"2019-09-20T18:23:43+00:00\",\"dateModified\":\"2019-10-10T16:53:34+00:00\",\"breadcrumb\":{\"@id\":\"https:\\\/\\\/nebraskademocrats.org\\\/event\\\/fourth-democratic-presidential-debate\\\/#breadcrumb\"},\"inLanguage\":\"vi\",\"potentialAction\":[{\"@type\":\"ReadAction\",\"target\":[\"https:\\\/\\\/nebraskademocrats.org\\\/event\\\/fourth-democratic-presidential-debate\\\/\"]}]},{\"@type\":\"BreadcrumbList\",\"@id\":\"https:\\\/\\\/nebraskademocrats.org\\\/event\\\/fourth-democratic-presidential-debate\\\/#breadcrumb\",\"itemListElement\":[{\"@type\":\"ListItem\",\"position\":1,\"name\":\"Home\",\"item\":\"https:\\\/\\\/nebraskademocrats.org\\\/\"},{\"@type\":\"ListItem\",\"position\":2,\"name\":\"Events\",\"item\":\"https:\\\/\\\/nebraskademocrats.org\\\/vi\\\/events\\\/\"},{\"@type\":\"ListItem\",\"position\":3,\"name\":\"Fourth Democratic Presidential Debate\"}]},{\"@type\":\"WebSite\",\"@id\":\"https:\\\/\\\/nebraskademocrats.org\\\/#website\",\"url\":\"https:\\\/\\\/nebraskademocrats.org\\\/\",\"name\":\"Nebraska Democratic Party\",\"description\":\"Growing the Good Life for All Nebraskans\",\"publisher\":{\"@id\":\"https:\\\/\\\/nebraskademocrats.org\\\/#organization\"},\"potentialAction\":[{\"@type\":\"SearchAction\",\"target\":{\"@type\":\"EntryPoint\",\"urlTemplate\":\"https:\\\/\\\/nebraskademocrats.org\\\/?s={search_term_string}\"},\"query-input\":{\"@type\":\"PropertyValueSpecification\",\"valueRequired\":true,\"valueName\":\"search_term_string\"}}],\"inLanguage\":\"vi\"},{\"@type\":\"Organization\",\"@id\":\"https:\\\/\\\/nebraskademocrats.org\\\/#organization\",\"name\":\"Nebraska Democratic Party\",\"url\":\"https:\\\/\\\/nebraskademocrats.org\\\/\",\"logo\":{\"@type\":\"ImageObject\",\"inLanguage\":\"vi\",\"@id\":\"https:\\\/\\\/nebraskademocrats.org\\\/#\\\/schema\\\/logo\\\/image\\\/\",\"url\":\"https:\\\/\\\/nebraskadem.wpenginepowered.com\\\/wp-content\\\/uploads\\\/2016\\\/05\\\/NDP2.jpg\",\"contentUrl\":\"https:\\\/\\\/nebraskadem.wpenginepowered.com\\\/wp-content\\\/uploads\\\/2016\\\/05\\\/NDP2.jpg\",\"width\":1000,\"height\":396,\"caption\":\"Nebraska Democratic Party\"},\"image\":{\"@id\":\"https:\\\/\\\/nebraskademocrats.org\\\/#\\\/schema\\\/logo\\\/image\\\/\"},\"sameAs\":[\"https:\\\/\\\/www.facebook.com\\\/NebraskaDemocraticParty\\\/\",\"https:\\\/\\\/x.com\\\/nebraskadems\"]}]}<\/script>\n<!-- \/ Yoast SEO plugin. -->","yoast_head_json":{"title":"Fourth Democratic Presidential Debate &#8211; Nebraska Democratic Party","robots":{"index":"index","follow":"follow","max-snippet":"max-snippet:-1","max-image-preview":"max-image-preview:large","max-video-preview":"max-video-preview:-1"},"canonical":"https:\/\/nebraskademocrats.org\/vi\/event\/fourth-democratic-presidential-debate\/","og_locale":"vi_VN","og_type":"article","og_title":"Fourth Democratic Presidential Debate &#8211; Nebraska Democratic Party","og_description":"The DNC, CNN, and The New York Times announced that 12 candidates have been invited to participate in the fourth Democratic presidential primary debate. Each candidate was invited based on qualification criteria agreed to by the DNC, CNN, and The New York Times that were announced in May 2019. \u00a0 The debate will stream live ... Read more","og_url":"https:\/\/nebraskademocrats.org\/vi\/event\/fourth-democratic-presidential-debate\/","og_site_name":"Nebraska Democratic Party","article_publisher":"https:\/\/www.facebook.com\/NebraskaDemocraticParty\/","article_modified_time":"2019-10-10T16:53:34+00:00","og_image":[{"width":1200,"height":630,"url":"https:\/\/nebraskademocrats.org\/wp-content\/uploads\/2018\/09\/ne-dems-fb.jpg","type":"image\/jpeg"}],"twitter_card":"summary_large_image","twitter_site":"@nebraskadems","twitter_misc":{"\u01af\u1edbc t\u00ednh th\u1eddi gian \u0111\u1ecdc":"1 ph\u00fat"},"schema":{"@context":"https:\/\/schema.org","@graph":[{"@type":"WebPage","@id":"https:\/\/nebraskademocrats.org\/event\/fourth-democratic-presidential-debate\/","url":"https:\/\/nebraskademocrats.org\/event\/fourth-democratic-presidential-debate\/","name":"Fourth Democratic Presidential Debate &#8211; Nebraska Democratic Party","isPartOf":{"@id":"https:\/\/nebraskademocrats.org\/#website"},"datePublished":"2019-09-20T18:23:43+00:00","dateModified":"2019-10-10T16:53:34+00:00","breadcrumb":{"@id":"https:\/\/nebraskademocrats.org\/event\/fourth-democratic-presidential-debate\/#breadcrumb"},"inLanguage":"vi","potentialAction":[{"@type":"ReadAction","target":["https:\/\/nebraskademocrats.org\/event\/fourth-democratic-presidential-debate\/"]}]},{"@type":"BreadcrumbList","@id":"https:\/\/nebraskademocrats.org\/event\/fourth-democratic-presidential-debate\/#breadcrumb","itemListElement":[{"@type":"ListItem","position":1,"name":"Home","item":"https:\/\/nebraskademocrats.org\/"},{"@type":"ListItem","position":2,"name":"Events","item":"https:\/\/nebraskademocrats.org\/vi\/events\/"},{"@type":"ListItem","position":3,"name":"Fourth Democratic Presidential Debate"}]},{"@type":"WebSite","@id":"https:\/\/nebraskademocrats.org\/#website","url":"https:\/\/nebraskademocrats.org\/","name":"Nebraska Democratic Party","description":"Ph\u00e1t tri\u1ec3n cu\u1ed9c s\u1ed1ng t\u1ed1t \u0111\u1eb9p cho t\u1ea5t c\u1ea3 Nebraskans","publisher":{"@id":"https:\/\/nebraskademocrats.org\/#organization"},"potentialAction":[{"@type":"SearchAction","target":{"@type":"EntryPoint","urlTemplate":"https:\/\/nebraskademocrats.org\/?s={search_term_string}"},"query-input":{"@type":"PropertyValueSpecification","valueRequired":true,"valueName":"search_term_string"}}],"inLanguage":"vi"},{"@type":"Organization","@id":"https:\/\/nebraskademocrats.org\/#organization","name":"Nebraska Democratic Party","url":"https:\/\/nebraskademocrats.org\/","logo":{"@type":"ImageObject","inLanguage":"vi","@id":"https:\/\/nebraskademocrats.org\/#\/schema\/logo\/image\/","url":"https:\/\/nebraskadem.wpenginepowered.com\/wp-content\/uploads\/2016\/05\/NDP2.jpg","contentUrl":"https:\/\/nebraskadem.wpenginepowered.com\/wp-content\/uploads\/2016\/05\/NDP2.jpg","width":1000,"height":396,"caption":"Nebraska Democratic Party"},"image":{"@id":"https:\/\/nebraskademocrats.org\/#\/schema\/logo\/image\/"},"sameAs":["https:\/\/www.facebook.com\/NebraskaDemocraticParty\/","https:\/\/x.com\/nebraskadems"]}]}},"_links":{"self":[{"href":"https:\/\/nebraskademocrats.org\/vi\/wp-json\/wp\/v2\/tribe_events\/10053","targetHints":{"allow":["GET"]}}],"collection":[{"href":"https:\/\/nebraskademocrats.org\/vi\/wp-json\/wp\/v2\/tribe_events"}],"about":[{"href":"https:\/\/nebraskademocrats.org\/vi\/wp-json\/wp\/v2\/types\/tribe_events"}],"author":[{"embeddable":true,"href":"https:\/\/nebraskademocrats.org\/vi\/wp-json\/wp\/v2\/users\/19"}],"version-history":[{"count":0,"href":"https:\/\/nebraskademocrats.org\/vi\/wp-json\/wp\/v2\/tribe_events\/10053\/revisions"}],"wp:attachment":[{"href":"https:\/\/nebraskademocrats.org\/vi\/wp-json\/wp\/v2\/media?parent=10053"}],"wp:term":[{"taxonomy":"post_tag","embeddable":true,"href":"https:\/\/nebraskademocrats.org\/vi\/wp-json\/wp\/v2\/tags?post=10053"},{"taxonomy":"tribe_events_cat","embeddable":true,"href":"https:\/\/nebraskademocrats.org\/vi\/wp-json\/wp\/v2\/tribe_events_cat?post=10053"}],"curies":[{"name":"wp","href":"https:\/\/api.w.org\/{rel}","templated":true}]}}