{"id":11704,"date":"2020-02-07T13:08:10","date_gmt":"2020-02-07T19:08:10","guid":{"rendered":"https:\/\/nebraskadem.wpenginepowered.com\/?post_type=tribe_events&#038;p=11704"},"modified":"2020-02-07T13:14:56","modified_gmt":"2020-02-07T19:14:56","slug":"big-blue-canvass-in-ld49-in-omaha","status":"publish","type":"tribe_events","link":"https:\/\/nebraskademocrats.org\/vi\/event\/big-blue-canvass-in-ld49-in-omaha\/","title":{"rendered":"Big Blue Canvass trong LD49 \u1edf Gretna"},"content":{"rendered":"<p>G\u1eb7p g\u1ee1 t\u1ea1i The Beanery 11849 S 216th St, Gretna, NE..Jen Ng\u00e0y \u1ee9ng c\u1eed vi\u00ean c\u1ee7a C\u01a1 quan L\u1eadp ph\u00e1p Ti\u1ec3u bang Qu\u1eadn 49 s\u1ebd c\u00f3 m\u1eb7t \u1edf \u0111\u00f3. S\u1ebd c\u00f3 m\u1ed9t kh\u00f3a \u0111\u00e0o t\u1ea1o nhanh ch\u00f3ng v\u00e0 sau \u0111\u00f3 ch\u00fang t\u00f4i s\u1ebd g\u00f5 c\u1eeda c\u00e1c khu v\u1ef1c l\u00e2n c\u1eadn. H\u00e3y l\u00e0m t\u1ea5t c\u1ea3 nh\u1eefng g\u00ec c\u00f3 th\u1ec3 \u0111\u1ec3 gi\u00fap Jen Day cho L\u1eadp ph\u00e1p!<\/p>\n<p>N\u1ebfu b\u1ea1n c\u00f3 th\u1ec3 t\u1ea3i ch\u01b0\u01a1ng tr\u00ecnh Mini-VAN xu\u1ed1ng thi\u1ebft b\u1ecb di \u0111\u1ed9ng c\u1ee7a m\u00ecnh, \u0111i\u1ec1u \u0111\u00f3 s\u1ebd r\u1ea5t h\u1eefu \u00edch.<\/p>\n<p>G\u00cc: Big Blue Canvass LD49 v\u1edbi \u1ee9ng c\u1eed vi\u00ean Jen Day c\u1ee7a C\u01a1 quan L\u1eadp ph\u00e1p Ti\u1ec3u bang<br \/>\nKHI N\u00c0O: Th\u1ee9 B\u1ea3y ng\u00e0y 22 th\u00e1ng 2, 1:00 chi\u1ec1u - 3:30 chi\u1ec1u<br \/>\n\u1ede \u0110\u00c2U: Bu\u1ed5i g\u1eb7p m\u1eb7t t\u1ea1i The Beanery 11849 S 216th St, Gretna, NE<\/p>","protected":false},"excerpt":{"rendered":"<p>Meet at The Beanery 11849 S 216th St, Gretna, NE..Jen Day the candidate for State Legislature District 49 will be there. There will be a quick training and then we&#8217;ll knock doors in the neighborhoods close by. Let&#8217;s do all we can to help out Jen Day for Legislature! If you can download the program &#8230; <a title=\"Big Blue Canvass trong LD49 \u1edf Gretna\" class=\"read-more\" href=\"https:\/\/nebraskademocrats.org\/vi\/event\/big-blue-canvass-in-ld49-in-omaha\/\" aria-label=\"More on Big Blue Canvass in LD49 in Gretna\">\u0110\u1ecdc th\u00eam<\/a><\/p>","protected":false},"author":19,"featured_media":0,"template":"","meta":{"_acf_changed":false,"_exactmetrics_skip_tracking":false,"_exactmetrics_sitenote_active":false,"_exactmetrics_sitenote_note":"","_exactmetrics_sitenote_category":0,"_tribe_events_status":"","_tribe_events_status_reason":"","footnotes":""},"tags":[],"tribe_events_cat":[],"class_list":["post-11704","tribe_events","type-tribe_events","status-publish","hentry"],"acf":[],"yoast_head":"<!-- This site is optimized with the Yoast SEO plugin v27.4 - https:\/\/yoast.com\/product\/yoast-seo-wordpress\/ -->\n<title>Big Blue Canvass in LD49 in Gretna &#8211; Nebraska Democratic Party<\/title>\n<meta name=\"robots\" content=\"index, follow, max-snippet:-1, max-image-preview:large, max-video-preview:-1\" \/>\n<link rel=\"canonical\" href=\"https:\/\/nebraskademocrats.org\/vi\/event\/big-blue-canvass-in-ld49-in-omaha\/\" \/>\n<meta property=\"og:locale\" content=\"vi_VN\" \/>\n<meta property=\"og:type\" content=\"article\" \/>\n<meta property=\"og:title\" content=\"Big Blue Canvass in LD49 in Gretna &#8211; Nebraska Democratic Party\" \/>\n<meta property=\"og:description\" content=\"Meet at The Beanery 11849 S 216th St, Gretna, NE..Jen Day the candidate for State Legislature District 49 will be there. There will be a quick training and then we&#8217;ll knock doors in the neighborhoods close by. Let&#8217;s do all we can to help out Jen Day for Legislature! If you can download the program ... Read more\" \/>\n<meta property=\"og:url\" content=\"https:\/\/nebraskademocrats.org\/vi\/event\/big-blue-canvass-in-ld49-in-omaha\/\" \/>\n<meta property=\"og:site_name\" content=\"Nebraska Democratic Party\" \/>\n<meta property=\"article:publisher\" content=\"https:\/\/www.facebook.com\/NebraskaDemocraticParty\/\" \/>\n<meta property=\"article:modified_time\" content=\"2020-02-07T19:14:56+00:00\" \/>\n<meta property=\"og:image\" content=\"https:\/\/nebraskademocrats.org\/wp-content\/uploads\/2018\/09\/ne-dems-fb.jpg\" \/>\n\t<meta property=\"og:image:width\" content=\"1200\" \/>\n\t<meta property=\"og:image:height\" content=\"630\" \/>\n\t<meta property=\"og:image:type\" content=\"image\/jpeg\" \/>\n<meta name=\"twitter:card\" content=\"summary_large_image\" \/>\n<meta name=\"twitter:site\" content=\"@nebraskadems\" \/>\n<script type=\"application\/ld+json\" class=\"yoast-schema-graph\">{\"@context\":\"https:\\\/\\\/schema.org\",\"@graph\":[{\"@type\":\"WebPage\",\"@id\":\"https:\\\/\\\/nebraskademocrats.org\\\/event\\\/big-blue-canvass-in-ld49-in-omaha\\\/\",\"url\":\"https:\\\/\\\/nebraskademocrats.org\\\/event\\\/big-blue-canvass-in-ld49-in-omaha\\\/\",\"name\":\"Big Blue Canvass in LD49 in Gretna &#8211; Nebraska Democratic Party\",\"isPartOf\":{\"@id\":\"https:\\\/\\\/nebraskademocrats.org\\\/#website\"},\"datePublished\":\"2020-02-07T19:08:10+00:00\",\"dateModified\":\"2020-02-07T19:14:56+00:00\",\"breadcrumb\":{\"@id\":\"https:\\\/\\\/nebraskademocrats.org\\\/event\\\/big-blue-canvass-in-ld49-in-omaha\\\/#breadcrumb\"},\"inLanguage\":\"vi\",\"potentialAction\":[{\"@type\":\"ReadAction\",\"target\":[\"https:\\\/\\\/nebraskademocrats.org\\\/event\\\/big-blue-canvass-in-ld49-in-omaha\\\/\"]}]},{\"@type\":\"BreadcrumbList\",\"@id\":\"https:\\\/\\\/nebraskademocrats.org\\\/event\\\/big-blue-canvass-in-ld49-in-omaha\\\/#breadcrumb\",\"itemListElement\":[{\"@type\":\"ListItem\",\"position\":1,\"name\":\"Home\",\"item\":\"https:\\\/\\\/nebraskademocrats.org\\\/\"},{\"@type\":\"ListItem\",\"position\":2,\"name\":\"Events\",\"item\":\"https:\\\/\\\/nebraskademocrats.org\\\/vi\\\/events\\\/\"},{\"@type\":\"ListItem\",\"position\":3,\"name\":\"Big Blue Canvass in LD49 in Gretna\"}]},{\"@type\":\"WebSite\",\"@id\":\"https:\\\/\\\/nebraskademocrats.org\\\/#website\",\"url\":\"https:\\\/\\\/nebraskademocrats.org\\\/\",\"name\":\"Nebraska Democratic Party\",\"description\":\"Growing the Good Life for All Nebraskans\",\"publisher\":{\"@id\":\"https:\\\/\\\/nebraskademocrats.org\\\/#organization\"},\"potentialAction\":[{\"@type\":\"SearchAction\",\"target\":{\"@type\":\"EntryPoint\",\"urlTemplate\":\"https:\\\/\\\/nebraskademocrats.org\\\/?s={search_term_string}\"},\"query-input\":{\"@type\":\"PropertyValueSpecification\",\"valueRequired\":true,\"valueName\":\"search_term_string\"}}],\"inLanguage\":\"vi\"},{\"@type\":\"Organization\",\"@id\":\"https:\\\/\\\/nebraskademocrats.org\\\/#organization\",\"name\":\"Nebraska Democratic Party\",\"url\":\"https:\\\/\\\/nebraskademocrats.org\\\/\",\"logo\":{\"@type\":\"ImageObject\",\"inLanguage\":\"vi\",\"@id\":\"https:\\\/\\\/nebraskademocrats.org\\\/#\\\/schema\\\/logo\\\/image\\\/\",\"url\":\"https:\\\/\\\/nebraskadem.wpenginepowered.com\\\/wp-content\\\/uploads\\\/2016\\\/05\\\/NDP2.jpg\",\"contentUrl\":\"https:\\\/\\\/nebraskadem.wpenginepowered.com\\\/wp-content\\\/uploads\\\/2016\\\/05\\\/NDP2.jpg\",\"width\":1000,\"height\":396,\"caption\":\"Nebraska Democratic Party\"},\"image\":{\"@id\":\"https:\\\/\\\/nebraskademocrats.org\\\/#\\\/schema\\\/logo\\\/image\\\/\"},\"sameAs\":[\"https:\\\/\\\/www.facebook.com\\\/NebraskaDemocraticParty\\\/\",\"https:\\\/\\\/x.com\\\/nebraskadems\"]}]}<\/script>\n<!-- \/ Yoast SEO plugin. -->","yoast_head_json":{"title":"Big Blue Canvass in LD49 in Gretna &#8211; Nebraska Democratic Party","robots":{"index":"index","follow":"follow","max-snippet":"max-snippet:-1","max-image-preview":"max-image-preview:large","max-video-preview":"max-video-preview:-1"},"canonical":"https:\/\/nebraskademocrats.org\/vi\/event\/big-blue-canvass-in-ld49-in-omaha\/","og_locale":"vi_VN","og_type":"article","og_title":"Big Blue Canvass in LD49 in Gretna &#8211; Nebraska Democratic Party","og_description":"Meet at The Beanery 11849 S 216th St, Gretna, NE..Jen Day the candidate for State Legislature District 49 will be there. There will be a quick training and then we&#8217;ll knock doors in the neighborhoods close by. Let&#8217;s do all we can to help out Jen Day for Legislature! If you can download the program ... Read more","og_url":"https:\/\/nebraskademocrats.org\/vi\/event\/big-blue-canvass-in-ld49-in-omaha\/","og_site_name":"Nebraska Democratic Party","article_publisher":"https:\/\/www.facebook.com\/NebraskaDemocraticParty\/","article_modified_time":"2020-02-07T19:14:56+00:00","og_image":[{"width":1200,"height":630,"url":"https:\/\/nebraskademocrats.org\/wp-content\/uploads\/2018\/09\/ne-dems-fb.jpg","type":"image\/jpeg"}],"twitter_card":"summary_large_image","twitter_site":"@nebraskadems","schema":{"@context":"https:\/\/schema.org","@graph":[{"@type":"WebPage","@id":"https:\/\/nebraskademocrats.org\/event\/big-blue-canvass-in-ld49-in-omaha\/","url":"https:\/\/nebraskademocrats.org\/event\/big-blue-canvass-in-ld49-in-omaha\/","name":"Big Blue Canvass in LD49 in Gretna &#8211; Nebraska Democratic Party","isPartOf":{"@id":"https:\/\/nebraskademocrats.org\/#website"},"datePublished":"2020-02-07T19:08:10+00:00","dateModified":"2020-02-07T19:14:56+00:00","breadcrumb":{"@id":"https:\/\/nebraskademocrats.org\/event\/big-blue-canvass-in-ld49-in-omaha\/#breadcrumb"},"inLanguage":"vi","potentialAction":[{"@type":"ReadAction","target":["https:\/\/nebraskademocrats.org\/event\/big-blue-canvass-in-ld49-in-omaha\/"]}]},{"@type":"BreadcrumbList","@id":"https:\/\/nebraskademocrats.org\/event\/big-blue-canvass-in-ld49-in-omaha\/#breadcrumb","itemListElement":[{"@type":"ListItem","position":1,"name":"Home","item":"https:\/\/nebraskademocrats.org\/"},{"@type":"ListItem","position":2,"name":"Events","item":"https:\/\/nebraskademocrats.org\/vi\/events\/"},{"@type":"ListItem","position":3,"name":"Big Blue Canvass in LD49 in Gretna"}]},{"@type":"WebSite","@id":"https:\/\/nebraskademocrats.org\/#website","url":"https:\/\/nebraskademocrats.org\/","name":"Nebraska Democratic Party","description":"Ph\u00e1t tri\u1ec3n cu\u1ed9c s\u1ed1ng t\u1ed1t \u0111\u1eb9p cho t\u1ea5t c\u1ea3 Nebraskans","publisher":{"@id":"https:\/\/nebraskademocrats.org\/#organization"},"potentialAction":[{"@type":"SearchAction","target":{"@type":"EntryPoint","urlTemplate":"https:\/\/nebraskademocrats.org\/?s={search_term_string}"},"query-input":{"@type":"PropertyValueSpecification","valueRequired":true,"valueName":"search_term_string"}}],"inLanguage":"vi"},{"@type":"Organization","@id":"https:\/\/nebraskademocrats.org\/#organization","name":"Nebraska Democratic Party","url":"https:\/\/nebraskademocrats.org\/","logo":{"@type":"ImageObject","inLanguage":"vi","@id":"https:\/\/nebraskademocrats.org\/#\/schema\/logo\/image\/","url":"https:\/\/nebraskadem.wpenginepowered.com\/wp-content\/uploads\/2016\/05\/NDP2.jpg","contentUrl":"https:\/\/nebraskadem.wpenginepowered.com\/wp-content\/uploads\/2016\/05\/NDP2.jpg","width":1000,"height":396,"caption":"Nebraska Democratic Party"},"image":{"@id":"https:\/\/nebraskademocrats.org\/#\/schema\/logo\/image\/"},"sameAs":["https:\/\/www.facebook.com\/NebraskaDemocraticParty\/","https:\/\/x.com\/nebraskadems"]}]}},"_links":{"self":[{"href":"https:\/\/nebraskademocrats.org\/vi\/wp-json\/wp\/v2\/tribe_events\/11704","targetHints":{"allow":["GET"]}}],"collection":[{"href":"https:\/\/nebraskademocrats.org\/vi\/wp-json\/wp\/v2\/tribe_events"}],"about":[{"href":"https:\/\/nebraskademocrats.org\/vi\/wp-json\/wp\/v2\/types\/tribe_events"}],"author":[{"embeddable":true,"href":"https:\/\/nebraskademocrats.org\/vi\/wp-json\/wp\/v2\/users\/19"}],"version-history":[{"count":0,"href":"https:\/\/nebraskademocrats.org\/vi\/wp-json\/wp\/v2\/tribe_events\/11704\/revisions"}],"wp:attachment":[{"href":"https:\/\/nebraskademocrats.org\/vi\/wp-json\/wp\/v2\/media?parent=11704"}],"wp:term":[{"taxonomy":"post_tag","embeddable":true,"href":"https:\/\/nebraskademocrats.org\/vi\/wp-json\/wp\/v2\/tags?post=11704"},{"taxonomy":"tribe_events_cat","embeddable":true,"href":"https:\/\/nebraskademocrats.org\/vi\/wp-json\/wp\/v2\/tribe_events_cat?post=11704"}],"curies":[{"name":"wp","href":"https:\/\/api.w.org\/{rel}","templated":true}]}}