{"id":13065,"date":"2020-02-18T10:55:58","date_gmt":"2020-02-18T16:55:58","guid":{"rendered":"https:\/\/nebraskadem.wpenginepowered.com\/event\/2020-omaha-womens-day-march\/"},"modified":"2020-03-08T15:23:49","modified_gmt":"2020-03-08T20:23:49","slug":"2020-omaha-womens-day-march","status":"publish","type":"tribe_events","link":"https:\/\/nebraskademocrats.org\/vi\/event\/2020-omaha-womens-day-march\/","title":{"rendered":"Th\u00e1ng 3 Ng\u00e0y ph\u1ee5 n\u1eef Omaha 2020"},"content":{"rendered":"<p>OWDM l\u00e0 m\u1ed9t c\u1ed9ng \u0111\u1ed3ng m\u1ea1nh m\u1ebd g\u1ed3m nh\u1eefng ng\u01b0\u1eddi \u1ee7ng h\u1ed9 ni\u1ec1m tin chung c\u1ee7a ch\u00fang ta r\u1eb1ng ch\u00fang ta c\u00f9ng nhau m\u1ea1nh m\u1ebd h\u01a1n v\u00e0 t\u1ef1 do l\u00e0 c\u1ee7a t\u1ea5t c\u1ea3 m\u1ecdi ng\u01b0\u1eddi. V\u00e0o n\u0103m 2020, ch\u00fang ta \u0111ang khu\u1ebfch \u0111\u1ea1i s\u1ee9c m\u1ea1nh c\u1ee7a ph\u1ee5 n\u1eef khi ch\u00fang ta s\u00e1t c\u00e1nh c\u00f9ng nhau.<\/p>\n<p>Ch\u00fang t\u00f4i t\u1ef1 h\u00e0o th\u00f4ng b\u00e1o M\u1edaI c\u1ee7a ch\u00fang t\u00f4i! h\u1ee3p t\u00e1c v\u1edbi <a href=\"https:\/\/www.facebook.com\/yougogirlomaha\/\">You GO Girl Omaha<\/a> \u0111\u1ec3 khai th\u00e1c s\u1ee9c m\u1ea1nh thay \u0111\u1ed5i c\u1ee7a h\u1ecd trong khi t\u1ea1o ra m\u1ed9t \u0111i\u1ec3m s\u1edf h\u1eefu nh\u1ea5t qu\u00e1n cho Th\u00e1ng Ba.<\/p>\n<p>Ch\u00fang t\u00f4i \u0111ang n\u1ed7 l\u1ef1c \u0111\u1ec3 mang \u0111\u1ebfn cho b\u1ea1n nh\u1eefng di\u1ec5n gi\u1ea3 tuy\u1ec7t v\u1eddi m\u00e0 b\u1ea1n \u0111\u00e3 bi\u1ebft v\u00e0 mong \u0111\u1ee3i tr\u00ean s\u00e2n kh\u1ea5u Th\u00e1ng Ba c\u1ee7a Ng\u00e0y Ph\u1ee5 n\u1eef Omaha. H\u00e3y theo d\u00f5i \u0111\u1ec3 bi\u1ebft th\u00eam \u0111\u1ebfn s\u1edbm.<\/p>\n<p>T\u00ecm hi\u1ec3u th\u00eam, \u0111\u00f3ng g\u00f3p v\u00e0 tr\u1ea3 l\u1eddi t\u1ea1i <a href=\"https:\/\/l.facebook.com\/l.php?u=http%3A%2F%2Fomahawomensmarch.squarespace.com%2F%3Ffbclid%3DIwAR0zqNPictFvgvl0qbKs2ipLTPtPEU8zSIShQGSU2b6viE00_lwsmovfbGk&amp;h=AT3LKsPye142eTaxba6QOlwfT1ZIePnBM2M7SBW1Kqc2q2W76_cVdgFV8jJ6vGfI8RlN8nYloAqBHxcIqxcLxbtaRJ1hj-ZdwD4S9INQs19oLh_ZNjvpL6NIbSn8srT67Q\">omahawomensmarch.squarespace.com<\/a><a href=\"https:\/\/www.facebook.com\/events\/s\/2020-omaha-womens-day-march\/2585362618413149\/#\">Th\u1ea5y \u00edt<i><\/i><\/a>&nbsp;&nbsp;<\/p>","protected":false},"excerpt":{"rendered":"<p>The OWDM is a powerful community of people taking a stand for our common belief that we are stronger together and freedom is for everyone. In 2020, we\u2019re amplifying the power of women when we stand together. We are proud to announce our NEW! partnership with You GO Girl Omaha to harness their changemaking power &#8230; <a title=\"Th\u00e1ng 3 Ng\u00e0y ph\u1ee5 n\u1eef Omaha 2020\" class=\"read-more\" href=\"https:\/\/nebraskademocrats.org\/vi\/event\/2020-omaha-womens-day-march\/\" aria-label=\"More on 2020 Omaha Women&#8217;s Day March\">\u0110\u1ecdc th\u00eam<\/a><\/p>","protected":false},"author":17,"featured_media":0,"template":"","meta":{"_acf_changed":false,"_exactmetrics_skip_tracking":false,"_exactmetrics_sitenote_active":false,"_exactmetrics_sitenote_note":"","_exactmetrics_sitenote_category":0,"_tribe_events_status":"","_tribe_events_status_reason":"","footnotes":""},"tags":[],"tribe_events_cat":[69],"class_list":["post-13065","tribe_events","type-tribe_events","status-publish","hentry","tribe_events_cat-we-the-people","cat_we-the-people"],"acf":[],"yoast_head":"<!-- This site is optimized with the Yoast SEO plugin v27.4 - https:\/\/yoast.com\/product\/yoast-seo-wordpress\/ -->\n<title>2020 Omaha Women&#039;s Day March &#8211; Nebraska Democratic Party<\/title>\n<meta name=\"robots\" content=\"index, follow, max-snippet:-1, max-image-preview:large, max-video-preview:-1\" \/>\n<link rel=\"canonical\" href=\"https:\/\/nebraskademocrats.org\/vi\/event\/2020-omaha-womens-day-march\/\" \/>\n<meta property=\"og:locale\" content=\"vi_VN\" \/>\n<meta property=\"og:type\" content=\"article\" \/>\n<meta property=\"og:title\" content=\"2020 Omaha Women&#039;s Day March &#8211; Nebraska Democratic Party\" \/>\n<meta property=\"og:description\" content=\"The OWDM is a powerful community of people taking a stand for our common belief that we are stronger together and freedom is for everyone. In 2020, we\u2019re amplifying the power of women when we stand together. We are proud to announce our NEW! partnership with You GO Girl Omaha to harness their changemaking power ... Read more\" \/>\n<meta property=\"og:url\" content=\"https:\/\/nebraskademocrats.org\/vi\/event\/2020-omaha-womens-day-march\/\" \/>\n<meta property=\"og:site_name\" content=\"Nebraska Democratic Party\" \/>\n<meta property=\"article:publisher\" content=\"https:\/\/www.facebook.com\/NebraskaDemocraticParty\/\" \/>\n<meta property=\"article:modified_time\" content=\"2020-03-08T20:23:49+00:00\" \/>\n<meta property=\"og:image\" content=\"https:\/\/nebraskademocrats.org\/wp-content\/uploads\/2018\/09\/ne-dems-fb.jpg\" \/>\n\t<meta property=\"og:image:width\" content=\"1200\" \/>\n\t<meta property=\"og:image:height\" content=\"630\" \/>\n\t<meta property=\"og:image:type\" content=\"image\/jpeg\" \/>\n<meta name=\"twitter:card\" content=\"summary_large_image\" \/>\n<meta name=\"twitter:site\" content=\"@nebraskadems\" \/>\n<meta name=\"twitter:label1\" content=\"\u01af\u1edbc t\u00ednh th\u1eddi gian \u0111\u1ecdc\" \/>\n\t<meta name=\"twitter:data1\" content=\"1 ph\u00fat\" \/>\n<script type=\"application\/ld+json\" class=\"yoast-schema-graph\">{\"@context\":\"https:\\\/\\\/schema.org\",\"@graph\":[{\"@type\":\"WebPage\",\"@id\":\"https:\\\/\\\/nebraskademocrats.org\\\/vi\\\/event\\\/2020-omaha-womens-day-march\\\/\",\"url\":\"https:\\\/\\\/nebraskademocrats.org\\\/vi\\\/event\\\/2020-omaha-womens-day-march\\\/\",\"name\":\"2020 Omaha Women's Day March &#8211; Nebraska Democratic Party\",\"isPartOf\":{\"@id\":\"https:\\\/\\\/nebraskademocrats.org\\\/#website\"},\"datePublished\":\"2020-02-18T16:55:58+00:00\",\"dateModified\":\"2020-03-08T20:23:49+00:00\",\"breadcrumb\":{\"@id\":\"https:\\\/\\\/nebraskademocrats.org\\\/vi\\\/event\\\/2020-omaha-womens-day-march\\\/#breadcrumb\"},\"inLanguage\":\"vi\",\"potentialAction\":[{\"@type\":\"ReadAction\",\"target\":[\"https:\\\/\\\/nebraskademocrats.org\\\/vi\\\/event\\\/2020-omaha-womens-day-march\\\/\"]}]},{\"@type\":\"BreadcrumbList\",\"@id\":\"https:\\\/\\\/nebraskademocrats.org\\\/vi\\\/event\\\/2020-omaha-womens-day-march\\\/#breadcrumb\",\"itemListElement\":[{\"@type\":\"ListItem\",\"position\":1,\"name\":\"Home\",\"item\":\"https:\\\/\\\/nebraskademocrats.org\\\/\"},{\"@type\":\"ListItem\",\"position\":2,\"name\":\"Events\",\"item\":\"https:\\\/\\\/nebraskademocrats.org\\\/vi\\\/events\\\/\"},{\"@type\":\"ListItem\",\"position\":3,\"name\":\"2020 Omaha Women&#8217;s Day March\"}]},{\"@type\":\"WebSite\",\"@id\":\"https:\\\/\\\/nebraskademocrats.org\\\/#website\",\"url\":\"https:\\\/\\\/nebraskademocrats.org\\\/\",\"name\":\"Nebraska Democratic Party\",\"description\":\"Growing the Good Life for All Nebraskans\",\"publisher\":{\"@id\":\"https:\\\/\\\/nebraskademocrats.org\\\/#organization\"},\"potentialAction\":[{\"@type\":\"SearchAction\",\"target\":{\"@type\":\"EntryPoint\",\"urlTemplate\":\"https:\\\/\\\/nebraskademocrats.org\\\/?s={search_term_string}\"},\"query-input\":{\"@type\":\"PropertyValueSpecification\",\"valueRequired\":true,\"valueName\":\"search_term_string\"}}],\"inLanguage\":\"vi\"},{\"@type\":\"Organization\",\"@id\":\"https:\\\/\\\/nebraskademocrats.org\\\/#organization\",\"name\":\"Nebraska Democratic Party\",\"url\":\"https:\\\/\\\/nebraskademocrats.org\\\/\",\"logo\":{\"@type\":\"ImageObject\",\"inLanguage\":\"vi\",\"@id\":\"https:\\\/\\\/nebraskademocrats.org\\\/#\\\/schema\\\/logo\\\/image\\\/\",\"url\":\"https:\\\/\\\/nebraskadem.wpenginepowered.com\\\/wp-content\\\/uploads\\\/2016\\\/05\\\/NDP2.jpg\",\"contentUrl\":\"https:\\\/\\\/nebraskadem.wpenginepowered.com\\\/wp-content\\\/uploads\\\/2016\\\/05\\\/NDP2.jpg\",\"width\":1000,\"height\":396,\"caption\":\"Nebraska Democratic Party\"},\"image\":{\"@id\":\"https:\\\/\\\/nebraskademocrats.org\\\/#\\\/schema\\\/logo\\\/image\\\/\"},\"sameAs\":[\"https:\\\/\\\/www.facebook.com\\\/NebraskaDemocraticParty\\\/\",\"https:\\\/\\\/x.com\\\/nebraskadems\"]}]}<\/script>\n<!-- \/ Yoast SEO plugin. -->","yoast_head_json":{"title":"2020 Omaha Women's Day March &#8211; Nebraska Democratic Party","robots":{"index":"index","follow":"follow","max-snippet":"max-snippet:-1","max-image-preview":"max-image-preview:large","max-video-preview":"max-video-preview:-1"},"canonical":"https:\/\/nebraskademocrats.org\/vi\/event\/2020-omaha-womens-day-march\/","og_locale":"vi_VN","og_type":"article","og_title":"2020 Omaha Women's Day March &#8211; Nebraska Democratic Party","og_description":"The OWDM is a powerful community of people taking a stand for our common belief that we are stronger together and freedom is for everyone. In 2020, we\u2019re amplifying the power of women when we stand together. We are proud to announce our NEW! partnership with You GO Girl Omaha to harness their changemaking power ... Read more","og_url":"https:\/\/nebraskademocrats.org\/vi\/event\/2020-omaha-womens-day-march\/","og_site_name":"Nebraska Democratic Party","article_publisher":"https:\/\/www.facebook.com\/NebraskaDemocraticParty\/","article_modified_time":"2020-03-08T20:23:49+00:00","og_image":[{"width":1200,"height":630,"url":"https:\/\/nebraskademocrats.org\/wp-content\/uploads\/2018\/09\/ne-dems-fb.jpg","type":"image\/jpeg"}],"twitter_card":"summary_large_image","twitter_site":"@nebraskadems","twitter_misc":{"\u01af\u1edbc t\u00ednh th\u1eddi gian \u0111\u1ecdc":"1 ph\u00fat"},"schema":{"@context":"https:\/\/schema.org","@graph":[{"@type":"WebPage","@id":"https:\/\/nebraskademocrats.org\/vi\/event\/2020-omaha-womens-day-march\/","url":"https:\/\/nebraskademocrats.org\/vi\/event\/2020-omaha-womens-day-march\/","name":"2020 Omaha Women's Day March &#8211; Nebraska Democratic Party","isPartOf":{"@id":"https:\/\/nebraskademocrats.org\/#website"},"datePublished":"2020-02-18T16:55:58+00:00","dateModified":"2020-03-08T20:23:49+00:00","breadcrumb":{"@id":"https:\/\/nebraskademocrats.org\/vi\/event\/2020-omaha-womens-day-march\/#breadcrumb"},"inLanguage":"vi","potentialAction":[{"@type":"ReadAction","target":["https:\/\/nebraskademocrats.org\/vi\/event\/2020-omaha-womens-day-march\/"]}]},{"@type":"BreadcrumbList","@id":"https:\/\/nebraskademocrats.org\/vi\/event\/2020-omaha-womens-day-march\/#breadcrumb","itemListElement":[{"@type":"ListItem","position":1,"name":"Home","item":"https:\/\/nebraskademocrats.org\/"},{"@type":"ListItem","position":2,"name":"Events","item":"https:\/\/nebraskademocrats.org\/vi\/events\/"},{"@type":"ListItem","position":3,"name":"2020 Omaha Women&#8217;s Day March"}]},{"@type":"WebSite","@id":"https:\/\/nebraskademocrats.org\/#website","url":"https:\/\/nebraskademocrats.org\/","name":"Nebraska Democratic Party","description":"Ph\u00e1t tri\u1ec3n cu\u1ed9c s\u1ed1ng t\u1ed1t \u0111\u1eb9p cho t\u1ea5t c\u1ea3 Nebraskans","publisher":{"@id":"https:\/\/nebraskademocrats.org\/#organization"},"potentialAction":[{"@type":"SearchAction","target":{"@type":"EntryPoint","urlTemplate":"https:\/\/nebraskademocrats.org\/?s={search_term_string}"},"query-input":{"@type":"PropertyValueSpecification","valueRequired":true,"valueName":"search_term_string"}}],"inLanguage":"vi"},{"@type":"Organization","@id":"https:\/\/nebraskademocrats.org\/#organization","name":"Nebraska Democratic Party","url":"https:\/\/nebraskademocrats.org\/","logo":{"@type":"ImageObject","inLanguage":"vi","@id":"https:\/\/nebraskademocrats.org\/#\/schema\/logo\/image\/","url":"https:\/\/nebraskadem.wpenginepowered.com\/wp-content\/uploads\/2016\/05\/NDP2.jpg","contentUrl":"https:\/\/nebraskadem.wpenginepowered.com\/wp-content\/uploads\/2016\/05\/NDP2.jpg","width":1000,"height":396,"caption":"Nebraska Democratic Party"},"image":{"@id":"https:\/\/nebraskademocrats.org\/#\/schema\/logo\/image\/"},"sameAs":["https:\/\/www.facebook.com\/NebraskaDemocraticParty\/","https:\/\/x.com\/nebraskadems"]}]}},"_links":{"self":[{"href":"https:\/\/nebraskademocrats.org\/vi\/wp-json\/wp\/v2\/tribe_events\/13065","targetHints":{"allow":["GET"]}}],"collection":[{"href":"https:\/\/nebraskademocrats.org\/vi\/wp-json\/wp\/v2\/tribe_events"}],"about":[{"href":"https:\/\/nebraskademocrats.org\/vi\/wp-json\/wp\/v2\/types\/tribe_events"}],"author":[{"embeddable":true,"href":"https:\/\/nebraskademocrats.org\/vi\/wp-json\/wp\/v2\/users\/17"}],"version-history":[{"count":0,"href":"https:\/\/nebraskademocrats.org\/vi\/wp-json\/wp\/v2\/tribe_events\/13065\/revisions"}],"wp:attachment":[{"href":"https:\/\/nebraskademocrats.org\/vi\/wp-json\/wp\/v2\/media?parent=13065"}],"wp:term":[{"taxonomy":"post_tag","embeddable":true,"href":"https:\/\/nebraskademocrats.org\/vi\/wp-json\/wp\/v2\/tags?post=13065"},{"taxonomy":"tribe_events_cat","embeddable":true,"href":"https:\/\/nebraskademocrats.org\/vi\/wp-json\/wp\/v2\/tribe_events_cat?post=13065"}],"curies":[{"name":"wp","href":"https:\/\/api.w.org\/{rel}","templated":true}]}}