{"id":21445,"date":"2020-07-14T17:39:28","date_gmt":"2020-07-14T22:39:28","guid":{"rendered":"https:\/\/nebraskadem.wpenginepowered.com\/event\/july-rural-council-call\/"},"modified":"2020-07-16T16:39:19","modified_gmt":"2020-07-16T21:39:19","slug":"july-rural-council-call","status":"publish","type":"tribe_events","link":"https:\/\/nebraskademocrats.org\/vi\/event\/july-rural-council-call\/","title":{"rendered":"Cu\u1ed9c g\u1ecdi c\u1ee7a H\u1ed9i \u0111\u1ed3ng N\u00f4ng th\u00f4n th\u00e1ng B\u1ea3y"},"content":{"rendered":"<p>Cu\u1ed9c g\u1ecdi ti\u1ebfp theo c\u1ee7a H\u1ed9i \u0111\u1ed3ng N\u00f4ng th\u00f4n DNC c\u1ee7a ch\u00fang t\u00f4i s\u1ebd \u0111\u01b0\u1ee3c t\u1ed5 ch\u1ee9c v\u00e0o l\u00fac 5 gi\u1edd chi\u1ec1u theo gi\u1edd ET v\u00e0o Th\u1ee9 N\u0103m, ng\u00e0y 16 th\u00e1ng 7. \u0110\u00e2y s\u1ebd l\u00e0 l\u1ea7n \u0111\u1ea7u ti\u00ean ch\u00fang t\u00f4i t\u1ed5 ch\u1ee9c cu\u1ed9c h\u1ecdp n\u00e0y qua Zoom. Vui l\u00f2ng \u0111\u0103ng k\u00fd b\u1eb1ng c\u00e1ch nh\u1ea5p v\u00e0o&nbsp;<a href=\"https:\/\/democrats.us12.list-manage.com\/track\/click?u=b3a52587106e5f265f227782b&amp;id=e79e6bf5a6&amp;e=9b5dc46684\" id=\"ow488\"><b>\u1ede \u0110\u00c2Y&nbsp;<\/b><\/a>v\u00e0 n\u1ebfu b\u1ea1n kh\u00f4ng nh\u1eadn \u0111\u01b0\u1ee3c th\u00f4ng tin \u0111\u0103ng k\u00fd c\u1ee7a m\u00ecnh sau khi \u0111\u00e3 \u0111\u0103ng k\u00fd, vui l\u00f2ng ki\u1ec3m tra th\u01b0 m\u1ee5c r\u00e1c c\u1ee7a b\u1ea1n. Cu\u1ed9c g\u1ecdi c\u1ee7a ch\u00fang t\u00f4i s\u1ebd c\u00f3 cu\u1ed9c th\u1ea3o lu\u1eadn v\u1edbi Julie Ch\u00e1vez Rodr\u00edguez, C\u1ed1 v\u1ea5n c\u1ea5p cao c\u1ee7a chi\u1ebfn d\u1ecbch Biden, ng\u01b0\u1eddi s\u1ebd n\u00f3i v\u1ec1 ch\u01b0\u01a1ng tr\u00ecnh X\u00e2y d\u1ef1ng l\u1ea1i vi\u1ec7c l\u00e0m t\u1ed1t h\u01a1n, nh\u1eefng n\u1ed7 l\u1ef1c \u1edf n\u00f4ng th\u00f4n c\u1ee7a chi\u1ebfn d\u1ecbch v\u00e0 tr\u1ea3 l\u1eddi c\u00e1c c\u00e2u h\u1ecfi c\u1ee7a b\u1ea1n.&nbsp;&nbsp;&nbsp;<\/p>","protected":false},"excerpt":{"rendered":"<p>Our next DNC Rural Council call will be held at 5 p.m. ET on Thursday, July 16. This will be our first time hosting this meeting via Zoom.&nbsp; Please register by clicking&nbsp;HERE&nbsp;and if you do not receive your registration information after you\u2019ve registered, please check your junk folder. Our call will feature a discussion with &#8230; <a title=\"Cu\u1ed9c g\u1ecdi c\u1ee7a H\u1ed9i \u0111\u1ed3ng N\u00f4ng th\u00f4n th\u00e1ng B\u1ea3y\" class=\"read-more\" href=\"https:\/\/nebraskademocrats.org\/vi\/event\/july-rural-council-call\/\" aria-label=\"More on July Rural Council Call\">\u0110\u1ecdc th\u00eam<\/a><\/p>","protected":false},"author":17,"featured_media":0,"template":"","meta":{"_acf_changed":false,"_exactmetrics_skip_tracking":false,"_exactmetrics_sitenote_active":false,"_exactmetrics_sitenote_note":"","_exactmetrics_sitenote_category":0,"_tribe_events_status":"","_tribe_events_status_reason":"","footnotes":""},"tags":[],"tribe_events_cat":[69],"class_list":["post-21445","tribe_events","type-tribe_events","status-publish","hentry","tribe_events_cat-we-the-people","cat_we-the-people"],"acf":[],"yoast_head":"<!-- This site is optimized with the Yoast SEO plugin v27.4 - https:\/\/yoast.com\/product\/yoast-seo-wordpress\/ -->\n<title>July Rural Council Call &#8211; Nebraska Democratic Party<\/title>\n<meta name=\"robots\" content=\"index, follow, max-snippet:-1, max-image-preview:large, max-video-preview:-1\" \/>\n<link rel=\"canonical\" href=\"https:\/\/nebraskademocrats.org\/vi\/event\/july-rural-council-call\/\" \/>\n<meta property=\"og:locale\" content=\"vi_VN\" \/>\n<meta property=\"og:type\" content=\"article\" \/>\n<meta property=\"og:title\" content=\"July Rural Council Call &#8211; Nebraska Democratic Party\" \/>\n<meta property=\"og:description\" content=\"Our next DNC Rural Council call will be held at 5 p.m. ET on Thursday, July 16. This will be our first time hosting this meeting via Zoom.&nbsp; Please register by clicking&nbsp;HERE&nbsp;and if you do not receive your registration information after you\u2019ve registered, please check your junk folder. Our call will feature a discussion with ... Read more\" \/>\n<meta property=\"og:url\" content=\"https:\/\/nebraskademocrats.org\/vi\/event\/july-rural-council-call\/\" \/>\n<meta property=\"og:site_name\" content=\"Nebraska Democratic Party\" \/>\n<meta property=\"article:publisher\" content=\"https:\/\/www.facebook.com\/NebraskaDemocraticParty\/\" \/>\n<meta property=\"article:modified_time\" content=\"2020-07-16T21:39:19+00:00\" \/>\n<meta property=\"og:image\" content=\"https:\/\/nebraskademocrats.org\/wp-content\/uploads\/2018\/09\/ne-dems-fb.jpg\" \/>\n\t<meta property=\"og:image:width\" content=\"1200\" \/>\n\t<meta property=\"og:image:height\" content=\"630\" \/>\n\t<meta property=\"og:image:type\" content=\"image\/jpeg\" \/>\n<meta name=\"twitter:card\" content=\"summary_large_image\" \/>\n<meta name=\"twitter:site\" content=\"@nebraskadems\" \/>\n<script type=\"application\/ld+json\" class=\"yoast-schema-graph\">{\"@context\":\"https:\\\/\\\/schema.org\",\"@graph\":[{\"@type\":\"WebPage\",\"@id\":\"https:\\\/\\\/nebraskademocrats.org\\\/event\\\/july-rural-council-call\\\/\",\"url\":\"https:\\\/\\\/nebraskademocrats.org\\\/event\\\/july-rural-council-call\\\/\",\"name\":\"July Rural Council Call &#8211; Nebraska Democratic Party\",\"isPartOf\":{\"@id\":\"https:\\\/\\\/nebraskademocrats.org\\\/#website\"},\"datePublished\":\"2020-07-14T22:39:28+00:00\",\"dateModified\":\"2020-07-16T21:39:19+00:00\",\"breadcrumb\":{\"@id\":\"https:\\\/\\\/nebraskademocrats.org\\\/event\\\/july-rural-council-call\\\/#breadcrumb\"},\"inLanguage\":\"vi\",\"potentialAction\":[{\"@type\":\"ReadAction\",\"target\":[\"https:\\\/\\\/nebraskademocrats.org\\\/event\\\/july-rural-council-call\\\/\"]}]},{\"@type\":\"BreadcrumbList\",\"@id\":\"https:\\\/\\\/nebraskademocrats.org\\\/event\\\/july-rural-council-call\\\/#breadcrumb\",\"itemListElement\":[{\"@type\":\"ListItem\",\"position\":1,\"name\":\"Home\",\"item\":\"https:\\\/\\\/nebraskademocrats.org\\\/\"},{\"@type\":\"ListItem\",\"position\":2,\"name\":\"Events\",\"item\":\"https:\\\/\\\/nebraskademocrats.org\\\/vi\\\/events\\\/\"},{\"@type\":\"ListItem\",\"position\":3,\"name\":\"July Rural Council Call\"}]},{\"@type\":\"WebSite\",\"@id\":\"https:\\\/\\\/nebraskademocrats.org\\\/#website\",\"url\":\"https:\\\/\\\/nebraskademocrats.org\\\/\",\"name\":\"Nebraska Democratic Party\",\"description\":\"Growing the Good Life for All Nebraskans\",\"publisher\":{\"@id\":\"https:\\\/\\\/nebraskademocrats.org\\\/#organization\"},\"potentialAction\":[{\"@type\":\"SearchAction\",\"target\":{\"@type\":\"EntryPoint\",\"urlTemplate\":\"https:\\\/\\\/nebraskademocrats.org\\\/?s={search_term_string}\"},\"query-input\":{\"@type\":\"PropertyValueSpecification\",\"valueRequired\":true,\"valueName\":\"search_term_string\"}}],\"inLanguage\":\"vi\"},{\"@type\":\"Organization\",\"@id\":\"https:\\\/\\\/nebraskademocrats.org\\\/#organization\",\"name\":\"Nebraska Democratic Party\",\"url\":\"https:\\\/\\\/nebraskademocrats.org\\\/\",\"logo\":{\"@type\":\"ImageObject\",\"inLanguage\":\"vi\",\"@id\":\"https:\\\/\\\/nebraskademocrats.org\\\/#\\\/schema\\\/logo\\\/image\\\/\",\"url\":\"https:\\\/\\\/nebraskadem.wpenginepowered.com\\\/wp-content\\\/uploads\\\/2016\\\/05\\\/NDP2.jpg\",\"contentUrl\":\"https:\\\/\\\/nebraskadem.wpenginepowered.com\\\/wp-content\\\/uploads\\\/2016\\\/05\\\/NDP2.jpg\",\"width\":1000,\"height\":396,\"caption\":\"Nebraska Democratic Party\"},\"image\":{\"@id\":\"https:\\\/\\\/nebraskademocrats.org\\\/#\\\/schema\\\/logo\\\/image\\\/\"},\"sameAs\":[\"https:\\\/\\\/www.facebook.com\\\/NebraskaDemocraticParty\\\/\",\"https:\\\/\\\/x.com\\\/nebraskadems\"]}]}<\/script>\n<!-- \/ Yoast SEO plugin. -->","yoast_head_json":{"title":"July Rural Council Call &#8211; Nebraska Democratic Party","robots":{"index":"index","follow":"follow","max-snippet":"max-snippet:-1","max-image-preview":"max-image-preview:large","max-video-preview":"max-video-preview:-1"},"canonical":"https:\/\/nebraskademocrats.org\/vi\/event\/july-rural-council-call\/","og_locale":"vi_VN","og_type":"article","og_title":"July Rural Council Call &#8211; Nebraska Democratic Party","og_description":"Our next DNC Rural Council call will be held at 5 p.m. ET on Thursday, July 16. This will be our first time hosting this meeting via Zoom.&nbsp; Please register by clicking&nbsp;HERE&nbsp;and if you do not receive your registration information after you\u2019ve registered, please check your junk folder. Our call will feature a discussion with ... Read more","og_url":"https:\/\/nebraskademocrats.org\/vi\/event\/july-rural-council-call\/","og_site_name":"Nebraska Democratic Party","article_publisher":"https:\/\/www.facebook.com\/NebraskaDemocraticParty\/","article_modified_time":"2020-07-16T21:39:19+00:00","og_image":[{"width":1200,"height":630,"url":"https:\/\/nebraskademocrats.org\/wp-content\/uploads\/2018\/09\/ne-dems-fb.jpg","type":"image\/jpeg"}],"twitter_card":"summary_large_image","twitter_site":"@nebraskadems","schema":{"@context":"https:\/\/schema.org","@graph":[{"@type":"WebPage","@id":"https:\/\/nebraskademocrats.org\/event\/july-rural-council-call\/","url":"https:\/\/nebraskademocrats.org\/event\/july-rural-council-call\/","name":"July Rural Council Call &#8211; Nebraska Democratic Party","isPartOf":{"@id":"https:\/\/nebraskademocrats.org\/#website"},"datePublished":"2020-07-14T22:39:28+00:00","dateModified":"2020-07-16T21:39:19+00:00","breadcrumb":{"@id":"https:\/\/nebraskademocrats.org\/event\/july-rural-council-call\/#breadcrumb"},"inLanguage":"vi","potentialAction":[{"@type":"ReadAction","target":["https:\/\/nebraskademocrats.org\/event\/july-rural-council-call\/"]}]},{"@type":"BreadcrumbList","@id":"https:\/\/nebraskademocrats.org\/event\/july-rural-council-call\/#breadcrumb","itemListElement":[{"@type":"ListItem","position":1,"name":"Home","item":"https:\/\/nebraskademocrats.org\/"},{"@type":"ListItem","position":2,"name":"Events","item":"https:\/\/nebraskademocrats.org\/vi\/events\/"},{"@type":"ListItem","position":3,"name":"July Rural Council Call"}]},{"@type":"WebSite","@id":"https:\/\/nebraskademocrats.org\/#website","url":"https:\/\/nebraskademocrats.org\/","name":"Nebraska Democratic Party","description":"Ph\u00e1t tri\u1ec3n cu\u1ed9c s\u1ed1ng t\u1ed1t \u0111\u1eb9p cho t\u1ea5t c\u1ea3 Nebraskans","publisher":{"@id":"https:\/\/nebraskademocrats.org\/#organization"},"potentialAction":[{"@type":"SearchAction","target":{"@type":"EntryPoint","urlTemplate":"https:\/\/nebraskademocrats.org\/?s={search_term_string}"},"query-input":{"@type":"PropertyValueSpecification","valueRequired":true,"valueName":"search_term_string"}}],"inLanguage":"vi"},{"@type":"Organization","@id":"https:\/\/nebraskademocrats.org\/#organization","name":"Nebraska Democratic Party","url":"https:\/\/nebraskademocrats.org\/","logo":{"@type":"ImageObject","inLanguage":"vi","@id":"https:\/\/nebraskademocrats.org\/#\/schema\/logo\/image\/","url":"https:\/\/nebraskadem.wpenginepowered.com\/wp-content\/uploads\/2016\/05\/NDP2.jpg","contentUrl":"https:\/\/nebraskadem.wpenginepowered.com\/wp-content\/uploads\/2016\/05\/NDP2.jpg","width":1000,"height":396,"caption":"Nebraska Democratic Party"},"image":{"@id":"https:\/\/nebraskademocrats.org\/#\/schema\/logo\/image\/"},"sameAs":["https:\/\/www.facebook.com\/NebraskaDemocraticParty\/","https:\/\/x.com\/nebraskadems"]}]}},"_links":{"self":[{"href":"https:\/\/nebraskademocrats.org\/vi\/wp-json\/wp\/v2\/tribe_events\/21445","targetHints":{"allow":["GET"]}}],"collection":[{"href":"https:\/\/nebraskademocrats.org\/vi\/wp-json\/wp\/v2\/tribe_events"}],"about":[{"href":"https:\/\/nebraskademocrats.org\/vi\/wp-json\/wp\/v2\/types\/tribe_events"}],"author":[{"embeddable":true,"href":"https:\/\/nebraskademocrats.org\/vi\/wp-json\/wp\/v2\/users\/17"}],"version-history":[{"count":0,"href":"https:\/\/nebraskademocrats.org\/vi\/wp-json\/wp\/v2\/tribe_events\/21445\/revisions"}],"wp:attachment":[{"href":"https:\/\/nebraskademocrats.org\/vi\/wp-json\/wp\/v2\/media?parent=21445"}],"wp:term":[{"taxonomy":"post_tag","embeddable":true,"href":"https:\/\/nebraskademocrats.org\/vi\/wp-json\/wp\/v2\/tags?post=21445"},{"taxonomy":"tribe_events_cat","embeddable":true,"href":"https:\/\/nebraskademocrats.org\/vi\/wp-json\/wp\/v2\/tribe_events_cat?post=21445"}],"curies":[{"name":"wp","href":"https:\/\/api.w.org\/{rel}","templated":true}]}}