{"id":21465,"date":"2020-07-15T11:54:14","date_gmt":"2020-07-15T16:54:14","guid":{"rendered":"https:\/\/nebraskadem.wpenginepowered.com\/event\/biden-for-president-nebraska-build-back-better-infrastructure-roundtable-with-former-senator-bob-kerrey\/"},"modified":"2020-07-17T11:54:36","modified_gmt":"2020-07-17T16:54:36","slug":"biden-for-president-nebraska-build-back-better-infrastructure-roundtable-with-former-senator-bob-kerrey","status":"publish","type":"tribe_events","link":"https:\/\/nebraskademocrats.org\/vi\/event\/biden-for-president-nebraska-build-back-better-infrastructure-roundtable-with-former-senator-bob-kerrey\/","title":{"rendered":"Biden cho T\u1ed5ng th\u1ed1ng Nebraska H\u1ed9i ngh\u1ecb b\u00e0n tr\u00f2n v\u1ec1 C\u01a1 s\u1edf h\u1ea1 t\u1ea7ng &quot;X\u00e2y d\u1ef1ng tr\u1edf l\u1ea1i t\u1ed1t h\u01a1n&quot; v\u1edbi C\u1ef1u Th\u01b0\u1ee3ng ngh\u1ecb s\u0129 Bob Kerrey"},"content":{"rendered":"<blockquote>\n<table>\n<tbody>\n<tr>\n<td>\n<table>\n<tbody>\n<tr>\n<td>\n<table>\n<tbody>\n<tr>\n<td>\n<table>\n<tbody>\n<tr>\n<td>\n<p>V\u00e0o th\u1ee9 s\u00e1u, ng\u00e0y 17 th\u00e1ng 7,&nbsp;<em>Biden cho T\u1ed5ng th\u1ed1ng<\/em>&nbsp;s\u1ebd t\u1ed5 ch\u1ee9c h\u1ed9i ngh\u1ecb b\u00e0n tr\u00f2n v\u1ec1 c\u01a1 s\u1edf h\u1ea1 t\u1ea7ng \u201cX\u00e2y d\u1ef1ng tr\u1edf l\u1ea1i t\u1ed1t h\u01a1n\u201d c\u1ee7a Nebraska v\u1edbi c\u1ef1u Th\u01b0\u1ee3ng ngh\u1ecb s\u0129 Bob Kerrey v\u00e0 Th\u01b0\u1ee3ng ngh\u1ecb s\u0129 bang Wendy DeBoer. Th\u01b0\u1ee3ng ngh\u1ecb s\u0129 Kerrey s\u1ebd th\u1ea3o lu\u1eadn v\u1ec1 k\u1ebf ho\u1ea1ch c\u1ee7a Joe Biden \u0111\u1ec3 t\u1ea1o ra c\u00e1c c\u00f4ng vi\u1ec7c c\u00f4ng \u0111o\u00e0n \u0111\u01b0\u1ee3c tr\u1ea3 l\u01b0\u01a1ng cao m\u00e0 ch\u00fang ta c\u1ea7n \u0111\u1ec3 x\u00e2y d\u1ef1ng m\u1ed9t c\u01a1 s\u1edf h\u1ea1 t\u1ea7ng b\u1ec1n v\u1eefng v\u00e0 b\u1ec1n v\u1eefng ngay b\u00e2y gi\u1edd v\u00e0 mang l\u1ea1i m\u1ed9t t\u01b0\u01a1ng lai n\u0103ng l\u01b0\u1ee3ng s\u1ea1ch c\u00f4ng b\u1eb1ng.<br \/>&nbsp;<br \/><strong>TH\u00d4NG TIN NH\u1eacT K\u00dd<\/strong><br \/>Th\u00f4ng tin chi ti\u1ebft c\u00f3 th\u1ec3 thay \u0111\u1ed5i<br \/>&nbsp;<\/p>\n<p><strong><u>TH\u1ee8 S\u00c1U NG\u00c0Y 17 TH\u00c1NG 7<\/u><\/strong><\/p>\n<p><strong>Nebraska \u201cX\u00e2y d\u1ef1ng tr\u1edf l\u1ea1i c\u01a1 s\u1edf h\u1ea1 t\u1ea7ng t\u1ed1t h\u01a1n\u201d H\u1ed9i ngh\u1ecb b\u00e0n tr\u00f2n v\u1edbi Bob Kerrey<\/strong><\/p>\n<p><strong>Th\u1eddi gian b\u1eaft \u0111\u1ea7u:&nbsp;<\/strong>11:45 s\u00e1ng CT<\/p>\n<p><strong>Nh\u1ea5n RSVP<\/strong>: Ph\u01b0\u01a1ng ti\u1ec7n quan t\u00e2m \u0111\u1ebfn vi\u1ec7c tham d\u1ef1 n\u00ean&nbsp;<a href=\"https:\/\/joebiden.us20.list-manage.com\/track\/click?u=6f4f7ad525ac07764c71a3e37&amp;id=d80da943f7&amp;e=927771716e\">Tr\u1ea3 l\u1eddi T\u1ea0I \u0110\u00c2Y<\/a>&nbsp;mu\u1ed9n nh\u1ea5t l\u00e0 9:30 AM CT ng\u00e0y Th\u1ee9 S\u00e1u, 17 Th\u00e1ng B\u1ea3y.<br \/><strong>Tham d\u1ef1 s\u1ef1 ki\u1ec7n:<\/strong>&nbsp;C\u00e1c th\u00e0nh vi\u00ean c\u1ee7a c\u00f4ng ch\u00fang mu\u1ed1n tham gia ph\u1ea3i&nbsp;<a href=\"https:\/\/joebiden.us20.list-manage.com\/track\/click?u=6f4f7ad525ac07764c71a3e37&amp;id=02a501220d&amp;e=927771716e\">Tr\u1ea3 l\u1eddi T\u1ea0I \u0110\u00c2Y<\/a>.<\/p>\n<\/td>\n<\/tr>\n<\/tbody>\n<\/table>\n<\/td>\n<\/tr>\n<\/tbody>\n<\/table>\n<\/td>\n<\/tr>\n<\/tbody>\n<\/table>\n<\/td>\n<\/tr>\n<\/tbody>\n<\/table>\n<\/blockquote>","protected":false},"excerpt":{"rendered":"<p>On Friday, July 17,&nbsp;Biden for President&nbsp;will hold a Nebraska \u201cBuild Back Better\u201d infrastructure roundtable with former Senator Bob Kerrey and state Sen. Wendy DeBoer. Senator Kerrey will discuss Joe Biden\u2019s plan to create the good-paying union jobs we need to build a resilient and sustainable infrastructure now and deliver an equitable clean energy future.&nbsp;LOGISTICAL INFORMATIONDetails &#8230; <a title=\"Biden cho T\u1ed5ng th\u1ed1ng Nebraska H\u1ed9i ngh\u1ecb b\u00e0n tr\u00f2n v\u1ec1 C\u01a1 s\u1edf h\u1ea1 t\u1ea7ng &quot;X\u00e2y d\u1ef1ng tr\u1edf l\u1ea1i t\u1ed1t h\u01a1n&quot; v\u1edbi C\u1ef1u Th\u01b0\u1ee3ng ngh\u1ecb s\u0129 Bob Kerrey\" class=\"read-more\" href=\"https:\/\/nebraskademocrats.org\/vi\/event\/biden-for-president-nebraska-build-back-better-infrastructure-roundtable-with-former-senator-bob-kerrey\/\" aria-label=\"More on Biden for President Nebraska \u201cBuild Back Better\u201d Infrastructure Roundtable with Former Senator Bob Kerrey\">\u0110\u1ecdc th\u00eam<\/a><\/p>","protected":false},"author":17,"featured_media":0,"template":"","meta":{"_acf_changed":false,"_exactmetrics_skip_tracking":false,"_exactmetrics_sitenote_active":false,"_exactmetrics_sitenote_note":"","_exactmetrics_sitenote_category":0,"_tribe_events_status":"","_tribe_events_status_reason":"","footnotes":""},"tags":[],"tribe_events_cat":[69],"class_list":["post-21465","tribe_events","type-tribe_events","status-publish","hentry","tribe_events_cat-we-the-people","cat_we-the-people"],"acf":[],"yoast_head":"<!-- This site is optimized with the Yoast SEO plugin v27.4 - https:\/\/yoast.com\/product\/yoast-seo-wordpress\/ -->\n<title>Biden for President Nebraska \u201cBuild Back Better\u201d Infrastructure Roundtable with Former Senator Bob Kerrey &#8211; Nebraska Democratic Party<\/title>\n<meta name=\"robots\" content=\"index, follow, max-snippet:-1, max-image-preview:large, max-video-preview:-1\" \/>\n<link rel=\"canonical\" href=\"https:\/\/nebraskademocrats.org\/vi\/event\/biden-for-president-nebraska-build-back-better-infrastructure-roundtable-with-former-senator-bob-kerrey\/\" \/>\n<meta property=\"og:locale\" content=\"vi_VN\" \/>\n<meta property=\"og:type\" content=\"article\" \/>\n<meta property=\"og:title\" content=\"Biden for President Nebraska \u201cBuild Back Better\u201d Infrastructure Roundtable with Former Senator Bob Kerrey &#8211; Nebraska Democratic Party\" \/>\n<meta property=\"og:description\" content=\"On Friday, July 17,&nbsp;Biden for President&nbsp;will hold a Nebraska \u201cBuild Back Better\u201d infrastructure roundtable with former Senator Bob Kerrey and state Sen. Wendy DeBoer. Senator Kerrey will discuss Joe Biden\u2019s plan to create the good-paying union jobs we need to build a resilient and sustainable infrastructure now and deliver an equitable clean energy future.&nbsp;LOGISTICAL INFORMATIONDetails ... Read more\" \/>\n<meta property=\"og:url\" content=\"https:\/\/nebraskademocrats.org\/vi\/event\/biden-for-president-nebraska-build-back-better-infrastructure-roundtable-with-former-senator-bob-kerrey\/\" \/>\n<meta property=\"og:site_name\" content=\"Nebraska Democratic Party\" \/>\n<meta property=\"article:publisher\" content=\"https:\/\/www.facebook.com\/NebraskaDemocraticParty\/\" \/>\n<meta property=\"article:modified_time\" content=\"2020-07-17T16:54:36+00:00\" \/>\n<meta property=\"og:image\" content=\"https:\/\/nebraskademocrats.org\/wp-content\/uploads\/2018\/09\/ne-dems-fb.jpg\" \/>\n\t<meta property=\"og:image:width\" content=\"1200\" \/>\n\t<meta property=\"og:image:height\" content=\"630\" \/>\n\t<meta property=\"og:image:type\" content=\"image\/jpeg\" \/>\n<meta name=\"twitter:card\" content=\"summary_large_image\" \/>\n<meta name=\"twitter:site\" content=\"@nebraskadems\" \/>\n<meta name=\"twitter:label1\" content=\"\u01af\u1edbc t\u00ednh th\u1eddi gian \u0111\u1ecdc\" \/>\n\t<meta name=\"twitter:data1\" content=\"1 ph\u00fat\" \/>\n<script type=\"application\/ld+json\" class=\"yoast-schema-graph\">{\"@context\":\"https:\\\/\\\/schema.org\",\"@graph\":[{\"@type\":\"WebPage\",\"@id\":\"https:\\\/\\\/nebraskademocrats.org\\\/event\\\/biden-for-president-nebraska-build-back-better-infrastructure-roundtable-with-former-senator-bob-kerrey\\\/\",\"url\":\"https:\\\/\\\/nebraskademocrats.org\\\/event\\\/biden-for-president-nebraska-build-back-better-infrastructure-roundtable-with-former-senator-bob-kerrey\\\/\",\"name\":\"Biden for President Nebraska \u201cBuild Back Better\u201d Infrastructure Roundtable with Former Senator Bob Kerrey &#8211; Nebraska Democratic Party\",\"isPartOf\":{\"@id\":\"https:\\\/\\\/nebraskademocrats.org\\\/#website\"},\"datePublished\":\"2020-07-15T16:54:14+00:00\",\"dateModified\":\"2020-07-17T16:54:36+00:00\",\"breadcrumb\":{\"@id\":\"https:\\\/\\\/nebraskademocrats.org\\\/event\\\/biden-for-president-nebraska-build-back-better-infrastructure-roundtable-with-former-senator-bob-kerrey\\\/#breadcrumb\"},\"inLanguage\":\"vi\",\"potentialAction\":[{\"@type\":\"ReadAction\",\"target\":[\"https:\\\/\\\/nebraskademocrats.org\\\/event\\\/biden-for-president-nebraska-build-back-better-infrastructure-roundtable-with-former-senator-bob-kerrey\\\/\"]}]},{\"@type\":\"BreadcrumbList\",\"@id\":\"https:\\\/\\\/nebraskademocrats.org\\\/event\\\/biden-for-president-nebraska-build-back-better-infrastructure-roundtable-with-former-senator-bob-kerrey\\\/#breadcrumb\",\"itemListElement\":[{\"@type\":\"ListItem\",\"position\":1,\"name\":\"Home\",\"item\":\"https:\\\/\\\/nebraskademocrats.org\\\/\"},{\"@type\":\"ListItem\",\"position\":2,\"name\":\"Events\",\"item\":\"https:\\\/\\\/nebraskademocrats.org\\\/vi\\\/events\\\/\"},{\"@type\":\"ListItem\",\"position\":3,\"name\":\"Biden for President Nebraska \u201cBuild Back Better\u201d Infrastructure Roundtable with Former Senator Bob Kerrey\"}]},{\"@type\":\"WebSite\",\"@id\":\"https:\\\/\\\/nebraskademocrats.org\\\/#website\",\"url\":\"https:\\\/\\\/nebraskademocrats.org\\\/\",\"name\":\"Nebraska Democratic Party\",\"description\":\"Growing the Good Life for All Nebraskans\",\"publisher\":{\"@id\":\"https:\\\/\\\/nebraskademocrats.org\\\/#organization\"},\"potentialAction\":[{\"@type\":\"SearchAction\",\"target\":{\"@type\":\"EntryPoint\",\"urlTemplate\":\"https:\\\/\\\/nebraskademocrats.org\\\/?s={search_term_string}\"},\"query-input\":{\"@type\":\"PropertyValueSpecification\",\"valueRequired\":true,\"valueName\":\"search_term_string\"}}],\"inLanguage\":\"vi\"},{\"@type\":\"Organization\",\"@id\":\"https:\\\/\\\/nebraskademocrats.org\\\/#organization\",\"name\":\"Nebraska Democratic Party\",\"url\":\"https:\\\/\\\/nebraskademocrats.org\\\/\",\"logo\":{\"@type\":\"ImageObject\",\"inLanguage\":\"vi\",\"@id\":\"https:\\\/\\\/nebraskademocrats.org\\\/#\\\/schema\\\/logo\\\/image\\\/\",\"url\":\"https:\\\/\\\/nebraskadem.wpenginepowered.com\\\/wp-content\\\/uploads\\\/2016\\\/05\\\/NDP2.jpg\",\"contentUrl\":\"https:\\\/\\\/nebraskadem.wpenginepowered.com\\\/wp-content\\\/uploads\\\/2016\\\/05\\\/NDP2.jpg\",\"width\":1000,\"height\":396,\"caption\":\"Nebraska Democratic Party\"},\"image\":{\"@id\":\"https:\\\/\\\/nebraskademocrats.org\\\/#\\\/schema\\\/logo\\\/image\\\/\"},\"sameAs\":[\"https:\\\/\\\/www.facebook.com\\\/NebraskaDemocraticParty\\\/\",\"https:\\\/\\\/x.com\\\/nebraskadems\"]}]}<\/script>\n<!-- \/ Yoast SEO plugin. -->","yoast_head_json":{"title":"Biden for President Nebraska \u201cBuild Back Better\u201d Infrastructure Roundtable with Former Senator Bob Kerrey &#8211; Nebraska Democratic Party","robots":{"index":"index","follow":"follow","max-snippet":"max-snippet:-1","max-image-preview":"max-image-preview:large","max-video-preview":"max-video-preview:-1"},"canonical":"https:\/\/nebraskademocrats.org\/vi\/event\/biden-for-president-nebraska-build-back-better-infrastructure-roundtable-with-former-senator-bob-kerrey\/","og_locale":"vi_VN","og_type":"article","og_title":"Biden for President Nebraska \u201cBuild Back Better\u201d Infrastructure Roundtable with Former Senator Bob Kerrey &#8211; Nebraska Democratic Party","og_description":"On Friday, July 17,&nbsp;Biden for President&nbsp;will hold a Nebraska \u201cBuild Back Better\u201d infrastructure roundtable with former Senator Bob Kerrey and state Sen. Wendy DeBoer. Senator Kerrey will discuss Joe Biden\u2019s plan to create the good-paying union jobs we need to build a resilient and sustainable infrastructure now and deliver an equitable clean energy future.&nbsp;LOGISTICAL INFORMATIONDetails ... Read more","og_url":"https:\/\/nebraskademocrats.org\/vi\/event\/biden-for-president-nebraska-build-back-better-infrastructure-roundtable-with-former-senator-bob-kerrey\/","og_site_name":"Nebraska Democratic Party","article_publisher":"https:\/\/www.facebook.com\/NebraskaDemocraticParty\/","article_modified_time":"2020-07-17T16:54:36+00:00","og_image":[{"width":1200,"height":630,"url":"https:\/\/nebraskademocrats.org\/wp-content\/uploads\/2018\/09\/ne-dems-fb.jpg","type":"image\/jpeg"}],"twitter_card":"summary_large_image","twitter_site":"@nebraskadems","twitter_misc":{"\u01af\u1edbc t\u00ednh th\u1eddi gian \u0111\u1ecdc":"1 ph\u00fat"},"schema":{"@context":"https:\/\/schema.org","@graph":[{"@type":"WebPage","@id":"https:\/\/nebraskademocrats.org\/event\/biden-for-president-nebraska-build-back-better-infrastructure-roundtable-with-former-senator-bob-kerrey\/","url":"https:\/\/nebraskademocrats.org\/event\/biden-for-president-nebraska-build-back-better-infrastructure-roundtable-with-former-senator-bob-kerrey\/","name":"Biden for President Nebraska \u201cBuild Back Better\u201d Infrastructure Roundtable with Former Senator Bob Kerrey &#8211; Nebraska Democratic Party","isPartOf":{"@id":"https:\/\/nebraskademocrats.org\/#website"},"datePublished":"2020-07-15T16:54:14+00:00","dateModified":"2020-07-17T16:54:36+00:00","breadcrumb":{"@id":"https:\/\/nebraskademocrats.org\/event\/biden-for-president-nebraska-build-back-better-infrastructure-roundtable-with-former-senator-bob-kerrey\/#breadcrumb"},"inLanguage":"vi","potentialAction":[{"@type":"ReadAction","target":["https:\/\/nebraskademocrats.org\/event\/biden-for-president-nebraska-build-back-better-infrastructure-roundtable-with-former-senator-bob-kerrey\/"]}]},{"@type":"BreadcrumbList","@id":"https:\/\/nebraskademocrats.org\/event\/biden-for-president-nebraska-build-back-better-infrastructure-roundtable-with-former-senator-bob-kerrey\/#breadcrumb","itemListElement":[{"@type":"ListItem","position":1,"name":"Home","item":"https:\/\/nebraskademocrats.org\/"},{"@type":"ListItem","position":2,"name":"Events","item":"https:\/\/nebraskademocrats.org\/vi\/events\/"},{"@type":"ListItem","position":3,"name":"Biden for President Nebraska \u201cBuild Back Better\u201d Infrastructure Roundtable with Former Senator Bob Kerrey"}]},{"@type":"WebSite","@id":"https:\/\/nebraskademocrats.org\/#website","url":"https:\/\/nebraskademocrats.org\/","name":"Nebraska Democratic Party","description":"Ph\u00e1t tri\u1ec3n cu\u1ed9c s\u1ed1ng t\u1ed1t \u0111\u1eb9p cho t\u1ea5t c\u1ea3 Nebraskans","publisher":{"@id":"https:\/\/nebraskademocrats.org\/#organization"},"potentialAction":[{"@type":"SearchAction","target":{"@type":"EntryPoint","urlTemplate":"https:\/\/nebraskademocrats.org\/?s={search_term_string}"},"query-input":{"@type":"PropertyValueSpecification","valueRequired":true,"valueName":"search_term_string"}}],"inLanguage":"vi"},{"@type":"Organization","@id":"https:\/\/nebraskademocrats.org\/#organization","name":"Nebraska Democratic Party","url":"https:\/\/nebraskademocrats.org\/","logo":{"@type":"ImageObject","inLanguage":"vi","@id":"https:\/\/nebraskademocrats.org\/#\/schema\/logo\/image\/","url":"https:\/\/nebraskadem.wpenginepowered.com\/wp-content\/uploads\/2016\/05\/NDP2.jpg","contentUrl":"https:\/\/nebraskadem.wpenginepowered.com\/wp-content\/uploads\/2016\/05\/NDP2.jpg","width":1000,"height":396,"caption":"Nebraska Democratic Party"},"image":{"@id":"https:\/\/nebraskademocrats.org\/#\/schema\/logo\/image\/"},"sameAs":["https:\/\/www.facebook.com\/NebraskaDemocraticParty\/","https:\/\/x.com\/nebraskadems"]}]}},"_links":{"self":[{"href":"https:\/\/nebraskademocrats.org\/vi\/wp-json\/wp\/v2\/tribe_events\/21465","targetHints":{"allow":["GET"]}}],"collection":[{"href":"https:\/\/nebraskademocrats.org\/vi\/wp-json\/wp\/v2\/tribe_events"}],"about":[{"href":"https:\/\/nebraskademocrats.org\/vi\/wp-json\/wp\/v2\/types\/tribe_events"}],"author":[{"embeddable":true,"href":"https:\/\/nebraskademocrats.org\/vi\/wp-json\/wp\/v2\/users\/17"}],"version-history":[{"count":0,"href":"https:\/\/nebraskademocrats.org\/vi\/wp-json\/wp\/v2\/tribe_events\/21465\/revisions"}],"wp:attachment":[{"href":"https:\/\/nebraskademocrats.org\/vi\/wp-json\/wp\/v2\/media?parent=21465"}],"wp:term":[{"taxonomy":"post_tag","embeddable":true,"href":"https:\/\/nebraskademocrats.org\/vi\/wp-json\/wp\/v2\/tags?post=21465"},{"taxonomy":"tribe_events_cat","embeddable":true,"href":"https:\/\/nebraskademocrats.org\/vi\/wp-json\/wp\/v2\/tribe_events_cat?post=21465"}],"curies":[{"name":"wp","href":"https:\/\/api.w.org\/{rel}","templated":true}]}}