{"id":8621,"date":"2019-06-14T14:04:26","date_gmt":"2019-06-14T19:04:26","guid":{"rendered":"https:\/\/nebraskadem.wpenginepowered.com\/?post_type=tribe_events&#038;p=8621"},"modified":"2019-06-14T14:04:26","modified_gmt":"2019-06-14T19:04:26","slug":"first-democratic-presidential-debates","status":"publish","type":"tribe_events","link":"https:\/\/nebraskademocrats.org\/vi\/event\/first-democratic-presidential-debates\/","title":{"rendered":"C\u00e1c cu\u1ed9c tranh lu\u1eadn t\u1ed5ng th\u1ed1ng \u0111\u1ea7u ti\u00ean c\u1ee7a \u0111\u1ea3ng D\u00e2n ch\u1ee7"},"content":{"rendered":"<p>C\u00e1c cu\u1ed9c tranh lu\u1eadn s\u01a1 b\u1ed9 \u0111\u1ea7u ti\u00ean c\u1ee7a T\u1ed5ng th\u1ed1ng \u0111\u1ea3ng D\u00e2n ch\u1ee7 s\u1eafp di\u1ec5n ra\u00a0<strong>Ng\u00e0y 26 th\u00e1ng 6 v\u00e0 ng\u00e0y 27 th\u00e1ng 6 l\u00fac 8 gi\u1edd t\u1ed1i CT m\u1ed7i \u0111\u00eam.<\/strong>\u00a0Trang n\u00e0y c\u00f3 th\u00f4ng tin v\u1ec1 c\u00e1c cu\u1ed9c tranh lu\u1eadn c\u0169ng nh\u01b0 t\u1ea1i c\u00e1c B\u1eefa ti\u1ec7c Xem TV \u1edf Nebraska.<\/p>\n<div class=\"\" data-block=\"true\" data-editor=\"87pt6\" data-offset-key=\"68a8s-0-0\">\n<div class=\"_1mf _1mj\" data-offset-key=\"68a8s-0-0\"><span data-offset-key=\"68a8s-0-0\">Cu\u1ed9c tranh lu\u1eadn \u0111\u1ea7u ti\u00ean c\u1ee7a chu k\u1ef3 n\u00e0y s\u1ebd l\u00e0 m\u1ed9t s\u1ef1 ki\u1ec7n th\u00fa v\u1ecb m\u00e0 b\u1ea1n s\u1ebd kh\u00f4ng mu\u1ed1n b\u1ecf l\u1ee1. V\u00ec v\u1eady, h\u00e3y nh\u1edb \u0111\u00e1nh d\u1ea5u l\u1ecbch c\u1ee7a b\u1ea1n ngay b\u00e2y gi\u1edd cho c\u1ea3 hai \u0111\u00eam c\u1ee7a cu\u1ed9c tranh lu\u1eadn ch\u00ednh th\u1ee9c \u0111\u1ea7u ti\u00ean trong cu\u1ed9c ch\u1ea1y \u0111ua cho s\u1ef1 \u0111\u1ec1 c\u1eed c\u1ee7a \u0110\u1ea3ng D\u00e2n ch\u1ee7. B\u1ea1n s\u1ebd \u0111\u01b0\u1ee3c nghe t\u1eeb nh\u00f3m \u1ee9ng c\u1eed vi\u00ean \u0110\u1ea3ng D\u00e2n ch\u1ee7 \u0111\u00e1ng kinh ng\u1ea1c n\u00e0y khi h\u1ecd chia s\u1ebb t\u1ea7m nh\u00ecn c\u1ee7a m\u00ecnh \u0111\u1ec3 \u0111\u01b0a \u0111\u1ea5t n\u01b0\u1edbc ch\u00fang ta \u0111i \u0111\u00fang h\u01b0\u1edbng.<\/p>\n<p><\/span><strong><a href=\"https:\/\/nebraskadem.wpenginepowered.com\/blog\/first-democratic-presidential-debates-are-june-26th-and-27th\/\">\u0110\u1eccC TH\u00caM.<\/a><\/strong><\/div>\n<\/div>","protected":false},"excerpt":{"rendered":"<p>The first Democratic presidential primary debates are coming\u00a0June 26 and Jun 27 at 8 p.m. CT each night.\u00a0This page has information about the debates as well at TV Watch Parties in Nebraska. The first debate of this cycle is going to be an exciting event that you won\u2019t want to miss out on. So, be &#8230; <a title=\"C\u00e1c cu\u1ed9c tranh lu\u1eadn t\u1ed5ng th\u1ed1ng \u0111\u1ea7u ti\u00ean c\u1ee7a \u0111\u1ea3ng D\u00e2n ch\u1ee7\" class=\"read-more\" href=\"https:\/\/nebraskademocrats.org\/vi\/event\/first-democratic-presidential-debates\/\" aria-label=\"More on First Democratic Presidential Debates\">\u0110\u1ecdc th\u00eam<\/a><\/p>","protected":false},"author":19,"featured_media":0,"template":"","meta":{"_acf_changed":false,"_exactmetrics_skip_tracking":false,"_exactmetrics_sitenote_active":false,"_exactmetrics_sitenote_note":"","_exactmetrics_sitenote_category":0,"_tribe_events_status":"","_tribe_events_status_reason":"","footnotes":""},"tags":[],"tribe_events_cat":[],"class_list":["post-8621","tribe_events","type-tribe_events","status-publish","hentry"],"acf":[],"yoast_head":"<!-- This site is optimized with the Yoast SEO plugin v27.4 - https:\/\/yoast.com\/product\/yoast-seo-wordpress\/ -->\n<title>First Democratic Presidential Debates &#8211; Nebraska Democratic Party<\/title>\n<meta name=\"robots\" content=\"index, follow, max-snippet:-1, max-image-preview:large, max-video-preview:-1\" \/>\n<link rel=\"canonical\" href=\"https:\/\/nebraskademocrats.org\/vi\/event\/first-democratic-presidential-debates\/\" \/>\n<meta property=\"og:locale\" content=\"vi_VN\" \/>\n<meta property=\"og:type\" content=\"article\" \/>\n<meta property=\"og:title\" content=\"First Democratic Presidential Debates &#8211; Nebraska Democratic Party\" \/>\n<meta property=\"og:description\" content=\"The first Democratic presidential primary debates are coming\u00a0June 26 and Jun 27 at 8 p.m. CT each night.\u00a0This page has information about the debates as well at TV Watch Parties in Nebraska. The first debate of this cycle is going to be an exciting event that you won\u2019t want to miss out on. So, be ... Read more\" \/>\n<meta property=\"og:url\" content=\"https:\/\/nebraskademocrats.org\/vi\/event\/first-democratic-presidential-debates\/\" \/>\n<meta property=\"og:site_name\" content=\"Nebraska Democratic Party\" \/>\n<meta property=\"article:publisher\" content=\"https:\/\/www.facebook.com\/NebraskaDemocraticParty\/\" \/>\n<meta property=\"og:image\" content=\"https:\/\/nebraskademocrats.org\/wp-content\/uploads\/2018\/09\/ne-dems-fb.jpg\" \/>\n\t<meta property=\"og:image:width\" content=\"1200\" \/>\n\t<meta property=\"og:image:height\" content=\"630\" \/>\n\t<meta property=\"og:image:type\" content=\"image\/jpeg\" \/>\n<meta name=\"twitter:card\" content=\"summary_large_image\" \/>\n<meta name=\"twitter:site\" content=\"@nebraskadems\" \/>\n<meta name=\"twitter:label1\" content=\"\u01af\u1edbc t\u00ednh th\u1eddi gian \u0111\u1ecdc\" \/>\n\t<meta name=\"twitter:data1\" content=\"1 ph\u00fat\" \/>\n<script type=\"application\/ld+json\" class=\"yoast-schema-graph\">{\"@context\":\"https:\\\/\\\/schema.org\",\"@graph\":[{\"@type\":\"WebPage\",\"@id\":\"https:\\\/\\\/nebraskademocrats.org\\\/event\\\/first-democratic-presidential-debates\\\/\",\"url\":\"https:\\\/\\\/nebraskademocrats.org\\\/event\\\/first-democratic-presidential-debates\\\/\",\"name\":\"First Democratic Presidential Debates &#8211; Nebraska Democratic Party\",\"isPartOf\":{\"@id\":\"https:\\\/\\\/nebraskademocrats.org\\\/#website\"},\"datePublished\":\"2019-06-14T19:04:26+00:00\",\"breadcrumb\":{\"@id\":\"https:\\\/\\\/nebraskademocrats.org\\\/event\\\/first-democratic-presidential-debates\\\/#breadcrumb\"},\"inLanguage\":\"vi\",\"potentialAction\":[{\"@type\":\"ReadAction\",\"target\":[\"https:\\\/\\\/nebraskademocrats.org\\\/event\\\/first-democratic-presidential-debates\\\/\"]}]},{\"@type\":\"BreadcrumbList\",\"@id\":\"https:\\\/\\\/nebraskademocrats.org\\\/event\\\/first-democratic-presidential-debates\\\/#breadcrumb\",\"itemListElement\":[{\"@type\":\"ListItem\",\"position\":1,\"name\":\"Home\",\"item\":\"https:\\\/\\\/nebraskademocrats.org\\\/\"},{\"@type\":\"ListItem\",\"position\":2,\"name\":\"Events\",\"item\":\"https:\\\/\\\/nebraskademocrats.org\\\/vi\\\/events\\\/\"},{\"@type\":\"ListItem\",\"position\":3,\"name\":\"First Democratic Presidential Debates\"}]},{\"@type\":\"WebSite\",\"@id\":\"https:\\\/\\\/nebraskademocrats.org\\\/#website\",\"url\":\"https:\\\/\\\/nebraskademocrats.org\\\/\",\"name\":\"Nebraska Democratic Party\",\"description\":\"Growing the Good Life for All Nebraskans\",\"publisher\":{\"@id\":\"https:\\\/\\\/nebraskademocrats.org\\\/#organization\"},\"potentialAction\":[{\"@type\":\"SearchAction\",\"target\":{\"@type\":\"EntryPoint\",\"urlTemplate\":\"https:\\\/\\\/nebraskademocrats.org\\\/?s={search_term_string}\"},\"query-input\":{\"@type\":\"PropertyValueSpecification\",\"valueRequired\":true,\"valueName\":\"search_term_string\"}}],\"inLanguage\":\"vi\"},{\"@type\":\"Organization\",\"@id\":\"https:\\\/\\\/nebraskademocrats.org\\\/#organization\",\"name\":\"Nebraska Democratic Party\",\"url\":\"https:\\\/\\\/nebraskademocrats.org\\\/\",\"logo\":{\"@type\":\"ImageObject\",\"inLanguage\":\"vi\",\"@id\":\"https:\\\/\\\/nebraskademocrats.org\\\/#\\\/schema\\\/logo\\\/image\\\/\",\"url\":\"https:\\\/\\\/nebraskadem.wpenginepowered.com\\\/wp-content\\\/uploads\\\/2016\\\/05\\\/NDP2.jpg\",\"contentUrl\":\"https:\\\/\\\/nebraskadem.wpenginepowered.com\\\/wp-content\\\/uploads\\\/2016\\\/05\\\/NDP2.jpg\",\"width\":1000,\"height\":396,\"caption\":\"Nebraska Democratic Party\"},\"image\":{\"@id\":\"https:\\\/\\\/nebraskademocrats.org\\\/#\\\/schema\\\/logo\\\/image\\\/\"},\"sameAs\":[\"https:\\\/\\\/www.facebook.com\\\/NebraskaDemocraticParty\\\/\",\"https:\\\/\\\/x.com\\\/nebraskadems\"]}]}<\/script>\n<!-- \/ Yoast SEO plugin. -->","yoast_head_json":{"title":"First Democratic Presidential Debates &#8211; Nebraska Democratic Party","robots":{"index":"index","follow":"follow","max-snippet":"max-snippet:-1","max-image-preview":"max-image-preview:large","max-video-preview":"max-video-preview:-1"},"canonical":"https:\/\/nebraskademocrats.org\/vi\/event\/first-democratic-presidential-debates\/","og_locale":"vi_VN","og_type":"article","og_title":"First Democratic Presidential Debates &#8211; Nebraska Democratic Party","og_description":"The first Democratic presidential primary debates are coming\u00a0June 26 and Jun 27 at 8 p.m. CT each night.\u00a0This page has information about the debates as well at TV Watch Parties in Nebraska. The first debate of this cycle is going to be an exciting event that you won\u2019t want to miss out on. So, be ... Read more","og_url":"https:\/\/nebraskademocrats.org\/vi\/event\/first-democratic-presidential-debates\/","og_site_name":"Nebraska Democratic Party","article_publisher":"https:\/\/www.facebook.com\/NebraskaDemocraticParty\/","og_image":[{"width":1200,"height":630,"url":"https:\/\/nebraskademocrats.org\/wp-content\/uploads\/2018\/09\/ne-dems-fb.jpg","type":"image\/jpeg"}],"twitter_card":"summary_large_image","twitter_site":"@nebraskadems","twitter_misc":{"\u01af\u1edbc t\u00ednh th\u1eddi gian \u0111\u1ecdc":"1 ph\u00fat"},"schema":{"@context":"https:\/\/schema.org","@graph":[{"@type":"WebPage","@id":"https:\/\/nebraskademocrats.org\/event\/first-democratic-presidential-debates\/","url":"https:\/\/nebraskademocrats.org\/event\/first-democratic-presidential-debates\/","name":"First Democratic Presidential Debates &#8211; Nebraska Democratic Party","isPartOf":{"@id":"https:\/\/nebraskademocrats.org\/#website"},"datePublished":"2019-06-14T19:04:26+00:00","breadcrumb":{"@id":"https:\/\/nebraskademocrats.org\/event\/first-democratic-presidential-debates\/#breadcrumb"},"inLanguage":"vi","potentialAction":[{"@type":"ReadAction","target":["https:\/\/nebraskademocrats.org\/event\/first-democratic-presidential-debates\/"]}]},{"@type":"BreadcrumbList","@id":"https:\/\/nebraskademocrats.org\/event\/first-democratic-presidential-debates\/#breadcrumb","itemListElement":[{"@type":"ListItem","position":1,"name":"Home","item":"https:\/\/nebraskademocrats.org\/"},{"@type":"ListItem","position":2,"name":"Events","item":"https:\/\/nebraskademocrats.org\/vi\/events\/"},{"@type":"ListItem","position":3,"name":"First Democratic Presidential Debates"}]},{"@type":"WebSite","@id":"https:\/\/nebraskademocrats.org\/#website","url":"https:\/\/nebraskademocrats.org\/","name":"Nebraska Democratic Party","description":"Ph\u00e1t tri\u1ec3n cu\u1ed9c s\u1ed1ng t\u1ed1t \u0111\u1eb9p cho t\u1ea5t c\u1ea3 Nebraskans","publisher":{"@id":"https:\/\/nebraskademocrats.org\/#organization"},"potentialAction":[{"@type":"SearchAction","target":{"@type":"EntryPoint","urlTemplate":"https:\/\/nebraskademocrats.org\/?s={search_term_string}"},"query-input":{"@type":"PropertyValueSpecification","valueRequired":true,"valueName":"search_term_string"}}],"inLanguage":"vi"},{"@type":"Organization","@id":"https:\/\/nebraskademocrats.org\/#organization","name":"Nebraska Democratic Party","url":"https:\/\/nebraskademocrats.org\/","logo":{"@type":"ImageObject","inLanguage":"vi","@id":"https:\/\/nebraskademocrats.org\/#\/schema\/logo\/image\/","url":"https:\/\/nebraskadem.wpenginepowered.com\/wp-content\/uploads\/2016\/05\/NDP2.jpg","contentUrl":"https:\/\/nebraskadem.wpenginepowered.com\/wp-content\/uploads\/2016\/05\/NDP2.jpg","width":1000,"height":396,"caption":"Nebraska Democratic Party"},"image":{"@id":"https:\/\/nebraskademocrats.org\/#\/schema\/logo\/image\/"},"sameAs":["https:\/\/www.facebook.com\/NebraskaDemocraticParty\/","https:\/\/x.com\/nebraskadems"]}]}},"_links":{"self":[{"href":"https:\/\/nebraskademocrats.org\/vi\/wp-json\/wp\/v2\/tribe_events\/8621","targetHints":{"allow":["GET"]}}],"collection":[{"href":"https:\/\/nebraskademocrats.org\/vi\/wp-json\/wp\/v2\/tribe_events"}],"about":[{"href":"https:\/\/nebraskademocrats.org\/vi\/wp-json\/wp\/v2\/types\/tribe_events"}],"author":[{"embeddable":true,"href":"https:\/\/nebraskademocrats.org\/vi\/wp-json\/wp\/v2\/users\/19"}],"version-history":[{"count":0,"href":"https:\/\/nebraskademocrats.org\/vi\/wp-json\/wp\/v2\/tribe_events\/8621\/revisions"}],"wp:attachment":[{"href":"https:\/\/nebraskademocrats.org\/vi\/wp-json\/wp\/v2\/media?parent=8621"}],"wp:term":[{"taxonomy":"post_tag","embeddable":true,"href":"https:\/\/nebraskademocrats.org\/vi\/wp-json\/wp\/v2\/tags?post=8621"},{"taxonomy":"tribe_events_cat","embeddable":true,"href":"https:\/\/nebraskademocrats.org\/vi\/wp-json\/wp\/v2\/tribe_events_cat?post=8621"}],"curies":[{"name":"wp","href":"https:\/\/api.w.org\/{rel}","templated":true}]}}