{"id":8853,"date":"2019-07-03T09:15:02","date_gmt":"2019-07-03T14:15:02","guid":{"rendered":"https:\/\/nebraskadem.wpenginepowered.com\/?post_type=tribe_events&#038;p=8853"},"modified":"2019-07-03T09:15:02","modified_gmt":"2019-07-03T14:15:02","slug":"lights-for-liberty","status":"publish","type":"tribe_events","link":"https:\/\/nebraskademocrats.org\/vi\/event\/lights-for-liberty\/","title":{"rendered":"\u0110\u00e8n cho Liberty"},"content":{"rendered":"<p>V\u00e0o th\u1ee9 s\u00e1u, ng\u00e0y 12 th\u00e1ng 7 n\u0103m 2019,\u00a0<strong>\u0110\u00e8n cho Liberty<\/strong>\u00a0\u0111ang c\u00f3 m\u1ed9t\u00a0<strong>\u201cC\u1ea3nh gi\u00e1c \u0111\u1ec3 ch\u1ea5m d\u1ee9t c\u00e1c tr\u1ea1i giam gi\u1eef con ng\u01b0\u1eddi,\u201d<\/strong>\u0110i\u1ec1u \u0111\u00f3 s\u1ebd \u0111\u01b0a h\u00e0ng ng\u00e0n ng\u01b0\u1eddi M\u1ef9 \u0111\u1ebfn c\u00e1c tr\u1ea1i t\u1ea1m giam tr\u00ean kh\u1eafp \u0111\u1ea5t n\u01b0\u1edbc, xu\u1ed1ng \u0111\u01b0\u1eddng v\u00e0 v\u00e0o s\u00e2n tr\u01b0\u1edbc c\u1ee7a ch\u00ednh h\u1ecd, \u0111\u1ec3 ph\u1ea3n \u0111\u1ed1i nh\u1eefng \u0111i\u1ec1u ki\u1ec7n v\u00f4 nh\u00e2n \u0111\u1ea1o m\u00e0 ng\u01b0\u1eddi t\u1ecb n\u1ea1n ph\u1ea3i \u0111\u1ed1i m\u1eb7t.<\/p>\n<p>Lights for Liberty l\u00e0 m\u1ed9t li\u00ean minh c\u1ee7a nh\u1eefng ng\u01b0\u1eddi, nhi\u1ec1u ng\u01b0\u1eddi trong s\u1ed1 h\u1ecd l\u00e0 nh\u1eefng ng\u01b0\u1eddi m\u1eb9, c\u1ed1ng hi\u1ebfn cho quy\u1ec1n con ng\u01b0\u1eddi v\u00e0 nguy\u00ean t\u1eafc c\u01a1 b\u1ea3n \u0111\u1eb1ng sau n\u1ec1n d\u00e2n ch\u1ee7 r\u1eb1ng t\u1ea5t c\u1ea3 con ng\u01b0\u1eddi \u0111\u1ec1u c\u00f3 quy\u1ec1n s\u1ed1ng, quy\u1ec1n t\u1ef1 do v\u00e0 nh\u00e2n ph\u1ea9m.<\/p>\n<p>H\u1ecd \u0111ang h\u1ee3p t\u00e1c v\u1edbi c\u00e1c c\u1ed9ng \u0111\u1ed3ng v\u00e0 t\u1ed5 ch\u1ee9c qu\u1ed1c gia, khu v\u1ef1c v\u00e0 \u0111\u1ecba ph\u01b0\u01a1ng, nh\u1eefng ng\u01b0\u1eddi tin r\u1eb1ng nh\u1eefng quy\u1ec1n c\u01a1 b\u1ea3n n\u00e0y kh\u00f4ng th\u1ec3 th\u01b0\u01a1ng l\u01b0\u1ee3ng v\u00e0 s\u1eb5n s\u00e0ng b\u1ea3o v\u1ec7 ch\u00fang.<\/p>\n<p>Th\u00f4ng tin th\u00eam c\u00f3 th\u1ec3 \u0111\u01b0\u1ee3c t\u00ecm th\u1ea5y t\u1ea1i\u00a0<a href=\"https:\/\/l.facebook.com\/l.php?u=http%3A%2F%2Fwww.lightsforliberty.org%2F%3Ffbclid%3DIwAR2nWECtTecRm-zrDb0QRiNFlaL9a7U3GCsbvRwQqilvy-kFShAca8sAI1s&amp;h=AT0rlsVvdNZVuFRE1ko98F7Wo9-7S34QBRfQ0uwmW1OB_G1gC9A4g0VivEbjCyD-_Vu2JWrMJIJtX24gN_1IqwEjS-NFYb0eVpg3vtMuMTVE3E2rr5K_oB6Rtl7EJsmwEtg\" target=\"_blank\" rel=\"noopener nofollow\" data-lynx-mode=\"asynclazy\">www.lightsforliberty.org.<\/a><\/p>\n<p>D\u01b0\u1edbi \u0111\u00e2y l\u00e0 c\u00e1c li\u00ean k\u1ebft \u0111\u1ebfn c\u00e1c s\u1ef1 ki\u1ec7n \u0111\u01b0\u1ee3c l\u00ean k\u1ebf ho\u1ea1ch \u1edf Nebraska:<\/p>\n<p><strong><a href=\"https:\/\/www.facebook.com\/events\/2477860755593250\/\">Omaha<\/a><\/strong><\/p>\n<p><strong><a href=\"https:\/\/www.facebook.com\/events\/1168786469995337\/\">Lincoln<\/a><\/strong><\/p>\n<p><a href=\"https:\/\/www.facebook.com\/events\/422805428306108\/\">\u0110\u1ea3o Grand<\/a><\/p>\n<p><strong><a href=\"https:\/\/www.facebook.com\/events\/631440577343979\/\">Wayne<\/a><\/strong><\/p>","protected":false},"excerpt":{"rendered":"<p>On Friday July 12th, 2019,\u00a0Lights for Liberty\u00a0is having a\u00a0\u201cVigil to End Human Detention Camps,\u201dthat will\u00a0 bring thousands of Americans to detention camps across the country, into the streets and into their own front yards, to protest the inhumane conditions faced by refugees. Lights for Liberty is a coalition of people, many of whom are mothers, &#8230; <a title=\"\u0110\u00e8n cho Liberty\" class=\"read-more\" href=\"https:\/\/nebraskademocrats.org\/vi\/event\/lights-for-liberty\/\" aria-label=\"More on Lights for Liberty\">\u0110\u1ecdc th\u00eam<\/a><\/p>","protected":false},"author":19,"featured_media":0,"template":"","meta":{"_acf_changed":false,"_exactmetrics_skip_tracking":false,"_exactmetrics_sitenote_active":false,"_exactmetrics_sitenote_note":"","_exactmetrics_sitenote_category":0,"_tribe_events_status":"","_tribe_events_status_reason":"","footnotes":""},"tags":[],"tribe_events_cat":[],"class_list":["post-8853","tribe_events","type-tribe_events","status-publish","hentry"],"acf":[],"yoast_head":"<!-- This site is optimized with the Yoast SEO plugin v27.4 - https:\/\/yoast.com\/product\/yoast-seo-wordpress\/ -->\n<title>Lights for Liberty &#8211; Nebraska Democratic Party<\/title>\n<meta name=\"robots\" content=\"index, follow, max-snippet:-1, max-image-preview:large, max-video-preview:-1\" \/>\n<link rel=\"canonical\" href=\"https:\/\/nebraskademocrats.org\/vi\/event\/lights-for-liberty\/\" \/>\n<meta property=\"og:locale\" content=\"vi_VN\" \/>\n<meta property=\"og:type\" content=\"article\" \/>\n<meta property=\"og:title\" content=\"Lights for Liberty &#8211; Nebraska Democratic Party\" \/>\n<meta property=\"og:description\" content=\"On Friday July 12th, 2019,\u00a0Lights for Liberty\u00a0is having a\u00a0\u201cVigil to End Human Detention Camps,\u201dthat will\u00a0 bring thousands of Americans to detention camps across the country, into the streets and into their own front yards, to protest the inhumane conditions faced by refugees. Lights for Liberty is a coalition of people, many of whom are mothers, ... Read more\" \/>\n<meta property=\"og:url\" content=\"https:\/\/nebraskademocrats.org\/vi\/event\/lights-for-liberty\/\" \/>\n<meta property=\"og:site_name\" content=\"Nebraska Democratic Party\" \/>\n<meta property=\"article:publisher\" content=\"https:\/\/www.facebook.com\/NebraskaDemocraticParty\/\" \/>\n<meta property=\"og:image\" content=\"https:\/\/nebraskademocrats.org\/wp-content\/uploads\/2018\/09\/ne-dems-fb.jpg\" \/>\n\t<meta property=\"og:image:width\" content=\"1200\" \/>\n\t<meta property=\"og:image:height\" content=\"630\" \/>\n\t<meta property=\"og:image:type\" content=\"image\/jpeg\" \/>\n<meta name=\"twitter:card\" content=\"summary_large_image\" \/>\n<meta name=\"twitter:site\" content=\"@nebraskadems\" \/>\n<meta name=\"twitter:label1\" content=\"\u01af\u1edbc t\u00ednh th\u1eddi gian \u0111\u1ecdc\" \/>\n\t<meta name=\"twitter:data1\" content=\"1 ph\u00fat\" \/>\n<script type=\"application\/ld+json\" class=\"yoast-schema-graph\">{\"@context\":\"https:\\\/\\\/schema.org\",\"@graph\":[{\"@type\":\"WebPage\",\"@id\":\"https:\\\/\\\/nebraskademocrats.org\\\/event\\\/lights-for-liberty\\\/\",\"url\":\"https:\\\/\\\/nebraskademocrats.org\\\/event\\\/lights-for-liberty\\\/\",\"name\":\"Lights for Liberty &#8211; Nebraska Democratic Party\",\"isPartOf\":{\"@id\":\"https:\\\/\\\/nebraskademocrats.org\\\/#website\"},\"datePublished\":\"2019-07-03T14:15:02+00:00\",\"breadcrumb\":{\"@id\":\"https:\\\/\\\/nebraskademocrats.org\\\/event\\\/lights-for-liberty\\\/#breadcrumb\"},\"inLanguage\":\"vi\",\"potentialAction\":[{\"@type\":\"ReadAction\",\"target\":[\"https:\\\/\\\/nebraskademocrats.org\\\/event\\\/lights-for-liberty\\\/\"]}]},{\"@type\":\"BreadcrumbList\",\"@id\":\"https:\\\/\\\/nebraskademocrats.org\\\/event\\\/lights-for-liberty\\\/#breadcrumb\",\"itemListElement\":[{\"@type\":\"ListItem\",\"position\":1,\"name\":\"Home\",\"item\":\"https:\\\/\\\/nebraskademocrats.org\\\/\"},{\"@type\":\"ListItem\",\"position\":2,\"name\":\"Events\",\"item\":\"https:\\\/\\\/nebraskademocrats.org\\\/vi\\\/events\\\/\"},{\"@type\":\"ListItem\",\"position\":3,\"name\":\"Lights for Liberty\"}]},{\"@type\":\"WebSite\",\"@id\":\"https:\\\/\\\/nebraskademocrats.org\\\/#website\",\"url\":\"https:\\\/\\\/nebraskademocrats.org\\\/\",\"name\":\"Nebraska Democratic Party\",\"description\":\"Growing the Good Life for All Nebraskans\",\"publisher\":{\"@id\":\"https:\\\/\\\/nebraskademocrats.org\\\/#organization\"},\"potentialAction\":[{\"@type\":\"SearchAction\",\"target\":{\"@type\":\"EntryPoint\",\"urlTemplate\":\"https:\\\/\\\/nebraskademocrats.org\\\/?s={search_term_string}\"},\"query-input\":{\"@type\":\"PropertyValueSpecification\",\"valueRequired\":true,\"valueName\":\"search_term_string\"}}],\"inLanguage\":\"vi\"},{\"@type\":\"Organization\",\"@id\":\"https:\\\/\\\/nebraskademocrats.org\\\/#organization\",\"name\":\"Nebraska Democratic Party\",\"url\":\"https:\\\/\\\/nebraskademocrats.org\\\/\",\"logo\":{\"@type\":\"ImageObject\",\"inLanguage\":\"vi\",\"@id\":\"https:\\\/\\\/nebraskademocrats.org\\\/#\\\/schema\\\/logo\\\/image\\\/\",\"url\":\"https:\\\/\\\/nebraskadem.wpenginepowered.com\\\/wp-content\\\/uploads\\\/2016\\\/05\\\/NDP2.jpg\",\"contentUrl\":\"https:\\\/\\\/nebraskadem.wpenginepowered.com\\\/wp-content\\\/uploads\\\/2016\\\/05\\\/NDP2.jpg\",\"width\":1000,\"height\":396,\"caption\":\"Nebraska Democratic Party\"},\"image\":{\"@id\":\"https:\\\/\\\/nebraskademocrats.org\\\/#\\\/schema\\\/logo\\\/image\\\/\"},\"sameAs\":[\"https:\\\/\\\/www.facebook.com\\\/NebraskaDemocraticParty\\\/\",\"https:\\\/\\\/x.com\\\/nebraskadems\"]}]}<\/script>\n<!-- \/ Yoast SEO plugin. -->","yoast_head_json":{"title":"Lights for Liberty &#8211; Nebraska Democratic Party","robots":{"index":"index","follow":"follow","max-snippet":"max-snippet:-1","max-image-preview":"max-image-preview:large","max-video-preview":"max-video-preview:-1"},"canonical":"https:\/\/nebraskademocrats.org\/vi\/event\/lights-for-liberty\/","og_locale":"vi_VN","og_type":"article","og_title":"Lights for Liberty &#8211; Nebraska Democratic Party","og_description":"On Friday July 12th, 2019,\u00a0Lights for Liberty\u00a0is having a\u00a0\u201cVigil to End Human Detention Camps,\u201dthat will\u00a0 bring thousands of Americans to detention camps across the country, into the streets and into their own front yards, to protest the inhumane conditions faced by refugees. Lights for Liberty is a coalition of people, many of whom are mothers, ... Read more","og_url":"https:\/\/nebraskademocrats.org\/vi\/event\/lights-for-liberty\/","og_site_name":"Nebraska Democratic Party","article_publisher":"https:\/\/www.facebook.com\/NebraskaDemocraticParty\/","og_image":[{"width":1200,"height":630,"url":"https:\/\/nebraskademocrats.org\/wp-content\/uploads\/2018\/09\/ne-dems-fb.jpg","type":"image\/jpeg"}],"twitter_card":"summary_large_image","twitter_site":"@nebraskadems","twitter_misc":{"\u01af\u1edbc t\u00ednh th\u1eddi gian \u0111\u1ecdc":"1 ph\u00fat"},"schema":{"@context":"https:\/\/schema.org","@graph":[{"@type":"WebPage","@id":"https:\/\/nebraskademocrats.org\/event\/lights-for-liberty\/","url":"https:\/\/nebraskademocrats.org\/event\/lights-for-liberty\/","name":"Lights for Liberty &#8211; Nebraska Democratic Party","isPartOf":{"@id":"https:\/\/nebraskademocrats.org\/#website"},"datePublished":"2019-07-03T14:15:02+00:00","breadcrumb":{"@id":"https:\/\/nebraskademocrats.org\/event\/lights-for-liberty\/#breadcrumb"},"inLanguage":"vi","potentialAction":[{"@type":"ReadAction","target":["https:\/\/nebraskademocrats.org\/event\/lights-for-liberty\/"]}]},{"@type":"BreadcrumbList","@id":"https:\/\/nebraskademocrats.org\/event\/lights-for-liberty\/#breadcrumb","itemListElement":[{"@type":"ListItem","position":1,"name":"Home","item":"https:\/\/nebraskademocrats.org\/"},{"@type":"ListItem","position":2,"name":"Events","item":"https:\/\/nebraskademocrats.org\/vi\/events\/"},{"@type":"ListItem","position":3,"name":"Lights for Liberty"}]},{"@type":"WebSite","@id":"https:\/\/nebraskademocrats.org\/#website","url":"https:\/\/nebraskademocrats.org\/","name":"Nebraska Democratic Party","description":"Ph\u00e1t tri\u1ec3n cu\u1ed9c s\u1ed1ng t\u1ed1t \u0111\u1eb9p cho t\u1ea5t c\u1ea3 Nebraskans","publisher":{"@id":"https:\/\/nebraskademocrats.org\/#organization"},"potentialAction":[{"@type":"SearchAction","target":{"@type":"EntryPoint","urlTemplate":"https:\/\/nebraskademocrats.org\/?s={search_term_string}"},"query-input":{"@type":"PropertyValueSpecification","valueRequired":true,"valueName":"search_term_string"}}],"inLanguage":"vi"},{"@type":"Organization","@id":"https:\/\/nebraskademocrats.org\/#organization","name":"Nebraska Democratic Party","url":"https:\/\/nebraskademocrats.org\/","logo":{"@type":"ImageObject","inLanguage":"vi","@id":"https:\/\/nebraskademocrats.org\/#\/schema\/logo\/image\/","url":"https:\/\/nebraskadem.wpenginepowered.com\/wp-content\/uploads\/2016\/05\/NDP2.jpg","contentUrl":"https:\/\/nebraskadem.wpenginepowered.com\/wp-content\/uploads\/2016\/05\/NDP2.jpg","width":1000,"height":396,"caption":"Nebraska Democratic Party"},"image":{"@id":"https:\/\/nebraskademocrats.org\/#\/schema\/logo\/image\/"},"sameAs":["https:\/\/www.facebook.com\/NebraskaDemocraticParty\/","https:\/\/x.com\/nebraskadems"]}]}},"_links":{"self":[{"href":"https:\/\/nebraskademocrats.org\/vi\/wp-json\/wp\/v2\/tribe_events\/8853","targetHints":{"allow":["GET"]}}],"collection":[{"href":"https:\/\/nebraskademocrats.org\/vi\/wp-json\/wp\/v2\/tribe_events"}],"about":[{"href":"https:\/\/nebraskademocrats.org\/vi\/wp-json\/wp\/v2\/types\/tribe_events"}],"author":[{"embeddable":true,"href":"https:\/\/nebraskademocrats.org\/vi\/wp-json\/wp\/v2\/users\/19"}],"version-history":[{"count":0,"href":"https:\/\/nebraskademocrats.org\/vi\/wp-json\/wp\/v2\/tribe_events\/8853\/revisions"}],"wp:attachment":[{"href":"https:\/\/nebraskademocrats.org\/vi\/wp-json\/wp\/v2\/media?parent=8853"}],"wp:term":[{"taxonomy":"post_tag","embeddable":true,"href":"https:\/\/nebraskademocrats.org\/vi\/wp-json\/wp\/v2\/tags?post=8853"},{"taxonomy":"tribe_events_cat","embeddable":true,"href":"https:\/\/nebraskademocrats.org\/vi\/wp-json\/wp\/v2\/tribe_events_cat?post=8853"}],"curies":[{"name":"wp","href":"https:\/\/api.w.org\/{rel}","templated":true}]}}